{"id":158,"date":"2024-10-02T16:19:11","date_gmt":"2024-10-02T16:19:11","guid":{"rendered":"https:\/\/luftzug.org\/?page_id=158"},"modified":"2024-10-17T06:30:49","modified_gmt":"2024-10-17T06:30:49","slug":"ventilate-winter","status":"publish","type":"page","link":"https:\/\/luftzug.org\/en\/raumklima\/lueften-winter\/","title":{"rendered":"Ventilating in winter"},"content":{"rendered":"\n<h1 class=\"wp-block-heading\" id=\"luften-im-winter\"><span class=\"ez-toc-section\" id=\"Luften_im_Winter\"><\/span>L\u00fcften im Winter<span class=\"ez-toc-section-end\"><\/span><\/h1>\n\n\n<div class=\"gb-container gb-container-1454a3ef\">\n\n<p>L\u00fcften ist der Schl\u00fcssel f\u00fcr ein ausgeglichenes und angenehmes Raumklima. Im Winter l\u00e4uft das ein kleines bisschen anders als im Sommer. Wie genau Du im Winter gut l\u00fcftest \u2013 darum geht es heute!<\/p>\n\n\n\n<div style=\"height:51px\" aria-hidden=\"true\" class=\"wp-block-spacer\"><\/div>\n\n\n\n<!DOCTYPE html>\n<html lang=\"de\">\n<head>\n    <meta charset=\"UTF-8\">\n    <meta name=\"viewport\" content=\"width=device-width, initial-scale=1.0\">\n    <title>Klappbares Inhaltsverzeichnis<\/title>\n    <style>\n        \/* Style f\u00fcr das Klappbare Modul *\/\n        .collapsible {\n            background-color: #f1f1f1;\n            color: #333;\n            cursor: pointer;\n            padding: 10px;\n            width: 100%;\n            border: none;\n            text-align: left;\n            outline: none;\n            font-size: 16px;\n            display: flex;\n            justify-content: space-between;\n            align-items: center;\n        }\n\n        .collapsible::after {\n            content: '\\25BC'; \/* Unicode f\u00fcr Pfeil nach unten *\/\n            font-size: 16px;\n            transition: transform 0.3s;\n        }\n\n        .active::after {\n            transform: rotate(180deg); \/* Pfeil nach oben drehen *\/\n        }\n\n        .content {\n            padding: 0 10px;\n            display: none; \/* Inhalt ist standardm\u00e4\u00dfig versteckt *\/\n            overflow: hidden;\n            background-color: #f9f9f9;\n            margin-top: 5px;\n            padding-left: 8px; \/* 8 Pixel Abstand nach links *\/\n        }\n\n        nav ul {\n            padding-left: 0;\n            list-style-type: none; \/* Keine Aufz\u00e4hlungszeichen *\/\n        }\n\n        nav ul li {\n            margin-bottom: 5px;\n        }\n\n        nav ul li a {\n            text-decoration: none;\n            color: #0073aa;\n            font-size: 16px;\n        }\n\n        nav ul li a:hover {\n            text-decoration: underline;\n        }\n    <\/style>\n<\/head>\n<body>\n\n<button type=\"button\" class=\"collapsible\">Inhaltsverzeichnis auf\/zu klappen<\/button>\n<div class=\"content\">\n    <nav>\n        <ul>\n            <li><a href=\"#luften-im-winter\">L\u00fcften im Winter<\/a><\/li>\n            <ul>\n                <li><a href=\"#heizkosten-beim-l\u00fcften-sparen\">Heizkosten beim L\u00fcften sparen<\/a>\n                    <ul>\n                        <li><a href=\"#darum-ist-sto\u00dfl\u00fcften-besser\">Darum ist Sto\u00dfl\u00fcften besser<\/a><\/li>\n                        <li><a href=\"#vorteile-vom-querl\u00fcften\">Vorteile vom Querl\u00fcften<\/a><\/li>\n                    <\/ul>\n                <\/li>\n                <li><a href=\"#zusammengefasst\">Zusammengefasst<\/a><\/li>\n                <li><a href=\"#l\u00fcften-in-den-verschiedenen-r\u00e4umen-im-haus\">L\u00fcften in den verschiedenen R\u00e4umen im Haus<\/a>\n                    <ul>\n                        <li><a href=\"#rotorlose-ventilatoren\">Badl\u00fcfter<\/a><\/li>\n                        <li><a href=\"#luftentfeuchter\">Luftentfeuchter<\/a><\/li>\n                    <\/ul>\n                <\/li>\n            <\/ul>\n        <\/ul>\n    <\/nav>\n<\/div>\n\n<script>\n    var coll = document.getElementsByClassName(\"collapsible\");\n    for (var i = 0; i < coll.length; i++) {\n        coll[i].addEventListener(\"click\", function() {\n            this.classList.toggle(\"active\");\n            var content = this.nextElementSibling;\n            if (content.style.display === \"block\") {\n                content.style.display = \"none\";\n            } else {\n                content.style.display = \"block\";\n            }\n        });\n    }\n<\/script>\n\n<\/body>\n<\/html>\n\n\n\n<div style=\"height:51px\" aria-hidden=\"true\" class=\"wp-block-spacer\"><\/div>\n\n<\/div>\n\n\n<h2 class=\"wp-block-heading\" id=\"heizkosten-beim-l\u00fcften-sparen\"><span class=\"ez-toc-section\" id=\"Heizkosten_beim_Luften_sparen\"><\/span>Heizkosten beim L\u00fcften sparen<span class=\"ez-toc-section-end\"><\/span><\/h2>\n\n\n\n<p>Im Winter ist es drinnen warm und drau\u00dfen kalt. Damit das auch so bleibt und du nicht unn\u00f6tig viel Heizungsw\u00e4rme beim L\u00fcften verlierst, solltest Du lieber kurz und kr\u00e4ftig l\u00fcften. Das bedeutet konkret:<\/p>\n\n\n\n<ul class=\"wp-block-list has-base-2-background-color has-background\">\n<li>lasse die Fenster nicht auf Kipp<\/li>\n\n\n\n<li>wende stattdessen das Sto\u00dfl\u00fcften an<\/li>\n\n\n\n<li>wenn m\u00f6glich, wende das Querl\u00fcften an<\/li>\n\n\n\n<li>schalte die Heizungen vor dem L\u00fcften ab und anschlie\u00dfend wieder an<\/li>\n<\/ul>\n\n\n\n<p>Das sogenannte&nbsp;<strong>Sto\u00dfl\u00fcften<\/strong>&nbsp;meint, dass du die Fenster so weit es geht \u00f6ffnest, sie daf\u00fcr aber nur eine kurze Zeit offen h\u00e4ltst. Aber warum genau ist das besser, als die Fenster l\u00e4ngere Zeit auf Kipp zu lassen?<\/p>\n\n\n\n<div style=\"height:52px\" aria-hidden=\"true\" class=\"wp-block-spacer\"><\/div>\n\n\n\n<h3 class=\"wp-block-heading\" id=\"darum-ist-sto\u00dfl\u00fcften-besser\"><span class=\"ez-toc-section\" id=\"Darum_ist_Stosluften_besser\"><\/span>Darum ist Sto\u00dfl\u00fcften besser<span class=\"ez-toc-section-end\"><\/span><\/h3>\n\n\n\n<p>Ziel beim Sto\u00dfl\u00fcften ist es, die Luft im Raum&nbsp;<strong>schnell<\/strong>&nbsp;auszutauschen. Es stimmt nat\u00fcrlich, das dadurch zwangsl\u00e4ufig kalte Luft von au\u00dfen reinkommt, aber die kann durch die Heizk\u00f6rper verh\u00e4ltnism\u00e4\u00dfig schnell wieder aufgeheizt werden.<\/p>\n\n\n\n<p>W\u00fcrdest Du die Fenster nur leicht und daf\u00fcr f\u00fcr l\u00e4ngere Zeit ge\u00f6ffnet lassen, dann w\u00fcrde der Luftaustausch l\u00e4nger dauern. In dieser Zeit w\u00e4re es auch nicht ratsam, die Heizk\u00f6rper eingeschaltet zu lassen.<\/p>\n\n\n\n<p>Beim langsamen L\u00fcften durch nur leicht ge\u00f6ffnete Fenster k\u00fchlen die W\u00e4nde in der N\u00e4he des Fensters langsam aus. Das passiert beim Sto\u00dfl\u00fcften nicht so leicht. Und hier liegt das eigentliche Problem:<\/p>\n\n\n\n<pre class=\"wp-block-code\"><code>Beim langsamen L\u00fcften k\u00fchlen W\u00e4nde, Fensterb\u00e4nke, etc. in der N\u00e4he des Fensters aus. Nach dem L\u00fcften muss die Heizung also nicht nur die getauschte Luft aufw\u00e4rmen, sondern auch die ausgek\u00fchlten W\u00e4nde. Das kostet viel Energie.\n<\/code><\/pre>\n\n\n\n<p>Beim schnellen Sto\u00dfl\u00fcften wird sichergestellt, dass die W\u00e4nde nicht oder nur minimal ausk\u00fchlen, wobei die Luft im Raum schnell ausgetauscht wird. Zusammengefasst:&nbsp;<code>Sto\u00dfl\u00fcften ist besser, weil es schneller geht.<\/code><\/p>\n\n\n\n<figure class=\"wp-block-image size-full\"><img fetchpriority=\"high\" decoding=\"async\" width=\"980\" height=\"577\" src=\"https:\/\/luftzug.org\/wp-content\/uploads\/2024\/10\/fensterbank.jpg\" alt=\"\" class=\"wp-image-811\" srcset=\"https:\/\/luftzug.org\/wp-content\/uploads\/2024\/10\/fensterbank.jpg 980w, https:\/\/luftzug.org\/wp-content\/uploads\/2024\/10\/fensterbank-300x177.jpg 300w, https:\/\/luftzug.org\/wp-content\/uploads\/2024\/10\/fensterbank-768x452.jpg 768w\" sizes=\"(max-width: 980px) 100vw, 980px\" \/><\/figure>\n\n\n\n<div style=\"height:52px\" aria-hidden=\"true\" class=\"wp-block-spacer\"><\/div>\n\n\n\n<p>Der Nachteil beim Sto\u00dfl\u00fcften \u2013 auch weil es mehrmals t\u00e4glich durchgef\u00fchrt werden sollte \u2013 ist, dass die Fensterbank bei den meisten Fenstern frei sein muss, um sie voll zu \u00f6ffnen.<\/p>\n\n\n\n<p>Das erfordert in einigen F\u00e4llen, dass Du ein paar Blumenvasen und andere Dekoelemente kurzzeitig wegstellst. Das kann nervig werden, wenn du gerne viele Pflanzen auf der Fensterbank stehen hast. Aber denk dran: Auch Deine Pflanzen freuen sich \u00fcber frische Luft!<\/p>\n\n\n\n<div style=\"height:52px\" aria-hidden=\"true\" class=\"wp-block-spacer\"><\/div>\n\n\n\n<h3 class=\"wp-block-heading\" id=\"vorteile-vom-querl\u00fcften\"><span class=\"ez-toc-section\" id=\"Vorteile_vom_Querluften\"><\/span>Vorteile vom Querl\u00fcften<span class=\"ez-toc-section-end\"><\/span><\/h3>\n\n\n\n<p>Das Querl\u00fcften ist in der Kombination mit dem eben erkl\u00e4rten Sto\u00dfl\u00fcften im Winter zu empfehlen.<\/p>\n\n\n\n<p>Dabei werden Fenster auf entgegengesetzten Seiten des Hauses ge\u00f6ffnet, damit die Luft einmal quer durch den Wohnraum str\u00f6men kann. Dazwischenliegende T\u00fcren sollten nach M\u00f6glichkeit ebenfalls weit offen stehen.<\/p>\n\n\n\n<p>Das Querl\u00fcften macht sich den durch Wind entstehenden, leicht unterschiedlichen Luftdruck auf den jeweiligen Seiten des Geb\u00e4udes zu Nutze.<\/p>\n\n\n\n<p><strong>Aufpassen bei zu starkem Wind!<\/strong>&nbsp;Querl\u00fcften ist nur dann ratsam, wenn der Wind nicht zu stark bl\u00e4st. Er k\u00f6nnte sonst einige Unordnung in den eigenen vier W\u00e4nden anrichten; angefangen bei wegwehenden Dokumenten, Zeitungen, etc.<\/p>\n\n\n\n<p>Achte au\u00dferdem darauf, dass ein solcher Durchzug beim Querl\u00fcften gerne mal Fenster und T\u00fcren fest zuschl\u00e4gt. Wende das Querl\u00fcften also nur dann an, wenn die Windgeschwindigkeit angemessen niedrig ist und Fenster und T\u00fcren gegen heftiges Zuschlagen gesichert sind. Bei T\u00fcren gelingt das zum Beispiel mit passenden T\u00fcrstoppern.<\/p>\n\n\n\n<div style=\"height:52px\" aria-hidden=\"true\" class=\"wp-block-spacer\"><\/div>\n\n\n\n<h2 class=\"wp-block-heading\" id=\"zusammengefasst\"><span class=\"ez-toc-section\" id=\"Zusammengefasst\"><\/span>Zusammengefasst<span class=\"ez-toc-section-end\"><\/span><\/h2>\n\n\n\n<p>L\u00fcften im Winter sollte schnell gehen. \u00d6ffne die Fenster weit und nur f\u00fcr kurze Zeit (max. 10 Minuten). So k\u00f6nnte der Ablauf aussehen:<\/p>\n\n\n\n<ol class=\"wp-block-list has-base-2-background-color has-background\">\n<li>Heizung abstellen<\/li>\n\n\n\n<li>Fenster weit \u00f6ffnen &amp; f\u00fcr Durchzug sorgen<\/li>\n\n\n\n<li>Nach einigen Minuten Fenster wieder schlie\u00dfen<\/li>\n\n\n\n<li>Heizung wieder anstellen<\/li>\n<\/ol>\n\n\n\n<p>Damit solltest Du f\u00fcr frische Luft und ein ausgeglichenes Raumklima sorgen k\u00f6nnen. Einige R\u00e4ume im Haus stellen beim L\u00fcften ein paar Herausforderungen bereit. Welche das sind, das sehen wir uns jetzt an.<\/p>\n\n\n\n<div style=\"height:52px\" aria-hidden=\"true\" class=\"wp-block-spacer\"><\/div>\n\n\n\n<h2 class=\"wp-block-heading\" id=\"l\u00fcften-in-den-verschiedenen-r\u00e4umen-im-haus\"><span class=\"ez-toc-section\" id=\"Luften_in_den_verschiedenen_Raumen_im_Haus\"><\/span>L\u00fcften in den verschiedenen R\u00e4umen im Haus<span class=\"ez-toc-section-end\"><\/span><\/h2>\n\n\n\n<p>Je nach Aufbau, Zweck und Nutzung eines Raumes ist ein anderes L\u00fcftungsverhalten n\u00f6tig, um ein angenehmes Raumklima zu erhalten. Einer der bedeutendsten Faktoren dabei ist die&nbsp;<strong>Luftfeuchtigkeit<\/strong>.<\/p>\n\n\n\n<p>Zu hohe Luftfeuchtigkeit kann Schimmelbildung beg\u00fcnstigen, wohingegen zu trockene Luft als unangenehm empfunden wird.<\/p>\n\n\n\n<p>In folgenden R\u00e4umen kommt es h\u00e4ufig mal zu hoher Luftfeuchtigkeit:<\/p>\n\n\n\n<ul class=\"wp-block-list has-base-2-background-color has-background\">\n<li>K\u00fcche<\/li>\n\n\n\n<li>Badezimmer<\/li>\n\n\n\n<li>Schlafzimmer (nachts)<\/li>\n\n\n\n<li>R\u00e4ume, in denen W\u00e4sche trocknet<\/li>\n\n\n\n<li>R\u00e4ume, in denen viele Pflanzen stehen<\/li>\n\n\n\n<li>R\u00e4ume, in denen Sport getrieben wird<\/li>\n<\/ul>\n\n\n\n<p><strong>In K\u00fcche und Bad<\/strong>&nbsp;entstehen die Feuchtigkeitsspitzen recht schnell beim Kochen bzw. Duschen oder Baden. Danach sollte gel\u00fcftet werden, um die Feuchtigkeit schnell nach drau\u00dfen zu bef\u00f6rdern.<\/p>\n\n\n\n<figure class=\"wp-block-image size-full\"><img decoding=\"async\" width=\"980\" height=\"554\" src=\"https:\/\/luftzug.org\/wp-content\/uploads\/2024\/10\/badewannenrand.jpg\" alt=\"\" class=\"wp-image-812\" srcset=\"https:\/\/luftzug.org\/wp-content\/uploads\/2024\/10\/badewannenrand.jpg 980w, https:\/\/luftzug.org\/wp-content\/uploads\/2024\/10\/badewannenrand-300x170.jpg 300w, https:\/\/luftzug.org\/wp-content\/uploads\/2024\/10\/badewannenrand-768x434.jpg 768w\" sizes=\"(max-width: 980px) 100vw, 980px\" \/><\/figure>\n\n\n\n<div style=\"height:52px\" aria-hidden=\"true\" class=\"wp-block-spacer\"><\/div>\n\n\n\n<p>In beiden R\u00e4umen kann ein sogenannter Kleinrauml\u00fcfter (besser bekannt als Badl\u00fcfter) eingesetzt werden. Mehr \u00fcber diese praktischen Helfer kannst Du in meinem Beitrag \u00fcber sie erfahren:<\/p>\n\n\n\n<div class=\"wp-block-columns border: 1px solid black; has-base-2-background-color has-background is-layout-flex wp-container-core-columns-is-layout-9d6595d7 wp-block-columns-is-layout-flex\">\n<div class=\"wp-block-column has-base-background-color has-background is-layout-flow wp-block-column-is-layout-flow\" style=\"flex-basis:33.33%\">\n<figure class=\"wp-block-image size-full\"><img decoding=\"async\" width=\"900\" height=\"598\" src=\"https:\/\/luftzug.org\/wp-content\/uploads\/2024\/10\/badezimmer_huc111560c223ce7cd5256940e3cdd4844_44393_900x0_resize_q80_box.jpg\" alt=\"\" class=\"wp-image-173\" srcset=\"https:\/\/luftzug.org\/wp-content\/uploads\/2024\/10\/badezimmer_huc111560c223ce7cd5256940e3cdd4844_44393_900x0_resize_q80_box.jpg 900w, https:\/\/luftzug.org\/wp-content\/uploads\/2024\/10\/badezimmer_huc111560c223ce7cd5256940e3cdd4844_44393_900x0_resize_q80_box-300x199.jpg 300w, https:\/\/luftzug.org\/wp-content\/uploads\/2024\/10\/badezimmer_huc111560c223ce7cd5256940e3cdd4844_44393_900x0_resize_q80_box-768x510.jpg 768w\" sizes=\"(max-width: 900px) 100vw, 900px\" \/><\/figure>\n<\/div>\n\n\n\n<div class=\"wp-block-column is-layout-flow wp-block-column-is-layout-flow\" style=\"flex-basis:66.66%\">\n<h4 class=\"wp-block-heading\" id=\"rotorlose-ventilatoren\"><a href=\"https:\/\/luftzug.org\/raumklima\/badluefter\">Badl\u00fcfter<\/a><\/h4>\n\n\n\n<p class=\"has-text-align-left\">Empfehlenswerte Badl\u00fcfter in der \u00dcbersicht: Diese Badl\u00fcfter sind zu empfehlen.<\/p>\n<\/div>\n<\/div>\n\n\n\n<p><a href=\"https:\/\/luftzug.org\/raumklima\/badl%C3%BCfter\/\"><\/a><\/p>\n\n\n\n<p>in Waschraum, Hauswirtschaftsraum, bzw. in R\u00e4ume in denen W\u00e4sche getrocknet wird, gelangt \u00fcber einen langen Zeitraum jede Menge Feuchtigkeit in die Luft. Dort sollte in k\u00fcrzeren Abst\u00e4nden gel\u00fcftet werden. Schl\u00e4gt sich zum Beispiel Wasser an den Fensterscheiben nieder, dann ist das ein Zeichen f\u00fcr eine zu hohe Luftfeuchtigkeit. Dazu sollte es besser gar nicht erst kommen. Auch hier bieten sich eben erw\u00e4hnten Kleinrauml\u00fcfter an.<\/p>\n\n\n\n<div style=\"height:52px\" aria-hidden=\"true\" class=\"wp-block-spacer\"><\/div>\n\n\n\n<h3 class=\"wp-block-heading\" id=\"luftfeuchtigkeit-im-auge-behalten\"><span class=\"ez-toc-section\" id=\"Luftfeuchtigkeit_im_Auge_behalten\"><\/span>Luftfeuchtigkeit im Auge behalten<span class=\"ez-toc-section-end\"><\/span><\/h3>\n\n\n\n<p>Ein guter Weg, um effizient zu L\u00fcften \u2013 gerade in R\u00e4umen mit tendenziell hoher Luftfeuchtigkeit \u2013 besteht darin, die Luftfeuchtigkeit genau im Auge zu behalten. Dann kannst Du sicherer dar\u00fcber entscheiden, ob L\u00fcften n\u00f6tig ist, oder nicht.<\/p>\n\n\n\n<p>Dazu bieten sich entsprechende Messger\u00e4te an. Die sind nicht teuer und zeigen meist gleich mehrere interessante Werte an. Wie zum Beispiel:<\/p>\n\n\n\n<ul class=\"wp-block-list has-base-2-background-color has-background\">\n<li>Luftfeuchtigkeit<\/li>\n\n\n\n<li>Temperatur<\/li>\n\n\n\n<li>Luftdruck<\/li>\n\n\n\n<li>Datum &amp; Zeit<\/li>\n<\/ul>\n\n\n\n<p>Die wichtigsten beiden Werte sind&nbsp;<strong>Temperatur und die Luftfeuchtigkeit<\/strong>. Hier ist ein Messger\u00e4t, dass diese beiden Werte anzeigt:<\/p>\n\n\n<div class=\"wp-block-affiliatex-single-product\" id=\"affiliatex-single-product-style-block-d11d1067-47e7-49b7-bfe5-8c32f65e770c\">\n\t<div class=\"affx-single-product-wrapper product-layout-1 affx-whole-block-clickable\" >\n\t\t<div class=\"affx-sp-inner affx-amazon-item__border\">\n\t\t\t<div class=\"affx-sp-content image-left \">\n\t\t<div class=\"affx-sp-img-wrapper img-valign-top img-halign-center\">\n\t\t\t<img decoding=\"async\" src=\"http:\/\/PLUGIN_URL_PLACEHOLDERsrc\/images\/fallback.jpg\" alt=\"\" \/>\t<\/div>\n\t<div class=\"affx-sp-content-wrapper\">\n\t\t<div class=\"title-wrapper affx-star-rating \">\n\t\t\t<div class=\"affx-title-left\">\n\t\t\t\t\t<h3 class=\"affx-single-product-title\"><span class=\"ez-toc-section\" id=\"TFA_Dostmann_Hygrometer\"><\/span>\n\t\tTFA Dostmann Hygrometer\t<span class=\"ez-toc-section-end\"><\/span><\/h3>\n\t\t\t\t\t\t\t<\/div>\n\t\t\t\t\t<\/div>\n\t\t\t\t\t<div class=\"affx-single-product-content\">\n\t\t\t\t\t<p class=\"affiliatex-content\"><\/p>\n\t\t\t\t\t<\/div>\n\t\t\t<div class=\"button-wrapper column-direction\" style=\"--button-gap: 10px\">\n<div class=\"affx-btn-wrapper wp-block-affiliatex-buttons\" id=\"affiliatex-blocks-style-block-ffd1f080-f29d-420f-a208-564201d5cc92\">\n\t<div class=\"affx-btn-inner\">\n\t\t<a href=\"https:\/\/amzn.to\/4eucIRJ\" class=\"affiliatex-button btn-align-flex-start btn-is-medium btn-is-fullw icon-left\" rel=\"noopener nofollow\" data-affx-track=\"1\" data-affx-block=\"single-product\" data-affx-element=\"button\" data-affx-platform=\"other\" target=\"_blank\">\n\t\t\t\t\t\t<span class=\"affiliatex-btn\">Auf Amazon ansehen*<\/span>\n\t\t\t\t\t\t\t\t<\/a>\n\t<\/div>\n<\/div>\n\n<\/div>\n\t<\/div>\n<\/div>\n\t\t<\/div>\n\t<\/div>\n<\/div>\n\n\n\n<div style=\"height:35px\" aria-hidden=\"true\" class=\"wp-block-spacer\"><\/div>\n\n\n\n<p>Praktisch hier ist, dass es auf der Skala empfehlenswerte Temperatur- bzw. Luftfeuchtigkeitsbereiche anzeigt. Mit einem Blick kannst Du hier ablesen, ob es Zeit zum L\u00fcften ist, oder nicht.<\/p>\n\n\n\n<p>Ein wenige mehr Informationen bieten Ger\u00e4te, die sowohl im Innen-, als auch im Au\u00dfenbereich messen. Beispielsweise ein Multifunkions-Termometer wie dieses hier:<\/p>\n\n\n<div class=\"wp-block-affiliatex-single-product\" id=\"affiliatex-single-product-style-block-25e83ec4-97e9-46be-8432-3cb1bfa754a5\">\n\t<div class=\"affx-single-product-wrapper product-layout-1 affx-whole-block-clickable\" >\n\t\t<div class=\"affx-sp-inner affx-amazon-item__border\">\n\t\t\t<div class=\"affx-sp-content image-left \">\n\t\t<div class=\"affx-sp-img-wrapper img-valign-top img-halign-center\">\n\t\t\t<img decoding=\"async\" src=\"http:\/\/PLUGIN_URL_PLACEHOLDERsrc\/images\/fallback.jpg\" alt=\"\" \/>\t<\/div>\n\t<div class=\"affx-sp-content-wrapper\">\n\t\t<div class=\"title-wrapper affx-star-rating \">\n\t\t\t<div class=\"affx-title-left\">\n\t\t\t\t\t<h3 class=\"affx-single-product-title\"><span class=\"ez-toc-section\" id=\"BALDR_B0134_Wetterstation\"><\/span>\n\t\tBALDR B0134 Wetterstation\t<span class=\"ez-toc-section-end\"><\/span><\/h3>\n\t\t\t\t\t\t\t<\/div>\n\t\t\t\t\t<\/div>\n\t\t\t\t\t<div class=\"affx-single-product-content\">\n\t\t\t\t\t<p class=\"affiliatex-content\">You can have short product description here. It can be added as and enable\/disable toggle option from which user can have control on it.<\/p>\n\t\t\t\t\t<\/div>\n\t\t\t<div class=\"button-wrapper column-direction\" style=\"--button-gap: 10px\">\n<div class=\"affx-btn-wrapper wp-block-affiliatex-buttons\" id=\"affiliatex-blocks-style-block-a23ddc1d-b619-495a-930b-c1faa7a6b0f3\">\n\t<div class=\"affx-btn-inner\">\n\t\t<a href=\"https:\/\/amzn.to\/3XY6WR8\" class=\"affiliatex-button btn-align-flex-start btn-is-medium btn-is-fullw icon-left\" rel=\"noopener nofollow\" data-affx-track=\"1\" data-affx-block=\"single-product\" data-affx-element=\"button\" data-affx-platform=\"other\" target=\"_blank\">\n\t\t\t\t\t\t<span class=\"affiliatex-btn\">Auf Amazon ansehen*<\/span>\n\t\t\t\t\t\t\t\t<\/a>\n\t<\/div>\n<\/div>\n\n<\/div>\n\t<\/div>\n<\/div>\n\t\t<\/div>\n\t<\/div>\n<\/div>\n\n\n\n<div style=\"height:35px\" aria-hidden=\"true\" class=\"wp-block-spacer\"><\/div>\n\n\n\n<p><\/p>\n\n\n\n<p>Der im Lieferumpfang enthaltene kleine Sender wird drau\u00dfen (zum Beispiel auf dem Balkon) platziert und die gro\u00dfe Anzeigetafel im Haus. Damit hast Du den \u00dcberblick, wie sich die Luftfeuchtigkeit im Innenraum zu der drau\u00dfen verh\u00e4lt.<\/p>\n\n\n\n<p>Wenn es Dir also darum geht, die Luftfeuchtigkeit innen zu reduzieren, dann macht es Sinn in den Stunden zu l\u00fcften, in denen die Luftfeuchtigkeit drau\u00dfen besonders niedrig ist.<\/p>\n\n\n\n<p>Sollte L\u00fcften allein nicht mehr gen\u00fcgen, dann kannst Du auch auf einen Luftentfeuchter zur\u00fcckgreifen:<\/p>\n\n\n\n<div class=\"wp-block-columns border: 1px solid black; has-base-2-background-color has-background is-layout-flex wp-container-core-columns-is-layout-9d6595d7 wp-block-columns-is-layout-flex\">\n<div class=\"wp-block-column has-base-background-color has-background is-layout-flow wp-block-column-is-layout-flow\" style=\"flex-basis:33.33%\">\n<figure class=\"wp-block-image size-full\"><img loading=\"lazy\" decoding=\"async\" width=\"900\" height=\"602\" src=\"https:\/\/luftzug.org\/wp-content\/uploads\/2024\/10\/luftentfeuchter_hua4caa1423d189831f1e538b9e0a303c7_83470_900x0_resize_q80_box.jpg\" alt=\"\" class=\"wp-image-167\" srcset=\"https:\/\/luftzug.org\/wp-content\/uploads\/2024\/10\/luftentfeuchter_hua4caa1423d189831f1e538b9e0a303c7_83470_900x0_resize_q80_box.jpg 900w, https:\/\/luftzug.org\/wp-content\/uploads\/2024\/10\/luftentfeuchter_hua4caa1423d189831f1e538b9e0a303c7_83470_900x0_resize_q80_box-300x201.jpg 300w, https:\/\/luftzug.org\/wp-content\/uploads\/2024\/10\/luftentfeuchter_hua4caa1423d189831f1e538b9e0a303c7_83470_900x0_resize_q80_box-768x514.jpg 768w\" sizes=\"(max-width: 900px) 100vw, 900px\" \/><\/figure>\n<\/div>\n\n\n\n<div class=\"wp-block-column is-layout-flow wp-block-column-is-layout-flow\" style=\"flex-basis:66.66%\">\n<h4 class=\"wp-block-heading\"><a href=\"https:\/\/luftzug.org\/raumklima\/luftentfeuchter\/\">Luftentfeuchter<\/a><\/h4>\n\n\n\n<p class=\"has-text-align-left\">Empfehlenswerte Luftentfeuchter und die wichtigsten Kaufkriterien.<\/p>\n<\/div>\n<\/div>\n\n\n\n<div style=\"height:52px\" aria-hidden=\"true\" class=\"wp-block-spacer\"><\/div>\n\n\n\n<p>F\u00fcr mehr Informationen \u00fcbers L\u00fcften und ein angenehmes Raumklima empfehle ich dir auch folgende Beitr\u00e4ge:<\/p>\n\n\n\n<ul class=\"wp-block-list has-base-2-background-color has-background\">\n<li><a href=\"https:\/\/luftzug.org\/raumklima\/luftfeuchtigkeit\/\">Luftfeuchtigkeit<\/a><\/li>\n\n\n\n<li><a href=\"https:\/\/luftzug.org\/raumklima\/l%C3%BCften-winter\/\">L\u00fcften im Winter<\/a><\/li>\n\n\n\n<li><a href=\"https:\/\/luftzug.org\/raumklima\/luftw%C3%A4scher\/\">Luftw\u00e4scher<\/a><\/li>\n\n\n\n<li><a href=\"https:\/\/luftzug.org\/raumklima\/luftreiniger\/\">Luftreiniger<\/a><\/li>\n\n\n\n<li><a href=\"https:\/\/luftzug.org\/raumklima\/luftentfeuchter\/\">Luftentfeuchter<\/a><\/li>\n\n\n\n<li><a href=\"https:\/\/luftzug.org\/raumklima\/diffuser\/\">Diffuser<\/a><\/li>\n\n\n\n<li><a href=\"https:\/\/luftzug.org\/raumklima\/badl%C3%BCfter\/\">Badl\u00fcfter<\/a><\/li>\n<\/ul>\n\n\n\n<p>Ich hoffe dieser Beitrag hat dir weiterhelfen k\u00f6nnen :)<\/p>\n\n\n\n<div style=\"height:52px\" aria-hidden=\"true\" class=\"wp-block-spacer\"><\/div>\n\n\n\n<h4 class=\"wp-block-heading\">Weitere Beitr\u00e4ge<\/h4>\n\n\n\n<div class=\"gb-grid-wrapper gb-grid-wrapper-2ede049b gb-query-loop-wrapper\">\n<div class=\"gb-grid-column gb-grid-column-cafd557b gb-query-loop-item post-1642 page type-page status-publish has-post-thumbnail tag-klima\"><div class=\"gb-container gb-container-cafd557b\">\n<figure class=\"gb-block-image gb-block-image-e88d54bd\"><img loading=\"lazy\" decoding=\"async\" width=\"1200\" height=\"800\" src=\"https:\/\/luftzug.org\/wp-content\/uploads\/2025\/08\/luftentfeuchter-test-keller.jpg\" class=\"gb-image-e88d54bd\" alt=\"luftentfeuchter test keller\" srcset=\"https:\/\/luftzug.org\/wp-content\/uploads\/2025\/08\/luftentfeuchter-test-keller.jpg 1200w, https:\/\/luftzug.org\/wp-content\/uploads\/2025\/08\/luftentfeuchter-test-keller-300x200.jpg 300w, https:\/\/luftzug.org\/wp-content\/uploads\/2025\/08\/luftentfeuchter-test-keller-1024x683.jpg 1024w, https:\/\/luftzug.org\/wp-content\/uploads\/2025\/08\/luftentfeuchter-test-keller-768x512.jpg 768w, https:\/\/luftzug.org\/wp-content\/uploads\/2025\/08\/luftentfeuchter-test-keller-18x12.jpg 18w\" sizes=\"(max-width: 1200px) 100vw, 1200px\" \/><\/figure>\n\n<p class=\"gb-headline gb-headline-f2a1b86e gb-headline-text\"><a href=\"https:\/\/luftzug.org\/en\/raumklima\/luftentfeuchter-keller\/\">Luftentfeuchter f\u00fcr den Keller im Test \u2013 Echte Messungen &amp; unsere Testsieger 2025<\/a><\/p>\n<\/div><\/div>\n\n<div class=\"gb-grid-column gb-grid-column-cafd557b gb-query-loop-item post-166 page type-page status-publish has-post-thumbnail tag-klima\"><div class=\"gb-container gb-container-cafd557b\">\n<figure class=\"gb-block-image gb-block-image-e88d54bd\"><img loading=\"lazy\" decoding=\"async\" width=\"2560\" height=\"1920\" src=\"https:\/\/luftzug.org\/wp-content\/uploads\/2025\/07\/IMG_20250727_143026-scaled.jpg\" class=\"gb-image-e88d54bd\" alt=\"Luftentfeuchter im Test\" srcset=\"https:\/\/luftzug.org\/wp-content\/uploads\/2025\/07\/IMG_20250727_143026-scaled.jpg 2560w, https:\/\/luftzug.org\/wp-content\/uploads\/2025\/07\/IMG_20250727_143026-300x225.jpg 300w, https:\/\/luftzug.org\/wp-content\/uploads\/2025\/07\/IMG_20250727_143026-1024x768.jpg 1024w, https:\/\/luftzug.org\/wp-content\/uploads\/2025\/07\/IMG_20250727_143026-768x576.jpg 768w, https:\/\/luftzug.org\/wp-content\/uploads\/2025\/07\/IMG_20250727_143026-1536x1152.jpg 1536w, https:\/\/luftzug.org\/wp-content\/uploads\/2025\/07\/IMG_20250727_143026-2048x1536.jpg 2048w, https:\/\/luftzug.org\/wp-content\/uploads\/2025\/07\/IMG_20250727_143026-16x12.jpg 16w\" sizes=\"(max-width: 2560px) 100vw, 2560px\" \/><\/figure>\n\n<p class=\"gb-headline gb-headline-f2a1b86e gb-headline-text\"><a href=\"https:\/\/luftzug.org\/en\/raumklima\/luftentfeuchter\/\">Luftentfeuchter im Test &amp; Vergleich: Luftfeuchtigkeit effektiv senken!<\/a><\/p>\n<\/div><\/div>\n\n<div class=\"gb-grid-column gb-grid-column-cafd557b gb-query-loop-item post-164 page type-page status-publish has-post-thumbnail tag-klima\"><div class=\"gb-container gb-container-cafd557b\">\n<figure class=\"gb-block-image gb-block-image-e88d54bd\"><img loading=\"lazy\" decoding=\"async\" width=\"1200\" height=\"800\" src=\"https:\/\/luftzug.org\/wp-content\/uploads\/2025\/04\/Luftreinier_vergleich.png\" class=\"gb-image-e88d54bd\" alt=\"Luftreiniger Vergleich\" srcset=\"https:\/\/luftzug.org\/wp-content\/uploads\/2025\/04\/Luftreinier_vergleich.png 1200w, https:\/\/luftzug.org\/wp-content\/uploads\/2025\/04\/Luftreinier_vergleich-300x200.png 300w, https:\/\/luftzug.org\/wp-content\/uploads\/2025\/04\/Luftreinier_vergleich-1024x683.png 1024w, https:\/\/luftzug.org\/wp-content\/uploads\/2025\/04\/Luftreinier_vergleich-768x512.png 768w\" sizes=\"(max-width: 1200px) 100vw, 1200px\" \/><\/figure>\n\n<p class=\"gb-headline gb-headline-f2a1b86e gb-headline-text\"><a href=\"https:\/\/luftzug.org\/en\/raumklima\/luftreiniger\/\">Die besten Luftreiniger 2025: Stiftung Warentest Testsieger &amp; eigene Empfehlungen<\/a><\/p>\n<\/div><\/div>\n\n<div class=\"gb-grid-column gb-grid-column-cafd557b gb-query-loop-item post-161 page type-page status-publish has-post-thumbnail tag-klima\"><div class=\"gb-container gb-container-cafd557b\">\n<figure class=\"gb-block-image gb-block-image-e88d54bd\"><img loading=\"lazy\" decoding=\"async\" width=\"900\" height=\"600\" src=\"https:\/\/luftzug.org\/wp-content\/uploads\/2024\/10\/klares-wasser_hub2146b1cde6b26a32bce9e4300865a0c_42962_900x0_resize_q80_box.jpg\" class=\"gb-image-e88d54bd\" alt=\"\" srcset=\"https:\/\/luftzug.org\/wp-content\/uploads\/2024\/10\/klares-wasser_hub2146b1cde6b26a32bce9e4300865a0c_42962_900x0_resize_q80_box.jpg 900w, https:\/\/luftzug.org\/wp-content\/uploads\/2024\/10\/klares-wasser_hub2146b1cde6b26a32bce9e4300865a0c_42962_900x0_resize_q80_box-300x200.jpg 300w, https:\/\/luftzug.org\/wp-content\/uploads\/2024\/10\/klares-wasser_hub2146b1cde6b26a32bce9e4300865a0c_42962_900x0_resize_q80_box-768x512.jpg 768w\" sizes=\"(max-width: 900px) 100vw, 900px\" \/><\/figure>\n\n<p class=\"gb-headline gb-headline-f2a1b86e gb-headline-text\"><a href=\"https:\/\/luftzug.org\/en\/raumklima\/luftwaescher\/\">Luftw\u00e4scher im Vergleich: So funktioniert Luftreinigung mit Wasser<\/a><\/p>\n<\/div><\/div>\n\n<div class=\"gb-grid-column gb-grid-column-cafd557b gb-query-loop-item post-172 page type-page status-publish has-post-thumbnail tag-klima\"><div class=\"gb-container gb-container-cafd557b\">\n<figure class=\"gb-block-image gb-block-image-e88d54bd\"><img loading=\"lazy\" decoding=\"async\" width=\"900\" height=\"598\" src=\"https:\/\/luftzug.org\/wp-content\/uploads\/2024\/10\/badezimmer_huc111560c223ce7cd5256940e3cdd4844_44393_900x0_resize_q80_box.jpg\" class=\"gb-image-e88d54bd\" alt=\"\" srcset=\"https:\/\/luftzug.org\/wp-content\/uploads\/2024\/10\/badezimmer_huc111560c223ce7cd5256940e3cdd4844_44393_900x0_resize_q80_box.jpg 900w, https:\/\/luftzug.org\/wp-content\/uploads\/2024\/10\/badezimmer_huc111560c223ce7cd5256940e3cdd4844_44393_900x0_resize_q80_box-300x199.jpg 300w, https:\/\/luftzug.org\/wp-content\/uploads\/2024\/10\/badezimmer_huc111560c223ce7cd5256940e3cdd4844_44393_900x0_resize_q80_box-768x510.jpg 768w\" sizes=\"(max-width: 900px) 100vw, 900px\" \/><\/figure>\n\n<p class=\"gb-headline gb-headline-f2a1b86e gb-headline-text\"><a href=\"https:\/\/luftzug.org\/en\/raumklima\/badluefter\/\">Badl\u00fcfter im Vergleich: Gegen zu hohe Luftfeuchtigkeit!<\/a><\/p>\n<\/div><\/div>\n\n<div class=\"gb-grid-column gb-grid-column-cafd557b gb-query-loop-item post-169 page type-page status-publish has-post-thumbnail tag-klima\"><div class=\"gb-container gb-container-cafd557b\">\n<figure class=\"gb-block-image gb-block-image-e88d54bd\"><img loading=\"lazy\" decoding=\"async\" width=\"900\" height=\"578\" src=\"https:\/\/luftzug.org\/wp-content\/uploads\/2024\/10\/diffuser_hu9f70b5bf746e7f4c675d3724e5bd67e8_84730_900x0_resize_q80_box.jpg\" class=\"gb-image-e88d54bd\" alt=\"\" srcset=\"https:\/\/luftzug.org\/wp-content\/uploads\/2024\/10\/diffuser_hu9f70b5bf746e7f4c675d3724e5bd67e8_84730_900x0_resize_q80_box.jpg 900w, https:\/\/luftzug.org\/wp-content\/uploads\/2024\/10\/diffuser_hu9f70b5bf746e7f4c675d3724e5bd67e8_84730_900x0_resize_q80_box-300x193.jpg 300w, https:\/\/luftzug.org\/wp-content\/uploads\/2024\/10\/diffuser_hu9f70b5bf746e7f4c675d3724e5bd67e8_84730_900x0_resize_q80_box-768x493.jpg 768w\" sizes=\"(max-width: 900px) 100vw, 900px\" \/><\/figure>\n\n<p class=\"gb-headline gb-headline-f2a1b86e gb-headline-text\"><a href=\"https:\/\/luftzug.org\/en\/raumklima\/diffuser\/\">Diffuser im Vergleich: Raumduft optimal verteilen<\/a><\/p>\n<\/div><\/div>\n\n<div class=\"gb-grid-column gb-grid-column-cafd557b gb-query-loop-item post-158 page type-page status-publish has-post-thumbnail tag-klima\"><div class=\"gb-container gb-container-cafd557b\">\n<figure class=\"gb-block-image gb-block-image-e88d54bd\"><img loading=\"lazy\" decoding=\"async\" width=\"900\" height=\"600\" src=\"https:\/\/luftzug.org\/wp-content\/uploads\/2024\/10\/luftfeuchtigkeit_hufb73710f894bfaba739227637f68aab8_49403_900x0_resize_q80_box.jpg\" class=\"gb-image-e88d54bd\" alt=\"\" srcset=\"https:\/\/luftzug.org\/wp-content\/uploads\/2024\/10\/luftfeuchtigkeit_hufb73710f894bfaba739227637f68aab8_49403_900x0_resize_q80_box.jpg 900w, https:\/\/luftzug.org\/wp-content\/uploads\/2024\/10\/luftfeuchtigkeit_hufb73710f894bfaba739227637f68aab8_49403_900x0_resize_q80_box-300x200.jpg 300w, https:\/\/luftzug.org\/wp-content\/uploads\/2024\/10\/luftfeuchtigkeit_hufb73710f894bfaba739227637f68aab8_49403_900x0_resize_q80_box-768x512.jpg 768w\" sizes=\"(max-width: 900px) 100vw, 900px\" \/><\/figure>\n\n<p class=\"gb-headline gb-headline-f2a1b86e gb-headline-text\"><a href=\"https:\/\/luftzug.org\/en\/raumklima\/lueften-winter\/\">L\u00fcften im Winter<\/a><\/p>\n<\/div><\/div>\n\n<div class=\"gb-grid-column gb-grid-column-cafd557b gb-query-loop-item post-155 page type-page status-publish has-post-thumbnail tag-klima\"><div class=\"gb-container gb-container-cafd557b\">\n<figure class=\"gb-block-image gb-block-image-e88d54bd\"><img loading=\"lazy\" decoding=\"async\" width=\"900\" height=\"600\" src=\"https:\/\/luftzug.org\/wp-content\/uploads\/2024\/10\/luftfeuchtigkeit_hufb73710f894bfaba739227637f68aab8_49403_900x0_resize_q80_box.jpg\" class=\"gb-image-e88d54bd\" alt=\"\" srcset=\"https:\/\/luftzug.org\/wp-content\/uploads\/2024\/10\/luftfeuchtigkeit_hufb73710f894bfaba739227637f68aab8_49403_900x0_resize_q80_box.jpg 900w, https:\/\/luftzug.org\/wp-content\/uploads\/2024\/10\/luftfeuchtigkeit_hufb73710f894bfaba739227637f68aab8_49403_900x0_resize_q80_box-300x200.jpg 300w, https:\/\/luftzug.org\/wp-content\/uploads\/2024\/10\/luftfeuchtigkeit_hufb73710f894bfaba739227637f68aab8_49403_900x0_resize_q80_box-768x512.jpg 768w\" sizes=\"(max-width: 900px) 100vw, 900px\" \/><\/figure>\n\n<p class=\"gb-headline gb-headline-f2a1b86e gb-headline-text\"><a href=\"https:\/\/luftzug.org\/en\/raumklima\/luftfeuchtigkeit\/\">Luftfeuchtigkeit in Wohnr\u00e4umen messen &#038; kontrollieren<\/a><\/p>\n<\/div><\/div>\n<\/div>\n","protected":false},"excerpt":{"rendered":"<p>Ventilation in winter Ventilation is the key to a balanced and pleasant indoor climate. It works a little differently in winter than in summer. How exactly you ventilate well in winter - that's what we're talking about today! Folding table of contents Open\/close table of contents Ventilation in winter Saving heating costs when ventilating That's why shock ventilation is better Advantages of cross ventilation ... <\/p>\n<p class=\"read-more-container\"><a title=\"Ventilating in winter\" class=\"read-more button\" href=\"https:\/\/luftzug.org\/en\/raumklima\/lueften-winter\/#more-158\" aria-label=\"Read more about Ventilation in winter\">Read more<\/a><\/p>","protected":false},"author":1,"featured_media":156,"parent":109,"menu_order":0,"comment_status":"closed","ping_status":"closed","template":"","meta":{"_eb_attr":"","footnotes":""},"categories":[],"tags":[10],"class_list":{"0":"post-158","1":"page","2":"type-page","3":"status-publish","4":"has-post-thumbnail","6":"tag-klima","7":"no-featured-image-padding"},"_links":{"self":[{"href":"https:\/\/luftzug.org\/en\/wp-json\/wp\/v2\/pages\/158","targetHints":{"allow":["GET"]}}],"collection":[{"href":"https:\/\/luftzug.org\/en\/wp-json\/wp\/v2\/pages"}],"about":[{"href":"https:\/\/luftzug.org\/en\/wp-json\/wp\/v2\/types\/page"}],"author":[{"embeddable":true,"href":"https:\/\/luftzug.org\/en\/wp-json\/wp\/v2\/users\/1"}],"replies":[{"embeddable":true,"href":"https:\/\/luftzug.org\/en\/wp-json\/wp\/v2\/comments?post=158"}],"version-history":[{"count":0,"href":"https:\/\/luftzug.org\/en\/wp-json\/wp\/v2\/pages\/158\/revisions"}],"up":[{"embeddable":true,"href":"https:\/\/luftzug.org\/en\/wp-json\/wp\/v2\/pages\/109"}],"wp:featuredmedia":[{"embeddable":true,"href":"https:\/\/luftzug.org\/en\/wp-json\/wp\/v2\/media\/156"}],"wp:attachment":[{"href":"https:\/\/luftzug.org\/en\/wp-json\/wp\/v2\/media?parent=158"}],"wp:term":[{"taxonomy":"category","embeddable":true,"href":"https:\/\/luftzug.org\/en\/wp-json\/wp\/v2\/categories?post=158"},{"taxonomy":"post_tag","embeddable":true,"href":"https:\/\/luftzug.org\/en\/wp-json\/wp\/v2\/tags?post=158"}],"curies":[{"name":"wp","href":"https:\/\/api.w.org\/{rel}","templated":true}]}}