{"id":149,"date":"2025-03-27T12:47:56","date_gmt":"2025-03-27T12:47:56","guid":{"rendered":"https:\/\/luftzug.org\/?page_id=149"},"modified":"2025-06-04T15:10:05","modified_gmt":"2025-06-04T15:10:05","slug":"ventiladores-torre","status":"publish","type":"page","link":"https:\/\/luftzug.org\/es\/ventilatoren\/turmventilatoren\/","title":{"rendered":"Ventiladores de torre a prueba: \u00bfcu\u00e1l merece realmente la pena?"},"content":{"rendered":"<h1 class=\"wp-block-heading\"><span class=\"ez-toc-section\" id=\"Turmventilatoren_im_Test_Welcher_lohnt_sich_wirklich\"><\/span>Ventiladores de torre a prueba: \u00bfcu\u00e1l merece realmente la pena?<span class=\"ez-toc-section-end\"><\/span><\/h1>\n\n\n\n<p>Los ventiladores de torre son cada vez m\u00e1s populares. Est\u00e1n sustituyendo gradualmente a los ventiladores de pie en oficinas y habitaciones privadas. Su principal ventaja radica en la combinaci\u00f3n de&nbsp;<strong>Amplia gama de funciones<\/strong>&nbsp;y el&nbsp;<strong>dimensiones pr\u00e1cticas<\/strong>.<\/p>\n\n\n\n<p>En este art\u00edculo, echamos un vistazo a los rasgos que caracterizan a los ventiladores de torre y cu\u00e1l es el modelo m\u00e1s adecuado para usted.<\/p>\n\n\n\n<div class=\"wp-block-group has-base-2-background-color has-background\"><div class=\"wp-block-group__inner-container is-layout-constrained wp-block-group-is-layout-constrained\">\n<p><strong>Ventiladores de torre recomendados<\/strong><\/p>\n\n\n\n<ol class=\"wp-block-list\">\n<li><a href=\"#Levoit\" data-type=\"internal\" data-id=\"#Levoit\">Levoit (muy tranquilo)<\/a><\/li>\n\n\n\n<li><a href=\"#Philips\" data-type=\"internal\" data-id=\"#Philips\">Philips Serie 5000 (silenciosa)<\/a><\/li>\n\n\n\n<li><a href=\"#Brandson\" data-type=\"internal\" data-id=\"#Brandson\">Brandson <\/a><\/li>\n\n\n\n<li><a href=\"#Dreo\" data-type=\"internal\" data-id=\"#Dreo\">Dreo<\/a><\/li>\n\n\n\n<li><a href=\"#Groveelife\" data-type=\"internal\" data-id=\"#Groveelife\">Groveelife (control de aplicaciones)<\/a><\/li>\n\n\n\n<li><a href=\"#Brandson2\" data-type=\"internal\" data-id=\"#Brandson2\">Brandson (con refrigeraci\u00f3n)<\/a><\/li>\n\n\n\n<li><a href=\"#Dreo2\" data-type=\"internal\" data-id=\"#Dreo2\">Dreo (con refrigeraci\u00f3n)<\/a><\/li>\n<\/ol>\n<\/div><\/div>\n\n\n\n<p>Antes de examinar las funciones en detalle, aclaremos qu\u00e9 es realmente un ventilador de torre y en qu\u00e9 se diferencia de los ventiladores de pedestal convencionales. <\/p>\n\n\n\n<p>Importante: <strong>Los ventiladores de torre no deben utilizarse con <a class=\"\" href=\"https:\/\/luftzug.org\/es\/ventiladores\/ventiladores-sin-aspas\/\">ventiladores sin rotor<\/a><\/strong> Funcionan seg\u00fan un principio completamente distinto. Si no est\u00e1 seguro de si le conviene m\u00e1s una <strong><a class=\"\" href=\"https:\/\/luftzug.org\/es\/ventiladores\/ventilador-torre-o-de-pie\/\">Ventilador de torre o de pedestal<\/a><\/strong> encontrar\u00e1 todas las diferencias de un vistazo en nuestro art\u00edculo comparativo.<\/p>\n\n\n\n<div style=\"height:24px\" aria-hidden=\"true\" class=\"wp-block-spacer\"><\/div>\n\n\n\n<h2 class=\"wp-block-heading\" id=\"unterschied-zwischen-turm--und-standventilator\"><span class=\"ez-toc-section\" id=\"Unterschied_zwischen_Turm-_und_Standventilator\"><\/span>Diferencia entre ventilador de torre y ventilador de pedestal<span class=\"ez-toc-section-end\"><\/span><\/h2>\n\n\n\n<p>El ventilador de pedestal cl\u00e1sico tiene aspas claramente visibles. Suelen estar situadas en una especie de cesta o rejilla. La rejilla protege de las palas del rotor que giran r\u00e1pidamente.<\/p>\n\n\n\n<p>En cambio, el ventilador de torre es mucho m\u00e1s compacto. Dispone de&nbsp;<strong>sin aletas<\/strong>. En cambio, en la mayor\u00eda de los ventiladores de torre, una construcci\u00f3n formada por&nbsp;<strong>Lamas<\/strong>.<\/p>\n\n\n\n<figure class=\"wp-block-image size-full\"><img fetchpriority=\"high\" decoding=\"async\" width=\"980\" height=\"653\" src=\"https:\/\/luftzug.org\/wp-content\/uploads\/2025\/06\/Ventilador-de-torre-es.webp\" alt=\"\" class=\"wp-image-794\" srcset=\"https:\/\/luftzug.org\/wp-content\/uploads\/2025\/06\/Ventilador-de-torre-es.webp 1536w, https:\/\/luftzug.org\/wp-content\/uploads\/2025\/06\/Ventilador-de-torre-es-300x200.webp 300w, https:\/\/luftzug.org\/wp-content\/uploads\/2025\/06\/Ventilador-de-torre-es-1024x683.webp 1024w, https:\/\/luftzug.org\/wp-content\/uploads\/2025\/06\/Ventilador-de-torre-es-768x512.webp 768w, https:\/\/luftzug.org\/wp-content\/uploads\/2025\/06\/Ventilador-de-torre-es-18x12.webp 18w\" sizes=\"(max-width: 980px) 100vw, 980px\" \/><\/figure>\n\n\n\n<div style=\"height:50px\" aria-hidden=\"true\" class=\"wp-block-spacer\"><\/div>\n\n\n\n<p>Un ventilador de torre tambi\u00e9n tiene una rejilla que protege de las piezas giratorias del interior.<\/p>\n\n\n\n<p>El ventilador de torre tiene dos aberturas. El aire entra por una de ellas y sale por la otra. En algunos modelos, esta \u00faltima est\u00e1 equipada con una aleta m\u00f3vil que determina la direcci\u00f3n en la que sale el aire.<\/p>\n\n\n\n<div style=\"height:50px\" aria-hidden=\"true\" class=\"wp-block-spacer\"><\/div>\n\n\n\n<h2 class=\"wp-block-heading\" id=\"funktionsumfang-von-turmventilatoren\"><span class=\"ez-toc-section\" id=\"Funktionsumfang_von_Turmventilatoren\"><\/span>Gama de funciones de los ventiladores de torre<span class=\"ez-toc-section-end\"><\/span><\/h2>\n\n\n\n<p>Dependiendo del modelo, el aparato incorpora varias funciones. En mi opini\u00f3n, la m\u00e1s importante es la oscilaci\u00f3n, es decir, la&nbsp;<strong>Giro autom\u00e1tico hacia delante y hacia atr\u00e1s<\/strong>&nbsp;del flujo de aire.<\/p>\n\n\n\n<p>La oscilaci\u00f3n es una ventaja, por ejemplo, si un ventilador tiene que llegar a varios puestos de trabajo de la oficina. La oscilaci\u00f3n puede conectarse para no tener que moverlo constantemente. Esto permite que el flujo de aire llegue alternativamente a los distintos puestos de trabajo.<\/p>\n\n\n\n<p>Adem\u00e1s de la oscilaci\u00f3n, hoy en d\u00eda existen muchas m\u00e1s funciones, a veces m\u00e1s o menos \u00fatiles seg\u00fan la aplicaci\u00f3n.<\/p>\n\n\n\n<div style=\"height:50px\" aria-hidden=\"true\" class=\"wp-block-spacer\"><\/div>\n\n\n\n<h3 class=\"wp-block-heading\" id=\"windst\u00e4rke-einstellen\"><span class=\"ez-toc-section\" id=\"Windstarke_einstellen\"><\/span>Fijar la fuerza del viento<span class=\"ez-toc-section-end\"><\/span><\/h3>\n\n\n\n<p>Otra de las funciones m\u00e1s comunes es la capacidad de determinar la fuerza del flujo de aire. Algunas situaciones requieren un flujo de aire fuerte, otras un flujo de aire d\u00e9bil o muy silencioso.<\/p>\n\n\n\n<p>Cuando el ventilador de la torre est\u00e1 a aprox.&nbsp;<strong>en el dormitorio<\/strong>&nbsp;debe ajustarse a una temperatura baja y, sobre todo, baja por la noche.&nbsp;<strong>Nivel de silencio<\/strong>&nbsp;puede ajustarse. Esto no s\u00f3lo es importante en t\u00e9rminos de volumen: una fuerte corriente de aire que persista durante mucho tiempo puede ser perjudicial para la salud.<\/p>\n\n\n\n<div style=\"height:50px\" aria-hidden=\"true\" class=\"wp-block-spacer\"><\/div>\n\n\n\n<h3 class=\"wp-block-heading\" id=\"luftbefeuchtung-aus-wassertank\"><span class=\"ez-toc-section\" id=\"Luftbefeuchtung_aus_Wassertank\"><\/span>Humidificaci\u00f3n del aire desde el dep\u00f3sito de agua<span class=\"ez-toc-section-end\"><\/span><\/h3>\n\n\n\n<p>En la actualidad, los aparatos con dep\u00f3sito de agua incorporado son relativamente raros. El ventilador de torre utiliza el agua para humidificar el aire.<\/p>\n\n\n\n<p>El problema en interiores suele ser que la humedad es demasiado alta. Si es demasiado baja, un humidificador puede ayudar. La combinaci\u00f3n de humidificadores y ventiladores de torre es&nbsp;<strong>no ahorra tanto espacio<\/strong>. El dep\u00f3sito de agua y las tuber\u00edas adicionales ocupan m\u00e1s espacio.<\/p>\n\n\n\n<p>Antes de comprar un ventilador de torre con dep\u00f3sito de agua y humidificaci\u00f3n del aire, yo pensar\u00eda detenidamente si esta funci\u00f3n es realmente necesaria. Por \u00faltimo, pero no menos importante, el&nbsp;<strong>Llenado del dep\u00f3sito<\/strong>&nbsp;m\u00e1s trabajo. El enfriamiento adicional tambi\u00e9n es limitado. Un chorro de aire con gotitas finas tiene un efecto fr\u00edo sobre la piel, la&nbsp;<strong>La temperatura ambiente apenas var\u00eda<\/strong>.<\/p>\n\n\n\n<div style=\"height:50px\" aria-hidden=\"true\" class=\"wp-block-spacer\"><\/div>\n\n\n\n<h3 class=\"wp-block-heading\" id=\"timer--intervalle\"><span class=\"ez-toc-section\" id=\"Timer_Intervalle\"><\/span>Temporizador e intervalos<span class=\"ez-toc-section-end\"><\/span><\/h3>\n\n\n\n<p>Un ventilador debe mejorar el clima de la habitaci\u00f3n y, al mismo tiempo, hacer poco trabajo. Por eso son \u00fatiles los temporizadores integrados o las funciones de intervalo.<\/p>\n\n\n\n<p>Con un temporizador, podr\u00edas programar el&nbsp;<strong>Automatizar el funcionamiento<\/strong>. En lugar de activar el panel de control varias veces al d\u00eda, bastar\u00eda con establecer una vez un periodo de tiempo adecuado. Por ejemplo, el ventilador podr\u00eda encenderse todos los d\u00edas de 12 a 15 horas y volver a apagarse. As\u00ed se contrarrestar\u00eda el mayor calor durante las horas del mediod\u00eda.<\/p>\n\n\n\n<p>Adem\u00e1s del simple encendido y apagado, algunos modelos ofrecen opciones de ajuste adicionales. Por ejemplo, una funci\u00f3n de intervalo que&nbsp;<strong>Fuerza del flujo de aire<\/strong>&nbsp;var\u00eda a intervalos regulares o irregulares.<\/p>\n\n\n\n<p>A algunas personas les resulta desagradable una corriente de aire constante. Los ventiladores que cambian de intensidad de forma regular o irregular se acercan mucho m\u00e1s a la sensaci\u00f3n m\u00e1s natural del viento al aire libre.<\/p>\n\n\n\n<div style=\"height:50px\" aria-hidden=\"true\" class=\"wp-block-spacer\"><\/div>\n\n\n\n<h3 class=\"wp-block-heading\" id=\"fernbedienung\"><span class=\"ez-toc-section\" id=\"Fernbedienung\"><\/span>Mando a distancia<span class=\"ez-toc-section-end\"><\/span><\/h3>\n\n\n\n<p>Adem\u00e1s del temporizador, tambi\u00e9n puede resultar pr\u00e1ctico un mando a distancia. Si la intensidad de la luz solar cambia varias veces al d\u00eda debido a la forma del edificio, un temporizador por s\u00ed solo ya no es suficiente.<\/p>\n\n\n\n<p>Con un mando a distancia, mantendr\u00e1 el control sin tener que levantarse constantemente para ir al panel de control. De este modo, puedes regular el caudal de aire desde la comodidad de tu sof\u00e1 y ajustarlo a tus necesidades.<\/p>\n\n\n\n<p>Mi consejo en este momento ser\u00eda,&nbsp;<strong>para utilizar un dispositivo en el que se pueda guardar el mando a distancia.<\/strong> Este es el caso de muchos modelos. Para ello, la carcasa dispone de un peque\u00f1o compartimento o solapa. Los mandos a distancia pueden perderse f\u00e1cilmente. Un espacio de almacenamiento adecuado en el aparato reduce este riesgo.<\/p>\n\n\n\n<div style=\"height:50px\" aria-hidden=\"true\" class=\"wp-block-spacer\"><\/div>\n\n\n\n<h3 class=\"wp-block-heading\" id=\"tragegriff\"><span class=\"ez-toc-section\" id=\"Tragegriff\"><\/span>Asa de transporte<span class=\"ez-toc-section-end\"><\/span><\/h3>\n\n\n\n<p>De vez en cuando es necesario mover los ventiladores. Ya sea porque ha terminado la temporada de calor, porque ahora se necesita el aparato en otra habitaci\u00f3n o porque se aparta para pasar la aspiradora.<\/p>\n\n\n\n<p>En este punto, un asa de transporte adecuada o un&nbsp;<strong>Hueco en la carcasa<\/strong>&nbsp;pr\u00e1ctico. Mover un ventilador de torre sin asa puede ser tedioso: no funcionar\u00eda con una mano sin asa.<\/p>\n\n\n\n<p>Tambi\u00e9n me tranquiliza saber que hay un lugar dise\u00f1ado para agarrarlo y transportarlo. Ser\u00eda una pena da\u00f1ar el dispositivo s\u00f3lo porque se sujeta de forma incorrecta o porque los dedos resbalan al transportarlo.<\/p>\n\n\n\n<div style=\"height:50px\" aria-hidden=\"true\" class=\"wp-block-spacer\"><\/div>\n\n\n\n<h2 class=\"wp-block-heading\" id=\"kriterien-beim-kauf\"><span class=\"ez-toc-section\" id=\"Kriterien_beim_Kauf\"><\/span>Criterios de compra<span class=\"ez-toc-section-end\"><\/span><\/h2>\n\n\n\n<p>A la hora de comprar un ventilador de torre hay que tener en cuenta algunos puntos importantes. Son cruciales para determinar si un aparato se adapta a sus necesidades y cumple sus requisitos. He aqu\u00ed una lista de todos los criterios de compra importantes:<\/p>\n\n\n\n<ul class=\"wp-block-list has-base-2-background-color has-background\">\n<li>Circulaci\u00f3n de aire<\/li>\n\n\n\n<li>Estabilidad<\/li>\n\n\n\n<li>Volumen<\/li>\n\n\n\n<li>Consumo<\/li>\n\n\n\n<li>Funciones adicionales<\/li>\n\n\n\n<li>Precio<\/li>\n\n\n\n<li>Dise\u00f1o<\/li>\n<\/ul>\n\n\n\n<p>Analicemos detenidamente estos puntos y aclaremos por qu\u00e9 exactamente este criterio es, o al menos puede ser, importante a la hora de realizar una compra:<\/p>\n\n\n\n<div style=\"height:50px\" aria-hidden=\"true\" class=\"wp-block-spacer\"><\/div>\n\n\n\n<h3 class=\"wp-block-heading\" id=\"luftumw\u00e4lzung\"><span class=\"ez-toc-section\" id=\"Luftumwalzung\"><\/span>Circulaci\u00f3n de aire<span class=\"ez-toc-section-end\"><\/span><\/h3>\n\n\n\n<p>La circulaci\u00f3n de aire se refiere a la cantidad de aire ambiente que el ventilador puede mover en un tiempo determinado. Entre las especificaciones del fabricante, la circulaci\u00f3n suele describirse como&nbsp;<strong>metros c\u00fabicos por hora<\/strong>&nbsp;especificado. Valores habituales de 100 a 500m\u00b3\/h.<\/p>\n\n\n\n<p>Son principalmente la potencia y el tama\u00f1o del ventilador los que determinan la cantidad de aire movido.<\/p>\n\n\n\n<div style=\"height:50px\" aria-hidden=\"true\" class=\"wp-block-spacer\"><\/div>\n\n\n\n<h3 class=\"wp-block-heading\" id=\"standfestigkeit\"><span class=\"ez-toc-section\" id=\"Standfestigkeit\"><\/span>Estabilidad<span class=\"ez-toc-section-end\"><\/span><\/h3>\n\n\n\n<p>En mi opini\u00f3n, la estabilidad de los ventiladores de torre sigue siendo un problema fundamental. Esto se debe simplemente a la forma: cuanto m\u00e1s alto es el aparato, m\u00e1s ancha tiene que ser la base. Una base demasiado grande no resulta tan elegante.<\/p>\n\n\n\n<p>Otra forma de aumentar la estabilidad es desplazar el peso a la parte m\u00e1s baja de la estructura. Aqu\u00ed es donde suele estar el motor, que es pesado. Este tipo de construcci\u00f3n ya es bastante estable, pero mi cr\u00edtica a los ventiladores de torre sigue en pie: La mayor\u00eda pueden volcar con demasiada facilidad.<\/p>\n\n\n\n<p>Hay que reconocerlo: El aparato no correr\u00e1 el riesgo de volcar con demasiada frecuencia. Sin embargo, en un hogar con ni\u00f1os o mascotas, no hay que subestimar este riesgo. Por eso es importante buscar productos que tengan un&nbsp;<strong>base ancha<\/strong>&nbsp;y no son demasiado altos.<\/p>\n\n\n\n<div style=\"height:50px\" aria-hidden=\"true\" class=\"wp-block-spacer\"><\/div>\n\n\n\n<h3 class=\"wp-block-heading\" id=\"lautst\u00e4rke\"><span class=\"ez-toc-section\" id=\"Lautstarke\"><\/span>Volumen<span class=\"ez-toc-section-end\"><\/span><\/h3>\n\n\n\n<p>Para m\u00ed, el nivel de ruido es un factor clave para un ventilador. Debe ser agradable y silencioso, por supuesto. Un ruido fuerte no s\u00f3lo es molesto cuando se trabaja, se est\u00e1 relajado en el sof\u00e1 o se mantiene una conversaci\u00f3n: si el ventilador es demasiado ruidoso, dif\u00edcilmente se puede utilizar en el dormitorio. Y eso que el dormitorio es una habitaci\u00f3n en la que la mayor\u00eda de la gente presta mucha atenci\u00f3n a un buen clima interior.<\/p>\n\n\n\n<p>Una buena&nbsp;<strong>El punto de orientaci\u00f3n es de 25-28 dB<\/strong>. Dentro de este rango, el volumen es bastante agradable. Puede ser demasiado alto para el dormitorio. Pero es probable que el ventilador de torre no est\u00e9 funcionando al m\u00e1ximo nivel y, por tanto, sea mucho m\u00e1s silencioso.<\/p>\n\n\n\n<div style=\"height:50px\" aria-hidden=\"true\" class=\"wp-block-spacer\"><\/div>\n\n\n\n<h3 class=\"wp-block-heading\" id=\"energieverbrauch\"><span class=\"ez-toc-section\" id=\"Energieverbrauch\"><\/span>Consumo de energ\u00eda<span class=\"ez-toc-section-end\"><\/span><\/h3>\n\n\n\n<p>Los ventiladores no deben consumir mucha energ\u00eda. Al igual que el frigor\u00edfico, la lavadora o la luz, los ventiladores pueden funcionar f\u00e1cilmente varias horas al d\u00eda. Por eso merece la pena buscar espec\u00edficamente un ventilador que ahorre energ\u00eda.<\/p>\n\n\n\n<p>Para los ventiladores de torre, los valores en torno al&nbsp;<strong>40 vatios<\/strong>&nbsp;justificable. El aparato no deber\u00eda ser mucho m\u00e1s potente. Como ya he dicho, cada vatio cuenta debido al tiempo de funcionamiento potencialmente largo.<\/p>\n\n\n\n<div style=\"height:50px\" aria-hidden=\"true\" class=\"wp-block-spacer\"><\/div>\n\n\n\n<h3 class=\"wp-block-heading\" id=\"zusatzfunktionen\"><span class=\"ez-toc-section\" id=\"Zusatzfunktionen\"><\/span>Funciones adicionales<span class=\"ez-toc-section-end\"><\/span><\/h3>\n\n\n\n<p>Dependiendo del \u00e1mbito de aplicaci\u00f3n y de las preferencias personales, las posibles funciones adicionales son interesantes. La gran mayor\u00eda de los modelos disponen de temporizador, varios niveles de intensidad y pueden bascular la direcci\u00f3n del flujo de aire hacia delante y hacia atr\u00e1s.<\/p>\n\n\n\n<p>Las funcionalidades mencionadas son pr\u00e1cticamente ya est\u00e1ndar. Por tanto, un recargo solo est\u00e1 justificado si el aparato puede ofrecer funciones adicionales, por ejemplo, control mediante app, conexi\u00f3n a sistemas dom\u00e9sticos inteligentes como Alexa o Siri o un humidificador integrado.<br>Si adem\u00e1s busca una mayor capacidad de refrigeraci\u00f3n sin una instalaci\u00f3n complicada, deber\u00eda echar un vistazo a un <strong><a class=\"\" href=\"https:\/\/luftzug.org\/es\/refrigeracion\/enfriador-aire\/\">Aire acondicionado m\u00f3vil sin tubo de escape<\/a><\/strong> lanzar - ofrece algo m\u00e1s que movimiento de aire.<\/p>\n\n\n\n<div style=\"height:50px\" aria-hidden=\"true\" class=\"wp-block-spacer\"><\/div>\n\n\n\n<h3 class=\"wp-block-heading\" id=\"preis-wie-viel-kostet-ein-guter-turmventilator\"><span class=\"ez-toc-section\" id=\"Preis_Wie_viel_kostet_ein_guter_Turmventilator\"><\/span>Precio: \u00bfCu\u00e1nto cuesta un buen ventilador de torre?<span class=\"ez-toc-section-end\"><\/span><\/h3>\n\n\n\n<p>Un ventilador de torre s\u00f3lido no tiene por qu\u00e9 costar mucho. Los modelos recomendados cuestan a partir de unos 60 euros. En mi opini\u00f3n, un precio m\u00e1ximo razonable es de 150 euros. M\u00e1s all\u00e1, la relaci\u00f3n calidad-precio se resiente en mi opini\u00f3n.<\/p>\n\n\n\n<p>Por supuesto, hay productos con precios bastante m\u00e1s elevados, pero apenas ofrecen funciones m\u00e1s tangibles.<\/p>\n\n\n\n<div style=\"height:50px\" aria-hidden=\"true\" class=\"wp-block-spacer\"><\/div>\n\n\n\n<h3 class=\"wp-block-heading\" id=\"das-design\"><span class=\"ez-toc-section\" id=\"Das_Design\"><\/span>El dise\u00f1o<span class=\"ez-toc-section-end\"><\/span><\/h3>\n\n\n\n<p>Como ya se ha mencionado, los ventiladores de torre suelen ser m\u00e1s atractivos a la vista que los de pedestal. Y aunque los ventiladores de torre suelen tener una figura esbelta y atractiva, las diferencias visuales entre los modelos pueden ser discutibles.<\/p>\n\n\n\n<p>La mayor diferenciaci\u00f3n visual se basa en el color. El negro, el blanco y el gris son los m\u00e1s comunes. Rara vez se encuentran colores muy saturados y brillantes. Esto se debe probablemente a que a los fabricantes les gusta ofrecer colores que puedan combinarse con muchos estilos de mobiliario. El blanco y el negro son la elecci\u00f3n obvia.<\/p>\n\n\n\n<p>Si observa un modelo con una superficie oscura, negra uniforme o negra brillante, el polvo se har\u00e1 visible muy r\u00e1pidamente en estas superficies. Las huellas dactilares tambi\u00e9n son m\u00e1s f\u00e1ciles de detectar en ellas.<\/p>\n\n\n\n<p>En cambio, las superficies blancas o claras pueden amarillear con el tiempo. Aqu\u00ed hay un claro ganador. En el mejor de los casos, un modelo blanco no es recomendable para un hogar de fumadores.<\/p>\n\n\n\n<div style=\"height:50px\" aria-hidden=\"true\" class=\"wp-block-spacer\"><\/div>\n\n\n\n<h3 class=\"wp-block-heading\" id=\"wo-hin-mit-dem-ventilator\"><span class=\"ez-toc-section\" id=\"Wo_hin_mit_dem_Ventilator\"><\/span>\u00bfD\u00f3nde colocar el ventilador?<span class=\"ez-toc-section-end\"><\/span><\/h3>\n\n\n\n<p>Dependiendo de la distribuci\u00f3n de la habitaci\u00f3n, algunos lugares son m\u00e1s o menos adecuados. En primer lugar, ser\u00eda conveniente no orientar el ventilador de torre directamente hacia uno mismo u otra persona. Pasar largos periodos de tiempo en una corriente de aire directa y constante puede ser perjudicial. No en vano se est\u00e1 haciendo mucho para eliminar las corrientes de aire no deseadas en los edificios antiguos.<\/p>\n\n\n\n<p>Para los ventiladores de torre con flujo de aire orientable autom\u00e1ticamente, existen las siguientes opciones&nbsp;<strong>las esquinas de la habitaci\u00f3n<\/strong>&nbsp;on. Pero s\u00f3lo si el \u00e1ngulo de oscilaci\u00f3n alcanza unos 90\u00b0. Por encima de este \u00e1ngulo, choca contra la pared, lo que no es muy eficaz. Si el ventilador puede alcanzar un&nbsp;<strong>\u00e1ngulo mayor<\/strong>&nbsp;cubierta, entonces es bienvenido a&nbsp;<strong>Continuar hasta la sala central<\/strong>&nbsp;colocarse.<\/p>\n\n\n\n<div style=\"height:50px\" aria-hidden=\"true\" class=\"wp-block-spacer\"><\/div>\n\n\n\n<h3 class=\"wp-block-heading\" id=\"reinigung\"><span class=\"ez-toc-section\" id=\"Reinigung\"><\/span>Limpieza<span class=\"ez-toc-section-end\"><\/span><\/h3>\n\n\n\n<p>Limpiar los ventiladores de torre no es tan dif\u00edcil. La mayor\u00eda de los dispositivos s\u00f3lo deben&nbsp;<strong>Limpiar con un pa\u00f1o<\/strong>&nbsp;puede eliminarse. Si la superficie es negra brillante, una peque\u00f1a capa de polvo se notar\u00e1 m\u00e1s r\u00e1pidamente. En cambio, el polvo es menos visible en las superficies blancas y mates.<\/p>\n\n\n\n<p>En una habitaci\u00f3n con muchos textiles y, en consecuencia, m\u00e1s polvo, recomendar\u00eda un aparato de color mate.<\/p>\n\n\n\n<p>Si el ventilador de la torre tiene un&nbsp;<strong>Filtros<\/strong>debe limpiarse o sustituirse a intervalos regulares.&nbsp;<strong>intercambiarse<\/strong>. Si le has echado el ojo a un modelo con filtro, comprueba r\u00e1pidamente antes de comprarlo si es necesario cambiarlo y, en caso afirmativo, con qu\u00e9 frecuencia y cu\u00e1nto cuesta.<\/p>\n\n\n\n<div style=\"height:50px\" aria-hidden=\"true\" class=\"wp-block-spacer\"><\/div>\n\n\n\n<h2 class=\"wp-block-heading\" id=\"empfehlenswerte-turmventilatoren\"><span class=\"ez-toc-section\" id=\"Empfehlenswerte_Turmventilatoren\"><\/span>Ventiladores de torre recomendados<span class=\"ez-toc-section-end\"><\/span><\/h2>\n\n\n\n<p>Ahora viene una lista de clasificaci\u00f3n de ventiladores de torre recomendados. La siguiente lista no est\u00e1 totalmente libre de juicios subjetivos por mi parte. He intentado hacer una selecci\u00f3n equilibrada e incluir algo para diferentes gustos.<\/p>\n\n\n\n<p id=\"Honeywell\"><\/p>\n\n\n\n<h3 class=\"wp-block-heading\" id=\"Levoit\"><span class=\"ez-toc-section\" id=\"Levoit_21_dB_Turmventilator_%E2%80%93_Ideal_fur_ruhige_Umgebungen\"><\/span><br><a href=\"https:\/\/amzn.to\/3G4UiLl\" target=\"_blank\" rel=\"noopener\">Ventilador de torre Levoit (21 dB)<\/a> - Ideal para entornos silenciosos<span class=\"ez-toc-section-end\"><\/span><\/h3>\n\n\n\n<div class=\"wp-block-essential-blocks-slider  root-eb-slider-762sc\"><div class=\"eb-parent-wrapper eb-parent-eb-slider-762sc\"><div class=\"eb-slider-wrapper eb-slider-762sc\" data-blockid=\"eb-slider-762sc\" data-version=\"v4\" data-settings=\"eyJhcnJvd3MiOnRydWUsImFkYXB0aXZlSGVpZ2h0IjpmYWxzZSwiYXV0b3BsYXkiOmZhbHNlLCJhdXRvcGxheVNwZWVkIjozMDAwLCJkb3RzIjp0cnVlLCJmYWRlIjpmYWxzZSwiaW5maW5pdGUiOnRydWUsInBhdXNlT25Ib3ZlciI6dHJ1ZSwic2xpZGVzVG9TaG93IjoxLCJzcGVlZCI6NTAwLCJ2ZXJ0aWNhbCI6ZmFsc2UsImN1cnJlbnRTbGlkZSI6MCwicnRsIjpmYWxzZSwicmVzcG9uc2l2ZSI6W3siYnJlYWtwb2ludCI6MTAyNSwic2V0dGluZ3MiOnsic2xpZGVzVG9TaG93IjoxfX0seyJicmVha3BvaW50Ijo3NjcsInNldHRpbmdzIjp7InNsaWRlc1RvU2hvdyI6MX19XX0=\" data-arrownexticon=\"fas fa-arrow-alt-circle-right\" data-arrowprevicon=\"fas fa-arrow-alt-circle-left\" data-lightbox=\"false\"><div class=\"eb-slider-init eb-slider-type-image\"><div class=\"eb-slider-item content-1\" data-src=\"https:\/\/luftzug.org\/wp-content\/uploads\/2025\/03\/IMG_20250320_103825.jpg\"><div><img class=\"eb-slider-image\" data-lazy=\"https:\/\/luftzug.org\/wp-content\/uploads\/2025\/03\/IMG_20250320_103825.jpg\"\/><\/div><\/div><div class=\"eb-slider-item content-1\" data-src=\"https:\/\/luftzug.org\/wp-content\/uploads\/2025\/03\/IMG_20250319_144159.jpg\"><div><img class=\"eb-slider-image\" data-lazy=\"https:\/\/luftzug.org\/wp-content\/uploads\/2025\/03\/IMG_20250319_144159.jpg\"\/><\/div><\/div><div class=\"eb-slider-item content-1\" data-src=\"https:\/\/luftzug.org\/wp-content\/uploads\/2025\/03\/IMG_20250319_144213.jpg\"><div><img class=\"eb-slider-image\" data-lazy=\"https:\/\/luftzug.org\/wp-content\/uploads\/2025\/03\/IMG_20250319_144213.jpg\"\/><\/div><\/div><div class=\"eb-slider-item content-1\" data-src=\"https:\/\/luftzug.org\/wp-content\/uploads\/2025\/03\/IMG_20250319_144055.jpg\"><div><img class=\"eb-slider-image\" data-lazy=\"https:\/\/luftzug.org\/wp-content\/uploads\/2025\/03\/IMG_20250319_144055.jpg\"\/><\/div><\/div><div class=\"eb-slider-item content-1\" data-src=\"https:\/\/luftzug.org\/wp-content\/uploads\/2025\/03\/IMG_20250319_143938.jpg\"><div><img class=\"eb-slider-image\" data-lazy=\"https:\/\/luftzug.org\/wp-content\/uploads\/2025\/03\/IMG_20250319_143938.jpg\"\/><\/div><\/div><\/div><\/div><\/div><\/div>\n\n\n\n<div style=\"height:35px\" aria-hidden=\"true\" class=\"wp-block-spacer\"><\/div>\n\n\n<div class=\"affx-pros-cons-wrapper wp-block-affiliatex-pros-and-cons\" id=\"affiliatex-pros-cons-style-block-10c9a5df-471a-429f-90c9-61ee0b02135f\">\n\t<div class=\"affx-pros-cons-inner-wrapper layout-type-4 content-align-left\">\n\t\t<div class=\"affx-pros-inner\">\n\t\t\t<div class=\"pros-icon-title-wrap\">\n\t\t\t\t<div class=\"affiliatex-block-pros\">\n\t\t\t\t\t\t\t\t\t\t\t<i class=\"fas fa-thumbs-up\"><\/i>\n\t\t\t\t\t\t\t\t\t\t<p class=\"affiliatex-title\"><\/p>\n\t\t\t\t<\/div>\n\t\t\t<\/div>\n\t\t\t<div class=\"affiliatex-pros\">\n\t\t\t\t\t\t\t\t\t\t<ul class=\"affiliatex-list affiliatex-list-type-unordered afx-icon-list\">\n\t\t\t\t\t\t\t\t\t\t\t\t\t\t<li>\n\t\t\t\t\t\t\t\t\t\t\t<i class=\"fas fa-thumbs-up\"><\/i>\n\t\t\t\t\t\t\t\t\t\t<span>Muy silencioso en los niveles inferiores, especialmente adecuado para el dormitorio o entornos de trabajo silenciosos<\/span>\n\t\t\t\t<\/li>\n\t\t\t\t\t\t\t\t\t\t\t\t\t\t\t\t<li>\n\t\t\t\t\t\t\t\t\t\t\t<i class=\"fas fa-thumbs-up\"><\/i>\n\t\t\t\t\t\t\t\t\t\t<span>Potente rendimiento incluso en un tama\u00f1o compacto<\/span>\n\t\t\t\t<\/li>\n\t\t\t\t\t\t\t\t\t\t\t\t\t\t\t\t<li>\n\t\t\t\t\t\t\t\t\t\t\t<i class=\"fas fa-thumbs-up\"><\/i>\n\t\t\t\t\t\t\t\t\t\t<span>Larga vida \u00fatil<\/span>\n\t\t\t\t<\/li>\n\t\t\t\t\t\t\t\t\t\t\t\t\t\t\t\t<li>\n\t\t\t\t\t\t\t\t\t\t\t<i class=\"fas fa-thumbs-up\"><\/i>\n\t\t\t\t\t\t\t\t\t\t<span>12 pasos<\/span>\n\t\t\t\t<\/li>\n\t\t\t\t\t\t\t<\/ul>\n\t\t\t\t\t\t\t<\/div>\n\t\t<\/div>\n\t\t<div class=\"affx-cons-inner\">\n\t\t\t<div class=\"cons-icon-title-wrap\">\n\t\t\t\t<div class=\"affiliatex-block-cons\">\n\t\t\t\t\t\t\t\t\t\t\t<i class=\"fas fa-thumbs-down\"><\/i>\n\t\t\t\t\t\t\t\t\t\t<p class=\"affiliatex-title\"><\/p>\n\t\t\t\t<\/div>\n\t\t\t<\/div>\n\t\t\t<div class=\"affiliatex-cons\">\n\t\t\t\t\t\t\t\t\t\t<ul class=\"affiliatex-list affiliatex-list-type-unordered afx-icon-list\">\n\t\t\t\t\t\t\t\t\t\t\t\t\t\t<li>\n\t\t\t\t\t\t\t\t\t\t\t<i class=\"fas fa-thumbs-down\"><\/i>\n\t\t\t\t\t\t\t\t\t\t<span>Sin giro hacia arriba ni hacia abajo<\/span>\n\t\t\t\t<\/li>\n\t\t\t\t\t\t\t\t\t\t\t\t\t\t\t\t<li>\n\t\t\t\t\t\t\t\t\t\t\t<i class=\"fas fa-thumbs-down\"><\/i>\n\t\t\t\t\t\t\t\t\t\t<span>Notablemente m\u00e1s ruidoso a niveles m\u00e1s altos<\/span>\n\t\t\t\t<\/li>\n\t\t\t\t\t\t\t<\/ul>\n\t\t\t\t\t\t\t<\/div>\n\t\t<\/div>\n\t<\/div>\n<\/div>\n\n\n\n<p>El Levoit es un poco m\u00e1s ruidoso en comparaci\u00f3n directa con el ventilador de pedestal Brandson:&nbsp;<strong>21 dB<\/strong>&nbsp;(aunque apenas se oye) en el nivel m\u00e1s bajo, lo que equivale casi exactamente a la especificaci\u00f3n del fabricante de 20 dB y lo convierte en uno de los modelos m\u00e1s silenciosos del mercado.<\/p>\n\n\n\n<p>En <strong>El montaje se realiz\u00f3 en menos de tres minutos<\/strong>y el <strong>El soporte fue el m\u00e1s r\u00e1pido y f\u00e1cil de instalar en comparaci\u00f3n con otros dispositivos<\/strong>. Especialmente impresionante: a pesar de su funcionamiento silencioso, el <strong>Flujo de aire en el nivel 1 lo suficientemente fuerte como para apagar una vela desde una distancia de tres metros.<\/strong> - un valor poco com\u00fan en esta categor\u00eda de electrodom\u00e9sticos.<\/p>\n\n\n\n<p>En <strong>Etapa 12, la Levoit ofrece una velocidad del aire de hasta 7,9 m\/s<\/strong> - m\u00e1s que suficiente para refrescarse r\u00e1pidamente en los d\u00edas calurosos. Gracias a la <strong>Oscilaci\u00f3n de 90<\/strong> el flujo de aire se distribuye uniformemente por toda la habitaci\u00f3n. El sitio <strong>Pantalla LED con indicaci\u00f3n de temperatura<\/strong>, <strong>Mando a distancia<\/strong>, <strong>12 niveles de velocidad<\/strong>, <strong>4 modos<\/strong> y un <strong>Temporizador de 12 horas<\/strong> completan el conjunto. El abanico de color blanco liso tambi\u00e9n destaca visualmente.<\/p>\n\n\n\n<p>Es importante saberlo: Con la mayor\u00eda de los ventiladores de torre, el flujo de aire puede ser <strong>No ajustar verticalmente<\/strong>pero fluye <strong>siempre recto<\/strong>. Con un precio de alrededor de <strong>90 euros<\/strong> el Levoit ofrece un <strong>Impresionante conjunto de suavidad de funcionamiento, rendimiento y facilidad de uso<\/strong> - Perfecto para todos aquellos que tambi\u00e9n quieran <strong>no quieren prescindir de una brisa fresca, pero aprecian la tranquilidad absoluta.<\/strong><\/p>\n\n\n\n<div style=\"position: relative; height: 0; margin-bottom: -10px;\">\n  <div style=\"    position: absolute;    top: 8px;    left: 16px;    background-color: #007BFF;    color: white;    padding: 8px 8px;    font-size: 16px;    font-weight: bold;    border-radius: 6px;    z-index: 10;    box-shadow: 0 2px 6px rgba(0,0,0,0.2);  \">\n    Ganador de la prueba  <\/div>\n<\/div>\n\n\n\n<div class=\"aawp\">\n\n            \n            \n<div class=\"aawp-product aawp-product--horizontal aawp-product--inline-info aawp-product--css-adjust-image-large\"  data-aawp-product-asin=\"B0CTMLBB1Q\" data-aawp-product-id=\"1356\" data-aawp-tracking-id=\"zaubereltern-21\" data-aawp-product-title=\"Levoit - DC Motor Turmventilator - 20dB sehr leiser Ventilator - 4 Modi\/12 Stufen\/12 Std Timer - Fernbedienung &amp; K\u00fchlung - Tower Fan mit 7,9m\/s Geschwindigkeit - 24W Standventilator - Wei\u00df 92 cm\" data-aawp-local-click-tracking=\"1\">\n\n    \n    <div class=\"aawp-product__thumb\">\n        <a class=\"aawp-product__image-link\" href=\"https:\/\/amzn.to\/3G4UiLl\" title=\"Ventilador de torre Levoit (21 dB)\" rel=\"nofollow noopener sponsored\" target=\"_blank\">\n            <img decoding=\"async\" class=\"aawp-product__image\" src=\"https:\/\/luftzug.org\/wp-content\/plugins\/aawp\/public\/image.php?url=YUhSMGNITTZMeTl0TG0xbFpHbGhMV0Z0WVhwdmJpNWpiMjB2YVcxaFoyVnpMMGt2TXpGeGFYQjFRVU5CUVV3dWFuQm58MTc3Nzk5NjMxMw=\" alt=\"Ventilador de torre Levoit (21 dB)\"  \/>\n        <\/a>\n\n                    <div class=\"aawp-product__rating\">\n                <a class=\"aawp-star-rating aawp-star-rating--small aawp-star-rating--v1\" href=\"https:\/\/amzn.to\/3G4UiLl\" title=\"Opiniones en Amazon\" rel=\"nofollow noopener sponsored\" target=\"_blank\"><span style=\"width: 100%;\"><\/span><\/a>\n                            <\/div>\n            <\/div>\n\n    <div class=\"aawp-product__content\">\n        <a class=\"aawp-product__title\" href=\"https:\/\/amzn.to\/3G4UiLl\" title=\"Ventilador de torre Levoit (21 dB)\" rel=\"nofollow noopener sponsored\" target=\"_blank\">\n            Ventilador de torre Levoit (21 dB)        <\/a>\n        <div class=\"aawp-product__description\">\n            <div style=\"background-color: #f5f5f5; padding: 15px; border-radius: 8px; font-size: 16px;\">\n  Extremadamente silencioso, elegantemente equipado: con 21 dB y un confort de funcionamiento m\u00e1ximo, el Levoit se merece el segundo puesto entre los ventiladores de torre m\u00e1s silenciosos.\n<\/div>\n        <\/div>\n    <\/div>\n\n    <div class=\"aawp-product__footer\">\n\n        <div class=\"aawp-product__pricing\">\n            \n                            <span class=\"aawp-product__price aawp-product__price--current\"><\/span>\n            \n                    <\/div>\n\n                <a class=\"aawp-button aawp-button--buy aawp-button aawp-button--blue shadow aawp-button--icon aawp-button--icon-white\" href=\"https:\/\/amzn.to\/3G4UiLl\" title=\"Comprar en Amazon\" target=\"_blank\" rel=\"nofollow noopener sponsored\">Comprar en Amazon<\/a>\n                    <span class=\"aawp-product__info\">Precio IVA incl., m\u00e1s gastos de env\u00edo<\/span>\n            <\/div>\n\n<\/div>\n\n    \n<\/div>\n\n\n\n<!DOCTYPE html>\n<html lang=\"de\">\n<head>\n  \n  \n  <title>Preguntas frecuentes sobre el ventilador de torre Levoit<\/title>\n  <style>\n    .faq-container {\n      width: 100%;\n      max-width: 800px;\n      margin: 20px auto;\n      font-family: Arial, sans-serif;\n    }\n\n    .faq-item {\n      border-bottom: 1px solid #ccc;\n      margin-bottom: 10px;\n    }\n\n    .faq-question {\n      background-color: #f1f1f1;\n      color: #333;\n      cursor: pointer;\n      padding: 15px;\n      width: 100%;\n      border: none;\n      text-align: left;\n      outline: none;\n      font-size: 18px;\n      display: flex;\n      justify-content: space-between;\n      align-items: center;\n    }\n\n    .faq-question::after {\n      content: '\\25BC';\n      font-size: 18px;\n      transition: transform 0.3s;\n    }\n\n    .faq-question.active::after {\n      transform: rotate(180deg);\n    }\n\n    .faq-answer {\n      max-height: 0;\n      overflow: hidden;\n      transition: max-height 0.3s ease;\n      background-color: #f9f9f9;\n      font-size: 16px;\n      padding: 0 15px;\n    }\n\n    .faq-answer.open {\n      padding: 15px;\n      max-height: 500px;\n    }\n  <\/style>\n<\/head>\n<body>\n\n<div class=\"faq-container\">\n\n  <div class=\"faq-item\">\n    <button class=\"faq-question\">\u00bfCu\u00e1l es la intensidad del flujo de aire a niveles bajos?<\/button>\n    <div class=\"faq-answer\">\n      Ya se nota en el nivel 1: suficiente para apagar una vela a 3 metros de distancia.\n    <\/div>\n  <\/div>\n\n  <div class=\"faq-item\">\n    <button class=\"faq-question\">\u00bfEs silencioso a niveles m\u00e1s altos?<\/button>\n    <div class=\"faq-answer\">\n      M\u00e1s silencioso que algunos modelos de la competencia, incluso en la posici\u00f3n m\u00e1s alta, lo que permite mantener una conversaci\u00f3n.\n    <\/div>\n  <\/div>\n\n  <div class=\"faq-item\">\n    <button class=\"faq-question\">\u00bfSe puede apagar la pantalla?<\/button>\n    <div class=\"faq-answer\">\n      S\u00ed, la pantalla se apaga autom\u00e1ticamente en modo nocturno.\n    <\/div>\n  <\/div>\n\n  <div class=\"faq-item\">\n    <button class=\"faq-question\">\u00bfQu\u00e9 modos tiene el ventilador?<\/button>\n    <div class=\"faq-answer\">\n      Modos normal, turbo, autom\u00e1tico y nocturno, incluido el control de temperatura en modo autom\u00e1tico.\n    <\/div>\n  <\/div>\n\n  <div class=\"faq-item\">\n    <button class=\"faq-question\">\u00bfFunciona bien el mando a distancia?<\/button>\n    <div class=\"faq-answer\">\n      S\u00ed, con \u00e9l se pueden controlar c\u00f3modamente todas las funciones, incluida la visualizaci\u00f3n y la desactivaci\u00f3n del sonido.\n    <\/div>\n  <\/div>\n\n  <div class=\"faq-item\">\n    <button class=\"faq-question\">\u00bfEs adecuado el aparato para el dormitorio?<\/button>\n    <div class=\"faq-answer\">\n      Absolutamente - especialmente por el funcionamiento silencioso y el modo nocturno.\n    <\/div>\n  <\/div>\n\n  <div class=\"faq-item\">\n    <button class=\"faq-question\">\u00bfHay puntos d\u00e9biles?<\/button>\n    <div class=\"faq-answer\">\n      M\u00ednimo: No se ilumina el panel de control del aparato y se produce un ligero ruido al apagarlo (si no se desactivan los pitidos).\n    <\/div>\n  <\/div>\n\n  <div class=\"faq-item\">\n    <button class=\"faq-question\">\u00bfY la limpieza?<\/button>\n    <div class=\"faq-answer\">\n      Muy sencillo: el inserto del ventilador se puede extraer para limpiarlo.\n    <\/div>\n  <\/div>\n\n<\/div>\n\n<script>\n  document.addEventListener(\"DOMContentLoaded\", function() {\n    const questions = document.querySelectorAll(\".faq-question\");\n\n    questions.forEach(question => {\n      question.addEventListener(\"click\", function() {\n        const answer = this.nextElementSibling;\n        const isOpen = answer.classList.contains(\"open\");\n\n        document.querySelectorAll(\".faq-answer\").forEach(ans => ans.classList.remove(\"open\"));\n        document.querySelectorAll(\".faq-question\").forEach(btn => btn.classList.remove(\"active\"));\n\n        if (!isOpen) {\n          answer.classList.add(\"open\");\n          this.classList.add(\"active\");\n        }\n      });\n    });\n  });\n<\/script>\n\n<\/body>\n<\/html>\n\n\n\n<div style=\"height:50px\" aria-hidden=\"true\" class=\"wp-block-spacer\"><\/div>\n\n\n\n<h3 class=\"wp-block-heading\" id=\"Philips\"><span class=\"ez-toc-section\" id=\"Philips_Oszillierender_Turmventilator_%E2%80%93_Kraftpaket_mit_Duftdiffusor_Funktion\"><\/span><a href=\"https:\/\/amzn.to\/4kKjfuu\" target=\"_blank\" rel=\"noopener\">Ventilador de torre oscilante Philips con 26 dB <\/a>- Fuente de alimentaci\u00f3n con funci\u00f3n de difusor de fragancias<span class=\"ez-toc-section-end\"><\/span><\/h3>\n\n\n\n<div class=\"wp-block-essential-blocks-slider  root-eb-slider-1txp7\"><div class=\"eb-parent-wrapper eb-parent-eb-slider-1txp7\"><div class=\"eb-slider-wrapper eb-slider-1txp7\" data-blockid=\"eb-slider-1txp7\" data-version=\"v4\" data-settings=\"eyJhcnJvd3MiOnRydWUsImFkYXB0aXZlSGVpZ2h0IjpmYWxzZSwiYXV0b3BsYXkiOmZhbHNlLCJhdXRvcGxheVNwZWVkIjozMDAwLCJkb3RzIjp0cnVlLCJmYWRlIjpmYWxzZSwiaW5maW5pdGUiOnRydWUsInBhdXNlT25Ib3ZlciI6dHJ1ZSwic2xpZGVzVG9TaG93IjoxLCJzcGVlZCI6NTAwLCJ2ZXJ0aWNhbCI6ZmFsc2UsImN1cnJlbnRTbGlkZSI6MCwicnRsIjpmYWxzZSwicmVzcG9uc2l2ZSI6W3siYnJlYWtwb2ludCI6MTAyNSwic2V0dGluZ3MiOnsic2xpZGVzVG9TaG93IjoxfX0seyJicmVha3BvaW50Ijo3NjcsInNldHRpbmdzIjp7InNsaWRlc1RvU2hvdyI6MX19XX0=\" data-arrownexticon=\"fas fa-arrow-alt-circle-right\" data-arrowprevicon=\"fas fa-arrow-alt-circle-left\" data-lightbox=\"false\"><div class=\"eb-slider-init eb-slider-type-image\"><div class=\"eb-slider-item content-1\" data-src=\"https:\/\/luftzug.org\/wp-content\/uploads\/2025\/03\/IMG_20250320_103427.jpg\"><div><img class=\"eb-slider-image\" data-lazy=\"https:\/\/luftzug.org\/wp-content\/uploads\/2025\/03\/IMG_20250320_103427.jpg\"\/><\/div><\/div><div class=\"eb-slider-item content-1\" data-src=\"https:\/\/luftzug.org\/wp-content\/uploads\/2025\/03\/IMG_20250319_155244.jpg\"><div><img class=\"eb-slider-image\" data-lazy=\"https:\/\/luftzug.org\/wp-content\/uploads\/2025\/03\/IMG_20250319_155244.jpg\"\/><\/div><\/div><div class=\"eb-slider-item content-1\" data-src=\"https:\/\/luftzug.org\/wp-content\/uploads\/2025\/03\/IMG_20250319_155248.jpg\"><div><img class=\"eb-slider-image\" data-lazy=\"https:\/\/luftzug.org\/wp-content\/uploads\/2025\/03\/IMG_20250319_155248.jpg\"\/><\/div><\/div><div class=\"eb-slider-item content-1\" data-src=\"https:\/\/luftzug.org\/wp-content\/uploads\/2025\/03\/IMG_20250319_155321.jpg\"><div><img class=\"eb-slider-image\" data-lazy=\"https:\/\/luftzug.org\/wp-content\/uploads\/2025\/03\/IMG_20250319_155321.jpg\"\/><\/div><\/div><div class=\"eb-slider-item content-1\" data-src=\"https:\/\/luftzug.org\/wp-content\/uploads\/2025\/03\/IMG_20250319_155343.jpg\"><div><img class=\"eb-slider-image\" data-lazy=\"https:\/\/luftzug.org\/wp-content\/uploads\/2025\/03\/IMG_20250319_155343.jpg\"\/><\/div><\/div><div class=\"eb-slider-item content-1\" data-src=\"https:\/\/luftzug.org\/wp-content\/uploads\/2025\/03\/IMG_20250319_155330.jpg\"><div><img class=\"eb-slider-image\" data-lazy=\"https:\/\/luftzug.org\/wp-content\/uploads\/2025\/03\/IMG_20250319_155330.jpg\"\/><\/div><\/div><div class=\"eb-slider-item content-1\" data-src=\"https:\/\/luftzug.org\/wp-content\/uploads\/2025\/03\/IMG_20250319_155352.jpg\"><div><img class=\"eb-slider-image\" data-lazy=\"https:\/\/luftzug.org\/wp-content\/uploads\/2025\/03\/IMG_20250319_155352.jpg\"\/><\/div><\/div><div class=\"eb-slider-item content-1\" data-src=\"https:\/\/luftzug.org\/wp-content\/uploads\/2025\/03\/IMG_20250319_155252.jpg\"><div><img class=\"eb-slider-image\" data-lazy=\"https:\/\/luftzug.org\/wp-content\/uploads\/2025\/03\/IMG_20250319_155252.jpg\"\/><\/div><\/div><\/div><\/div><\/div><\/div>\n\n\n<div class=\"affx-pros-cons-wrapper wp-block-affiliatex-pros-and-cons\" id=\"affiliatex-pros-cons-style-block-ba0d6b82-6d0a-43d1-bf33-da07e14d74d6\">\n\t<div class=\"affx-pros-cons-inner-wrapper layout-type-4 content-align-left\">\n\t\t<div class=\"affx-pros-inner\">\n\t\t\t<div class=\"pros-icon-title-wrap\">\n\t\t\t\t<div class=\"affiliatex-block-pros\">\n\t\t\t\t\t\t\t\t\t\t\t<i class=\"fas fa-thumbs-up\"><\/i>\n\t\t\t\t\t\t\t\t\t\t<p class=\"affiliatex-title\"><\/p>\n\t\t\t\t<\/div>\n\t\t\t<\/div>\n\t\t\t<div class=\"affiliatex-pros\">\n\t\t\t\t\t\t\t\t\t\t<ul class=\"affiliatex-list affiliatex-list-type-unordered afx-icon-list\">\n\t\t\t\t\t\t\t\t\t\t\t\t\t\t<li>\n\t\t\t\t\t\t\t\t\t\t\t<i class=\"fas fa-thumbs-up\"><\/i>\n\t\t\t\t\t\t\t\t\t\t<span>Funcionamiento silencioso a niveles bajos<\/span>\n\t\t\t\t<\/li>\n\t\t\t\t\t\t\t\t\t\t\t\t\t\t\t\t<li>\n\t\t\t\t\t\t\t\t\t\t\t<i class=\"fas fa-thumbs-up\"><\/i>\n\t\t\t\t\t\t\t\t\t\t<span>Flujo de aire agradable, bueno para espacios habitables<\/span>\n\t\t\t\t<\/li>\n\t\t\t\t\t\t\t\t\t\t\t\t\t\t\t\t<li>\n\t\t\t\t\t\t\t\t\t\t\t<i class=\"fas fa-thumbs-up\"><\/i>\n\t\t\t\t\t\t\t\t\t\t<span>Mando a distancia y funci\u00f3n de temporizador<\/span>\n\t\t\t\t<\/li>\n\t\t\t\t\t\t\t\t\t\t\t\t\t\t\t\t<li>\n\t\t\t\t\t\t\t\t\t\t\t<i class=\"fas fa-thumbs-up\"><\/i>\n\t\t\t\t\t\t\t\t\t\t<span>Dise\u00f1o elegante y de alta calidad<\/span>\n\t\t\t\t<\/li>\n\t\t\t\t\t\t\t\t\t\t\t\t\t\t\t\t<li>\n\t\t\t\t\t\t\t\t\t\t\t<i class=\"fas fa-thumbs-up\"><\/i>\n\t\t\t\t\t\t\t\t\t\t<span>La funci\u00f3n Aroma se puede utilizar con su propio aceite perfumado<\/span>\n\t\t\t\t<\/li>\n\t\t\t\t\t\t\t<\/ul>\n\t\t\t\t\t\t\t<\/div>\n\t\t<\/div>\n\t\t<div class=\"affx-cons-inner\">\n\t\t\t<div class=\"cons-icon-title-wrap\">\n\t\t\t\t<div class=\"affiliatex-block-cons\">\n\t\t\t\t\t\t\t\t\t\t\t<i class=\"fas fa-thumbs-down\"><\/i>\n\t\t\t\t\t\t\t\t\t\t<p class=\"affiliatex-title\"><\/p>\n\t\t\t\t<\/div>\n\t\t\t<\/div>\n\t\t\t<div class=\"affiliatex-cons\">\n\t\t\t\t\t\t\t\t\t\t<ul class=\"affiliatex-list affiliatex-list-type-unordered afx-icon-list\">\n\t\t\t\t\t\t\t\t\t\t\t\t\t\t<li>\n\t\t\t\t\t\t\t\t\t\t\t<i class=\"fas fa-thumbs-down\"><\/i>\n\t\t\t\t\t\t\t\t\t\t<span>El \"modo naturaleza\" parece algo artificial debido a las breves repeticiones<\/span>\n\t\t\t\t<\/li>\n\t\t\t\t\t\t\t\t\t\t\t\t\t\t\t\t<li>\n\t\t\t\t\t\t\t\t\t\t\t<i class=\"fas fa-thumbs-down\"><\/i>\n\t\t\t\t\t\t\t\t\t\t<span>\u00c1ngulo de oscilaci\u00f3n s\u00f3lo aprox. 60\u00b0.<\/span>\n\t\t\t\t<\/li>\n\t\t\t\t\t\t\t<\/ul>\n\t\t\t\t\t\t\t<\/div>\n\t\t<\/div>\n\t<\/div>\n<\/div>\n\n\n\n<p>El ventilador de torre de Philips es un <strong>Ventilador s\u00f3lido y funcional<\/strong>que se caracteriza especialmente por su <strong>Tama\u00f1o, rendimiento del aire y funcionamiento silencioso<\/strong> convencido. Comparado con otros modelos como el Levoit, Brandson o Dreo, se queda corto. <strong>m\u00e1s grande<\/strong> y tambi\u00e9n ofrece <strong>m\u00e1s potencia<\/strong>sin hacer ruido.<\/p>\n\n\n\n<p>En <strong>Amplia salida de aire<\/strong> Seg\u00fan el fabricante, proporciona un caudal de aire de hasta <strong>2230 m\u00b3\/h<\/strong> - Se nota: la habitaci\u00f3n se ventila con notable rapidez. Philips especifica un nivel de ruido de <strong>39 dB (m\u00edn.) a 46 dB (m\u00e1x.)<\/strong> a. <strong>En mi prueba, el volumen en el nivel 1 era de s\u00f3lo 26 dB aprox.<\/strong>. Es decir <strong>Muy tranquilo<\/strong>pero todav\u00eda perceptible - m\u00e1s de un silbido suave. Inmediatamente despu\u00e9s del encendido, se produjo un <strong>Zumbido electr\u00f3nico breve<\/strong> audible, que desaparec\u00eda al cabo de unos 30 segundos. Posiblemente espec\u00edfico del dispositivo.<\/p>\n\n\n\n<ul class=\"wp-block-list has-base-2-background-color has-background\">\n<li>3 niveles de velocidad<\/li>\n\n\n\n<li>Modo naturaleza con intensidad de aire cambiante<\/li>\n\n\n\n<li>Oscilaci\u00f3n aprox. 60\u00b0 horizontal<\/li>\n\n\n\n<li>Temporizador de 1 a 4 horas<\/li>\n\n\n\n<li>Mando a distancia incluido (con alcance limitado)<\/li>\n<\/ul>\n\n\n\n<p>Con <strong>3 niveles de velocidad<\/strong> y <strong>3 modos<\/strong> (incluido un modo natural con intensidad variable), el dispositivo ofrece suficiente variedad para el uso diario. El modo natural, en particular, transmite una agradable sensaci\u00f3n cambiante de ventilaci\u00f3n: desde una suave brisa hasta un potente flujo de aire. El sistema integrado <strong>Temporizador (de 1 a 4 horas)<\/strong> tambi\u00e9n es pr\u00e1ctico, sobre todo para el dormitorio.<\/p>\n\n\n\n<p>Un buen extra es el <strong>Difusor de aromas<\/strong>que puede rellenar con sus propios aceites esenciales. Si te gustan las fragancias sutiles, tambi\u00e9n puedes crear un ambiente relajante, aunque esto sea m\u00e1s bien un extra.<\/p>\n\n\n\n<p>En <strong>Dise\u00f1o fino, sencillo y compacto<\/strong>ideal para salones con espacio limitado. El acabado es de gran calidad y el montaje es r\u00e1pido y sencillo.<\/p>\n\n\n\n<div style=\"position: relative; height: 0; margin-bottom: -10px;\">\n  <div style=\"    position: absolute;    top: 8px;    left: 16px;    background-color: #007BFF;    color: white;    padding: 8px 8px;    font-size: 16px;    font-weight: bold;    border-radius: 6px;    z-index: 10;    box-shadow: 0 2px 6px rgba(0,0,0,0.2);  \">\n    Mucha potencia  <\/div>\n<\/div>\n\n\n\n<div class=\"aawp\">\n\n            \n            \n<div class=\"aawp-product aawp-product--horizontal aawp-product--inline-info aawp-product--css-adjust-image-large\"  data-aawp-product-asin=\"B0BWS9FY8K\" data-aawp-product-id=\"1359\" data-aawp-tracking-id=\"zaubereltern-21\" data-aawp-product-title=\"Philips Oszillierender Turmventilator 5000 Serie 105 cm Fernbedienung Timer 3 Geschwindigkeiten 3 Modi 40W leistungsstarker leiser Luftstrom geeignet als Aroma-Diffuser grau  CX5535\/11\" data-aawp-local-click-tracking=\"1\">\n\n    \n    <div class=\"aawp-product__thumb\">\n        <a class=\"aawp-product__image-link\" href=\"https:\/\/amzn.to\/4kKjfuu\" title=\"Ventilador de torre oscilante Philips con 26 dB\" rel=\"nofollow noopener sponsored\" target=\"_blank\">\n            <img decoding=\"async\" class=\"aawp-product__image\" src=\"https:\/\/luftzug.org\/wp-content\/plugins\/aawp\/public\/image.php?url=YUhSMGNITTZMeTl0TG0xbFpHbGhMV0Z0WVhwdmJpNWpiMjB2YVcxaFoyVnpMMGt2TXpGRVRUQTFTSGRTUTB3dWFuQm58MTc3Nzk5NjMxMw=\" alt=\"Ventilador de torre oscilante Philips con 26 dB\"  \/>\n        <\/a>\n\n            <\/div>\n\n    <div class=\"aawp-product__content\">\n        <a class=\"aawp-product__title\" href=\"https:\/\/amzn.to\/4kKjfuu\" title=\"Ventilador de torre oscilante Philips con 26 dB\" rel=\"nofollow noopener sponsored\" target=\"_blank\">\n            Ventilador de torre oscilante Philips con 26 dB        <\/a>\n        <div class=\"aawp-product__description\">\n            <div style=\"background-color: #f5f5f5; padding: 15px; border-radius: 8px; font-size: 16px;\">\n  Silencioso, fiable y visualmente elegante: el ventilador de torre de Philips ofrece un s\u00f3lido rendimiento con temporizador, modo nocturno y funci\u00f3n de fragancia. Una buena opci\u00f3n para las noches calurosas por menos de 90\u20ac.\n<\/div>\n        <\/div>\n    <\/div>\n\n    <div class=\"aawp-product__footer\">\n\n        <div class=\"aawp-product__pricing\">\n            \n                            <span class=\"aawp-product__price aawp-product__price--current\"><\/span>\n            \n                    <\/div>\n\n                <a class=\"aawp-button aawp-button--buy aawp-button aawp-button--blue shadow aawp-button--icon aawp-button--icon-white\" href=\"https:\/\/amzn.to\/4kKjfuu\" title=\"Comprar en Amazon\" target=\"_blank\" rel=\"nofollow noopener sponsored\">Comprar en Amazon<\/a>\n                    <span class=\"aawp-product__info\">Precio IVA incl., m\u00e1s gastos de env\u00edo<\/span>\n            <\/div>\n\n<\/div>\n\n    \n<\/div>\n\n\n\n<!DOCTYPE html>\n<html lang=\"de\">\n<head>\n  \n  \n  <title>Preguntas frecuentes sobre el ventilador de torre Philips<\/title>\n  <style>\n    .faq-container {\n      width: 100%;\n      max-width: 800px;\n      margin: 20px auto;\n      font-family: Arial, sans-serif;\n    }\n\n    .faq-item {\n      border-bottom: 1px solid #ccc;\n      margin-bottom: 10px;\n    }\n\n    .faq-question {\n      background-color: #f1f1f1;\n      color: #333;\n      cursor: pointer;\n      padding: 15px;\n      width: 100%;\n      border: none;\n      text-align: left;\n      outline: none;\n      font-size: 18px;\n      display: flex;\n      justify-content: space-between;\n      align-items: center;\n    }\n\n    .faq-question::after {\n      content: '\\25BC';\n      font-size: 18px;\n      transition: transform 0.3s;\n    }\n\n    .faq-question.active::after {\n      transform: rotate(180deg);\n    }\n\n    .faq-answer {\n      max-height: 0;\n      overflow: hidden;\n      transition: max-height 0.3s ease;\n      background-color: #f9f9f9;\n      font-size: 16px;\n      padding: 0 15px;\n    }\n\n    .faq-answer.open {\n      padding: 15px;\n      max-height: 500px;\n    }\n  <\/style>\n<\/head>\n<body>\n\n<div class=\"faq-container\">\n\n  <div class=\"faq-item\">\n    <button class=\"faq-question\">\u00bfEs el ventilador lo suficientemente silencioso para el dormitorio?<\/button>\n    <div class=\"faq-answer\">\n      Es agradablemente silencioso en los ajustes m\u00e1s bajos. Mucha gente lo utiliza por la noche, pero los que tienen un sue\u00f1o delicado pueden encontrarlo demasiado ruidoso, sobre todo en el ajuste m\u00e1s alto.\n    <\/div>\n  <\/div>\n\n  <div class=\"faq-item\">\n    <button class=\"faq-question\">\u00bfQu\u00e9 tal funciona el mando a distancia?<\/button>\n    <div class=\"faq-answer\">\n      En principio funciona, pero no siempre de forma fiable, sobre todo a gran distancia. Manejar el dispositivo directamente suele ser la mejor opci\u00f3n.\n    <\/div>\n  <\/div>\n\n  <div class=\"faq-item\">\n    <button class=\"faq-question\">\u00bfC\u00f3mo es el flujo de aire?<\/button>\n    <div class=\"faq-answer\">\n      El flujo de aire es agradablemente fresco. Claramente perceptible incluso a nivel medio, potente al nivel m\u00e1s alto - pero tambi\u00e9n m\u00e1s audible.\n    <\/div>\n  <\/div>\n\n  <div class=\"faq-item\">\n    <button class=\"faq-question\">\u00bfQu\u00e9 funciones son especialmente pr\u00e1cticas?<\/button>\n    <div class=\"faq-answer\">\n      El ventilador ofrece varios niveles de velocidad, un temporizador y un modo nocturno. El funcionamiento es intuitivo y se comprende r\u00e1pidamente.\n    <\/div>\n  <\/div>\n\n  <div class=\"faq-item\">\n    <button class=\"faq-question\">\u00bfEs buena la oscilaci\u00f3n?<\/button>\n    <div class=\"faq-answer\">\n      El \u00e1ngulo de oscilaci\u00f3n es de aproximadamente 60\u00b0. Esto es suficiente para habitaciones peque\u00f1as, pero no cubre toda la habitaci\u00f3n.\n    <\/div>\n  <\/div>\n\n  <div class=\"faq-item\">\n    <button class=\"faq-question\">\u00bfPuedo utilizar mis propias fragancias?<\/button>\n    <div class=\"faq-answer\">\n      S\u00ed, el inserto arom\u00e1tico funciona con cualquier aceite esencial. Basta con a\u00f1adir unas gotas a la almohadilla de espuma y listo.\n    <\/div>\n  <\/div>\n\n  <div class=\"faq-item\">\n    <button class=\"faq-question\">\u00bfC\u00f3mo es el tratamiento?<\/button>\n    <div class=\"faq-answer\">\n      Atractivo a la vista, robusto y de gran calidad. El montaje es r\u00e1pido y sencillo.\n    <\/div>\n  <\/div>\n\n<\/div>\n\n<script>\n  document.addEventListener(\"DOMContentLoaded\", function() {\n    const questions = document.querySelectorAll(\".faq-question\");\n\n    questions.forEach(question => {\n      question.addEventListener(\"click\", function() {\n        const answer = this.nextElementSibling;\n        const isOpen = answer.classList.contains(\"open\");\n\n        document.querySelectorAll(\".faq-answer\").forEach(ans => ans.classList.remove(\"open\"));\n        document.querySelectorAll(\".faq-question\").forEach(btn => btn.classList.remove(\"active\"));\n\n        if (!isOpen) {\n          answer.classList.add(\"open\");\n          this.classList.add(\"active\");\n        }\n      });\n    });\n  });\n<\/script>\n\n<\/body>\n<\/html>\n\n\n\n<div style=\"height:50px\" aria-hidden=\"true\" class=\"wp-block-spacer\"><\/div>\n\n\n\n<h3 class=\"wp-block-heading\" id=\"Brandson\"><span class=\"ez-toc-section\" id=\"Brandson_Turmventilator_%E2%80%93_gunstige_Alternative\"><\/span><a href=\"https:\/\/amzn.to\/45XI0Pq\" target=\"_blank\" rel=\"noopener\">El ventilador de torre Brandson es uno de los&nbsp;<\/a> - alternativa favorable<span class=\"ez-toc-section-end\"><\/span><\/h3>\n\n\n\n<div class=\"wp-block-essential-blocks-slider  root-eb-slider-6ax68\"><div class=\"eb-parent-wrapper eb-parent-eb-slider-6ax68\"><div class=\"eb-slider-wrapper eb-slider-6ax68\" data-blockid=\"eb-slider-6ax68\" data-version=\"v4\" data-settings=\"eyJhcnJvd3MiOnRydWUsImFkYXB0aXZlSGVpZ2h0IjpmYWxzZSwiYXV0b3BsYXkiOmZhbHNlLCJhdXRvcGxheVNwZWVkIjozMDAwLCJkb3RzIjp0cnVlLCJmYWRlIjpmYWxzZSwiaW5maW5pdGUiOnRydWUsInBhdXNlT25Ib3ZlciI6dHJ1ZSwic2xpZGVzVG9TaG93IjoxLCJzcGVlZCI6NTAwLCJ2ZXJ0aWNhbCI6ZmFsc2UsImN1cnJlbnRTbGlkZSI6MCwicnRsIjpmYWxzZSwicmVzcG9uc2l2ZSI6W3siYnJlYWtwb2ludCI6MTAyNSwic2V0dGluZ3MiOnsic2xpZGVzVG9TaG93IjoxfX0seyJicmVha3BvaW50Ijo3NjcsInNldHRpbmdzIjp7InNsaWRlc1RvU2hvdyI6MX19XX0=\" data-arrownexticon=\"fas fa-arrow-alt-circle-right\" data-arrowprevicon=\"fas fa-arrow-alt-circle-left\" data-lightbox=\"false\"><div class=\"eb-slider-init eb-slider-type-image\"><div class=\"eb-slider-item content-1\" data-src=\"https:\/\/luftzug.org\/wp-content\/uploads\/2025\/03\/IMG_20250320_103631-1.jpg\"><div><img class=\"eb-slider-image\" data-lazy=\"https:\/\/luftzug.org\/wp-content\/uploads\/2025\/03\/IMG_20250320_103631-1.jpg\"\/><\/div><\/div><div class=\"eb-slider-item content-1\" data-src=\"https:\/\/luftzug.org\/wp-content\/uploads\/2025\/03\/IMG_20250319_154126-1.jpg\"><div><img class=\"eb-slider-image\" data-lazy=\"https:\/\/luftzug.org\/wp-content\/uploads\/2025\/03\/IMG_20250319_154126-1.jpg\"\/><\/div><\/div><div class=\"eb-slider-item content-1\" data-src=\"https:\/\/luftzug.org\/wp-content\/uploads\/2025\/03\/IMG_20250319_154155-1.jpg\"><div><img class=\"eb-slider-image\" data-lazy=\"https:\/\/luftzug.org\/wp-content\/uploads\/2025\/03\/IMG_20250319_154155-1.jpg\"\/><\/div><\/div><div class=\"eb-slider-item content-1\" data-src=\"https:\/\/luftzug.org\/wp-content\/uploads\/2025\/03\/IMG_20250319_154119-1.jpg\"><div><img class=\"eb-slider-image\" data-lazy=\"https:\/\/luftzug.org\/wp-content\/uploads\/2025\/03\/IMG_20250319_154119-1.jpg\"\/><\/div><\/div><div class=\"eb-slider-item content-1\" data-src=\"https:\/\/luftzug.org\/wp-content\/uploads\/2025\/03\/IMG_20250319_154134-1.jpg\"><div><img class=\"eb-slider-image\" data-lazy=\"https:\/\/luftzug.org\/wp-content\/uploads\/2025\/03\/IMG_20250319_154134-1.jpg\"\/><\/div><\/div><div class=\"eb-slider-item content-1\" data-src=\"https:\/\/luftzug.org\/wp-content\/uploads\/2025\/03\/IMG_20250319_154144-1.jpg\"><div><img class=\"eb-slider-image\" data-lazy=\"https:\/\/luftzug.org\/wp-content\/uploads\/2025\/03\/IMG_20250319_154144-1.jpg\"\/><\/div><\/div><\/div><\/div><\/div><\/div>\n\n\n\n<p>El ventilador de torre Brandson es uno de los <strong>modelos m\u00e1s baratos<\/strong> en nuestra prueba y ofrece una asombrosa cantidad de funciones: <strong>3 niveles de velocidad<\/strong>, <strong>3 modos de funcionamiento<\/strong> (incluido un modo natural con flujo de aire alternante), <strong>Temporizador (1-12 h)<\/strong> y un <strong>Mando a distancia con soporte<\/strong> directamente en el dispositivo.<\/p>\n\n\n\n<p>El fabricante especifica un volumen de <strong>38 dB en el nivel m\u00e1s bajo<\/strong> en - <strong>medimos alrededor de 29 dB<\/strong>. Esto es tranquilo, pero ya <strong>audible<\/strong>especialmente en entornos muy silenciosos. Para o\u00eddos sensibles en el dormitorio <strong>No es ideal<\/strong>pero a\u00fan dentro de un rango aceptable.<\/p>\n\n\n\n<p>En <strong>La distribuci\u00f3n del aire est\u00e1 bien resuelta gracias a la altura de 96 cm<\/strong>y tambi\u00e9n el <strong>Oscilaci\u00f3n de 60<\/strong> garantiza una cobertura adecuada de la zona. El sitio <strong>El soporte es pesado<\/strong> y ofrece <strong>buen agarre<\/strong>. Un peque\u00f1o punto d\u00e9bil: el <strong>La pantalla es dif\u00edcil de leer a la luz del d\u00eda<\/strong>.<\/p>\n\n\n\n<p>En general a <strong>Ventilador de torre funcional y asequible<\/strong>que es t\u00e9cnicamente s\u00f3lido, pero no puede seguir el ritmo de los modelos superiores m\u00e1s silenciosos en cuanto a volumen. \u00bfQui\u00e9n quiere un <strong>Presupuesto reducido<\/strong> Si tienes mucho aparato por poco dinero, merece la pena pagar un poco m\u00e1s por modelos m\u00e1s silenciosos.<\/p>\n\n\n\n<div style=\"position: relative; height: 0; margin-bottom: -10px;\">\n  <div style=\"    position: absolute;    top: 8px;    left: 16px;    background-color: #007BFF;    color: white;    padding: 8px 8px;    font-size: 16px;    font-weight: bold;    border-radius: 6px;    z-index: 10;    box-shadow: 0 2px 6px rgba(0,0,0,0.2);  \">\n    Funciones principales  <\/div>\n<\/div>\n\n\n\n<div class=\"aawp\">\n\n            \n            \n<div class=\"aawp-product aawp-product--horizontal aawp-product--inline-info aawp-product--css-adjust-image-large\"  data-aawp-product-asin=\"B083M8HCB7\" data-aawp-product-id=\"1360\" data-aawp-tracking-id=\"zaubereltern-21\" data-aawp-product-title=\"Brandson - Turmventilator mit Fernbedienung 96 cm - Preistr\u00e4ger 2025 - mobiler L\u00fcfter leise - Standventilator mit Oszilation - 3 Geschwindigkeiten 3 Modi - Timer - Ventilator - GS - Perlwei\u00df\" data-aawp-local-click-tracking=\"1\">\n\n    \n    <div class=\"aawp-product__thumb\">\n        <a class=\"aawp-product__image-link\" href=\"https:\/\/amzn.to\/45XI0Pq\" title=\"Ventilador de torre Brandsom aprox. 29 dB\" rel=\"nofollow noopener sponsored\" target=\"_blank\">\n            <img decoding=\"async\" class=\"aawp-product__image\" src=\"https:\/\/luftzug.org\/wp-content\/plugins\/aawp\/public\/image.php?url=YUhSMGNITTZMeTl0TG0xbFpHbGhMV0Z0WVhwdmJpNWpiMjB2YVcxaFoyVnpMMGt2TXpGQlRXVjJSV05ZYmt3dWFuQm58MTc3Nzk5NjMxNA=\" alt=\"Ventilador de torre Brandsom aprox. 29 dB\"  \/>\n        <\/a>\n\n            <\/div>\n\n    <div class=\"aawp-product__content\">\n        <a class=\"aawp-product__title\" href=\"https:\/\/amzn.to\/45XI0Pq\" title=\"Ventilador de torre Brandsom aprox. 29 dB\" rel=\"nofollow noopener sponsored\" target=\"_blank\">\n            Ventilador de torre Brandsom aprox. 29 dB        <\/a>\n        <div class=\"aawp-product__description\">\n            <div style=\"background-color: #f5f5f5; padding: 15px; border-radius: 8px; font-size: 16px;\">\n  Econ\u00f3mico, estable y con funciones pr\u00e1cticas: el ventilador de torre Brandson ofrece un buen rendimiento a un precio bajo. Sin embargo, solo es adecuado para dormitorios silenciosos de forma limitada.\n<\/div>\n        <\/div>\n    <\/div>\n\n    <div class=\"aawp-product__footer\">\n\n        <div class=\"aawp-product__pricing\">\n            \n                            <span class=\"aawp-product__price aawp-product__price--current\"><\/span>\n            \n                    <\/div>\n\n                <a class=\"aawp-button aawp-button--buy aawp-button aawp-button--blue shadow aawp-button--icon aawp-button--icon-white\" href=\"https:\/\/amzn.to\/45XI0Pq\" title=\"Comprar en Amazon\" target=\"_blank\" rel=\"nofollow noopener sponsored\">Comprar en Amazon<\/a>\n                    <span class=\"aawp-product__info\">Precio IVA incl., m\u00e1s gastos de env\u00edo<\/span>\n            <\/div>\n\n<\/div>\n\n    \n<\/div>\n\n\n\n<!DOCTYPE html>\n<html lang=\"de\">\n<head>\n  \n  \n  <title>Preguntas frecuentes sobre el ventilador de torre Brandson<\/title>\n  <style>\n    .faq-container {\n      width: 100%;\n      max-width: 800px;\n      margin: 20px auto;\n      font-family: Arial, sans-serif;\n    }\n\n    .faq-item {\n      border-bottom: 1px solid #ccc;\n      margin-bottom: 10px;\n    }\n\n    .faq-question {\n      background-color: #f1f1f1;\n      color: #333;\n      cursor: pointer;\n      padding: 15px;\n      width: 100%;\n      border: none;\n      text-align: left;\n      outline: none;\n      font-size: 18px;\n      display: flex;\n      justify-content: space-between;\n      align-items: center;\n    }\n\n    .faq-question::after {\n      content: '\\25BC';\n      font-size: 18px;\n      transition: transform 0.3s;\n    }\n\n    .faq-question.active::after {\n      transform: rotate(180deg);\n    }\n\n    .faq-answer {\n      max-height: 0;\n      overflow: hidden;\n      transition: max-height 0.3s ease;\n      background-color: #f9f9f9;\n      font-size: 16px;\n      padding: 0 15px;\n    }\n\n    .faq-answer.open {\n      padding: 15px;\n      max-height: 500px;\n    }\n  <\/style>\n<\/head>\n<body>\n\n<div class=\"faq-container\">\n\n  <div class=\"faq-item\">\n    <button class=\"faq-question\">\u00bfEs realmente silencioso el ventilador de torre Brandson?<\/button>\n    <div class=\"faq-answer\">\n      Medimos aproximadamente 29 dB en el ajuste m\u00e1s bajo: agradablemente silencioso, pero audible. S\u00f3lo es adecuado en cierta medida para o\u00eddos muy sensibles en el dormitorio.\n    <\/div>\n  <\/div>\n\n  <div class=\"faq-item\">\n    <button class=\"faq-question\">\u00bfEs el Brandson adecuado para el dormitorio?<\/button>\n    <div class=\"faq-answer\">\n      Puede utilizarse bien en el nivel 1, incluso durante la noche. Si necesitas silencio absoluto, es mejor utilizar modelos m\u00e1s silenciosos.\n    <\/div>\n  <\/div>\n\n  <div class=\"faq-item\">\n    <button class=\"faq-question\">\u00bfC\u00f3mo es el tratamiento?<\/button>\n    <div class=\"faq-answer\">\n      Construcci\u00f3n s\u00f3lida con una base pesada. El dispositivo tiene un aspecto de alta calidad, a pesar de estar fabricado totalmente en pl\u00e1stico.\n    <\/div>\n  <\/div>\n\n  <div class=\"faq-item\">\n    <button class=\"faq-question\">\u00bfC\u00f3mo funcionan los modos de naturaleza y reposo?<\/button>\n    <div class=\"faq-answer\">\n      El modo Naturaleza simula el cambio del viento. El modo Sleep reduce autom\u00e1ticamente el nivel y se apaga al cabo de un rato.\n    <\/div>\n  <\/div>\n\n  <div class=\"faq-item\">\n    <button class=\"faq-question\">\u00bfEs bueno el mando a distancia?<\/button>\n    <div class=\"faq-answer\">\n      Funciona de forma fiable, se pueden controlar todas las funciones. Pr\u00e1ctico: el mando a distancia puede guardarse directamente en el aparato.\n    <\/div>\n  <\/div>\n\n  <div class=\"faq-item\">\n    <button class=\"faq-question\">\u00bfHay puntos d\u00e9biles?<\/button>\n    <div class=\"faq-answer\">\n      La pantalla es dif\u00edcil de reconocer con luz directa. El ventilador no se reinicia autom\u00e1ticamente tras un corte de corriente.\n    <\/div>\n  <\/div>\n\n<\/div>\n\n<script>\n  document.addEventListener(\"DOMContentLoaded\", function() {\n    const questions = document.querySelectorAll(\".faq-question\");\n\n    questions.forEach(question => {\n      question.addEventListener(\"click\", function() {\n        const answer = this.nextElementSibling;\n        const isOpen = answer.classList.contains(\"open\");\n\n        document.querySelectorAll(\".faq-answer\").forEach(ans => ans.classList.remove(\"open\"));\n        document.querySelectorAll(\".faq-question\").forEach(btn => btn.classList.remove(\"active\"));\n\n        if (!isOpen) {\n          answer.classList.add(\"open\");\n          this.classList.add(\"active\");\n        }\n      });\n    });\n  });\n<\/script>\n\n<\/body>\n<\/html>\n\n\n\n<div style=\"height:50px\" aria-hidden=\"true\" class=\"wp-block-spacer\"><\/div>\n\n\n\n<h3 class=\"wp-block-heading\" id=\"Dreo1\"><span class=\"ez-toc-section\" id=\"Dreo_Turmventilator_%E2%80%93_der_Allrounder_Videotest\"><\/span><a href=\"https:\/\/amzn.to\/3TtT7bj\" target=\"_blank\" rel=\"noopener\">Ventilador de torre Dreo<\/a> - el todoterreno (prueba de v\u00eddeo)<span class=\"ez-toc-section-end\"><\/span><\/h3>\n\n\n\n<div class=\"wp-block-essential-blocks-slider  root-eb-slider-dg6em\"><div class=\"eb-parent-wrapper eb-parent-eb-slider-dg6em\"><div class=\"eb-slider-wrapper eb-slider-dg6em\" data-blockid=\"eb-slider-dg6em\" data-version=\"v4\" data-settings=\"eyJhcnJvd3MiOnRydWUsImFkYXB0aXZlSGVpZ2h0IjpmYWxzZSwiYXV0b3BsYXkiOmZhbHNlLCJhdXRvcGxheVNwZWVkIjozMDAwLCJkb3RzIjp0cnVlLCJmYWRlIjpmYWxzZSwiaW5maW5pdGUiOnRydWUsInBhdXNlT25Ib3ZlciI6dHJ1ZSwic2xpZGVzVG9TaG93IjoxLCJzcGVlZCI6NTAwLCJ2ZXJ0aWNhbCI6ZmFsc2UsImN1cnJlbnRTbGlkZSI6MCwicnRsIjpmYWxzZSwicmVzcG9uc2l2ZSI6W3siYnJlYWtwb2ludCI6MTAyNSwic2V0dGluZ3MiOnsic2xpZGVzVG9TaG93IjoxfX0seyJicmVha3BvaW50Ijo3NjcsInNldHRpbmdzIjp7InNsaWRlc1RvU2hvdyI6MX19XX0=\" data-arrownexticon=\"fas fa-arrow-alt-circle-right\" data-arrowprevicon=\"fas fa-arrow-alt-circle-left\" data-lightbox=\"false\"><div class=\"eb-slider-init eb-slider-type-image\"><div class=\"eb-slider-item content-1\" data-src=\"https:\/\/luftzug.org\/wp-content\/uploads\/2025\/03\/IMG_20250320_103544-3.jpg\"><div><img class=\"eb-slider-image\" data-lazy=\"https:\/\/luftzug.org\/wp-content\/uploads\/2025\/03\/IMG_20250320_103544-3.jpg\"\/><\/div><\/div><div class=\"eb-slider-item content-1\" data-src=\"https:\/\/luftzug.org\/wp-content\/uploads\/2025\/03\/IMG_20250319_151729-2.jpg\"><div><img class=\"eb-slider-image\" data-lazy=\"https:\/\/luftzug.org\/wp-content\/uploads\/2025\/03\/IMG_20250319_151729-2.jpg\"\/><\/div><\/div><div class=\"eb-slider-item content-1\" data-src=\"https:\/\/luftzug.org\/wp-content\/uploads\/2025\/03\/IMG_20250319_152031-2.jpg\"><div><img class=\"eb-slider-image\" data-lazy=\"https:\/\/luftzug.org\/wp-content\/uploads\/2025\/03\/IMG_20250319_152031-2.jpg\"\/><\/div><\/div><div class=\"eb-slider-item content-1\" data-src=\"https:\/\/luftzug.org\/wp-content\/uploads\/2025\/03\/IMG_20250319_152129-1.jpg\"><div><img class=\"eb-slider-image\" data-lazy=\"https:\/\/luftzug.org\/wp-content\/uploads\/2025\/03\/IMG_20250319_152129-1.jpg\"\/><\/div><\/div><\/div><\/div><\/div><\/div>\n\n\n\n<p>En <strong>Dreo Nomad One<\/strong> es un ventilador de torre compacto de 92 cm de altura, que en la prueba se caracteriz\u00f3 por <strong>Buen acabado, funcionamiento sencillo y s\u00f3lido rendimiento de refrigeraci\u00f3n<\/strong> nos ha convencido. A pesar de su tama\u00f1o, ofrece hasta <strong>7,3 m\/s Velocidad del aire<\/strong> un potente flujo de aire que ventila notablemente la habitaci\u00f3n.<\/p>\n\n\n\n<p>El montaje no fue complicado: <strong>Desenroscar y bloquear el soporte<\/strong>y el aparato estar\u00e1 listo para su uso. El sitio <strong>La funci\u00f3n de giro funciona de forma fiable<\/strong>, cubre aprox. <strong>90\u00b0<\/strong> y distribuye el aire uniformemente en la habitaci\u00f3n.<\/p>\n\n\n\n<p>En la prueba, en el nivel 1 tenemos unos <strong>31 dB medidos<\/strong> - as\u00ed que <strong>ligeramente por encima de la especificaci\u00f3n del fabricante de 28 dB<\/strong>pero a\u00fan as\u00ed agradablemente tranquilo. Especialmente positivo: <strong>En modo nocturno, la pantalla se apaga completamente<\/strong> y el dispositivo funciona <strong>Silenciar autom\u00e1ticamente<\/strong>que crea un ambiente muy agradable en el dormitorio.<\/p>\n\n\n\n<p>Con <strong>4 modos (Normal, Naturaleza, Reposo, Auto)<\/strong> y <strong>4 niveles de velocidad<\/strong> El ventilador est\u00e1 bien equipado. Se puede manejar directamente en el aparato o c\u00f3modamente a trav\u00e9s del <strong>Mando a distancia incluido<\/strong>. La limpieza tambi\u00e9n se organiz\u00f3 con <strong>Rejilla e impulsor desmontables<\/strong> inteligentemente resuelto.<\/p>\n\n\n\n<figure class=\"wp-block-video\"><video height=\"1080\" style=\"aspect-ratio: 1920 \/ 1080;\" width=\"1920\" controls src=\"https:\/\/luftzug.org\/wp-content\/uploads\/2025\/03\/VID_20250320_102039.mp4\"><\/video><\/figure>\n\n\n\n<div style=\"position: relative; height: 0; margin-bottom: -10px;\">\n  <div style=\"    position: absolute;    top: 8px;    left: 16px;    background-color: #007BFF;    color: white;    padding: 8px 8px;    font-size: 16px;    font-weight: bold;    border-radius: 6px;    z-index: 10;    box-shadow: 0 2px 6px rgba(0,0,0,0.2);  \">\n    Todoterreno  <\/div>\n<\/div>\n\n\n\n<div class=\"aawp\">\n\n            \n            \n<div class=\"aawp-product aawp-product--horizontal aawp-product--inline-info aawp-product--css-adjust-image-large\"  data-aawp-product-asin=\"B09MKPDJRT\" data-aawp-product-id=\"1362\" data-aawp-tracking-id=\"zaubereltern-21\" data-aawp-product-title=\"DREO 20dB Leiser Turmventilator 10\u202fm Wurfweite 4 Geschwindigstufen 4 Modi 8 Std Timer 90\u00b0 oszillierende Ventilator mit K\u00fchlung Fernbedienung f\u00fcr Schlafzimmer Nomad One Schwarz\" data-aawp-local-click-tracking=\"1\">\n\n    \n    <div class=\"aawp-product__thumb\">\n        <a class=\"aawp-product__image-link\" href=\"https:\/\/amzn.to\/3TtT7bj\" title=\"Ventilador de torre Dreo aprox. 31 dB\" rel=\"nofollow noopener sponsored\" target=\"_blank\">\n            <img decoding=\"async\" class=\"aawp-product__image\" src=\"https:\/\/luftzug.org\/wp-content\/plugins\/aawp\/public\/image.php?url=YUhSMGNITTZMeTl0TG0xbFpHbGhMV0Z0WVhwdmJpNWpiMjB2YVcxaFoyVnpMMGt2TXpGSk1WZEtVWEJIVmt3dWFuQm58MTc3Nzk5NjMxNA=\" alt=\"Ventilador de torre Dreo aprox. 31 dB\"  \/>\n        <\/a>\n\n            <\/div>\n\n    <div class=\"aawp-product__content\">\n        <a class=\"aawp-product__title\" href=\"https:\/\/amzn.to\/3TtT7bj\" title=\"Ventilador de torre Dreo aprox. 31 dB\" rel=\"nofollow noopener sponsored\" target=\"_blank\">\n            Ventilador de torre Dreo aprox. 31 dB        <\/a>\n        <div class=\"aawp-product__description\">\n            <div style=\"background-color: #f5f5f5; padding: 15px; border-radius: 8px; font-size: 16px;\">\n  Compacto, bien pensado y agradablemente silencioso, el Dreo Nomad One impresiona por su inteligente funci\u00f3n nocturna, su potente oscilaci\u00f3n y su excelente acabado. Un gran consejo para los d\u00edas calurosos por menos de 80 \u20ac.\n<\/div>\n        <\/div>\n    <\/div>\n\n    <div class=\"aawp-product__footer\">\n\n        <div class=\"aawp-product__pricing\">\n            \n                            <span class=\"aawp-product__price aawp-product__price--current\"><\/span>\n            \n                    <\/div>\n\n                <a class=\"aawp-button aawp-button--buy aawp-button aawp-button--blue shadow aawp-button--icon aawp-button--icon-white\" href=\"https:\/\/amzn.to\/3TtT7bj\" title=\"Comprar en Amazon\" target=\"_blank\" rel=\"nofollow noopener sponsored\">Comprar en Amazon<\/a>\n                    <span class=\"aawp-product__info\">Precio IVA incl., m\u00e1s gastos de env\u00edo<\/span>\n            <\/div>\n\n<\/div>\n\n    \n<\/div>\n\n\n\n<!DOCTYPE html>\n<html lang=\"de\">\n<head>\n  \n  \n  <title>Preguntas frecuentes sobre el Dreo Nomad One<\/title>\n  <style>\n    .faq-container {\n      width: 100%;\n      max-width: 800px;\n      margin: 20px auto;\n      font-family: Arial, sans-serif;\n    }\n\n    .faq-item {\n      border-bottom: 1px solid #ccc;\n      margin-bottom: 10px;\n    }\n\n    .faq-question {\n      background-color: #f1f1f1;\n      color: #333;\n      cursor: pointer;\n      padding: 15px;\n      width: 100%;\n      border: none;\n      text-align: left;\n      outline: none;\n      font-size: 18px;\n      display: flex;\n      justify-content: space-between;\n      align-items: center;\n    }\n\n    .faq-question::after {\n      content: '\\25BC';\n      font-size: 18px;\n      transition: transform 0.3s;\n    }\n\n    .faq-question.active::after {\n      transform: rotate(180deg);\n    }\n\n    .faq-answer {\n      max-height: 0;\n      overflow: hidden;\n      transition: max-height 0.3s ease;\n      background-color: #f9f9f9;\n      font-size: 16px;\n      padding: 0 15px;\n    }\n\n    .faq-answer.open {\n      padding: 15px;\n      max-height: 500px;\n    }\n  <\/style>\n<\/head>\n<body>\n\n<div class=\"faq-container\">\n\n  <div class=\"faq-item\">\n    <button class=\"faq-question\">\u00bfEs muy silencioso el Dreo?<\/button>\n    <div class=\"faq-answer\">\n      Medimos aproximadamente 31 dB, ligeramente por encima del valor de 28 dB indicado por el fabricante. No obstante, el ventilador es agradablemente silencioso, sin zumbidos ni ruidos de fondo. Ideal para habitaciones silenciosas.\n    <\/div>\n  <\/div>\n\n  <div class=\"faq-item\">\n    <button class=\"faq-question\">\u00bfEs realmente pr\u00e1ctico el modo nocturno?<\/button>\n    <div class=\"faq-answer\">\n      S\u00ed, el modo nocturno apaga completamente la pantalla y desactiva todos los sonidos. Esto es una verdadera ventaja frente a muchos otros dispositivos, sobre todo por la noche en el dormitorio.\n    <\/div>\n  <\/div>\n\n  <div class=\"faq-item\">\n    <button class=\"faq-question\">\u00bfCu\u00e1l es la intensidad del flujo de aire?<\/button>\n    <div class=\"faq-answer\">\n      Ya se nota en el nivel 1: casi demasiado potente si te sientas cerca de \u00e9l. El nivel 4 ofrece potencia de sobra, incluso para habitaciones grandes.\n    <\/div>\n  <\/div>\n\n  <div class=\"faq-item\">\n    <button class=\"faq-question\">\u00bfC\u00f3mo funciona la operaci\u00f3n?<\/button>\n    <div class=\"faq-answer\">\n      Intuitivo a trav\u00e9s del mando a distancia o del panel del aparato. Todos los modos y funciones, como temporizador, oscilaci\u00f3n o velocidad, pueden controlarse f\u00e1cilmente.\n    <\/div>\n  <\/div>\n\n  <div class=\"faq-item\">\n    <button class=\"faq-question\">\u00bfC\u00f3mo es el Dreo?<\/button>\n    <div class=\"faq-answer\">\n      Moderno, sencillo y ahorra espacio. Ligeramente m\u00e1s bajo que otros ventiladores de torre, pero muy discreto en la habitaci\u00f3n.\n    <\/div>\n  <\/div>\n\n  <div class=\"faq-item\">\n    <button class=\"faq-question\">\u00bfHay puntos d\u00e9biles?<\/button>\n    <div class=\"faq-answer\">\n      El nivel 1 ya es bastante potente; ser\u00eda deseable un nivel a\u00fan m\u00e1s suave. Al principio tambi\u00e9n se percib\u00eda un ligero olor a pl\u00e1stico, pero desaparece r\u00e1pidamente.\n    <\/div>\n  <\/div>\n\n  <div class=\"faq-item\">\n    <button class=\"faq-question\">\u00bfEs f\u00e1cil limpiar el ventilador?<\/button>\n    <div class=\"faq-answer\">\n      Muy bueno La rejilla trasera y el impulsor son f\u00e1ciles de quitar - ideal para eliminar r\u00e1pidamente el polvo.\n    <\/div>\n  <\/div>\n\n<\/div>\n\n<script>\n  document.addEventListener(\"DOMContentLoaded\", function() {\n    const questions = document.querySelectorAll(\".faq-question\");\n\n    questions.forEach(question => {\n      question.addEventListener(\"click\", function() {\n        const answer = this.nextElementSibling;\n        const isOpen = answer.classList.contains(\"open\");\n\n        document.querySelectorAll(\".faq-answer\").forEach(ans => ans.classList.remove(\"open\"));\n        document.querySelectorAll(\".faq-question\").forEach(btn => btn.classList.remove(\"active\"));\n\n        if (!isOpen) {\n          answer.classList.add(\"open\");\n          this.classList.add(\"active\");\n        }\n      });\n    });\n  });\n<\/script>\n\n<\/body>\n<\/html>\n\n\n\n<div style=\"height:50px\" aria-hidden=\"true\" class=\"wp-block-spacer\"><\/div>\n\n\n\n<h3 class=\"wp-block-heading\" id=\"Groveelife\"><span class=\"ez-toc-section\" id=\"GoveeLife_27_dB_leiser_Turmventilator_%E2%80%93_Smarter_Komfort_mit_ruhiger_Power\"><\/span><a href=\"https:\/\/amzn.to\/4iSISIL\" target=\"_blank\" rel=\"noopener\">Ventilador de torre silencioso GoveeLife 27 dB<\/a> - Confort inteligente con potencia silenciosa<span class=\"ez-toc-section-end\"><\/span><\/h3>\n\n\n\n<p>El ventilador de torre GoveeLife impresiona por su sofisticada tecnolog\u00eda y control inteligente. Se instala en pocos minutos y la conexi\u00f3n a la app y el control por voz (Alexa, Google, Siri) funcionan a la perfecci\u00f3n. Especialmente c\u00f3modo: <strong>El ventilador permanece silencioso incluso con una buena circulaci\u00f3n de aire<\/strong> - El fabricante indica 27 dB, lo que resulta absolutamente silencioso en el uso diario.<\/p>\n\n\n\n<p>Con <strong>12 velocidades, 5 modos, temporizador de 24 horas<\/strong> y la posibilidad de <strong>Personalizar la oscilaci\u00f3n<\/strong>el GoveeLife se distingue claramente de los ventiladores de torre cl\u00e1sicos. La p\u00e1gina <strong>Luz LED de color regulable<\/strong> proporciona acentos modernos, ideales para dormitorios o salones. La aplicaci\u00f3n permite controlar escenas, programar horarios y personalizar rutinas. Se critica la estabilidad en superficies blandas y las limitaciones en la programaci\u00f3n de escenas.<\/p>\n\n\n\n<p>\u00bfQui\u00e9n es un <strong>Dispositivo silencioso, potente e inteligente<\/strong> Si busca un ventilador sostenible con una buena relaci\u00f3n calidad-precio, aqu\u00ed lo encontrar\u00e1. Muchos usuarios han conseguido incluso reducir el uso del aire acondicionado. Ideal para hogares modernos centrados en el confort y el dise\u00f1o.<\/p>\n\n\n\n<p><\/p>\n\n\n<div class=\"affx-pros-cons-wrapper wp-block-affiliatex-pros-and-cons\" id=\"affiliatex-pros-cons-style-block-3f96d3ea-20ef-41b5-9b4f-89429a3b33ff\">\n\t<div class=\"affx-pros-cons-inner-wrapper layout-type-4 content-align-left\">\n\t\t<div class=\"affx-pros-inner\">\n\t\t\t<div class=\"pros-icon-title-wrap\">\n\t\t\t\t<div class=\"affiliatex-block-pros\">\n\t\t\t\t\t\t\t\t\t\t\t<i class=\"fas fa-thumbs-up\"><\/i>\n\t\t\t\t\t\t\t\t\t\t<p class=\"affiliatex-title\"><\/p>\n\t\t\t\t<\/div>\n\t\t\t<\/div>\n\t\t\t<div class=\"affiliatex-pros\">\n\t\t\t\t\t\t\t\t\t\t<ul class=\"affiliatex-list affiliatex-list-type-unordered afx-icon-list\">\n\t\t\t\t\t\t\t\t\t\t\t\t\t\t<li>\n\t\t\t\t\t\t\t\t\t\t\t<i class=\"fas fa-thumbs-up\"><\/i>\n\t\t\t\t\t\t\t\t\t\t<span>Muy silencioso (27 dB en modo reposo)<\/span>\n\t\t\t\t<\/li>\n\t\t\t\t\t\t\t\t\t\t\t\t\t\t\t\t<li>\n\t\t\t\t\t\t\t\t\t\t\t<i class=\"fas fa-thumbs-up\"><\/i>\n\t\t\t\t\t\t\t\t\t\t<span>Fuerte circulaci\u00f3n de aire, 12 niveles de velocidad<\/span>\n\t\t\t\t<\/li>\n\t\t\t\t\t\t\t\t\t\t\t\t\t\t\t\t<li>\n\t\t\t\t\t\t\t\t\t\t\t<i class=\"fas fa-thumbs-up\"><\/i>\n\t\t\t\t\t\t\t\t\t\t<span>App y control por voz (Alexa, Google, Siri)<\/span>\n\t\t\t\t<\/li>\n\t\t\t\t\t\t\t\t\t\t\t\t\t\t\t\t<li>\n\t\t\t\t\t\t\t\t\t\t\t<i class=\"fas fa-thumbs-up\"><\/i>\n\t\t\t\t\t\t\t\t\t\t<span>con iluminaci\u00f3n ambiental LED<\/span>\n\t\t\t\t<\/li>\n\t\t\t\t\t\t\t\t\t\t\t\t\t\t\t\t<li>\n\t\t\t\t\t\t\t\t\t\t\t<i class=\"fas fa-thumbs-up\"><\/i>\n\t\t\t\t\t\t\t\t\t\t<span>5 modos de funcionamiento, incluido el modo natural y el modo de reposo<\/span>\n\t\t\t\t<\/li>\n\t\t\t\t\t\t\t<\/ul>\n\t\t\t\t\t\t\t<\/div>\n\t\t<\/div>\n\t\t<div class=\"affx-cons-inner\">\n\t\t\t<div class=\"cons-icon-title-wrap\">\n\t\t\t\t<div class=\"affiliatex-block-cons\">\n\t\t\t\t\t\t\t\t\t\t\t<i class=\"fas fa-thumbs-down\"><\/i>\n\t\t\t\t\t\t\t\t\t\t<p class=\"affiliatex-title\"><\/p>\n\t\t\t\t<\/div>\n\t\t\t<\/div>\n\t\t\t<div class=\"affiliatex-cons\">\n\t\t\t\t\t\t\t\t\t\t<ul class=\"affiliatex-list affiliatex-list-type-unordered afx-icon-list\">\n\t\t\t\t\t\t\t\t\t\t\t\t\t\t<li>\n\t\t\t\t\t\t\t\t\t\t\t<i class=\"fas fa-thumbs-down\"><\/i>\n\t\t\t\t\t\t\t\t\t\t<span>Sin mando a distancia cl\u00e1sico (s\u00f3lo app\/voz)<\/span>\n\t\t\t\t<\/li>\n\t\t\t\t\t\t\t\t\t\t\t\t\t\t\t\t<li>\n\t\t\t\t\t\t\t\t\t\t\t<i class=\"fas fa-thumbs-down\"><\/i>\n\t\t\t\t\t\t\t\t\t\t<span>El \u00e1ngulo de oscilaci\u00f3n no se puede controlar con precisi\u00f3n a trav\u00e9s de la aplicaci\u00f3n<\/span>\n\t\t\t\t<\/li>\n\t\t\t\t\t\t\t<\/ul>\n\t\t\t\t\t\t\t<\/div>\n\t\t<\/div>\n\t<\/div>\n<\/div>\n\n\n\n<div style=\"position: relative; height: 0; margin-bottom: -10px;\">\n  <div style=\"    position: absolute;    top: 8px;    left: 16px;    background-color: #007BFF;    color: white;    padding: 8px 8px;    font-size: 16px;    font-weight: bold;    border-radius: 6px;    z-index: 10;    box-shadow: 0 2px 6px rgba(0,0,0,0.2);  \">\n    Multifuncional  <\/div>\n<\/div>\n\n\n\n<div class=\"aawp\">\n\n            \n            \n<div class=\"aawp-product aawp-product--horizontal aawp-product--inline-info aawp-product--css-adjust-image-large\"  data-aawp-product-asin=\"B0DSKJCTV4\" data-aawp-product-id=\"1366\" data-aawp-tracking-id=\"zaubereltern-21\" data-aawp-product-title=\"GoveeLife leiser Ventilator 12 Geschwindigkeiten bis zu 8 m\/s 5 Modi 24-Stunden-Timer intelligenter Turmventilator mit 150\u00b0-Oszillation APP- und Sprachsteuerung f\u00fcr Zuhause schwarz\" data-aawp-local-click-tracking=\"1\">\n\n    \n    <div class=\"aawp-product__thumb\">\n        <a class=\"aawp-product__image-link\" href=\"https:\/\/www.amazon.de\/dp\/B0DSKJCTV4?tag=zaubereltern-21&#038;linkCode=ogi&#038;th=1&#038;psc=1\" title=\"Ventilador de torre GoveeLife con control por app\" rel=\"nofollow noopener sponsored\" target=\"_blank\">\n            <img decoding=\"async\" class=\"aawp-product__image\" src=\"https:\/\/luftzug.org\/wp-content\/plugins\/aawp\/public\/image.php?url=YUhSMGNITTZMeTl0TG0xbFpHbGhMV0Z0WVhwdmJpNWpiMjB2YVcxaFoyVnpMMGt2TXpGdGVHWkhaalJEYzB3dWFuQm58MTc3Nzk5NjMxNA=\" alt=\"Ventilador de torre GoveeLife con control por app\"  \/>\n        <\/a>\n\n            <\/div>\n\n    <div class=\"aawp-product__content\">\n        <a class=\"aawp-product__title\" href=\"https:\/\/www.amazon.de\/dp\/B0DSKJCTV4?tag=zaubereltern-21&#038;linkCode=ogi&#038;th=1&#038;psc=1\" title=\"Ventilador de torre GoveeLife con control por app\" rel=\"nofollow noopener sponsored\" target=\"_blank\">\n            Ventilador de torre GoveeLife con control por app        <\/a>\n        <div class=\"aawp-product__description\">\n            <p><strong>El ventilador de torre GoveeLife 42\u2033 Smart<\/strong> convence con <em>Funcionamiento silencioso a partir de 27 dB<\/em>hasta <em>12 niveles de velocidad<\/em> y <em>5 modos<\/em> - perfecto para una refrigeraci\u00f3n a medida. Gracias a <em>Aplicaci\u00f3n y control por voz<\/em> el ventilador puede automatizarse c\u00f3modamente. El sitio <em>Oscilaci\u00f3n personalizable<\/em> y el <em>Luz ambiental LED integrada<\/em> completan el elegante dispositivo dom\u00e9stico inteligente.<\/p>\n        <\/div>\n    <\/div>\n\n    <div class=\"aawp-product__footer\">\n\n        <div class=\"aawp-product__pricing\">\n            \n                            <span class=\"aawp-product__price aawp-product__price--current\"><\/span>\n            \n                    <\/div>\n\n                <a class=\"aawp-button aawp-button--buy aawp-button aawp-button--blue shadow aawp-button--icon aawp-button--icon-white\" href=\"https:\/\/www.amazon.de\/dp\/B0DSKJCTV4?tag=zaubereltern-21&#038;linkCode=ogi&#038;th=1&#038;psc=1\" title=\"Comprar en Amazon\" target=\"_blank\" rel=\"nofollow noopener sponsored\">Comprar en Amazon<\/a>\n                    <span class=\"aawp-product__info\">Precio IVA incl., m\u00e1s gastos de env\u00edo<\/span>\n            <\/div>\n\n<\/div>\n\n    \n<\/div>\n\n\n\n<!DOCTYPE html>\n<html lang=\"de\">\n<head>\n  <meta charset=\"UTF-8\" \/>\n  <meta name=\"viewport\" content=\"width=device-width, initial-scale=1.0\"\/>\n  <title>Preguntas frecuentes sobre el Dreo Nomad One<\/title>\n  <style>\n    .faq-container {\n      width: 100%;\n      max-width: 800px;\n      margin: 20px auto;\n      font-family: Arial, sans-serif;\n    }\n\n    .faq-item {\n      border-bottom: 1px solid #ccc;\n      margin-bottom: 10px;\n    }\n\n    .faq-question {\n      background-color: #f1f1f1;\n      color: #333;\n      cursor: pointer;\n      padding: 15px;\n      width: 100%;\n      border: none;\n      text-align: left;\n      outline: none;\n      font-size: 18px;\n      display: flex;\n      justify-content: space-between;\n      align-items: center;\n    }\n\n    .faq-question::after {\n      content: '\\25BC';\n      font-size: 18px;\n      transition: transform 0.3s;\n    }\n\n    .faq-question.active::after {\n      transform: rotate(180deg);\n    }\n\n    .faq-answer {\n      max-height: 0;\n      overflow: hidden;\n      transition: max-height 0.3s ease;\n      background-color: #f9f9f9;\n      font-size: 16px;\n      padding: 0 15px;\n    }\n\n    .faq-answer.open {\n      padding: 15px;\n      max-height: 500px;\n    }\n  <\/style>\n<\/head>\n<body>\n\n<div class=\"faq-container\">\n\n  <div class=\"faq-item\">\n    <button class=\"faq-question\">\u00bfEs realmente silencioso el ventilador de torre GoveeLife?<\/button>\n    <div class=\"faq-answer\">\n      El ventilador alcanza un volumen de s\u00f3lo 27 dB aproximadamente en modo de reposo, ideal para entornos o dormitorios silenciosos.\n    <\/div>\n  <\/div>\n\n  <div class=\"faq-item\">\n    <button class=\"faq-question\">\u00bfQu\u00e9 opciones de control existen?<\/button>\n    <div class=\"faq-answer\">\n      El ventilador de torre GoveeLife puede manejarse mediante una aplicaci\u00f3n, control por voz (Alexa, Google) o manualmente en el dispositivo. No se incluye mando a distancia.\n    <\/div>\n  <\/div>\n\n  <div class=\"faq-item\">\n    <button class=\"faq-question\">\u00bfCu\u00e1ntos niveles y modos ofrece el ventilador?<\/button>\n    <div class=\"faq-answer\">\n      Dispone de 12 niveles de velocidad y 5 modos, incluidos el modo naturaleza, el modo reposo y el modo autom\u00e1tico.\n    <\/div>\n  <\/div>\n\n  <div class=\"faq-item\">\n    <button class=\"faq-question\">\u00bfPuedo ajustar la oscilaci\u00f3n individualmente?<\/button>\n    <div class=\"faq-answer\">\n      S\u00ed, los \u00e1ngulos de oscilaci\u00f3n pueden ajustarse con flexibilidad para ventilar o excluir espec\u00edficamente determinadas zonas.\n    <\/div>\n  <\/div>\n\n  <div class=\"faq-item\">\n    <button class=\"faq-question\">\u00bfHay una luz LED?<\/button>\n    <div class=\"faq-answer\">\n      S\u00ed, el ventilador tiene una luz ambiental LED integrada que se puede ajustar en t\u00e9rminos de color y brillo, aunque no se puede apagar en todos los modos.\n    <\/div>\n  <\/div>\n\n  <div class=\"faq-item\">\n    <button class=\"faq-question\">\u00bfCu\u00e1les son los puntos d\u00e9biles t\u00edpicos del aparato?<\/button>\n    <div class=\"faq-answer\">\n      Algunos usuarios consideran que la aplicaci\u00f3n es limitada en cuanto a la creaci\u00f3n de escenas. Tambi\u00e9n ser\u00eda deseable un soporte m\u00e1s estable para mascotas\/ni\u00f1os peque\u00f1os.\n    <\/div>\n  <\/div>\n\n<\/div>\n\n<script>\n  document.addEventListener(\"DOMContentLoaded\", function() {\n    const questions = document.querySelectorAll(\".faq-question\");\n\n    questions.forEach(question => {\n      question.addEventListener(\"click\", function() {\n        const answer = this.nextElementSibling;\n        const isOpen = answer.classList.contains(\"open\");\n\n        document.querySelectorAll(\".faq-answer\").forEach(ans => ans.classList.remove(\"open\"));\n        document.querySelectorAll(\".faq-question\").forEach(btn => btn.classList.remove(\"active\"));\n\n        if (!isOpen) {\n          answer.classList.add(\"open\");\n          this.classList.add(\"active\");\n        }\n      });\n    });\n  });\n<\/script>\n\n<\/body>\n<\/html>\n\n\n\n<div style=\"height:50px\" aria-hidden=\"true\" class=\"wp-block-spacer\"><\/div>\n\n\n\n<h3 class=\"wp-block-heading\" id=\"Brandson2\"><span class=\"ez-toc-section\" id=\"Brandson_Turmventilator_mit_Wasserkuhlung_%E2%80%93_Abkuhlung_im_Sommer\"><\/span><a href=\"https:\/\/amzn.to\/4e8f7lu\" target=\"_blank\" rel=\"noopener\">Ventilador de torre Brandson con refrigeraci\u00f3n por agua<\/a> - Refrescarse en verano<span class=\"ez-toc-section-end\"><\/span><\/h3>\n\n\n\n<p><strong>El ventilador de torre Brandson con refrigeraci\u00f3n es uno de los modelos m\u00e1s populares del mercado, y por una buena raz\u00f3n.<\/strong> Especialmente en las calurosas noches de verano, demuestra de qu\u00e9 est\u00e1 hecho: <strong>Circulaci\u00f3n de aire agradablemente silenciosa, incluso a baja potencia.<\/strong> Muchos usuarios, entre ellos nosotros, confirman que es <strong>en el dormitorio sin perturbar su sue\u00f1o.<\/strong><\/p>\n\n\n\n<p><strong>Los tres niveles de velocidad<\/strong> son completamente suficientes para el uso diario. En el nivel 1, el flujo de aire ya es muy perceptible; en el nivel 3, proporciona un alivio notable del aire cargado de la habitaci\u00f3n - mientras que el <strong>Nivel de ruido moderado<\/strong>. En <strong>La oscilaci\u00f3n de 60\u00b0 distribuye el aire uniformemente<\/strong> y garantiza una agradable refrigeraci\u00f3n en toda la habitaci\u00f3n.<\/p>\n\n\n\n<p>El montaje es r\u00e1pido, incluso <strong>el soporte es estable, aunque sea de pl\u00e1stico ligero.<\/strong> En <strong>Dise\u00f1o moderno y discreto<\/strong>El ventilador se integra perfectamente en el sal\u00f3n o el dormitorio. Especialmente pr\u00e1ctico: <strong>El mando a distancia adjunto<\/strong> permite controlar c\u00f3modamente todas las funciones desde el sof\u00e1 o la cama. Otra ventaja: <strong>El temporizador puede ajustarse de forma flexible en incrementos de media hora, hasta 7,5 horas.<\/strong><\/p>\n\n\n\n<p>Una peque\u00f1a desventaja: <strong>Algunos usuarios se\u00f1alan un ligero olor a pl\u00e1stico en los primeros d\u00edas<\/strong>pero suele desaparecer r\u00e1pidamente. El acabado es s\u00f3lido en general, aunque el aparato parece algo m\u00e1s delicado que otras alternativas de mayor precio.<\/p>\n\n\n\n<p><strong>Conclusi\u00f3n: Si busca un ventilador de torre asequible, silencioso y bien equipado, el Brandson es un conjunto convincente.<\/strong> Es una recomendaci\u00f3n clara, especialmente para dormitorios y habitaciones de tama\u00f1o peque\u00f1o o mediano. <strong>Silenciosa, eficaz y a un precio justo.<\/strong><\/p>\n\n\n\n<p><\/p>\n\n\n<div class=\"affx-pros-cons-wrapper wp-block-affiliatex-pros-and-cons\" id=\"affiliatex-pros-cons-style-block-79a952a3-4958-47e5-8af1-0f8d22e7d1cc\">\n\t<div class=\"affx-pros-cons-inner-wrapper layout-type-4 content-align-left\">\n\t\t<div class=\"affx-pros-inner\">\n\t\t\t<div class=\"pros-icon-title-wrap\">\n\t\t\t\t<div class=\"affiliatex-block-pros\">\n\t\t\t\t\t\t\t\t\t\t\t<i class=\"fas fa-thumbs-up\"><\/i>\n\t\t\t\t\t\t\t\t\t\t<p class=\"affiliatex-title\"><\/p>\n\t\t\t\t<\/div>\n\t\t\t<\/div>\n\t\t\t<div class=\"affiliatex-pros\">\n\t\t\t\t\t\t\t\t\t\t<ul class=\"affiliatex-list affiliatex-list-type-unordered afx-icon-list\">\n\t\t\t\t\t\t\t\t\t\t\t\t\t\t<li>\n\t\t\t\t\t\t\t\t\t\t\t<i class=\"fas fa-thumbs-up\"><\/i>\n\t\t\t\t\t\t\t\t\t\t<span>Silencio a bajo nivel<\/span>\n\t\t\t\t<\/li>\n\t\t\t\t\t\t\t\t\t\t\t\t\t\t\t\t<li>\n\t\t\t\t\t\t\t\t\t\t\t<i class=\"fas fa-thumbs-up\"><\/i>\n\t\t\t\t\t\t\t\t\t\t<span>Buena distribuci\u00f3n del aire con oscilaci\u00f3n<\/span>\n\t\t\t\t<\/li>\n\t\t\t\t\t\t\t\t\t\t\t\t\t\t\t\t<li>\n\t\t\t\t\t\t\t\t\t\t\t<i class=\"fas fa-thumbs-up\"><\/i>\n\t\t\t\t\t\t\t\t\t\t<span>Manejo sencillo mediante mando a distancia<\/span>\n\t\t\t\t<\/li>\n\t\t\t\t\t\t\t\t\t\t\t\t\t\t\t\t<li>\n\t\t\t\t\t\t\t\t\t\t\t<i class=\"fas fa-thumbs-up\"><\/i>\n\t\t\t\t\t\t\t\t\t\t<span>Temporizador en incrementos de 0,5 horas<\/span>\n\t\t\t\t<\/li>\n\t\t\t\t\t\t\t\t\t\t\t\t\t\t\t\t<li>\n\t\t\t\t\t\t\t\t\t\t\t<i class=\"fas fa-thumbs-up\"><\/i>\n\t\t\t\t\t\t\t\t\t\t<span>Montaje r\u00e1pido<\/span>\n\t\t\t\t<\/li>\n\t\t\t\t\t\t\t<\/ul>\n\t\t\t\t\t\t\t<\/div>\n\t\t<\/div>\n\t\t<div class=\"affx-cons-inner\">\n\t\t\t<div class=\"cons-icon-title-wrap\">\n\t\t\t\t<div class=\"affiliatex-block-cons\">\n\t\t\t\t\t\t\t\t\t\t\t<i class=\"fas fa-thumbs-down\"><\/i>\n\t\t\t\t\t\t\t\t\t\t<p class=\"affiliatex-title\"><\/p>\n\t\t\t\t<\/div>\n\t\t\t<\/div>\n\t\t\t<div class=\"affiliatex-cons\">\n\t\t\t\t\t\t\t\t\t\t<ul class=\"affiliatex-list affiliatex-list-type-unordered afx-icon-list\">\n\t\t\t\t\t\t\t\t\t\t\t\t\t\t<li>\n\t\t\t\t\t\t\t\t\t\t\t<i class=\"fas fa-thumbs-down\"><\/i>\n\t\t\t\t\t\t\t\t\t\t<span>Sin indicaci\u00f3n de temperatura<\/span>\n\t\t\t\t<\/li>\n\t\t\t\t\t\t\t\t\t\t\t\t\t\t\t\t<li>\n\t\t\t\t\t\t\t\t\t\t\t<i class=\"fas fa-thumbs-down\"><\/i>\n\t\t\t\t\t\t\t\t\t\t<span>Ligero olor a pl\u00e1stico con los aparatos nuevos<\/span>\n\t\t\t\t<\/li>\n\t\t\t\t\t\t\t<\/ul>\n\t\t\t\t\t\t\t<\/div>\n\t\t<\/div>\n\t<\/div>\n<\/div>\n\n\n\n<div style=\"position: relative; height: 0; margin-bottom: -10px;\">\n  <div style=\"    position: absolute;    top: 8px;    left: 16px;    background-color: #007BFF;    color: white;    padding: 8px 8px;    font-size: 16px;    font-weight: bold;    border-radius: 6px;    z-index: 10;    box-shadow: 0 2px 6px rgba(0,0,0,0.2);  \">\n    Refrigeraci\u00f3n agradable  <\/div>\n<\/div>\n\n\n\n<div class=\"aawp\">\n\n            \n            \n<div class=\"aawp-product aawp-product--horizontal aawp-product--inline-info aawp-product--css-adjust-image-large\"  data-aawp-product-asin=\"B0DPMY7XYX\" data-aawp-product-id=\"1367\" data-aawp-tracking-id=\"zaubereltern-21\" data-aawp-product-title=\"Brandson - Turmventilator mit Wasserk\u00fchlung 5 in 1 - Preistr\u00e4ger 2025 - Verdunstungsk\u00fchler - Luftk\u00fchler - Ventilator - mobile Klimaanlage ohne Abluftschlauch - leise - 4L Wassertank\" data-aawp-local-click-tracking=\"1\">\n\n    \n    <div class=\"aawp-product__thumb\">\n        <a class=\"aawp-product__image-link\" href=\"https:\/\/amzn.to\/4e8f7lu\" title=\"Ventilador de torre Brandson con refrigeraci\u00f3n\" rel=\"nofollow noopener sponsored\" target=\"_blank\">\n            <img decoding=\"async\" class=\"aawp-product__image\" src=\"https:\/\/luftzug.org\/wp-content\/plugins\/aawp\/public\/image.php?url=YUhSMGNITTZMeTl0TG0xbFpHbGhMV0Z0WVhwdmJpNWpiMjB2YVcxaFoyVnpMMGt2TXpGc2RVMUtVWFp4YlV3dWFuQm58MTc3Nzk5NjMxNA=\" alt=\"Ventilador de torre Brandson con refrigeraci\u00f3n\"  \/>\n        <\/a>\n\n            <\/div>\n\n    <div class=\"aawp-product__content\">\n        <a class=\"aawp-product__title\" href=\"https:\/\/amzn.to\/4e8f7lu\" title=\"Ventilador de torre Brandson con refrigeraci\u00f3n\" rel=\"nofollow noopener sponsored\" target=\"_blank\">\n            Ventilador de torre Brandson con refrigeraci\u00f3n        <\/a>\n        <div class=\"aawp-product__description\">\n            <div style=\"background-color: #f5f5f5; padding: 15px; border-radius: 8px; font-size: 16px;\">\n  Rendimiento s\u00f3lido, aspecto moderno y silencio agradable: el ventilador de torre Brandson es un compa\u00f1ero fiable en los d\u00edas calurosos y resulta especialmente impresionante en el dormitorio gracias a su funcionamiento silencioso.\n<\/div>\n        <\/div>\n    <\/div>\n\n    <div class=\"aawp-product__footer\">\n\n        <div class=\"aawp-product__pricing\">\n            \n                            <span class=\"aawp-product__price aawp-product__price--current\"><\/span>\n            \n                    <\/div>\n\n                <a class=\"aawp-button aawp-button--buy aawp-button aawp-button--blue shadow aawp-button--icon aawp-button--icon-white\" href=\"https:\/\/amzn.to\/4e8f7lu\" title=\"Comprar en Amazon\" target=\"_blank\" rel=\"nofollow noopener sponsored\">Comprar en Amazon<\/a>\n                    <span class=\"aawp-product__info\">Precio IVA incl., m\u00e1s gastos de env\u00edo<\/span>\n            <\/div>\n\n<\/div>\n\n    \n<\/div>\n\n\n\n<!DOCTYPE html>\n<html lang=\"de\">\n<head>\n  <meta charset=\"UTF-8\" \/>\n  <meta name=\"viewport\" content=\"width=device-width, initial-scale=1.0\"\/>\n  <title>Preguntas frecuentes sobre el Dreo Nomad One<\/title>\n  <style>\n    .faq-container {\n      width: 100%;\n      max-width: 800px;\n      margin: 20px auto;\n      font-family: Arial, sans-serif;\n    }\n\n    .faq-item {\n      border-bottom: 1px solid #ccc;\n      margin-bottom: 10px;\n    }\n\n    .faq-question {\n      background-color: #f1f1f1;\n      color: #333;\n      cursor: pointer;\n      padding: 15px;\n      width: 100%;\n      border: none;\n      text-align: left;\n      outline: none;\n      font-size: 18px;\n      display: flex;\n      justify-content: space-between;\n      align-items: center;\n    }\n\n    .faq-question::after {\n      content: '\\25BC';\n      font-size: 18px;\n      transition: transform 0.3s;\n    }\n\n    .faq-question.active::after {\n      transform: rotate(180deg);\n    }\n\n    .faq-answer {\n      max-height: 0;\n      overflow: hidden;\n      transition: max-height 0.3s ease;\n      background-color: #f9f9f9;\n      font-size: 16px;\n      padding: 0 15px;\n    }\n\n    .faq-answer.open {\n      padding: 15px;\n      max-height: 500px;\n    }\n  <\/style>\n<\/head>\n<body>\n\n<div class=\"faq-container\">\n\n  <div class=\"faq-item\">\n    <button class=\"faq-question\">\u00bfEs muy ruidoso el ventilador de torre Brandson?<\/button>\n    <div class=\"faq-answer\">\n      Muy silencioso en el nivel 1, ideal para el dormitorio. Audible a niveles m\u00e1s altos, pero no molesta.\n    <\/div>\n  <\/div>\n\n  <div class=\"faq-item\">\n    <button class=\"faq-question\">\u00bfEs complicada la estructura?<\/button>\n    <div class=\"faq-answer\">\n      No, el montaje es r\u00e1pido. Hay que atornillar el soporte - un destornillador ayuda.\n    <\/div>\n  <\/div>\n\n  <div class=\"faq-item\">\n    <button class=\"faq-question\">\u00bfCu\u00e1l es la calidad de la mano de obra?<\/button>\n    <div class=\"faq-answer\">\n      La carcasa es de pl\u00e1stico, pero tiene un aspecto moderno. La base podr\u00eda ser m\u00e1s estable.\n    <\/div>\n  <\/div>\n\n  <div class=\"faq-item\">\n    <button class=\"faq-question\">\u00bfSe puede apagar la pantalla?<\/button>\n    <div class=\"faq-answer\">\n      Desgraciadamente, no. Algunos usuarios lo quitan por la noche porque brilla bastante.\n    <\/div>\n  <\/div>\n\n  <div class=\"faq-item\">\n    <button class=\"faq-question\">\u00bfQu\u00e9 tal funciona el modo nocturno?<\/button>\n    <div class=\"faq-answer\">\n      El modo nocturno cambia autom\u00e1ticamente de nivel, lo que a algunas personas les resulta molesto. No todo el mundo lo utiliza.\n    <\/div>\n  <\/div>\n\n  <div class=\"faq-item\">\n    <button class=\"faq-question\">\u00bfCu\u00e1l es la intensidad del flujo de aire?<\/button>\n    <div class=\"faq-answer\">\n      Absolutamente suficiente para habitaciones peque\u00f1as y medianas. Se puede sentir claramente el movimiento del aire al m\u00e1s alto nivel.\n    <\/div>\n  <\/div>\n\n  <div class=\"faq-item\">\n    <button class=\"faq-question\">\u00bfC\u00f3mo es el mando a distancia?<\/button>\n    <div class=\"faq-answer\">\n      Funciona de forma fiable, las pilas suelen estar incluidas. Con \u00e9l se pueden controlar todas las funciones importantes.\n    <\/div>\n  <\/div>\n\n<\/div>\n\n<script>\n  document.addEventListener(\"DOMContentLoaded\", function() {\n    const questions = document.querySelectorAll(\".faq-question\");\n\n    questions.forEach(question => {\n      question.addEventListener(\"click\", function() {\n        const answer = this.nextElementSibling;\n        const isOpen = answer.classList.contains(\"open\");\n\n        document.querySelectorAll(\".faq-answer\").forEach(ans => ans.classList.remove(\"open\"));\n        document.querySelectorAll(\".faq-question\").forEach(btn => btn.classList.remove(\"active\"));\n\n        if (!isOpen) {\n          answer.classList.add(\"open\");\n          this.classList.add(\"active\");\n        }\n      });\n    });\n  });\n<\/script>\n\n<\/body>\n<\/html>\n\n\n\n<div style=\"height:50px\" aria-hidden=\"true\" class=\"wp-block-spacer\"><\/div>\n\n\n\n<h3 class=\"wp-block-heading\" id=\"Dreo2\"><span class=\"ez-toc-section\" id=\"Dreo_Turmventilator_mit_Wasserkuhlung_%E2%80%93_Muss_sich_nicht_verstecken\"><\/span><a href=\"https:\/\/amzn.to\/4iO4mGI\" target=\"_blank\" rel=\"noopener\">Ventilador de torre Dreo con refrigeraci\u00f3n por agua <\/a>- No hay necesidad de esconderse<span class=\"ez-toc-section-end\"><\/span><\/h3>\n\n\n\n<p>En <strong>Enfriador de pantano Dreo<\/strong> es m\u00e1s que un ventilador cl\u00e1sico: combina refrigeraci\u00f3n evaporativa, ventilaci\u00f3n y humidificaci\u00f3n en un solo aparato. Especialmente con <strong>d\u00edas de verano secos y calurosos<\/strong> proporciona <strong>una brisa notablemente refrescante en la piel<\/strong>sin modificar artificialmente la temperatura ambiente.<\/p>\n\n\n\n<p>Con un <strong>Velocidad del viento de hasta 25 pies\/s<\/strong>a <strong>Dep\u00f3sito de agua de 6 litros<\/strong> y uno por <strong>22 % mayor tasa de evaporaci\u00f3n<\/strong> que muchos modelos de la competencia, proporciona una refrigeraci\u00f3n fiable, incluso durante la noche. El <strong>Sistema de refrigeraci\u00f3n IceWind<\/strong> con un <strong>Turbina de 35 palas<\/strong> y una alfombrilla de refrigeraci\u00f3n optimizada crean una circulaci\u00f3n de aire din\u00e1mica y potente que resulta agradablemente refrescante.<\/p>\n\n\n\n<p>A pesar de la potencia, el funcionamiento sigue siendo <strong>incre\u00edblemente silencioso<\/strong> - Ideal para el dormitorio o el despacho en casa. Pr\u00e1ctico: el dispositivo no s\u00f3lo puede controlarse mediante <strong>Mando a distancia<\/strong>sino tambi\u00e9n sobre la <strong>Aplicaci\u00f3n Dreo<\/strong> o <strong>Control por voz (Alexa\/Asistente de Google)<\/strong> funcionar. La aplicaci\u00f3n tambi\u00e9n ofrece <strong>Datos de temperatura y humedad en tiempo real<\/strong> - para una climatizaci\u00f3n total.<\/p>\n\n\n\n<p>Gracias a <strong>rodillos integrados<\/strong> la nevera puede desplazarse f\u00e1cilmente por la habitaci\u00f3n. El montaje es sencillo y el manejo intuitivo. En el uso diario, el Dreo impresiona por su <strong>Potente refrigeraci\u00f3n<\/strong>que <strong>Dise\u00f1o sofisticado<\/strong> y el <strong>Control inteligente<\/strong>.<\/p>\n\n\n\n<p><strong>Conclusi\u00f3n:<\/strong> \u00bfQui\u00e9n quiere un <strong>Alternativa potente, silenciosa y flexible al aire acondicionado<\/strong> el Dreo Swamp Cooler es un aparato de alta calidad con muchas funciones pr\u00e1cticas, ideal para los d\u00edas calurosos y las noches frescas.<\/p>\n\n\n<div class=\"affx-pros-cons-wrapper wp-block-affiliatex-pros-and-cons\" id=\"affiliatex-pros-cons-style-block-cb6e6d75-5b3b-4947-a544-ab016f851ef2\">\n\t<div class=\"affx-pros-cons-inner-wrapper layout-type-4 content-align-left\">\n\t\t<div class=\"affx-pros-inner\">\n\t\t\t<div class=\"pros-icon-title-wrap\">\n\t\t\t\t<div class=\"affiliatex-block-pros\">\n\t\t\t\t\t\t\t\t\t\t\t<i class=\"fas fa-thumbs-up\"><\/i>\n\t\t\t\t\t\t\t\t\t\t<p class=\"affiliatex-title\"><\/p>\n\t\t\t\t<\/div>\n\t\t\t<\/div>\n\t\t\t<div class=\"affiliatex-pros\">\n\t\t\t\t\t\t\t\t\t\t<ul class=\"affiliatex-list affiliatex-list-type-unordered afx-icon-list\">\n\t\t\t\t\t\t\t\t\t\t\t\t\t\t<li>\n\t\t\t\t\t\t\t\t\t\t\t<i class=\"fas fa-thumbs-up\"><\/i>\n\t\t\t\t\t\t\t\t\t\t<span>Combina ventilador, humidificador y enfriador evaporativo<\/span>\n\t\t\t\t<\/li>\n\t\t\t\t\t\t\t\t\t\t\t\t\t\t\t\t<li>\n\t\t\t\t\t\t\t\t\t\t\t<i class=\"fas fa-thumbs-up\"><\/i>\n\t\t\t\t\t\t\t\t\t\t<span>Gran dep\u00f3sito de agua de 6 litros para largos tiempos de funcionamiento<\/span>\n\t\t\t\t<\/li>\n\t\t\t\t\t\t\t\t\t\t\t\t\t\t\t\t<li>\n\t\t\t\t\t\t\t\t\t\t\t<i class=\"fas fa-thumbs-up\"><\/i>\n\t\t\t\t\t\t\t\t\t\t<span>Posibilidad de control mediante aplicaci\u00f3n y voz<\/span>\n\t\t\t\t<\/li>\n\t\t\t\t\t\t\t\t\t\t\t\t\t\t\t\t<li>\n\t\t\t\t\t\t\t\t\t\t\t<i class=\"fas fa-thumbs-up\"><\/i>\n\t\t\t\t\t\t\t\t\t\t<span>Dise\u00f1o moderno, f\u00e1cil de usar<\/span>\n\t\t\t\t<\/li>\n\t\t\t\t\t\t\t<\/ul>\n\t\t\t\t\t\t\t<\/div>\n\t\t<\/div>\n\t\t<div class=\"affx-cons-inner\">\n\t\t\t<div class=\"cons-icon-title-wrap\">\n\t\t\t\t<div class=\"affiliatex-block-cons\">\n\t\t\t\t\t\t\t\t\t\t\t<i class=\"fas fa-thumbs-down\"><\/i>\n\t\t\t\t\t\t\t\t\t\t<p class=\"affiliatex-title\"><\/p>\n\t\t\t\t<\/div>\n\t\t\t<\/div>\n\t\t\t<div class=\"affiliatex-cons\">\n\t\t\t\t\t\t\t\t\t\t<ul class=\"affiliatex-list affiliatex-list-type-unordered afx-icon-list\">\n\t\t\t\t\t\t\t\t\t\t\t\t\t\t<li>\n\t\t\t\t\t\t\t\t\t\t\t<i class=\"fas fa-thumbs-down\"><\/i>\n\t\t\t\t\t\t\t\t\t\t<span>Ligero ruido de funcionamiento a alto nivel<\/span>\n\t\t\t\t<\/li>\n\t\t\t\t\t\t\t\t\t\t\t\t\t\t\t\t<li>\n\t\t\t\t\t\t\t\t\t\t\t<i class=\"fas fa-thumbs-down\"><\/i>\n\t\t\t\t\t\t\t\t\t\t<span>Requiere rellenado regular de agua\/hielo<\/span>\n\t\t\t\t<\/li>\n\t\t\t\t\t\t\t<\/ul>\n\t\t\t\t\t\t\t<\/div>\n\t\t<\/div>\n\t<\/div>\n<\/div>\n\n\n\n<div style=\"position: relative; height: 0; margin-bottom: -10px;\">\n  <div style=\"    position: absolute;    top: 8px;    left: 16px;    background-color: #007BFF;    color: white;    padding: 8px 8px;    font-size: 16px;    font-weight: bold;    border-radius: 6px;    z-index: 10;    box-shadow: 0 2px 6px rgba(0,0,0,0.2);  \">\n    Control inteligente  <\/div>\n<\/div>\n\n\n\n<div class=\"aawp\">\n\n            \n            \n<div class=\"aawp-product aawp-product--horizontal aawp-product--inline-info aawp-product--css-adjust-image-large\"  data-aawp-product-asin=\"B0DPL49FW6\" data-aawp-product-id=\"1368\" data-aawp-tracking-id=\"zaubereltern-21\" data-aawp-product-title=\"Dreo Turmventilator mit Wasserk\u00fchlung 43\u201d Luftk\u00fchler mit Wasserk\u00fchlung Leise 4-Geschwindigkeiten-4-Modi Verdunstungsk\u00fchler APP-Steuerung Eisbeutel 85\u00b0 Oszillation 12-Std Timer wei\u00df\" data-aawp-local-click-tracking=\"1\">\n\n    \n    <div class=\"aawp-product__thumb\">\n        <a class=\"aawp-product__image-link\" href=\"https:\/\/www.amazon.de\/dp\/B0DPL49FW6?tag=zaubereltern-21&#038;linkCode=ogi&#038;th=1&#038;psc=1\" title=\"Ventilador de torre Dreo con refrigeraci\u00f3n\" rel=\"nofollow noopener sponsored\" target=\"_blank\">\n            <img decoding=\"async\" class=\"aawp-product__image\" src=\"https:\/\/luftzug.org\/wp-content\/plugins\/aawp\/public\/image.php?url=YUhSMGNITTZMeTl0TG0xbFpHbGhMV0Z0WVhwdmJpNWpiMjB2YVcxaFoyVnpMMGt2TXpGblNqVmFRV3RHWWt3dWFuQm58MTc3Nzk5NjMxNA=\" alt=\"Ventilador de torre Dreo con refrigeraci\u00f3n\"  \/>\n        <\/a>\n\n            <\/div>\n\n    <div class=\"aawp-product__content\">\n        <a class=\"aawp-product__title\" href=\"https:\/\/www.amazon.de\/dp\/B0DPL49FW6?tag=zaubereltern-21&#038;linkCode=ogi&#038;th=1&#038;psc=1\" title=\"Ventilador de torre Dreo con refrigeraci\u00f3n\" rel=\"nofollow noopener sponsored\" target=\"_blank\">\n            Ventilador de torre Dreo con refrigeraci\u00f3n        <\/a>\n        <div class=\"aawp-product__description\">\n            <div style=\"background-color: #f5f5f5; padding: 15px; border-radius: 8px; font-size: 16px;\">\n  El Dreo Swamp Cooler combina ventilador, enfriador de aire y humidificador en un solo dispositivo, ideal para los d\u00edas calurosos y secos del verano. Con control inteligente mediante app, dep\u00f3sito de agua de 6 litros y potente capacidad de refrigeraci\u00f3n, proporciona un refresco notable.\n<\/div>\n        <\/div>\n    <\/div>\n\n    <div class=\"aawp-product__footer\">\n\n        <div class=\"aawp-product__pricing\">\n            \n                            <span class=\"aawp-product__price aawp-product__price--current\"><\/span>\n            \n                    <\/div>\n\n                <a class=\"aawp-button aawp-button--buy aawp-button aawp-button--blue shadow aawp-button--icon aawp-button--icon-white\" href=\"https:\/\/www.amazon.de\/dp\/B0DPL49FW6?tag=zaubereltern-21&#038;linkCode=ogi&#038;th=1&#038;psc=1\" title=\"Comprar en Amazon\" target=\"_blank\" rel=\"nofollow noopener sponsored\">Comprar en Amazon<\/a>\n                    <span class=\"aawp-product__info\">Precio IVA incl., m\u00e1s gastos de env\u00edo<\/span>\n            <\/div>\n\n<\/div>\n\n    \n<\/div>\n\n\n\n<!DOCTYPE html>\n<html lang=\"de\">\n<head>\n  <meta charset=\"UTF-8\" \/>\n  <meta name=\"viewport\" content=\"width=device-width, initial-scale=1.0\"\/>\n  <title>Preguntas frecuentes sobre el Dreo Nomad One<\/title>\n  <style>\n    .faq-container {\n      width: 100%;\n      max-width: 800px;\n      margin: 20px auto;\n      font-family: Arial, sans-serif;\n    }\n\n    .faq-item {\n      border-bottom: 1px solid #ccc;\n      margin-bottom: 10px;\n    }\n\n    .faq-question {\n      background-color: #f1f1f1;\n      color: #333;\n      cursor: pointer;\n      padding: 15px;\n      width: 100%;\n      border: none;\n      text-align: left;\n      outline: none;\n      font-size: 18px;\n      display: flex;\n      justify-content: space-between;\n      align-items: center;\n    }\n\n    .faq-question::after {\n      content: '\\25BC';\n      font-size: 18px;\n      transition: transform 0.3s;\n    }\n\n    .faq-question.active::after {\n      transform: rotate(180deg);\n    }\n\n    .faq-answer {\n      max-height: 0;\n      overflow: hidden;\n      transition: max-height 0.3s ease;\n      background-color: #f9f9f9;\n      font-size: 16px;\n      padding: 0 15px;\n    }\n\n    .faq-answer.open {\n      padding: 15px;\n      max-height: 500px;\n    }\n  <\/style>\n<\/head>\n<body>\n\n<div class=\"faq-container\">\n\n  <div class=\"faq-item\">\n    <button class=\"faq-question\">\u00bfC\u00f3mo funciona el efecto refrigerante?<\/button>\n    <div class=\"faq-answer\">\n      El Dreo utiliza el principio de la refrigeraci\u00f3n evaporativa: el agua se evapora al entrar en contacto con el aire, creando un flujo de aire notablemente m\u00e1s fr\u00edo sin reducir directamente la temperatura ambiente.\n    <\/div>\n  <\/div>\n\n  <div class=\"faq-item\">\n    <button class=\"faq-question\">\u00bfCu\u00e1l es la intensidad del flujo de aire?<\/button>\n    <div class=\"faq-answer\">\n      El caudal de aire alcanza hasta 7,6 m\/s, lo que proporciona una brisa potente y agradable, ideal a altas temperaturas.\n    <\/div>\n  <\/div>\n\n  <div class=\"faq-item\">\n    <button class=\"faq-question\">\u00bfQu\u00e9 tama\u00f1o tiene el dep\u00f3sito de agua?<\/button>\n    <div class=\"faq-answer\">\n      El dep\u00f3sito tiene una capacidad de 6 litros, lo que permite varias horas de funcionamiento sin tener que rellenarlo.\n    <\/div>\n  <\/div>\n\n  <div class=\"faq-item\">\n    <button class=\"faq-question\">\u00bfPuedo controlar el Dreo con mi smartphone?<\/button>\n    <div class=\"faq-answer\">\n      S\u00ed, el ventilador se puede controlar c\u00f3modamente a trav\u00e9s de la app DREO o mediante comandos de voz a trav\u00e9s de Alexa\/Google.\n    <\/div>\n  <\/div>\n\n  <div class=\"faq-item\">\n    <button class=\"faq-question\">\u00bfPara qui\u00e9n es especialmente adecuada la Dreo Swamp Cooler?<\/button>\n    <div class=\"faq-answer\">\n      Es especialmente \u00fatil en regiones c\u00e1lidas y secas, ya que es aqu\u00ed donde el enfriamiento evaporativo despliega todo su efecto.\n    <\/div>\n  <\/div>\n\n<\/div>\n\n<script>\n  document.addEventListener(\"DOMContentLoaded\", function() {\n    const questions = document.querySelectorAll(\".faq-question\");\n\n    questions.forEach(question => {\n      question.addEventListener(\"click\", function() {\n        const answer = this.nextElementSibling;\n        const isOpen = answer.classList.contains(\"open\");\n\n        document.querySelectorAll(\".faq-answer\").forEach(ans => ans.classList.remove(\"open\"));\n        document.querySelectorAll(\".faq-question\").forEach(btn => btn.classList.remove(\"active\"));\n\n        if (!isOpen) {\n          answer.classList.add(\"open\");\n          this.classList.add(\"active\");\n        }\n      });\n    });\n  });\n<\/script>\n\n<\/body>\n<\/html>\n\n\n\n<div style=\"height:49px\" aria-hidden=\"true\" class=\"wp-block-spacer\"><\/div>\n\n\n\n<h4 class=\"wp-block-heading\">Otras contribuciones<\/h4>\n\n\n\n<div class=\"gb-grid-wrapper gb-grid-wrapper-2ede049b gb-query-loop-wrapper\">\n<div class=\"gb-grid-column gb-grid-column-cafd557b gb-query-loop-item post-146 page type-page status-publish has-post-thumbnail tag-venti\"><div class=\"gb-container gb-container-cafd557b\">\n<figure class=\"gb-block-image gb-block-image-e88d54bd\"><img decoding=\"async\" width=\"1200\" height=\"800\" src=\"https:\/\/luftzug.org\/wp-content\/uploads\/2025\/05\/rotorlose-ventilaoren-im-vergleich.jpg\" class=\"gb-image-e88d54bd\" alt=\"ventiladores sin rotor probados uno junto al otro\" srcset=\"https:\/\/luftzug.org\/wp-content\/uploads\/2025\/05\/rotorlose-ventilaoren-im-vergleich.jpg 1200w, https:\/\/luftzug.org\/wp-content\/uploads\/2025\/05\/rotorlose-ventilaoren-im-vergleich-300x200.jpg 300w, https:\/\/luftzug.org\/wp-content\/uploads\/2025\/05\/rotorlose-ventilaoren-im-vergleich-1024x683.jpg 1024w, https:\/\/luftzug.org\/wp-content\/uploads\/2025\/05\/rotorlose-ventilaoren-im-vergleich-768x512.jpg 768w, https:\/\/luftzug.org\/wp-content\/uploads\/2025\/05\/rotorlose-ventilaoren-im-vergleich-18x12.jpg 18w\" sizes=\"(max-width: 1200px) 100vw, 1200px\" \/><\/figure>\n\n<p class=\"gb-headline gb-headline-f2a1b86e gb-headline-text\"><a href=\"https:\/\/luftzug.org\/es\/ventilatoren\/rotorlose-ventilatoren\/\">Comparaci\u00f3n de los ventiladores sin rotor y explicaci\u00f3n de su funcionamiento<\/a><\/p>\n<\/div><\/div>\n\n<div class=\"gb-grid-column gb-grid-column-cafd557b gb-query-loop-item post-152 page type-page status-publish has-post-thumbnail tag-venti\"><div class=\"gb-container gb-container-cafd557b\">\n<figure class=\"gb-block-image gb-block-image-e88d54bd\"><img decoding=\"async\" width=\"900\" height=\"600\" src=\"https:\/\/luftzug.org\/wp-content\/uploads\/2024\/10\/deckenventilator_hue6089b85d9fb3ededf0f7bf75d856b30_93890_900x0_resize_q80_box.jpg\" class=\"gb-image-e88d54bd\" alt=\"\" srcset=\"https:\/\/luftzug.org\/wp-content\/uploads\/2024\/10\/deckenventilator_hue6089b85d9fb3ededf0f7bf75d856b30_93890_900x0_resize_q80_box.jpg 900w, https:\/\/luftzug.org\/wp-content\/uploads\/2024\/10\/deckenventilator_hue6089b85d9fb3ededf0f7bf75d856b30_93890_900x0_resize_q80_box-300x200.jpg 300w, https:\/\/luftzug.org\/wp-content\/uploads\/2024\/10\/deckenventilator_hue6089b85d9fb3ededf0f7bf75d856b30_93890_900x0_resize_q80_box-768x512.jpg 768w\" sizes=\"(max-width: 900px) 100vw, 900px\" \/><\/figure>\n\n<p class=\"gb-headline gb-headline-f2a1b86e gb-headline-text\"><a href=\"https:\/\/luftzug.org\/es\/ventilatoren\/deckenventilatoren\/\">Ventiladores de techo en comparaci\u00f3n: \u00a1Estos son los modelos recomendados!<\/a><\/p>\n<\/div><\/div>\n\n<div class=\"gb-grid-column gb-grid-column-cafd557b gb-query-loop-item post-149 page type-page status-publish has-post-thumbnail tag-venti\"><div class=\"gb-container gb-container-cafd557b\">\n<figure class=\"gb-block-image gb-block-image-e88d54bd\"><img loading=\"lazy\" decoding=\"async\" width=\"1200\" height=\"900\" src=\"https:\/\/luftzug.org\/wp-content\/uploads\/2025\/03\/IMG_20250319_160637.jpg\" class=\"gb-image-e88d54bd\" alt=\"Ventiladores de torre en comparaci\u00f3n\" srcset=\"https:\/\/luftzug.org\/wp-content\/uploads\/2025\/03\/IMG_20250319_160637.jpg 1200w, https:\/\/luftzug.org\/wp-content\/uploads\/2025\/03\/IMG_20250319_160637-300x225.jpg 300w, https:\/\/luftzug.org\/wp-content\/uploads\/2025\/03\/IMG_20250319_160637-1024x768.jpg 1024w, https:\/\/luftzug.org\/wp-content\/uploads\/2025\/03\/IMG_20250319_160637-768x576.jpg 768w\" sizes=\"(max-width: 1200px) 100vw, 1200px\" \/><\/figure>\n\n<p class=\"gb-headline gb-headline-f2a1b86e gb-headline-text\"><a href=\"https:\/\/luftzug.org\/es\/ventilatoren\/turmventilatoren\/\">Ventiladores de torre a prueba: \u00bfcu\u00e1l merece realmente la pena?<\/a><\/p>\n<\/div><\/div>\n\n<div class=\"gb-grid-column gb-grid-column-cafd557b gb-query-loop-item post-137 page type-page status-publish has-post-thumbnail tag-venti\"><div class=\"gb-container gb-container-cafd557b\">\n<figure class=\"gb-block-image gb-block-image-e88d54bd\"><img loading=\"lazy\" decoding=\"async\" width=\"1200\" height=\"900\" src=\"https:\/\/luftzug.org\/wp-content\/uploads\/2025\/03\/IMG_20250320_100213.jpg\" class=\"gb-image-e88d54bd\" alt=\"Ventilador de torre y ventiladores de pedestal en comparaci\u00f3n\" srcset=\"https:\/\/luftzug.org\/wp-content\/uploads\/2025\/03\/IMG_20250320_100213.jpg 1200w, https:\/\/luftzug.org\/wp-content\/uploads\/2025\/03\/IMG_20250320_100213-300x225.jpg 300w, https:\/\/luftzug.org\/wp-content\/uploads\/2025\/03\/IMG_20250320_100213-1024x768.jpg 1024w, https:\/\/luftzug.org\/wp-content\/uploads\/2025\/03\/IMG_20250320_100213-768x576.jpg 768w\" sizes=\"(max-width: 1200px) 100vw, 1200px\" \/><\/figure>\n\n<p class=\"gb-headline gb-headline-f2a1b86e gb-headline-text\"><a href=\"https:\/\/luftzug.org\/es\/ventilatoren\/turmventilator-oder-standventilator\/\">Ventilador de torre o de pedestal: \u00bfcu\u00e1l es mejor?<\/a><\/p>\n<\/div><\/div>\n\n<div class=\"gb-grid-column gb-grid-column-cafd557b gb-query-loop-item post-129 page type-page status-publish has-post-thumbnail tag-venti\"><div class=\"gb-container gb-container-cafd557b\">\n<figure class=\"gb-block-image gb-block-image-e88d54bd\"><img loading=\"lazy\" decoding=\"async\" width=\"1200\" height=\"900\" src=\"https:\/\/luftzug.org\/wp-content\/uploads\/2025\/03\/IMG_20250320_095957.jpg\" class=\"gb-image-e88d54bd\" alt=\"Ventiladores silenciosos en comparaci\u00f3n\" srcset=\"https:\/\/luftzug.org\/wp-content\/uploads\/2025\/03\/IMG_20250320_095957.jpg 1200w, https:\/\/luftzug.org\/wp-content\/uploads\/2025\/03\/IMG_20250320_095957-300x225.jpg 300w, https:\/\/luftzug.org\/wp-content\/uploads\/2025\/03\/IMG_20250320_095957-1024x768.jpg 1024w, https:\/\/luftzug.org\/wp-content\/uploads\/2025\/03\/IMG_20250320_095957-768x576.jpg 768w\" sizes=\"(max-width: 1200px) 100vw, 1200px\" \/><\/figure>\n\n<p class=\"gb-headline gb-headline-f2a1b86e gb-headline-text\"><a href=\"https:\/\/luftzug.org\/es\/ventilatoren\/leise-ventilatoren\/\">Comparativa de ventiladores de menos de 30 dB: \u00bfcu\u00e1les son realmente silenciosos?<\/a><\/p>\n<\/div><\/div>\n\n<div class=\"gb-grid-column gb-grid-column-cafd557b gb-query-loop-item post-143 page type-page status-publish has-post-thumbnail tag-venti\"><div class=\"gb-container gb-container-cafd557b\">\n<figure class=\"gb-block-image gb-block-image-e88d54bd\"><img loading=\"lazy\" decoding=\"async\" width=\"900\" height=\"600\" src=\"https:\/\/luftzug.org\/wp-content\/uploads\/2024\/10\/weisser-ventilator_hu3d03a01dcc18bc5be0e67db3d8d209a6_27484_900x0_resize_q80_box.jpg\" class=\"gb-image-e88d54bd\" alt=\"\" srcset=\"https:\/\/luftzug.org\/wp-content\/uploads\/2024\/10\/weisser-ventilator_hu3d03a01dcc18bc5be0e67db3d8d209a6_27484_900x0_resize_q80_box.jpg 900w, https:\/\/luftzug.org\/wp-content\/uploads\/2024\/10\/weisser-ventilator_hu3d03a01dcc18bc5be0e67db3d8d209a6_27484_900x0_resize_q80_box-300x200.jpg 300w, https:\/\/luftzug.org\/wp-content\/uploads\/2024\/10\/weisser-ventilator_hu3d03a01dcc18bc5be0e67db3d8d209a6_27484_900x0_resize_q80_box-768x512.jpg 768w\" sizes=\"(max-width: 900px) 100vw, 900px\" \/><\/figure>\n\n<p class=\"gb-headline gb-headline-f2a1b86e gb-headline-text\"><a href=\"https:\/\/luftzug.org\/es\/ventilatoren\/smarthome-ventilatoren\/\">Comparativa de ventiladores dom\u00e9sticos inteligentes + lista de dispositivos compatibles<\/a><\/p>\n<\/div><\/div>\n\n<div class=\"gb-grid-column gb-grid-column-cafd557b gb-query-loop-item post-140 page type-page status-publish has-post-thumbnail tag-venti\"><div class=\"gb-container gb-container-cafd557b\">\n<figure class=\"gb-block-image gb-block-image-e88d54bd\"><img loading=\"lazy\" decoding=\"async\" width=\"900\" height=\"600\" src=\"https:\/\/luftzug.org\/wp-content\/uploads\/2024\/10\/schlafzimmer_hudf80480713aa4e9ea49784003fc20a92_81885_900x0_resize_q80_box.jpg\" class=\"gb-image-e88d54bd\" alt=\"\" srcset=\"https:\/\/luftzug.org\/wp-content\/uploads\/2024\/10\/schlafzimmer_hudf80480713aa4e9ea49784003fc20a92_81885_900x0_resize_q80_box.jpg 900w, https:\/\/luftzug.org\/wp-content\/uploads\/2024\/10\/schlafzimmer_hudf80480713aa4e9ea49784003fc20a92_81885_900x0_resize_q80_box-300x200.jpg 300w, https:\/\/luftzug.org\/wp-content\/uploads\/2024\/10\/schlafzimmer_hudf80480713aa4e9ea49784003fc20a92_81885_900x0_resize_q80_box-768x512.jpg 768w\" sizes=\"(max-width: 900px) 100vw, 900px\" \/><\/figure>\n\n<p class=\"gb-headline gb-headline-f2a1b86e gb-headline-text\"><a href=\"https:\/\/luftzug.org\/es\/ventilatoren\/schlafzimmer\/\">Ventilador adecuado para el dormitorio: la gran comparaci\u00f3n<\/a><\/p>\n<\/div><\/div>\n\n<div class=\"gb-grid-column gb-grid-column-cafd557b gb-query-loop-item post-132 page type-page status-publish has-post-thumbnail tag-venti\"><div class=\"gb-container gb-container-cafd557b\">\n<figure class=\"gb-block-image gb-block-image-e88d54bd\"><img loading=\"lazy\" decoding=\"async\" width=\"900\" height=\"598\" src=\"https:\/\/luftzug.org\/wp-content\/uploads\/2024\/10\/12-volt-ventilator_hucaca6d0164d42209ad27e874a53c22aa_26811_900x0_resize_q80_box.jpg\" class=\"gb-image-e88d54bd\" alt=\"\" srcset=\"https:\/\/luftzug.org\/wp-content\/uploads\/2024\/10\/12-volt-ventilator_hucaca6d0164d42209ad27e874a53c22aa_26811_900x0_resize_q80_box.jpg 900w, https:\/\/luftzug.org\/wp-content\/uploads\/2024\/10\/12-volt-ventilator_hucaca6d0164d42209ad27e874a53c22aa_26811_900x0_resize_q80_box-300x199.jpg 300w, https:\/\/luftzug.org\/wp-content\/uploads\/2024\/10\/12-volt-ventilator_hucaca6d0164d42209ad27e874a53c22aa_26811_900x0_resize_q80_box-768x510.jpg 768w\" sizes=\"(max-width: 900px) 100vw, 900px\" \/><\/figure>\n\n<p class=\"gb-headline gb-headline-f2a1b86e gb-headline-text\"><a href=\"https:\/\/luftzug.org\/es\/ventilatoren\/12-volt-ventilator\/\">Ventiladores de 12 voltios en comparaci\u00f3n: Para el coche, la autocaravana, etc.<\/a><\/p>\n<\/div><\/div>\n\n<div class=\"gb-grid-column gb-grid-column-cafd557b gb-query-loop-item post-127 page type-page status-publish has-post-thumbnail tag-venti\"><div class=\"gb-container gb-container-cafd557b\">\n<figure class=\"gb-block-image gb-block-image-e88d54bd\"><img loading=\"lazy\" decoding=\"async\" width=\"900\" height=\"600\" src=\"https:\/\/luftzug.org\/wp-content\/uploads\/2024\/10\/weisser-ventilator_hu3d03a01dcc18bc5be0e67db3d8d209a6_27484_900x0_resize_q80_box.jpg\" class=\"gb-image-e88d54bd\" alt=\"\" srcset=\"https:\/\/luftzug.org\/wp-content\/uploads\/2024\/10\/weisser-ventilator_hu3d03a01dcc18bc5be0e67db3d8d209a6_27484_900x0_resize_q80_box.jpg 900w, https:\/\/luftzug.org\/wp-content\/uploads\/2024\/10\/weisser-ventilator_hu3d03a01dcc18bc5be0e67db3d8d209a6_27484_900x0_resize_q80_box-300x200.jpg 300w, https:\/\/luftzug.org\/wp-content\/uploads\/2024\/10\/weisser-ventilator_hu3d03a01dcc18bc5be0e67db3d8d209a6_27484_900x0_resize_q80_box-768x512.jpg 768w\" sizes=\"(max-width: 900px) 100vw, 900px\" \/><\/figure>\n\n<p class=\"gb-headline gb-headline-f2a1b86e gb-headline-text\"><a href=\"https:\/\/luftzug.org\/es\/ventilatoren\/buero\/\">Refr\u00e9scate en el trabajo<\/a><\/p>\n<\/div><\/div>\n\n<div class=\"gb-grid-column gb-grid-column-cafd557b gb-query-loop-item post-116 page type-page status-publish has-post-thumbnail tag-venti\"><div class=\"gb-container gb-container-cafd557b\">\n<figure class=\"gb-block-image gb-block-image-e88d54bd\"><img loading=\"lazy\" decoding=\"async\" width=\"1200\" height=\"900\" src=\"https:\/\/luftzug.org\/wp-content\/uploads\/2025\/03\/IMG_20250320_100213.jpg\" class=\"gb-image-e88d54bd\" alt=\"Ventilador de torre y ventiladores de pedestal en comparaci\u00f3n\" srcset=\"https:\/\/luftzug.org\/wp-content\/uploads\/2025\/03\/IMG_20250320_100213.jpg 1200w, https:\/\/luftzug.org\/wp-content\/uploads\/2025\/03\/IMG_20250320_100213-300x225.jpg 300w, https:\/\/luftzug.org\/wp-content\/uploads\/2025\/03\/IMG_20250320_100213-1024x768.jpg 1024w, https:\/\/luftzug.org\/wp-content\/uploads\/2025\/03\/IMG_20250320_100213-768x576.jpg 768w\" sizes=\"(max-width: 1200px) 100vw, 1200px\" \/><\/figure>\n\n<p class=\"gb-headline gb-headline-f2a1b86e gb-headline-text\"><a href=\"https:\/\/luftzug.org\/es\/ventilatoren\/\">Los mejores ventiladores de la prueba<\/a><\/p>\n<\/div><\/div>\n<\/div>\n\n\n\n<p><\/p>","protected":false},"excerpt":{"rendered":"<p>Ventiladores de torre a prueba: \u00bfcu\u00e1l merece realmente la pena? Los ventiladores de torre son cada vez m\u00e1s populares. Est\u00e1n sustituyendo gradualmente a los ventiladores de pie en oficinas y habitaciones privadas. Su principal ventaja radica en la combinaci\u00f3n de una amplia gama de funciones y unas dimensiones manejables. En este art\u00edculo, echamos un vistazo a los rasgos que caracterizan a los ventiladores de torre y a qu\u00e9 modelo es el m\u00e1s adecuado para usted. Recomendado ... <\/p>\n<p class=\"read-more-container\"><a title=\"Ventiladores de torre a prueba: \u00bfcu\u00e1l merece realmente la pena?\" class=\"read-more button\" href=\"https:\/\/luftzug.org\/es\/ventilatoren\/turmventilatoren\/#more-149\" aria-label=\"Leer m\u00e1s sobre Ventiladores de torre a prueba: \u00bfcu\u00e1l merece realmente la pena?\">Vaciar m\u00e1s<\/a><\/p>","protected":false},"author":1,"featured_media":1139,"parent":116,"menu_order":0,"comment_status":"closed","ping_status":"closed","template":"","meta":{"_eb_attr":"","footnotes":""},"categories":[],"tags":[9],"class_list":{"0":"post-149","1":"page","2":"type-page","3":"status-publish","4":"has-post-thumbnail","6":"tag-venti","7":"no-featured-image-padding"},"_links":{"self":[{"href":"https:\/\/luftzug.org\/es\/wp-json\/wp\/v2\/pages\/149","targetHints":{"allow":["GET"]}}],"collection":[{"href":"https:\/\/luftzug.org\/es\/wp-json\/wp\/v2\/pages"}],"about":[{"href":"https:\/\/luftzug.org\/es\/wp-json\/wp\/v2\/types\/page"}],"author":[{"embeddable":true,"href":"https:\/\/luftzug.org\/es\/wp-json\/wp\/v2\/users\/1"}],"replies":[{"embeddable":true,"href":"https:\/\/luftzug.org\/es\/wp-json\/wp\/v2\/comments?post=149"}],"version-history":[{"count":2,"href":"https:\/\/luftzug.org\/es\/wp-json\/wp\/v2\/pages\/149\/revisions"}],"predecessor-version":[{"id":1419,"href":"https:\/\/luftzug.org\/es\/wp-json\/wp\/v2\/pages\/149\/revisions\/1419"}],"up":[{"embeddable":true,"href":"https:\/\/luftzug.org\/es\/wp-json\/wp\/v2\/pages\/116"}],"wp:featuredmedia":[{"embeddable":true,"href":"https:\/\/luftzug.org\/es\/wp-json\/wp\/v2\/media\/1139"}],"wp:attachment":[{"href":"https:\/\/luftzug.org\/es\/wp-json\/wp\/v2\/media?parent=149"}],"wp:term":[{"taxonomy":"category","embeddable":true,"href":"https:\/\/luftzug.org\/es\/wp-json\/wp\/v2\/categories?post=149"},{"taxonomy":"post_tag","embeddable":true,"href":"https:\/\/luftzug.org\/es\/wp-json\/wp\/v2\/tags?post=149"}],"curies":[{"name":"wp","href":"https:\/\/api.w.org\/{rel}","templated":true}]}}