{"id":149,"date":"2025-03-27T12:47:56","date_gmt":"2025-03-27T12:47:56","guid":{"rendered":"https:\/\/luftzug.org\/?page_id=149"},"modified":"2025-06-04T15:10:05","modified_gmt":"2025-06-04T15:10:05","slug":"ventilateurs-tour","status":"publish","type":"page","link":"https:\/\/luftzug.org\/fr\/ventilatoren\/turmventilatoren\/","title":{"rendered":"Ventilateurs colonne \u00e0 l\u2019essai : lequel vaut vraiment le coup ?"},"content":{"rendered":"<h1 class=\"wp-block-heading\"><span class=\"ez-toc-section\" id=\"Turmventilatoren_im_Test_Welcher_lohnt_sich_wirklich\"><\/span>Ventilateurs colonne \u00e0 l\u2019essai : lequel vaut vraiment le coup ?<span class=\"ez-toc-section-end\"><\/span><\/h1>\n\n\n\n<p>Les ventilateurs colonne sont de plus en plus populaires. Ils remplacent peu \u00e0 peu les ventilateurs sur pied dans les bureaux et les espaces priv\u00e9s. Leur principal avantage r\u00e9side dans la combinaison&nbsp;<strong>un grand nombre de fonctions<\/strong>&nbsp;et le&nbsp;<strong>des dimensions pratiques<\/strong>.<\/p>\n\n\n\n<p>Dans cet article, nous allons voir quelles sont les caract\u00e9ristiques des ventilateurs colonne et quel mod\u00e8le te convient le mieux.<\/p>\n\n\n\n<div class=\"wp-block-group has-base-2-background-color has-background\"><div class=\"wp-block-group__inner-container is-layout-constrained wp-block-group-is-layout-constrained\">\n<p><strong>Ventilateurs colonne recommand\u00e9s<\/strong><\/p>\n\n\n\n<ol class=\"wp-block-list\">\n<li><a href=\"#Levoit\" data-type=\"internal\" data-id=\"#Levoit\">Levoit (tr\u00e8s faible)<\/a><\/li>\n\n\n\n<li><a href=\"#Philips\" data-type=\"internal\" data-id=\"#Philips\">Philips S\u00e9rie 5000 (silencieux)<\/a><\/li>\n\n\n\n<li><a href=\"#Brandson\" data-type=\"internal\" data-id=\"#Brandson\">Brandson <\/a><\/li>\n\n\n\n<li><a href=\"#Dreo\" data-type=\"internal\" data-id=\"#Dreo\">Dreo<\/a><\/li>\n\n\n\n<li><a href=\"#Groveelife\" data-type=\"internal\" data-id=\"#Groveelife\">Groveelife (contr\u00f4le de l'application)<\/a><\/li>\n\n\n\n<li><a href=\"#Brandson2\" data-type=\"internal\" data-id=\"#Brandson2\">Brandson (avec refroidissement)<\/a><\/li>\n\n\n\n<li><a href=\"#Dreo2\" data-type=\"internal\" data-id=\"#Dreo2\">Dreo (avec refroidissement)<\/a><\/li>\n<\/ol>\n<\/div><\/div>\n\n\n\n<p>Avant d'examiner les fonctions en d\u00e9tail, nous allons d'abord clarifier ce qu'est un ventilateur colonne et en quoi il se distingue des ventilateurs sur pied traditionnels. <\/p>\n\n\n\n<p>Important : <strong>Les ventilateurs colonne ne doivent pas \u00eatre utilis\u00e9s avec... <a class=\"\" href=\"https:\/\/luftzug.org\/fr\/ventilateurs\/chambre\/\">ventilateurs sans rotor<\/a><\/strong> qui fonctionnent selon un tout autre principe. Si tu n'es pas s\u00fbr de savoir si tu as besoin d'une <strong><a class=\"\" href=\"https:\/\/luftzug.org\/fr\/ventilateurs\/ventilateur-tour-ou-sur-pied\/\">Ventilateur de tour ou ventilateur sur pied<\/a><\/strong> tu trouveras toutes les diff\u00e9rences en un coup d'\u0153il dans notre article comparatif.<\/p>\n\n\n\n<div style=\"height:24px\" aria-hidden=\"true\" class=\"wp-block-spacer\"><\/div>\n\n\n\n<h2 class=\"wp-block-heading\" id=\"unterschied-zwischen-turm--und-standventilator\"><span class=\"ez-toc-section\" id=\"Unterschied_zwischen_Turm-_und_Standventilator\"><\/span>Diff\u00e9rence entre un ventilateur colonne et un ventilateur sur pied<span class=\"ez-toc-section-end\"><\/span><\/h2>\n\n\n\n<p>Le ventilateur sur pied classique poss\u00e8de des pales bien visibles. Celles-ci se trouvent en g\u00e9n\u00e9ral dans une sorte de panier ou de grille. La grille prot\u00e8ge des pales en rotation rapide.<\/p>\n\n\n\n<p>En revanche, le ventilateur colonne est beaucoup plus compact. Il poss\u00e8de...&nbsp;<strong>pas de pales<\/strong>. Au lieu de cela, la plupart des ventilateurs colonne sont constitu\u00e9s d'un ensemble d'\u00e9l\u00e9ments individuels.&nbsp;<strong>Lamelles<\/strong>.<\/p>\n\n\n\n<figure class=\"wp-block-image size-full\"><img fetchpriority=\"high\" decoding=\"async\" width=\"980\" height=\"653\" src=\"https:\/\/luftzug.org\/wp-content\/uploads\/2025\/06\/Ventilateur-colonne-fr.webp\" alt=\"\" class=\"wp-image-794\" srcset=\"https:\/\/luftzug.org\/wp-content\/uploads\/2025\/06\/Ventilateur-colonne-fr.webp 1536w, https:\/\/luftzug.org\/wp-content\/uploads\/2025\/06\/Ventilateur-colonne-fr-300x200.webp 300w, https:\/\/luftzug.org\/wp-content\/uploads\/2025\/06\/Ventilateur-colonne-fr-1024x683.webp 1024w, https:\/\/luftzug.org\/wp-content\/uploads\/2025\/06\/Ventilateur-colonne-fr-768x512.webp 768w, https:\/\/luftzug.org\/wp-content\/uploads\/2025\/06\/Ventilateur-colonne-fr-18x12.webp 18w\" sizes=\"(max-width: 980px) 100vw, 980px\" \/><\/figure>\n\n\n\n<div style=\"height:50px\" aria-hidden=\"true\" class=\"wp-block-spacer\"><\/div>\n\n\n\n<p>Un ventilateur de tour dispose \u00e9galement d'une grille qui prot\u00e8ge des pi\u00e8ces rotatives \u00e0 l'int\u00e9rieur.<\/p>\n\n\n\n<p>Le ventilateur de la tour poss\u00e8de deux ouvertures. L'air est aspir\u00e9 par l'une et expuls\u00e9 par l'autre. Sur certains mod\u00e8les, cette derni\u00e8re est munie d'un clapet mobile qui d\u00e9termine la direction dans laquelle l'air est expuls\u00e9.<\/p>\n\n\n\n<div style=\"height:50px\" aria-hidden=\"true\" class=\"wp-block-spacer\"><\/div>\n\n\n\n<h2 class=\"wp-block-heading\" id=\"funktionsumfang-von-turmventilatoren\"><span class=\"ez-toc-section\" id=\"Funktionsumfang_von_Turmventilatoren\"><\/span>Fonctionnalit\u00e9s des ventilateurs colonne<span class=\"ez-toc-section-end\"><\/span><\/h2>\n\n\n\n<p>En fonction du mod\u00e8le, diff\u00e9rentes fonctions sont int\u00e9gr\u00e9es \u00e0 l'appareil. La plus importante \u00e0 mes yeux est l'oscillation, c'est-\u00e0-dire la&nbsp;<strong>pivotement automatique d'avant en arri\u00e8re<\/strong>&nbsp;du flux d'air.<\/p>\n\n\n\n<p>Le pivotement est par exemple un avantage lorsqu'un ventilateur doit atteindre plusieurs postes de travail dans un bureau. Pour \u00e9viter de devoir le d\u00e9placer constamment, il est possible d'activer l'oscillation. Cela permet au flux d'air d'atteindre tour \u00e0 tour les diff\u00e9rents postes de travail.<\/p>\n\n\n\n<p>Outre l'oscillation, il existe aujourd'hui bien d'autres fonctions, qui sont parfois plus ou moins utiles selon le domaine d'application.<\/p>\n\n\n\n<div style=\"height:50px\" aria-hidden=\"true\" class=\"wp-block-spacer\"><\/div>\n\n\n\n<h3 class=\"wp-block-heading\" id=\"windst\u00e4rke-einstellen\"><span class=\"ez-toc-section\" id=\"Windstarke_einstellen\"><\/span>R\u00e9gler la force du vent<span class=\"ez-toc-section-end\"><\/span><\/h3>\n\n\n\n<p>Une autre des fonctions les plus courantes est la possibilit\u00e9 de d\u00e9terminer l'intensit\u00e9 du flux d'air. Certaines situations n\u00e9cessitent un flux d'air puissant, d'autres plut\u00f4t faible ou tr\u00e8s silencieux.<\/p>\n\n\n\n<p>Lorsque le ventilateur de la tour est \u00e0 environ&nbsp;<strong>dans la chambre \u00e0 coucher<\/strong>&nbsp;est utilis\u00e9, il doit \u00eatre r\u00e9gl\u00e9 sur une temp\u00e9rature basse et surtout sur une temp\u00e9rature \u00e9lev\u00e9e la nuit.&nbsp;<strong>niveau silencieux<\/strong>&nbsp;\u00eatre r\u00e9gl\u00e9s. Cela n'est pas seulement important en ce qui concerne le volume sonore : un fort courant d'air qui persiste pendant une longue p\u00e9riode peut nuire \u00e0 la sant\u00e9.<\/p>\n\n\n\n<div style=\"height:50px\" aria-hidden=\"true\" class=\"wp-block-spacer\"><\/div>\n\n\n\n<h3 class=\"wp-block-heading\" id=\"luftbefeuchtung-aus-wassertank\"><span class=\"ez-toc-section\" id=\"Luftbefeuchtung_aus_Wassertank\"><\/span>Humidification de l'air \u00e0 partir d'un r\u00e9servoir d'eau<span class=\"ez-toc-section-end\"><\/span><\/h3>\n\n\n\n<p>Les appareils avec r\u00e9servoir d'eau int\u00e9gr\u00e9 sont devenus relativement rares. L'eau est utilis\u00e9e par le ventilateur de la tour pour humidifier l'air.<\/p>\n\n\n\n<p>En g\u00e9n\u00e9ral, le probl\u00e8me dans les int\u00e9rieurs est que l'humidit\u00e9 de l'air est trop \u00e9lev\u00e9e. Si elle est trop basse, un humidificateur peut y rem\u00e9dier. La combinaison d'humidificateurs et de ventilateurs de tour est&nbsp;<strong>pas si peu encombrant<\/strong>. Le r\u00e9servoir d'eau et les conduites suppl\u00e9mentaires prennent plus de place.<\/p>\n\n\n\n<p>Avant d'acheter un ventilateur \u00e0 tour avec r\u00e9servoir d'eau et humidificateur, je me demanderais si cette fonction est vraiment n\u00e9cessaire. Enfin, le&nbsp;<strong>Remplir le r\u00e9servoir<\/strong>&nbsp;plus de travail. Le refroidissement suppl\u00e9mentaire est \u00e9galement limit\u00e9. Un flux d'air avec de fines gouttelettes a un effet tout \u00e0 fait rafra\u00eechissant sur la peau, les&nbsp;<strong>La temp\u00e9rature ambiante ne change gu\u00e8re<\/strong>.<\/p>\n\n\n\n<div style=\"height:50px\" aria-hidden=\"true\" class=\"wp-block-spacer\"><\/div>\n\n\n\n<h3 class=\"wp-block-heading\" id=\"timer--intervalle\"><span class=\"ez-toc-section\" id=\"Timer_Intervalle\"><\/span>Minuterie &amp; intervalles<span class=\"ez-toc-section-end\"><\/span><\/h3>\n\n\n\n<p>Un ventilateur doit am\u00e9liorer le climat ambiant tout en \u00e9tant peu contraignant. C'est pourquoi les minuteries int\u00e9gr\u00e9es ou les fonctions intermittentes sont utiles.<\/p>\n\n\n\n<p>Avec une minuterie, tu pourrais&nbsp;<strong>Automatiser l'exploitation<\/strong>. Au lieu d'actionner le panneau de commande plusieurs fois par jour, il suffirait de d\u00e9finir une seule fois une plage horaire appropri\u00e9e. Par exemple, le ventilateur pourrait se mettre en marche tous les jours de 12 \u00e0 15 heures et s'arr\u00eater ensuite. Cela permettrait de lutter contre la chaleur plus importante qui r\u00e8gne \u00e0 midi.<\/p>\n\n\n\n<p>Outre la simple mise en marche et l'arr\u00eat, certains mod\u00e8les proposent d'autres possibilit\u00e9s de r\u00e9glage. Par exemple, une fonction d'intervalle qui&nbsp;<strong>Force du flux d'air<\/strong>&nbsp;varie \u00e0 intervalles r\u00e9guliers ou irr\u00e9guliers.<\/p>\n\n\n\n<p>Un courant d'air constant et constant est souvent per\u00e7u comme d\u00e9sagr\u00e9able par les gens. Les ventilateurs qui changent d'intensit\u00e9 r\u00e9guli\u00e8rement ou irr\u00e9guli\u00e8rement se rapprochent nettement de la sensation plus naturelle du vent \u00e0 l'ext\u00e9rieur.<\/p>\n\n\n\n<div style=\"height:50px\" aria-hidden=\"true\" class=\"wp-block-spacer\"><\/div>\n\n\n\n<h3 class=\"wp-block-heading\" id=\"fernbedienung\"><span class=\"ez-toc-section\" id=\"Fernbedienung\"><\/span>T\u00e9l\u00e9commande<span class=\"ez-toc-section-end\"><\/span><\/h3>\n\n\n\n<p>En plus de la minuterie, une t\u00e9l\u00e9commande peut \u00eatre pratique. Si l'intensit\u00e9 du rayonnement solaire change plusieurs fois par jour en raison de la coupe du b\u00e2timent, une minuterie seule ne suffit plus.<\/p>\n\n\n\n<p>Avec une t\u00e9l\u00e9commande, tu gardes le contr\u00f4le sans devoir te lever constamment pour aller au panneau de commande. De cette mani\u00e8re, tu peux aussi r\u00e9gler le flux d'air confortablement install\u00e9 dans ton canap\u00e9 et l'adapter \u00e0 tes besoins.<\/p>\n\n\n\n<p>Mon conseil \u00e0 ce stade serait&nbsp;<strong>de se tourner vers un appareil dans lequel la t\u00e9l\u00e9commande peut \u00eatre rang\u00e9e.<\/strong> C'est le cas de nombreux mod\u00e8les. Pour cela, il y a un petit compartiment ou un clapet sur le bo\u00eetier. Les t\u00e9l\u00e9commandes se perdent facilement. Un espace de rangement adapt\u00e9 dans l'appareil r\u00e9duit ce risque.<\/p>\n\n\n\n<div style=\"height:50px\" aria-hidden=\"true\" class=\"wp-block-spacer\"><\/div>\n\n\n\n<h3 class=\"wp-block-heading\" id=\"tragegriff\"><span class=\"ez-toc-section\" id=\"Tragegriff\"><\/span>Poign\u00e9e de transport<span class=\"ez-toc-section-end\"><\/span><\/h3>\n\n\n\n<p>De temps en temps, il est n\u00e9cessaire de d\u00e9placer les ventilateurs. Que ce soit parce que la saison chaude est termin\u00e9e, que l'appareil est d\u00e9sormais n\u00e9cessaire dans une autre pi\u00e8ce ou qu'il est mis de c\u00f4t\u00e9 pour passer l'aspirateur.<\/p>\n\n\n\n<p>\u00c0 ce moment-l\u00e0, une poign\u00e9e de transport appropri\u00e9e ou une&nbsp;<strong>Cavit\u00e9 dans le bo\u00eetier<\/strong>&nbsp;pratique. D\u00e9placer un ventilateur de tour sans poign\u00e9e peut en effet s'av\u00e9rer fastidieux - d'une seule main, cela ne serait d\u00e9j\u00e0 pas possible sans poign\u00e9e.<\/p>\n\n\n\n<p>De plus, je trouve rassurant de savoir qu'il y a un endroit pr\u00e9vu pour \u00eatre saisi pour \u00eatre port\u00e9. Il serait dommage d'endommager l'appareil simplement parce qu'il est mal tenu ou que les doigts glissent en le portant.<\/p>\n\n\n\n<div style=\"height:50px\" aria-hidden=\"true\" class=\"wp-block-spacer\"><\/div>\n\n\n\n<h2 class=\"wp-block-heading\" id=\"kriterien-beim-kauf\"><span class=\"ez-toc-section\" id=\"Kriterien_beim_Kauf\"><\/span>Crit\u00e8res d'achat<span class=\"ez-toc-section-end\"><\/span><\/h2>\n\n\n\n<p>Lors de l'achat d'un ventilateur de tour, il y a quelques points importants \u00e0 prendre en compte. Ce sont eux qui d\u00e9terminent si l'appareil convient \u00e0 tes besoins et s'il r\u00e9pond \u00e0 tes exigences. Voici une liste de tous les crit\u00e8res d'achat importants :<\/p>\n\n\n\n<ul class=\"wp-block-list has-base-2-background-color has-background\">\n<li>Circulation de l'air<\/li>\n\n\n\n<li>Stabilit\u00e9<\/li>\n\n\n\n<li>Volume sonore<\/li>\n\n\n\n<li>Consommation<\/li>\n\n\n\n<li>Fonctions suppl\u00e9mentaires<\/li>\n\n\n\n<li>Prix<\/li>\n\n\n\n<li>Design<\/li>\n<\/ul>\n\n\n\n<p>Examinons bri\u00e8vement ces points de plus pr\u00e8s et expliquons pourquoi ce crit\u00e8re pr\u00e9cis est important ou du moins peut l'\u00eatre lors de l'achat :<\/p>\n\n\n\n<div style=\"height:50px\" aria-hidden=\"true\" class=\"wp-block-spacer\"><\/div>\n\n\n\n<h3 class=\"wp-block-heading\" id=\"luftumw\u00e4lzung\"><span class=\"ez-toc-section\" id=\"Luftumwalzung\"><\/span>Circulation de l'air<span class=\"ez-toc-section-end\"><\/span><\/h3>\n\n\n\n<p>La circulation de l'air d\u00e9signe la quantit\u00e9 d'air ambiant que le ventilateur peut d\u00e9placer en un certain temps. Dans les indications des fabricants, la circulation est souvent d\u00e9sign\u00e9e par la mention \"circulation\".&nbsp;<strong>m\u00e8tres cubes par heure<\/strong>&nbsp;sont indiqu\u00e9es dans le tableau. Valeurs habituelles de 100 \u00e0 500m\u00b3\/h.<\/p>\n\n\n\n<p>Ce sont principalement la puissance et la taille du ventilateur qui d\u00e9terminent la quantit\u00e9 d'air d\u00e9plac\u00e9e.<\/p>\n\n\n\n<div style=\"height:50px\" aria-hidden=\"true\" class=\"wp-block-spacer\"><\/div>\n\n\n\n<h3 class=\"wp-block-heading\" id=\"standfestigkeit\"><span class=\"ez-toc-section\" id=\"Standfestigkeit\"><\/span>Stabilit\u00e9<span class=\"ez-toc-section-end\"><\/span><\/h3>\n\n\n\n<p>\u00c0 mes yeux, la stabilit\u00e9 des ventilateurs de tour reste un probl\u00e8me fondamental. Cela vient tout simplement de la forme : plus l'appareil est haut, plus le pied doit \u00eatre large. Un pied trop grand n'est plus aussi \u00e9l\u00e9gant.<\/p>\n\n\n\n<p>Un autre moyen d'augmenter la stabilit\u00e9 consiste \u00e0 d\u00e9placer le poids vers la partie la plus basse de la construction. C'est l\u00e0 que se trouve g\u00e9n\u00e9ralement le moteur, et il est lourd. Une telle construction est d\u00e9j\u00e0 assez stable, mais ma critique \u00e0 l'\u00e9gard des ventilateurs de tour demeure : La plupart d'entre eux peuvent basculer trop facilement.<\/p>\n\n\n\n<p>Il est vrai qu'il y a de quoi : L'appareil ne risque pas de se renverser trop souvent. Toutefois, dans un m\u00e9nage priv\u00e9 avec des enfants ou des animaux domestiques, ce risque ne doit pas \u00eatre sous-estim\u00e9. C'est pourquoi, lors de l'achat, il convient de rechercher des produits qui offrent une s\u00e9curit\u00e9 maximale.&nbsp;<strong>pied large<\/strong>&nbsp;et ne sont pas trop \u00e9lev\u00e9s.<\/p>\n\n\n\n<div style=\"height:50px\" aria-hidden=\"true\" class=\"wp-block-spacer\"><\/div>\n\n\n\n<h3 class=\"wp-block-heading\" id=\"lautst\u00e4rke\"><span class=\"ez-toc-section\" id=\"Lautstarke\"><\/span>Volume sonore<span class=\"ez-toc-section-end\"><\/span><\/h3>\n\n\n\n<p>Pour moi, le bruit est un facteur essentiel pour un ventilateur. Il doit bien s\u00fbr \u00eatre silencieux. Un bruit fort n'est pas seulement g\u00eanant lorsque l'on travaille, que l'on se d\u00e9tend sur le canap\u00e9 ou que l'on discute : si le ventilateur est trop bruyant, il n'est plus gu\u00e8re adapt\u00e9 \u00e0 une utilisation dans la chambre \u00e0 coucher. Pourtant, la chambre \u00e0 coucher est justement une pi\u00e8ce dans laquelle la plupart des gens sont tr\u00e8s attentifs \u00e0 un bon climat int\u00e9rieur.<\/p>\n\n\n\n<p>Un bon&nbsp;<strong>Le point d'orientation est de 25-28 dB<\/strong>. Dans cette fourchette, le volume sonore est tout \u00e0 fait agr\u00e9able. Pour la chambre \u00e0 coucher, cela peut encore \u00eatre trop \u00e9lev\u00e9. Mais le ventilateur de la tour ne fonctionnera probablement pas \u00e0 la vitesse maximale et sera donc un peu moins bruyant.<\/p>\n\n\n\n<div style=\"height:50px\" aria-hidden=\"true\" class=\"wp-block-spacer\"><\/div>\n\n\n\n<h3 class=\"wp-block-heading\" id=\"energieverbrauch\"><span class=\"ez-toc-section\" id=\"Energieverbrauch\"><\/span>Consommation d'\u00e9nergie<span class=\"ez-toc-section-end\"><\/span><\/h3>\n\n\n\n<p>Les ventilateurs ne devraient pas \u00eatre gourmands en \u00e9lectricit\u00e9. Comme le r\u00e9frig\u00e9rateur, la machine \u00e0 laver ou l'\u00e9clairage, les ventilateurs fonctionnent rapidement pendant plusieurs heures par jour. C'est pourquoi il vaut la peine de chercher de mani\u00e8re cibl\u00e9e un ventilateur \u00e0 faible consommation d'\u00e9nergie.<\/p>\n\n\n\n<p>Pour les ventilateurs de tour, des valeurs de l'ordre de&nbsp;<strong>40 watts<\/strong>&nbsp;est acceptable. L'appareil ne devrait pas se situer beaucoup plus haut. Comme nous l'avons dit, chaque watt compte en raison de la dur\u00e9e de fonctionnement potentiellement longue.<\/p>\n\n\n\n<div style=\"height:50px\" aria-hidden=\"true\" class=\"wp-block-spacer\"><\/div>\n\n\n\n<h3 class=\"wp-block-heading\" id=\"zusatzfunktionen\"><span class=\"ez-toc-section\" id=\"Zusatzfunktionen\"><\/span>Fonctions suppl\u00e9mentaires<span class=\"ez-toc-section-end\"><\/span><\/h3>\n\n\n\n<p>Selon le domaine d'utilisation et les pr\u00e9f\u00e9rences personnelles, les fonctions suppl\u00e9mentaires possibles sont int\u00e9ressantes. La grande majorit\u00e9 des mod\u00e8les disposent d'une minuterie, de plusieurs niveaux d'intensit\u00e9 et peuvent faire pivoter la direction du flux d'air dans un sens ou dans l'autre.<\/p>\n\n\n\n<p>Les fonctionnalit\u00e9s mentionn\u00e9es sont d\u00e9j\u00e0 pratiquement standard. Un suppl\u00e9ment de prix n'est donc justifi\u00e9 que si l'appareil peut offrir des fonctionnalit\u00e9s suppl\u00e9mentaires - par exemple une commande par application, la connexion \u00e0 des syst\u00e8mes SmartHome tels qu'Alexa ou Siri ou un humidificateur d'air int\u00e9gr\u00e9.<br>Ceux qui souhaitent en plus une puissance de refroidissement plus importante sans installation compliqu\u00e9e devraient jeter un coup d'\u0153il sur un <strong><a class=\"\" href=\"https:\/\/luftzug.org\/fr\/refroidissement\/rafraichisseur-air\/\">climatisation mobile sans tuyau d'\u00e9vacuation<\/a><\/strong> Elle offre plus qu'un simple mouvement d'air.<\/p>\n\n\n\n<div style=\"height:50px\" aria-hidden=\"true\" class=\"wp-block-spacer\"><\/div>\n\n\n\n<h3 class=\"wp-block-heading\" id=\"preis-wie-viel-kostet-ein-guter-turmventilator\"><span class=\"ez-toc-section\" id=\"Preis_Wie_viel_kostet_ein_guter_Turmventilator\"><\/span>Prix : combien co\u00fbte un bon ventilateur de tour ?<span class=\"ez-toc-section-end\"><\/span><\/h3>\n\n\n\n<p>Un ventilateur \u00e0 tour solide ne doit pas forc\u00e9ment co\u00fbter cher. Les mod\u00e8les recommand\u00e9s commencent \u00e0 environ 60\u20ac. \u00c0 mon avis, la limite sup\u00e9rieure raisonnable est de 150 \u20ac. Au-del\u00e0, je pense que le rapport qualit\u00e9-prix est mauvais.<\/p>\n\n\n\n<p>Bien s\u00fbr, il existe des produits \u00e0 des prix nettement plus \u00e9lev\u00e9s, mais ils n'offrent gu\u00e8re plus de fonctions concr\u00e8tes.<\/p>\n\n\n\n<div style=\"height:50px\" aria-hidden=\"true\" class=\"wp-block-spacer\"><\/div>\n\n\n\n<h3 class=\"wp-block-heading\" id=\"das-design\"><span class=\"ez-toc-section\" id=\"Das_Design\"><\/span>Le design<span class=\"ez-toc-section-end\"><\/span><\/h3>\n\n\n\n<p>Comme nous l'avons d\u00e9j\u00e0 mentionn\u00e9, les ventilateurs \u00e0 tour sont souvent plus esth\u00e9tiques que les ventilateurs sur pied. Et m\u00eame si les ventilateurs \u00e0 tour ont en principe une allure \u00e9lanc\u00e9e et agr\u00e9able, les diff\u00e9rences visuelles entre les mod\u00e8les peuvent \u00eatre discut\u00e9es.<\/p>\n\n\n\n<p>La plus grande d\u00e9marcation visuelle est bas\u00e9e sur la couleur. Les couleurs les plus courantes sont le noir, le blanc et le gris. Les couleurs fortement satur\u00e9es et criardes sont rares. Cela s'explique probablement par le fait que les fabricants aiment proposer des couleurs qui peuvent s'int\u00e9grer dans de nombreux styles d'am\u00e9nagement. Le blanc et le noir s'imposent donc tout naturellement.<\/p>\n\n\n\n<p>Si tu as en vue un mod\u00e8le avec une surface fonc\u00e9e, voire noire ou noire brillante ; la poussi\u00e8re se voit tr\u00e8s vite sur ces surfaces. Les traces de doigts sont \u00e9galement plus faciles \u00e0 rep\u00e9rer sur ces surfaces.<\/p>\n\n\n\n<p>D'un autre c\u00f4t\u00e9, les surfaces blanches ou claires peuvent jaunir avec le temps. Il n'y a donc pas de vainqueur. Tout au plus, un mod\u00e8le blanc est fortement d\u00e9conseill\u00e9 aux fumeurs.<\/p>\n\n\n\n<div style=\"height:50px\" aria-hidden=\"true\" class=\"wp-block-spacer\"><\/div>\n\n\n\n<h3 class=\"wp-block-heading\" id=\"wo-hin-mit-dem-ventilator\"><span class=\"ez-toc-section\" id=\"Wo_hin_mit_dem_Ventilator\"><\/span>O\u00f9 mettre le ventilateur ?<span class=\"ez-toc-section-end\"><\/span><\/h3>\n\n\n\n<p>En fonction de la configuration de la pi\u00e8ce, certains endroits sont plus ou moins appropri\u00e9s. Tout d'abord, il est pr\u00e9f\u00e9rable de ne pas diriger le ventilateur de la tour directement sur soi-m\u00eame ou sur une autre personne. Rester plus longtemps dans un flux d'air direct et constant peut \u00eatre n\u00e9faste. Ce n'est pas pour rien que l'on fait beaucoup d'efforts pour rem\u00e9dier aux courants d'air ind\u00e9sirables dans les vieux b\u00e2timents.<\/p>\n\n\n\n<p>Pour les ventilateurs de tour avec un flux d'air \u00e0 pivotement automatique, il existe des&nbsp;<strong>les coins de la pi\u00e8ce<\/strong>&nbsp;s'allume. Mais seulement si l'angle d'oscillation s'\u00e9tend jusqu'\u00e0 environ 90\u00b0. Au-del\u00e0, il touche le mur, ce qui est peu efficace. Le ventilateur peut-il avoir un&nbsp;<strong>angle plus grand<\/strong>&nbsp;il peut bien couvrir&nbsp;<strong>continuer vers la salle Centre<\/strong>&nbsp;\u00eatre plac\u00e9s.<\/p>\n\n\n\n<div style=\"height:50px\" aria-hidden=\"true\" class=\"wp-block-spacer\"><\/div>\n\n\n\n<h3 class=\"wp-block-heading\" id=\"reinigung\"><span class=\"ez-toc-section\" id=\"Reinigung\"><\/span>Nettoyage<span class=\"ez-toc-section-end\"><\/span><\/h3>\n\n\n\n<p>Le nettoyage des ventilateurs de tour n'est pas si difficile. La plupart des appareils doivent simplement \u00eatre&nbsp;<strong>essuy\u00e9 avec un chiffon \u00e0 poussi\u00e8re<\/strong>&nbsp;de la surface. S'il s'agit d'une surface noire brillante, une petite couche de poussi\u00e8re se remarque plus rapidement. En revanche, la poussi\u00e8re est moins visible sur les surfaces blanches et mates.<\/p>\n\n\n\n<p>Dans une pi\u00e8ce avec beaucoup de textiles et donc plus de poussi\u00e8re, je conseillerais un appareil avec une couleur mate.<\/p>\n\n\n\n<p>Si le ventilateur de la tour poss\u00e8de un&nbsp;<strong>Filtre<\/strong>Si l'appareil est en contact avec le sol, il doit \u00eatre r\u00e9guli\u00e8rement nettoy\u00e9 ou&nbsp;<strong>\u00eatre \u00e9chang\u00e9s<\/strong>. Si tu as jet\u00e9 ton d\u00e9volu sur un mod\u00e8le avec filtres, v\u00e9rifie rapidement avant l'achat si ceux-ci doivent \u00eatre chang\u00e9s et, si oui, \u00e0 quelle fr\u00e9quence et combien ils co\u00fbtent.<\/p>\n\n\n\n<div style=\"height:50px\" aria-hidden=\"true\" class=\"wp-block-spacer\"><\/div>\n\n\n\n<h2 class=\"wp-block-heading\" id=\"empfehlenswerte-turmventilatoren\"><span class=\"ez-toc-section\" id=\"Empfehlenswerte_Turmventilatoren\"><\/span>Ventilateurs colonne recommand\u00e9s<span class=\"ez-toc-section-end\"><\/span><\/h2>\n\n\n\n<p>Voici maintenant un classement des ventilateurs de tour recommand\u00e9s. La liste suivante n'est pas totalement exempte d'appr\u00e9ciations subjectives de ma part. J'ai essay\u00e9 de faire une s\u00e9lection \u00e9quilibr\u00e9e et d'en avoir pour tous les go\u00fbts.<\/p>\n\n\n\n<p id=\"Honeywell\"><\/p>\n\n\n\n<h3 class=\"wp-block-heading\" id=\"Levoit\"><span class=\"ez-toc-section\" id=\"Levoit_21_dB_Turmventilator_%E2%80%93_Ideal_fur_ruhige_Umgebungen\"><\/span><br><a href=\"https:\/\/amzn.to\/44hVi89\" target=\"_blank\" rel=\"noopener\">Ventilateur colonne Levoit 21 dB \u2013 m\u00e9rite la 2\u1d49 place<\/a> - Id\u00e9al pour les environnements calmes<span class=\"ez-toc-section-end\"><\/span><\/h3>\n\n\n\n<div class=\"wp-block-essential-blocks-slider  root-eb-slider-762sc\"><div class=\"eb-parent-wrapper eb-parent-eb-slider-762sc\"><div class=\"eb-slider-wrapper eb-slider-762sc\" data-blockid=\"eb-slider-762sc\" data-version=\"v4\" data-settings=\"eyJhcnJvd3MiOnRydWUsImFkYXB0aXZlSGVpZ2h0IjpmYWxzZSwiYXV0b3BsYXkiOmZhbHNlLCJhdXRvcGxheVNwZWVkIjozMDAwLCJkb3RzIjp0cnVlLCJmYWRlIjpmYWxzZSwiaW5maW5pdGUiOnRydWUsInBhdXNlT25Ib3ZlciI6dHJ1ZSwic2xpZGVzVG9TaG93IjoxLCJzcGVlZCI6NTAwLCJ2ZXJ0aWNhbCI6ZmFsc2UsImN1cnJlbnRTbGlkZSI6MCwicnRsIjpmYWxzZSwicmVzcG9uc2l2ZSI6W3siYnJlYWtwb2ludCI6MTAyNSwic2V0dGluZ3MiOnsic2xpZGVzVG9TaG93IjoxfX0seyJicmVha3BvaW50Ijo3NjcsInNldHRpbmdzIjp7InNsaWRlc1RvU2hvdyI6MX19XX0=\" data-arrownexticon=\"fas fa-arrow-alt-circle-right\" data-arrowprevicon=\"fas fa-arrow-alt-circle-left\" data-lightbox=\"false\"><div class=\"eb-slider-init eb-slider-type-image\"><div class=\"eb-slider-item content-1\" data-src=\"https:\/\/luftzug.org\/wp-content\/uploads\/2025\/03\/IMG_20250320_103825.jpg\"><div><img class=\"eb-slider-image\" data-lazy=\"https:\/\/luftzug.org\/wp-content\/uploads\/2025\/03\/IMG_20250320_103825.jpg\"\/><\/div><\/div><div class=\"eb-slider-item content-1\" data-src=\"https:\/\/luftzug.org\/wp-content\/uploads\/2025\/03\/IMG_20250319_144159.jpg\"><div><img class=\"eb-slider-image\" data-lazy=\"https:\/\/luftzug.org\/wp-content\/uploads\/2025\/03\/IMG_20250319_144159.jpg\"\/><\/div><\/div><div class=\"eb-slider-item content-1\" data-src=\"https:\/\/luftzug.org\/wp-content\/uploads\/2025\/03\/IMG_20250319_144213.jpg\"><div><img class=\"eb-slider-image\" data-lazy=\"https:\/\/luftzug.org\/wp-content\/uploads\/2025\/03\/IMG_20250319_144213.jpg\"\/><\/div><\/div><div class=\"eb-slider-item content-1\" data-src=\"https:\/\/luftzug.org\/wp-content\/uploads\/2025\/03\/IMG_20250319_144055.jpg\"><div><img class=\"eb-slider-image\" data-lazy=\"https:\/\/luftzug.org\/wp-content\/uploads\/2025\/03\/IMG_20250319_144055.jpg\"\/><\/div><\/div><div class=\"eb-slider-item content-1\" data-src=\"https:\/\/luftzug.org\/wp-content\/uploads\/2025\/03\/IMG_20250319_143938.jpg\"><div><img class=\"eb-slider-image\" data-lazy=\"https:\/\/luftzug.org\/wp-content\/uploads\/2025\/03\/IMG_20250319_143938.jpg\"\/><\/div><\/div><\/div><\/div><\/div><\/div>\n\n\n\n<div style=\"height:35px\" aria-hidden=\"true\" class=\"wp-block-spacer\"><\/div>\n\n\n<div class=\"affx-pros-cons-wrapper wp-block-affiliatex-pros-and-cons\" id=\"affiliatex-pros-cons-style-block-10c9a5df-471a-429f-90c9-61ee0b02135f\">\n\t<div class=\"affx-pros-cons-inner-wrapper layout-type-4 content-align-left\">\n\t\t<div class=\"affx-pros-inner\">\n\t\t\t<div class=\"pros-icon-title-wrap\">\n\t\t\t\t<div class=\"affiliatex-block-pros\">\n\t\t\t\t\t\t\t\t\t\t\t<i class=\"fas fa-thumbs-up\"><\/i>\n\t\t\t\t\t\t\t\t\t\t<p class=\"affiliatex-title\"><\/p>\n\t\t\t\t<\/div>\n\t\t\t<\/div>\n\t\t\t<div class=\"affiliatex-pros\">\n\t\t\t\t\t\t\t\t\t\t<ul class=\"affiliatex-list affiliatex-list-type-unordered afx-icon-list\">\n\t\t\t\t\t\t\t\t\t\t\t\t\t\t<li>\n\t\t\t\t\t\t\t\t\t\t\t<i class=\"fas fa-thumbs-up\"><\/i>\n\t\t\t\t\t\t\t\t\t\t<span>Tr\u00e8s silencieux sur les niveaux inf\u00e9rieurs, particuli\u00e8rement adapt\u00e9 \u00e0 la chambre \u00e0 coucher ou aux environnements de travail calmes<\/span>\n\t\t\t\t<\/li>\n\t\t\t\t\t\t\t\t\t\t\t\t\t\t\t\t<li>\n\t\t\t\t\t\t\t\t\t\t\t<i class=\"fas fa-thumbs-up\"><\/i>\n\t\t\t\t\t\t\t\t\t\t<span>Des performances puissantes m\u00eame dans un format compact<\/span>\n\t\t\t\t<\/li>\n\t\t\t\t\t\t\t\t\t\t\t\t\t\t\t\t<li>\n\t\t\t\t\t\t\t\t\t\t\t<i class=\"fas fa-thumbs-up\"><\/i>\n\t\t\t\t\t\t\t\t\t\t<span>Longue dur\u00e9e de conservation<\/span>\n\t\t\t\t<\/li>\n\t\t\t\t\t\t\t\t\t\t\t\t\t\t\t\t<li>\n\t\t\t\t\t\t\t\t\t\t\t<i class=\"fas fa-thumbs-up\"><\/i>\n\t\t\t\t\t\t\t\t\t\t<span>12 niveaux<\/span>\n\t\t\t\t<\/li>\n\t\t\t\t\t\t\t<\/ul>\n\t\t\t\t\t\t\t<\/div>\n\t\t<\/div>\n\t\t<div class=\"affx-cons-inner\">\n\t\t\t<div class=\"cons-icon-title-wrap\">\n\t\t\t\t<div class=\"affiliatex-block-cons\">\n\t\t\t\t\t\t\t\t\t\t\t<i class=\"fas fa-thumbs-down\"><\/i>\n\t\t\t\t\t\t\t\t\t\t<p class=\"affiliatex-title\"><\/p>\n\t\t\t\t<\/div>\n\t\t\t<\/div>\n\t\t\t<div class=\"affiliatex-cons\">\n\t\t\t\t\t\t\t\t\t\t<ul class=\"affiliatex-list affiliatex-list-type-unordered afx-icon-list\">\n\t\t\t\t\t\t\t\t\t\t\t\t\t\t<li>\n\t\t\t\t\t\t\t\t\t\t\t<i class=\"fas fa-thumbs-down\"><\/i>\n\t\t\t\t\t\t\t\t\t\t<span>Pas de pivotement vers le haut ou vers le bas<\/span>\n\t\t\t\t<\/li>\n\t\t\t\t\t\t\t\t\t\t\t\t\t\t\t\t<li>\n\t\t\t\t\t\t\t\t\t\t\t<i class=\"fas fa-thumbs-down\"><\/i>\n\t\t\t\t\t\t\t\t\t\t<span>Plus bruyant aux niveaux sup\u00e9rieurs<\/span>\n\t\t\t\t<\/li>\n\t\t\t\t\t\t\t<\/ul>\n\t\t\t\t\t\t\t<\/div>\n\t\t<\/div>\n\t<\/div>\n<\/div>\n\n\n\n<p>En comparaison directe avec le ventilateur sur pied de Brandson, le Levoit est un peu plus bruyant :&nbsp;<strong>21dB<\/strong>&nbsp;(bien qu'on ne l'entende gu\u00e8re non plus) au niveau le plus bas - il se situe ainsi presque exactement au niveau de 20 dB indiqu\u00e9 par le fabricant et fait partie des mod\u00e8les les plus silencieux du march\u00e9.<\/p>\n\n\n\n<p>Le site <strong>Le montage s'est fait en moins de trois minutes<\/strong>, et le <strong>Le support a \u00e9t\u00e9 le plus rapide et le plus facile \u00e0 installer par rapport aux autres appareils.<\/strong>. Particuli\u00e8rement impressionnant : bien qu'il fonctionne si silencieusement, le <strong>Flux d'air au niveau 1 suffisamment fort pour souffler une bougie \u00e0 trois m\u00e8tres de distance<\/strong> - une valeur rare dans cette cat\u00e9gorie d'appareils.<\/p>\n\n\n\n<p>Sur <strong>au niveau 12, le Levoit fournit une vitesse d'air allant jusqu'\u00e0 7,9 m\/s<\/strong> - plus que suffisant pour un rafra\u00eechissement rapide les jours de grande chaleur. Gr\u00e2ce \u00e0 la <strong>Oscillation \u00e0 90<\/strong> le flux d'air est r\u00e9parti uniform\u00e9ment dans la pi\u00e8ce. Le site <strong>affichage LED avec indication de la temp\u00e9rature<\/strong>, <strong>T\u00e9l\u00e9commande<\/strong>, <strong>12 niveaux de vitesse<\/strong>, <strong>4 modes<\/strong> et un <strong>Minuteur de 12 heures<\/strong> compl\u00e8tent l'ensemble. Le ventilateur, d'un blanc sobre, fait \u00e9galement bonne figure.<\/p>\n\n\n\n<p>Il est important de savoir : Sur la plupart des ventilateurs de tour, il est possible de r\u00e9gler le flux d'air. <strong>ne pas r\u00e9gler verticalement<\/strong>mais s'\u00e9coule <strong>toujours tout droit<\/strong>. Avec un prix d'environ <strong>90 euros<\/strong> le Levoit offre un <strong>un ensemble impressionnant de silence, de performance et de confort d'utilisation<\/strong> - parfait pour ceux qui veulent aussi dans la chambre <strong>ne veulent pas renoncer \u00e0 un courant d'air frais, mais appr\u00e9cient le calme absolu.<\/strong><\/p>\n\n\n\n<div style=\"position: relative; height: 0; margin-bottom: -10px;\">\n  <div style=\"    position: absolute;    top: 8px;    left: 16px;    background-color: #007BFF;    color: white;    padding: 8px 8px;    font-size: 16px;    font-weight: bold;    border-radius: 6px;    z-index: 10;    box-shadow: 0 2px 6px rgba(0,0,0,0.2);  \">\n    Vainqueur du test  <\/div>\n<\/div>\n\n\n\n<div class=\"aawp\">\n\n            \n            \n<div class=\"aawp-product aawp-product--horizontal aawp-product--inline-info aawp-product--css-adjust-image-large\"  data-aawp-product-asin=\"B0CTMLBB1Q\" data-aawp-product-id=\"1356\" data-aawp-tracking-id=\"zaubereltern-21\" data-aawp-product-title=\"Levoit - DC Motor Turmventilator - 20dB sehr leiser Ventilator - 4 Modi\/12 Stufen\/12 Std Timer - Fernbedienung &amp; K\u00fchlung - Tower Fan mit 7,9m\/s Geschwindigkeit - 24W Standventilator - Wei\u00df 92 cm\" data-aawp-local-click-tracking=\"1\">\n\n    \n    <div class=\"aawp-product__thumb\">\n        <a class=\"aawp-product__image-link\" href=\"https:\/\/amzn.to\/44hVi89\" title=\"Ventilateur colonne Levoit 21 dB \u2013 m\u00e9rite la 2\u1d49 place\" rel=\"nofollow noopener sponsored\" target=\"_blank\">\n            <img decoding=\"async\" class=\"aawp-product__image\" src=\"https:\/\/luftzug.org\/wp-content\/plugins\/aawp\/public\/image.php?url=YUhSMGNITTZMeTl0TG0xbFpHbGhMV0Z0WVhwdmJpNWpiMjB2YVcxaFoyVnpMMGt2TXpGeGFYQjFRVU5CUVV3dWFuQm58MTc3ODAwMDkyNw=\" alt=\"Ventilateur colonne Levoit 21 dB \u2013 m\u00e9rite la 2\u1d49 place\"  \/>\n        <\/a>\n\n                    <div class=\"aawp-product__rating\">\n                <a class=\"aawp-star-rating aawp-star-rating--small aawp-star-rating--v1\" href=\"https:\/\/amzn.to\/44hVi89\" title=\"Commentaires sur Amazon\" rel=\"nofollow noopener sponsored\" target=\"_blank\"><span style=\"width: 100%;\"><\/span><\/a>\n                            <\/div>\n            <\/div>\n\n    <div class=\"aawp-product__content\">\n        <a class=\"aawp-product__title\" href=\"https:\/\/amzn.to\/44hVi89\" title=\"Ventilateur colonne Levoit 21 dB \u2013 m\u00e9rite la 2\u1d49 place\" rel=\"nofollow noopener sponsored\" target=\"_blank\">\n            Ventilateur colonne Levoit 21 dB \u2013 m\u00e9rite la 2\u1d49 place        <\/a>\n        <div class=\"aawp-product__description\">\n            <div style=\"background-color: #f5f5f5; padding: 15px; border-radius: 8px; font-size: 16px;\">\n  Extr\u00eamement silencieux, \u00e9quipement intelligent - avec 21 dB et un confort d'utilisation au top, le Levoit m\u00e9rite sa deuxi\u00e8me place parmi les ventilateurs de tour les plus silencieux !\n<\/div>\n        <\/div>\n    <\/div>\n\n    <div class=\"aawp-product__footer\">\n\n        <div class=\"aawp-product__pricing\">\n            \n                            <span class=\"aawp-product__price aawp-product__price--current\"><\/span>\n            \n                    <\/div>\n\n                <a class=\"aawp-button aawp-button--buy aawp-button aawp-button--blue shadow aawp-button--icon aawp-button--icon-white\" href=\"https:\/\/amzn.to\/44hVi89\" title=\"Acheter sur Amazon\" target=\"_blank\" rel=\"nofollow noopener sponsored\">Acheter sur Amazon<\/a>\n                    <span class=\"aawp-product__info\">Prix TTC, frais de port en sus<\/span>\n            <\/div>\n\n<\/div>\n\n    \n<\/div>\n\n\n\n<!DOCTYPE html>\n<html lang=\"de\">\n<head>\n  \n  \n  <title>FAQ sur le ventilateur de tour Levoit<\/title>\n  <style>\n    .faq-container {\n      width: 100%;\n      max-width: 800px;\n      margin: 20px auto;\n      font-family: Arial, sans-serif;\n    }\n\n    .faq-item {\n      border-bottom: 1px solid #ccc;\n      margin-bottom: 10px;\n    }\n\n    .faq-question {\n      background-color: #f1f1f1;\n      color: #333;\n      cursor: pointer;\n      padding: 15px;\n      width: 100%;\n      border: none;\n      text-align: left;\n      outline: none;\n      font-size: 18px;\n      display: flex;\n      justify-content: space-between;\n      align-items: center;\n    }\n\n    .faq-question::after {\n      content: '\\25BC';\n      font-size: 18px;\n      transition: transform 0.3s;\n    }\n\n    .faq-question.active::after {\n      transform: rotate(180deg);\n    }\n\n    .faq-answer {\n      max-height: 0;\n      overflow: hidden;\n      transition: max-height 0.3s ease;\n      background-color: #f9f9f9;\n      font-size: 16px;\n      padding: 0 15px;\n    }\n\n    .faq-answer.open {\n      padding: 15px;\n      max-height: 500px;\n    }\n  <\/style>\n<\/head>\n<body>\n\n<div class=\"faq-container\">\n\n  <div class=\"faq-item\">\n    <button class=\"faq-question\">Quelle est la puissance du flux d'air aux niveaux bas ?<\/button>\n    <div class=\"faq-answer\">\n      D\u00e9j\u00e0 perceptible au niveau 1 - suffit pour souffler une bougie \u00e0 3 m de distance.\n    <\/div>\n  <\/div>\n\n  <div class=\"faq-item\">\n    <button class=\"faq-question\">Quel est son niveau de bruit aux niveaux sup\u00e9rieurs ?<\/button>\n    <div class=\"faq-answer\">\n      M\u00eame au niveau le plus \u00e9lev\u00e9, il est plus silencieux que certains mod\u00e8les concurrents - on peut encore discuter.\n    <\/div>\n  <\/div>\n\n  <div class=\"faq-item\">\n    <button class=\"faq-question\">Est-il possible d'\u00e9teindre l'\u00e9cran ?<\/button>\n    <div class=\"faq-answer\">\n      Oui, en mode nuit, l'\u00e9cran s'\u00e9teint automatiquement.\n    <\/div>\n  <\/div>\n\n  <div class=\"faq-item\">\n    <button class=\"faq-question\">Quels sont les modes de fonctionnement du ventilateur ?<\/button>\n    <div class=\"faq-answer\">\n      Normal, Turbo, Auto &amp; mode nuit - y compris le contr\u00f4le de la temp\u00e9rature en mode auto.\n    <\/div>\n  <\/div>\n\n  <div class=\"faq-item\">\n    <button class=\"faq-question\">La t\u00e9l\u00e9commande fonctionne-t-elle bien ?<\/button>\n    <div class=\"faq-answer\">\n      Oui, toutes les fonctions peuvent \u00eatre facilement contr\u00f4l\u00e9es avec ce dispositif - y compris l'\u00e9cran et le son d\u00e9sactiv\u00e9.\n    <\/div>\n  <\/div>\n\n  <div class=\"faq-item\">\n    <button class=\"faq-question\">L'appareil est-il adapt\u00e9 \u00e0 la chambre \u00e0 coucher ?<\/button>\n    <div class=\"faq-answer\">\n      Absolument - surtout gr\u00e2ce au fonctionnement silencieux et au mode nuit.\n    <\/div>\n  <\/div>\n\n  <div class=\"faq-item\">\n    <button class=\"faq-question\">Y a-t-il des faiblesses ?<\/button>\n    <div class=\"faq-answer\">\n      Minimum : pas de panneau de commande \u00e9clair\u00e9 sur l'appareil &amp; l\u00e9ger bruit lorsque l'appareil est \u00e9teint (si les bips ne sont pas d\u00e9sactiv\u00e9s).\n    <\/div>\n  <\/div>\n\n  <div class=\"faq-item\">\n    <button class=\"faq-question\">Qu'en est-il du nettoyage ?<\/button>\n    <div class=\"faq-answer\">\n      Tr\u00e8s simple - l'insert du ventilateur peut \u00eatre retir\u00e9 pour \u00eatre nettoy\u00e9.\n    <\/div>\n  <\/div>\n\n<\/div>\n\n<script>\n  document.addEventListener(\"DOMContentLoaded\", function() {\n    const questions = document.querySelectorAll(\".faq-question\");\n\n    questions.forEach(question => {\n      question.addEventListener(\"click\", function() {\n        const answer = this.nextElementSibling;\n        const isOpen = answer.classList.contains(\"open\");\n\n        document.querySelectorAll(\".faq-answer\").forEach(ans => ans.classList.remove(\"open\"));\n        document.querySelectorAll(\".faq-question\").forEach(btn => btn.classList.remove(\"active\"));\n\n        if (!isOpen) {\n          answer.classList.add(\"open\");\n          this.classList.add(\"active\");\n        }\n      });\n    });\n  });\n<\/script>\n\n<\/body>\n<\/html>\n\n\n\n<div style=\"height:50px\" aria-hidden=\"true\" class=\"wp-block-spacer\"><\/div>\n\n\n\n<h3 class=\"wp-block-heading\" id=\"Philips\"><span class=\"ez-toc-section\" id=\"Philips_Oszillierender_Turmventilator_%E2%80%93_Kraftpaket_mit_Duftdiffusor_Funktion\"><\/span><a href=\"https:\/\/amzn.to\/3TrYnMD\" target=\"_blank\" rel=\"noopener\">Philips ventilateur colonne oscillant <\/a>- Un concentr\u00e9 de puissance avec fonction de diffusion de parfum<span class=\"ez-toc-section-end\"><\/span><\/h3>\n\n\n\n<div class=\"wp-block-essential-blocks-slider  root-eb-slider-1txp7\"><div class=\"eb-parent-wrapper eb-parent-eb-slider-1txp7\"><div class=\"eb-slider-wrapper eb-slider-1txp7\" data-blockid=\"eb-slider-1txp7\" data-version=\"v4\" data-settings=\"eyJhcnJvd3MiOnRydWUsImFkYXB0aXZlSGVpZ2h0IjpmYWxzZSwiYXV0b3BsYXkiOmZhbHNlLCJhdXRvcGxheVNwZWVkIjozMDAwLCJkb3RzIjp0cnVlLCJmYWRlIjpmYWxzZSwiaW5maW5pdGUiOnRydWUsInBhdXNlT25Ib3ZlciI6dHJ1ZSwic2xpZGVzVG9TaG93IjoxLCJzcGVlZCI6NTAwLCJ2ZXJ0aWNhbCI6ZmFsc2UsImN1cnJlbnRTbGlkZSI6MCwicnRsIjpmYWxzZSwicmVzcG9uc2l2ZSI6W3siYnJlYWtwb2ludCI6MTAyNSwic2V0dGluZ3MiOnsic2xpZGVzVG9TaG93IjoxfX0seyJicmVha3BvaW50Ijo3NjcsInNldHRpbmdzIjp7InNsaWRlc1RvU2hvdyI6MX19XX0=\" data-arrownexticon=\"fas fa-arrow-alt-circle-right\" data-arrowprevicon=\"fas fa-arrow-alt-circle-left\" data-lightbox=\"false\"><div class=\"eb-slider-init eb-slider-type-image\"><div class=\"eb-slider-item content-1\" data-src=\"https:\/\/luftzug.org\/wp-content\/uploads\/2025\/03\/IMG_20250320_103427.jpg\"><div><img class=\"eb-slider-image\" data-lazy=\"https:\/\/luftzug.org\/wp-content\/uploads\/2025\/03\/IMG_20250320_103427.jpg\"\/><\/div><\/div><div class=\"eb-slider-item content-1\" data-src=\"https:\/\/luftzug.org\/wp-content\/uploads\/2025\/03\/IMG_20250319_155244.jpg\"><div><img class=\"eb-slider-image\" data-lazy=\"https:\/\/luftzug.org\/wp-content\/uploads\/2025\/03\/IMG_20250319_155244.jpg\"\/><\/div><\/div><div class=\"eb-slider-item content-1\" data-src=\"https:\/\/luftzug.org\/wp-content\/uploads\/2025\/03\/IMG_20250319_155248.jpg\"><div><img class=\"eb-slider-image\" data-lazy=\"https:\/\/luftzug.org\/wp-content\/uploads\/2025\/03\/IMG_20250319_155248.jpg\"\/><\/div><\/div><div class=\"eb-slider-item content-1\" data-src=\"https:\/\/luftzug.org\/wp-content\/uploads\/2025\/03\/IMG_20250319_155321.jpg\"><div><img class=\"eb-slider-image\" data-lazy=\"https:\/\/luftzug.org\/wp-content\/uploads\/2025\/03\/IMG_20250319_155321.jpg\"\/><\/div><\/div><div class=\"eb-slider-item content-1\" data-src=\"https:\/\/luftzug.org\/wp-content\/uploads\/2025\/03\/IMG_20250319_155343.jpg\"><div><img class=\"eb-slider-image\" data-lazy=\"https:\/\/luftzug.org\/wp-content\/uploads\/2025\/03\/IMG_20250319_155343.jpg\"\/><\/div><\/div><div class=\"eb-slider-item content-1\" data-src=\"https:\/\/luftzug.org\/wp-content\/uploads\/2025\/03\/IMG_20250319_155330.jpg\"><div><img class=\"eb-slider-image\" data-lazy=\"https:\/\/luftzug.org\/wp-content\/uploads\/2025\/03\/IMG_20250319_155330.jpg\"\/><\/div><\/div><div class=\"eb-slider-item content-1\" data-src=\"https:\/\/luftzug.org\/wp-content\/uploads\/2025\/03\/IMG_20250319_155352.jpg\"><div><img class=\"eb-slider-image\" data-lazy=\"https:\/\/luftzug.org\/wp-content\/uploads\/2025\/03\/IMG_20250319_155352.jpg\"\/><\/div><\/div><div class=\"eb-slider-item content-1\" data-src=\"https:\/\/luftzug.org\/wp-content\/uploads\/2025\/03\/IMG_20250319_155252.jpg\"><div><img class=\"eb-slider-image\" data-lazy=\"https:\/\/luftzug.org\/wp-content\/uploads\/2025\/03\/IMG_20250319_155252.jpg\"\/><\/div><\/div><\/div><\/div><\/div><\/div>\n\n\n<div class=\"affx-pros-cons-wrapper wp-block-affiliatex-pros-and-cons\" id=\"affiliatex-pros-cons-style-block-ba0d6b82-6d0a-43d1-bf33-da07e14d74d6\">\n\t<div class=\"affx-pros-cons-inner-wrapper layout-type-4 content-align-left\">\n\t\t<div class=\"affx-pros-inner\">\n\t\t\t<div class=\"pros-icon-title-wrap\">\n\t\t\t\t<div class=\"affiliatex-block-pros\">\n\t\t\t\t\t\t\t\t\t\t\t<i class=\"fas fa-thumbs-up\"><\/i>\n\t\t\t\t\t\t\t\t\t\t<p class=\"affiliatex-title\"><\/p>\n\t\t\t\t<\/div>\n\t\t\t<\/div>\n\t\t\t<div class=\"affiliatex-pros\">\n\t\t\t\t\t\t\t\t\t\t<ul class=\"affiliatex-list affiliatex-list-type-unordered afx-icon-list\">\n\t\t\t\t\t\t\t\t\t\t\t\t\t\t<li>\n\t\t\t\t\t\t\t\t\t\t\t<i class=\"fas fa-thumbs-up\"><\/i>\n\t\t\t\t\t\t\t\t\t\t<span>fonctionnement silencieux \u00e0 bas niveau<\/span>\n\t\t\t\t<\/li>\n\t\t\t\t\t\t\t\t\t\t\t\t\t\t\t\t<li>\n\t\t\t\t\t\t\t\t\t\t\t<i class=\"fas fa-thumbs-up\"><\/i>\n\t\t\t\t\t\t\t\t\t\t<span>flux d'air agr\u00e9able, bon pour les pi\u00e8ces d'habitation<\/span>\n\t\t\t\t<\/li>\n\t\t\t\t\t\t\t\t\t\t\t\t\t\t\t\t<li>\n\t\t\t\t\t\t\t\t\t\t\t<i class=\"fas fa-thumbs-up\"><\/i>\n\t\t\t\t\t\t\t\t\t\t<span>T\u00e9l\u00e9commande &amp; fonction minuterie<\/span>\n\t\t\t\t<\/li>\n\t\t\t\t\t\t\t\t\t\t\t\t\t\t\t\t<li>\n\t\t\t\t\t\t\t\t\t\t\t<i class=\"fas fa-thumbs-up\"><\/i>\n\t\t\t\t\t\t\t\t\t\t<span>design \u00e9l\u00e9gant et de qualit\u00e9<\/span>\n\t\t\t\t<\/li>\n\t\t\t\t\t\t\t\t\t\t\t\t\t\t\t\t<li>\n\t\t\t\t\t\t\t\t\t\t\t<i class=\"fas fa-thumbs-up\"><\/i>\n\t\t\t\t\t\t\t\t\t\t<span>fonction ar\u00f4me utilisable avec sa propre huile parfum\u00e9e<\/span>\n\t\t\t\t<\/li>\n\t\t\t\t\t\t\t<\/ul>\n\t\t\t\t\t\t\t<\/div>\n\t\t<\/div>\n\t\t<div class=\"affx-cons-inner\">\n\t\t\t<div class=\"cons-icon-title-wrap\">\n\t\t\t\t<div class=\"affiliatex-block-cons\">\n\t\t\t\t\t\t\t\t\t\t\t<i class=\"fas fa-thumbs-down\"><\/i>\n\t\t\t\t\t\t\t\t\t\t<p class=\"affiliatex-title\"><\/p>\n\t\t\t\t<\/div>\n\t\t\t<\/div>\n\t\t\t<div class=\"affiliatex-cons\">\n\t\t\t\t\t\t\t\t\t\t<ul class=\"affiliatex-list affiliatex-list-type-unordered afx-icon-list\">\n\t\t\t\t\t\t\t\t\t\t\t\t\t\t<li>\n\t\t\t\t\t\t\t\t\t\t\t<i class=\"fas fa-thumbs-down\"><\/i>\n\t\t\t\t\t\t\t\t\t\t<span>Le \"mode nature\" semble un peu artificiel en raison des courtes r\u00e9p\u00e9titions<\/span>\n\t\t\t\t<\/li>\n\t\t\t\t\t\t\t\t\t\t\t\t\t\t\t\t<li>\n\t\t\t\t\t\t\t\t\t\t\t<i class=\"fas fa-thumbs-down\"><\/i>\n\t\t\t\t\t\t\t\t\t\t<span>angle d'oscillation d'environ 60\u00b0 seulement<\/span>\n\t\t\t\t<\/li>\n\t\t\t\t\t\t\t<\/ul>\n\t\t\t\t\t\t\t<\/div>\n\t\t<\/div>\n\t<\/div>\n<\/div>\n\n\n\n<p>Le ventilateur de tour de Philips est un <strong>ventilateur solide et fonctionnel<\/strong>qui se distingue particuli\u00e8rement par sa <strong>Taille, d\u00e9bit d'air et fonctionnement silencieux<\/strong> est convaincant. Compar\u00e9 \u00e0 d'autres mod\u00e8les comme le Levoit, le Brandson ou le Dreo, il ne se distingue pas des autres. <strong>plus grand de<\/strong> et propose \u00e9galement <strong>plus de puissance<\/strong>sans faire de bruit.<\/p>\n\n\n\n<p>Le site <strong>large sortie d'air<\/strong> assure, selon le fabricant, un flux d'air allant jusqu'\u00e0 <strong>2230 m\u00b3\/h<\/strong> - et cela se voit : la pi\u00e8ce est rapidement a\u00e9r\u00e9e. Philips indique un niveau sonore de <strong>39 dB (min) \u00e0 46 dB (max)<\/strong> \u00e0. <strong>Lors de mon test, le volume sonore au niveau 1 n'\u00e9tait que d'environ 26 dB.<\/strong>. C'est <strong>tr\u00e8s silencieux<\/strong>mais toujours perceptible - plut\u00f4t un l\u00e9ger bruit. Imm\u00e9diatement apr\u00e8s la mise en marche, un <strong>bref bourdonnement \u00e9lectronique<\/strong> qui a disparu apr\u00e8s environ 30 secondes. Possiblement sp\u00e9cifique \u00e0 l'appareil.<\/p>\n\n\n\n<ul class=\"wp-block-list has-base-2-background-color has-background\">\n<li>3 niveaux de vitesse<\/li>\n\n\n\n<li>Mode nature avec intensit\u00e9 d'air variable<\/li>\n\n\n\n<li>oscillation d'environ 60\u00b0 \u00e0 l'horizontale<\/li>\n\n\n\n<li>minuterie de 1 \u00e0 4 heures<\/li>\n\n\n\n<li>T\u00e9l\u00e9commande incluse (port\u00e9e limit\u00e9e)<\/li>\n<\/ul>\n\n\n\n<p>Avec <strong>3 niveaux de vitesse<\/strong> et <strong>3 modes<\/strong> (dont un mode nature \u00e0 intensit\u00e9 variable), l'appareil offre suffisamment de vari\u00e9t\u00e9 pour le quotidien. Le mode naturel, en particulier, procure une sensation de ventilation agr\u00e9ablement changeante - du souffle l\u00e9ger au flux d'air puissant. Le <strong>minuterie (1 \u00e0 4 heures)<\/strong> est \u00e9galement pratique, surtout pour la chambre \u00e0 coucher.<\/p>\n\n\n\n<p>Un petit plus sympa est le <strong>Diffuseur d'ar\u00f4mes<\/strong>Il peut \u00eatre rempli avec ses propres huiles essentielles. Ceux qui aiment les parfums discrets peuvent ainsi cr\u00e9er une atmosph\u00e8re d\u00e9tendue - m\u00eame si cela reste une fonction bonus.<\/p>\n\n\n\n<p>Le site <strong>le design est fin, simple et peu encombrant<\/strong>Id\u00e9al pour les pi\u00e8ces d'habitation avec peu de place. La finition est de grande qualit\u00e9 et le montage est rapide.<\/p>\n\n\n\n<div style=\"position: relative; height: 0; margin-bottom: -10px;\">\n  <div style=\"    position: absolute;    top: 8px;    left: 16px;    background-color: #007BFF;    color: white;    padding: 8px 8px;    font-size: 16px;    font-weight: bold;    border-radius: 6px;    z-index: 10;    box-shadow: 0 2px 6px rgba(0,0,0,0.2);  \">\n    Beaucoup de puissance  <\/div>\n<\/div>\n\n\n\n<div class=\"aawp\">\n\n            \n            \n<div class=\"aawp-product aawp-product--horizontal aawp-product--inline-info aawp-product--css-adjust-image-large\"  data-aawp-product-asin=\"B0BWS9FY8K\" data-aawp-product-id=\"1359\" data-aawp-tracking-id=\"zaubereltern-21\" data-aawp-product-title=\"Philips Oszillierender Turmventilator 5000 Serie 105 cm Fernbedienung Timer 3 Geschwindigkeiten 3 Modi 40W leistungsstarker leiser Luftstrom geeignet als Aroma-Diffuser grau  CX5535\/11\" data-aawp-local-click-tracking=\"1\">\n\n    \n    <div class=\"aawp-product__thumb\">\n        <a class=\"aawp-product__image-link\" href=\"https:\/\/amzn.to\/3TrYnMD\" title=\"Philips Ventilateur de tour oscillant 26 dB\" rel=\"nofollow noopener sponsored\" target=\"_blank\">\n            <img decoding=\"async\" class=\"aawp-product__image\" src=\"https:\/\/luftzug.org\/wp-content\/plugins\/aawp\/public\/image.php?url=YUhSMGNITTZMeTl0TG0xbFpHbGhMV0Z0WVhwdmJpNWpiMjB2YVcxaFoyVnpMMGt2TXpGRVRUQTFTSGRTUTB3dWFuQm58MTc3ODAwMDkyNw=\" alt=\"Philips Ventilateur de tour oscillant 26 dB\"  \/>\n        <\/a>\n\n            <\/div>\n\n    <div class=\"aawp-product__content\">\n        <a class=\"aawp-product__title\" href=\"https:\/\/amzn.to\/3TrYnMD\" title=\"Philips Ventilateur de tour oscillant 26 dB\" rel=\"nofollow noopener sponsored\" target=\"_blank\">\n            Philips Ventilateur de tour oscillant 26 dB        <\/a>\n        <div class=\"aawp-product__description\">\n            <div style=\"background-color: #f5f5f5; padding: 15px; border-radius: 8px; font-size: 16px;\">\n  Silencieux, fiable et visuellement sobre, le ventilateur de tour Philips offre de solides performances avec minuterie, mode nuit et fonction parfum. Un bon choix pour les nuits chaudes \u00e0 moins de 100 \u20ac.\n<\/div>\n        <\/div>\n    <\/div>\n\n    <div class=\"aawp-product__footer\">\n\n        <div class=\"aawp-product__pricing\">\n            \n                            <span class=\"aawp-product__price aawp-product__price--current\"><\/span>\n            \n                    <\/div>\n\n                <a class=\"aawp-button aawp-button--buy aawp-button aawp-button--blue shadow aawp-button--icon aawp-button--icon-white\" href=\"https:\/\/amzn.to\/3TrYnMD\" title=\"Acheter sur Amazon\" target=\"_blank\" rel=\"nofollow noopener sponsored\">Acheter sur Amazon<\/a>\n                    <span class=\"aawp-product__info\">Prix TTC, frais de port en sus<\/span>\n            <\/div>\n\n<\/div>\n\n    \n<\/div>\n\n\n\n<!DOCTYPE html>\n<html lang=\"de\">\n<head>\n  \n  \n  <title>FAQ sur le ventilateur de tour Philips<\/title>\n  <style>\n    .faq-container {\n      width: 100%;\n      max-width: 800px;\n      margin: 20px auto;\n      font-family: Arial, sans-serif;\n    }\n\n    .faq-item {\n      border-bottom: 1px solid #ccc;\n      margin-bottom: 10px;\n    }\n\n    .faq-question {\n      background-color: #f1f1f1;\n      color: #333;\n      cursor: pointer;\n      padding: 15px;\n      width: 100%;\n      border: none;\n      text-align: left;\n      outline: none;\n      font-size: 18px;\n      display: flex;\n      justify-content: space-between;\n      align-items: center;\n    }\n\n    .faq-question::after {\n      content: '\\25BC';\n      font-size: 18px;\n      transition: transform 0.3s;\n    }\n\n    .faq-question.active::after {\n      transform: rotate(180deg);\n    }\n\n    .faq-answer {\n      max-height: 0;\n      overflow: hidden;\n      transition: max-height 0.3s ease;\n      background-color: #f9f9f9;\n      font-size: 16px;\n      padding: 0 15px;\n    }\n\n    .faq-answer.open {\n      padding: 15px;\n      max-height: 500px;\n    }\n  <\/style>\n<\/head>\n<body>\n\n<div class=\"faq-container\">\n\n  <div class=\"faq-item\">\n    <button class=\"faq-question\">Le ventilateur est-il suffisamment silencieux pour la chambre \u00e0 coucher ?<\/button>\n    <div class=\"faq-answer\">\n      Aux niveaux inf\u00e9rieurs, il est agr\u00e9ablement silencieux. Beaucoup l'utilisent la nuit, mais les dormeurs sensibles pourraient tout de m\u00eame le trouver trop bruyant, surtout au niveau le plus \u00e9lev\u00e9.\n    <\/div>\n  <\/div>\n\n  <div class=\"faq-item\">\n    <button class=\"faq-question\">La t\u00e9l\u00e9commande fonctionne-t-elle bien ?<\/button>\n    <div class=\"faq-answer\">\n      Fonctionne en principe, mais pas toujours de mani\u00e8re fiable - surtout \u00e0 grande distance. La commande directe sur l'appareil est souvent la meilleure option.\n    <\/div>\n  <\/div>\n\n  <div class=\"faq-item\">\n    <button class=\"faq-question\">Quel est le flux d'air ?<\/button>\n    <div class=\"faq-answer\">\n      Le flux d'air est agr\u00e9ablement frais. D\u00e9j\u00e0 nettement perceptible \u00e0 la vitesse moyenne, il est puissant \u00e0 la vitesse maximale - mais aussi plus audible.\n    <\/div>\n  <\/div>\n\n  <div class=\"faq-item\">\n    <button class=\"faq-question\">Quelles sont les fonctions les plus pratiques ?<\/button>\n    <div class=\"faq-answer\">\n      Le ventilateur offre plusieurs niveaux de vitesse, une minuterie et un mode nuit. L'utilisation est intuitive et rapidement comprise.\n    <\/div>\n  <\/div>\n\n  <div class=\"faq-item\">\n    <button class=\"faq-question\">Quelle est la qualit\u00e9 de l'oscillation ?<\/button>\n    <div class=\"faq-answer\">\n      L'angle d'oscillation est d'environ 60\u00b0. C'est suffisant pour les petites pi\u00e8ces, mais il ne couvre pas toute la pi\u00e8ce.\n    <\/div>\n  <\/div>\n\n  <div class=\"faq-item\">\n    <button class=\"faq-question\">Peut-on utiliser ses propres parfums ?<\/button>\n    <div class=\"faq-answer\">\n      Oui, l'insert aromatique fonctionne avec n'importe quelle huile essentielle. Il suffit de verser quelques gouttes sur le pad en mousse et le tour est jou\u00e9.\n    <\/div>\n  <\/div>\n\n  <div class=\"faq-item\">\n    <button class=\"faq-question\">Comment est la finition ?<\/button>\n    <div class=\"faq-answer\">\n      Visuellement attrayant, stable et de grande qualit\u00e9. Le montage est simple et rapide.\n    <\/div>\n  <\/div>\n\n<\/div>\n\n<script>\n  document.addEventListener(\"DOMContentLoaded\", function() {\n    const questions = document.querySelectorAll(\".faq-question\");\n\n    questions.forEach(question => {\n      question.addEventListener(\"click\", function() {\n        const answer = this.nextElementSibling;\n        const isOpen = answer.classList.contains(\"open\");\n\n        document.querySelectorAll(\".faq-answer\").forEach(ans => ans.classList.remove(\"open\"));\n        document.querySelectorAll(\".faq-question\").forEach(btn => btn.classList.remove(\"active\"));\n\n        if (!isOpen) {\n          answer.classList.add(\"open\");\n          this.classList.add(\"active\");\n        }\n      });\n    });\n  });\n<\/script>\n\n<\/body>\n<\/html>\n\n\n\n<div style=\"height:50px\" aria-hidden=\"true\" class=\"wp-block-spacer\"><\/div>\n\n\n\n<h3 class=\"wp-block-heading\" id=\"Brandson\"><span class=\"ez-toc-section\" id=\"Brandson_Turmventilator_%E2%80%93_gunstige_Alternative\"><\/span><a href=\"https:\/\/amzn.to\/3SYW1F0\" target=\"_blank\" rel=\"noopener\">Brandson ventilateur colonne&nbsp;<\/a> - alternative avantageuse<span class=\"ez-toc-section-end\"><\/span><\/h3>\n\n\n\n<div class=\"wp-block-essential-blocks-slider  root-eb-slider-6ax68\"><div class=\"eb-parent-wrapper eb-parent-eb-slider-6ax68\"><div class=\"eb-slider-wrapper eb-slider-6ax68\" data-blockid=\"eb-slider-6ax68\" data-version=\"v4\" data-settings=\"eyJhcnJvd3MiOnRydWUsImFkYXB0aXZlSGVpZ2h0IjpmYWxzZSwiYXV0b3BsYXkiOmZhbHNlLCJhdXRvcGxheVNwZWVkIjozMDAwLCJkb3RzIjp0cnVlLCJmYWRlIjpmYWxzZSwiaW5maW5pdGUiOnRydWUsInBhdXNlT25Ib3ZlciI6dHJ1ZSwic2xpZGVzVG9TaG93IjoxLCJzcGVlZCI6NTAwLCJ2ZXJ0aWNhbCI6ZmFsc2UsImN1cnJlbnRTbGlkZSI6MCwicnRsIjpmYWxzZSwicmVzcG9uc2l2ZSI6W3siYnJlYWtwb2ludCI6MTAyNSwic2V0dGluZ3MiOnsic2xpZGVzVG9TaG93IjoxfX0seyJicmVha3BvaW50Ijo3NjcsInNldHRpbmdzIjp7InNsaWRlc1RvU2hvdyI6MX19XX0=\" data-arrownexticon=\"fas fa-arrow-alt-circle-right\" data-arrowprevicon=\"fas fa-arrow-alt-circle-left\" data-lightbox=\"false\"><div class=\"eb-slider-init eb-slider-type-image\"><div class=\"eb-slider-item content-1\" data-src=\"https:\/\/luftzug.org\/wp-content\/uploads\/2025\/03\/IMG_20250320_103631-1.jpg\"><div><img class=\"eb-slider-image\" data-lazy=\"https:\/\/luftzug.org\/wp-content\/uploads\/2025\/03\/IMG_20250320_103631-1.jpg\"\/><\/div><\/div><div class=\"eb-slider-item content-1\" data-src=\"https:\/\/luftzug.org\/wp-content\/uploads\/2025\/03\/IMG_20250319_154126-1.jpg\"><div><img class=\"eb-slider-image\" data-lazy=\"https:\/\/luftzug.org\/wp-content\/uploads\/2025\/03\/IMG_20250319_154126-1.jpg\"\/><\/div><\/div><div class=\"eb-slider-item content-1\" data-src=\"https:\/\/luftzug.org\/wp-content\/uploads\/2025\/03\/IMG_20250319_154155-1.jpg\"><div><img class=\"eb-slider-image\" data-lazy=\"https:\/\/luftzug.org\/wp-content\/uploads\/2025\/03\/IMG_20250319_154155-1.jpg\"\/><\/div><\/div><div class=\"eb-slider-item content-1\" data-src=\"https:\/\/luftzug.org\/wp-content\/uploads\/2025\/03\/IMG_20250319_154119-1.jpg\"><div><img class=\"eb-slider-image\" data-lazy=\"https:\/\/luftzug.org\/wp-content\/uploads\/2025\/03\/IMG_20250319_154119-1.jpg\"\/><\/div><\/div><div class=\"eb-slider-item content-1\" data-src=\"https:\/\/luftzug.org\/wp-content\/uploads\/2025\/03\/IMG_20250319_154134-1.jpg\"><div><img class=\"eb-slider-image\" data-lazy=\"https:\/\/luftzug.org\/wp-content\/uploads\/2025\/03\/IMG_20250319_154134-1.jpg\"\/><\/div><\/div><div class=\"eb-slider-item content-1\" data-src=\"https:\/\/luftzug.org\/wp-content\/uploads\/2025\/03\/IMG_20250319_154144-1.jpg\"><div><img class=\"eb-slider-image\" data-lazy=\"https:\/\/luftzug.org\/wp-content\/uploads\/2025\/03\/IMG_20250319_154144-1.jpg\"\/><\/div><\/div><\/div><\/div><\/div><\/div>\n\n\n\n<p>Le ventilateur de tour de Brandson compte parmi les <strong>des mod\u00e8les moins chers<\/strong> de notre test et offre pour cela un \u00e9quipement \u00e9tonnamment riche : <strong>3 niveaux de vitesse<\/strong>, <strong>3 modes de fonctionnement<\/strong> (dont un mode nature avec flux d'air altern\u00e9), <strong>Minuteur (1-12 h)<\/strong> et une <strong>T\u00e9l\u00e9commande avec support<\/strong> directement sur l'appareil.<\/p>\n\n\n\n<p>Le fabricant indique un volume sonore de <strong>38 dB au niveau le plus bas<\/strong> \u00e0 - <strong>nous avons mesur\u00e9 environ 29 dB<\/strong>. C'est certes silencieux, mais d\u00e9j\u00e0 <strong>audible<\/strong>surtout dans un environnement tr\u00e8s calme. Pour les oreilles sensibles dans la chambre \u00e0 coucher <strong>pas id\u00e9al<\/strong>mais encore dans la fourchette acceptable.<\/p>\n\n\n\n<p>Le site <strong>la r\u00e9partition de l'air est bien r\u00e9solue gr\u00e2ce \u00e0 la hauteur de 96 cm<\/strong>, et aussi les <strong>Oscillation de 60<\/strong> assure une couverture correcte de la surface. Le site <strong>le pied est lourd<\/strong> et propose <strong>bonne tenue<\/strong>. Un petit point faible : le <strong>L'\u00e9cran est difficile \u00e0 lire \u00e0 la lumi\u00e8re du jour<\/strong>.<\/p>\n\n\n\n<p>Au total, un <strong>ventilateur de tour fonctionnel et bon march\u00e9<\/strong>Il est techniquement solide, mais ne peut pas tout \u00e0 fait rivaliser avec les mod\u00e8les haut de gamme moins bruyants. Celui qui <strong>petit budget<\/strong> Si vous avez besoin d'un appareil de qualit\u00e9, vous en aurez beaucoup pour peu d'argent - sinon, cela vaut la peine de payer un suppl\u00e9ment pour des mod\u00e8les plus silencieux.<\/p>\n\n\n\n<div style=\"position: relative; height: 0; margin-bottom: -10px;\">\n  <div style=\"    position: absolute;    top: 8px;    left: 16px;    background-color: #007BFF;    color: white;    padding: 8px 8px;    font-size: 16px;    font-weight: bold;    border-radius: 6px;    z-index: 10;    box-shadow: 0 2px 6px rgba(0,0,0,0.2);  \">\n    Fonctions de pointe  <\/div>\n<\/div>\n\n\n\n<div class=\"aawp\">\n\n            \n            \n<div class=\"aawp-product aawp-product--horizontal aawp-product--inline-info aawp-product--css-adjust-image-large\"  data-aawp-product-asin=\"B083M8HCB7\" data-aawp-product-id=\"1360\" data-aawp-tracking-id=\"zaubereltern-21\" data-aawp-product-title=\"Brandson - Turmventilator mit Fernbedienung 96 cm - Preistr\u00e4ger 2025 - mobiler L\u00fcfter leise - Standventilator mit Oszilation - 3 Geschwindigkeiten 3 Modi - Timer - Ventilator - GS - Perlwei\u00df\" data-aawp-local-click-tracking=\"1\">\n\n    \n    <div class=\"aawp-product__thumb\">\n        <a class=\"aawp-product__image-link\" href=\"https:\/\/amzn.to\/3SYW1F0\" title=\"Ventilateur de tour Brandsom env. 29dB\" rel=\"nofollow noopener sponsored\" target=\"_blank\">\n            <img decoding=\"async\" class=\"aawp-product__image\" src=\"https:\/\/luftzug.org\/wp-content\/plugins\/aawp\/public\/image.php?url=YUhSMGNITTZMeTl0TG0xbFpHbGhMV0Z0WVhwdmJpNWpiMjB2YVcxaFoyVnpMMGt2TXpGQlRXVjJSV05ZYmt3dWFuQm58MTc3ODAwMDkyNw=\" alt=\"Ventilateur de tour Brandsom env. 29dB\"  \/>\n        <\/a>\n\n            <\/div>\n\n    <div class=\"aawp-product__content\">\n        <a class=\"aawp-product__title\" href=\"https:\/\/amzn.to\/3SYW1F0\" title=\"Ventilateur de tour Brandsom env. 29dB\" rel=\"nofollow noopener sponsored\" target=\"_blank\">\n            Ventilateur de tour Brandsom env. 29dB        <\/a>\n        <div class=\"aawp-product__description\">\n            <div style=\"background-color: #f5f5f5; padding: 15px; border-radius: 8px; font-size: 16px;\">\n  Bon march\u00e9, stable et dot\u00e9 de fonctions pratiques - le ventilateur de tour de Brandson offre de bonnes performances \u00e0 petit prix. Il n'est toutefois que partiellement adapt\u00e9 aux chambres \u00e0 coucher calmes.\n<\/div>\n        <\/div>\n    <\/div>\n\n    <div class=\"aawp-product__footer\">\n\n        <div class=\"aawp-product__pricing\">\n            \n                            <span class=\"aawp-product__price aawp-product__price--current\"><\/span>\n            \n                    <\/div>\n\n                <a class=\"aawp-button aawp-button--buy aawp-button aawp-button--blue shadow aawp-button--icon aawp-button--icon-white\" href=\"https:\/\/amzn.to\/3SYW1F0\" title=\"Acheter sur Amazon\" target=\"_blank\" rel=\"nofollow noopener sponsored\">Acheter sur Amazon<\/a>\n                    <span class=\"aawp-product__info\">Prix TTC, frais de port en sus<\/span>\n            <\/div>\n\n<\/div>\n\n    \n<\/div>\n\n\n\n<!DOCTYPE html>\n<html lang=\"de\">\n<head>\n  \n  \n  <title>FAQ sur le ventilateur de tour Brandson<\/title>\n  <style>\n    .faq-container {\n      width: 100%;\n      max-width: 800px;\n      margin: 20px auto;\n      font-family: Arial, sans-serif;\n    }\n\n    .faq-item {\n      border-bottom: 1px solid #ccc;\n      margin-bottom: 10px;\n    }\n\n    .faq-question {\n      background-color: #f1f1f1;\n      color: #333;\n      cursor: pointer;\n      padding: 15px;\n      width: 100%;\n      border: none;\n      text-align: left;\n      outline: none;\n      font-size: 18px;\n      display: flex;\n      justify-content: space-between;\n      align-items: center;\n    }\n\n    .faq-question::after {\n      content: '\\25BC';\n      font-size: 18px;\n      transition: transform 0.3s;\n    }\n\n    .faq-question.active::after {\n      transform: rotate(180deg);\n    }\n\n    .faq-answer {\n      max-height: 0;\n      overflow: hidden;\n      transition: max-height 0.3s ease;\n      background-color: #f9f9f9;\n      font-size: 16px;\n      padding: 0 15px;\n    }\n\n    .faq-answer.open {\n      padding: 15px;\n      max-height: 500px;\n    }\n  <\/style>\n<\/head>\n<body>\n\n<div class=\"faq-container\">\n\n  <div class=\"faq-item\">\n    <button class=\"faq-question\">Le ventilateur de tour de Brandson est-il vraiment silencieux ?<\/button>\n    <div class=\"faq-answer\">\n      Nous avons mesur\u00e9 environ 29 dB au niveau le plus bas - agr\u00e9ablement silencieux, mais audible. Ne convient que partiellement aux oreilles tr\u00e8s sensibles dans la chambre \u00e0 coucher.\n    <\/div>\n  <\/div>\n\n  <div class=\"faq-item\">\n    <button class=\"faq-question\">Le Brandson est-il adapt\u00e9 \u00e0 la chambre \u00e0 coucher ?<\/button>\n    <div class=\"faq-answer\">\n      Bien utilisable au niveau 1, m\u00eame la nuit. Si l'on a besoin d'un silence absolu, mieux vaut opter pour des mod\u00e8les moins bruyants.\n    <\/div>\n  <\/div>\n\n  <div class=\"faq-item\">\n    <button class=\"faq-question\">Comment est la finition ?<\/button>\n    <div class=\"faq-answer\">\n      Construction solide avec un pied lourd. L'appareil semble de grande qualit\u00e9, m\u00eame s'il est enti\u00e8rement en plastique.\n    <\/div>\n  <\/div>\n\n  <div class=\"faq-item\">\n    <button class=\"faq-question\">Comment fonctionnent les modes Nature et Sommeil ?<\/button>\n    <div class=\"faq-answer\">\n      Le mode nature simule un vent changeant. Le mode Sleep r\u00e9duit automatiquement le niveau et s'\u00e9teint apr\u00e8s un certain temps.\n    <\/div>\n  <\/div>\n\n  <div class=\"faq-item\">\n    <button class=\"faq-question\">Quelle est la qualit\u00e9 de la t\u00e9l\u00e9commande ?<\/button>\n    <div class=\"faq-answer\">\n      Fonctionne de mani\u00e8re fiable, toutes les fonctions sont contr\u00f4lables. Pratique : la t\u00e9l\u00e9commande peut \u00eatre rang\u00e9e directement dans l'appareil.\n    <\/div>\n  <\/div>\n\n  <div class=\"faq-item\">\n    <button class=\"faq-question\">Y a-t-il des faiblesses ?<\/button>\n    <div class=\"faq-answer\">\n      L'\u00e9cran est difficile \u00e0 voir en cas de luminosit\u00e9 directe. Le ventilateur ne red\u00e9marre pas automatiquement apr\u00e8s une panne de courant.\n    <\/div>\n  <\/div>\n\n<\/div>\n\n<script>\n  document.addEventListener(\"DOMContentLoaded\", function() {\n    const questions = document.querySelectorAll(\".faq-question\");\n\n    questions.forEach(question => {\n      question.addEventListener(\"click\", function() {\n        const answer = this.nextElementSibling;\n        const isOpen = answer.classList.contains(\"open\");\n\n        document.querySelectorAll(\".faq-answer\").forEach(ans => ans.classList.remove(\"open\"));\n        document.querySelectorAll(\".faq-question\").forEach(btn => btn.classList.remove(\"active\"));\n\n        if (!isOpen) {\n          answer.classList.add(\"open\");\n          this.classList.add(\"active\");\n        }\n      });\n    });\n  });\n<\/script>\n\n<\/body>\n<\/html>\n\n\n\n<div style=\"height:50px\" aria-hidden=\"true\" class=\"wp-block-spacer\"><\/div>\n\n\n\n<h3 class=\"wp-block-heading\" id=\"Dreo1\"><span class=\"ez-toc-section\" id=\"Dreo_Turmventilator_%E2%80%93_der_Allrounder_Videotest\"><\/span><a href=\"https:\/\/amzn.to\/3HKbvtW\" target=\"_blank\" rel=\"noopener\">Ventilateur colonne Dreo<\/a> - le polyvalent (test vid\u00e9o)<span class=\"ez-toc-section-end\"><\/span><\/h3>\n\n\n\n<div class=\"wp-block-essential-blocks-slider  root-eb-slider-dg6em\"><div class=\"eb-parent-wrapper eb-parent-eb-slider-dg6em\"><div class=\"eb-slider-wrapper eb-slider-dg6em\" data-blockid=\"eb-slider-dg6em\" data-version=\"v4\" data-settings=\"eyJhcnJvd3MiOnRydWUsImFkYXB0aXZlSGVpZ2h0IjpmYWxzZSwiYXV0b3BsYXkiOmZhbHNlLCJhdXRvcGxheVNwZWVkIjozMDAwLCJkb3RzIjp0cnVlLCJmYWRlIjpmYWxzZSwiaW5maW5pdGUiOnRydWUsInBhdXNlT25Ib3ZlciI6dHJ1ZSwic2xpZGVzVG9TaG93IjoxLCJzcGVlZCI6NTAwLCJ2ZXJ0aWNhbCI6ZmFsc2UsImN1cnJlbnRTbGlkZSI6MCwicnRsIjpmYWxzZSwicmVzcG9uc2l2ZSI6W3siYnJlYWtwb2ludCI6MTAyNSwic2V0dGluZ3MiOnsic2xpZGVzVG9TaG93IjoxfX0seyJicmVha3BvaW50Ijo3NjcsInNldHRpbmdzIjp7InNsaWRlc1RvU2hvdyI6MX19XX0=\" data-arrownexticon=\"fas fa-arrow-alt-circle-right\" data-arrowprevicon=\"fas fa-arrow-alt-circle-left\" data-lightbox=\"false\"><div class=\"eb-slider-init eb-slider-type-image\"><div class=\"eb-slider-item content-1\" data-src=\"https:\/\/luftzug.org\/wp-content\/uploads\/2025\/03\/IMG_20250320_103544-3.jpg\"><div><img class=\"eb-slider-image\" data-lazy=\"https:\/\/luftzug.org\/wp-content\/uploads\/2025\/03\/IMG_20250320_103544-3.jpg\"\/><\/div><\/div><div class=\"eb-slider-item content-1\" data-src=\"https:\/\/luftzug.org\/wp-content\/uploads\/2025\/03\/IMG_20250319_151729-2.jpg\"><div><img class=\"eb-slider-image\" data-lazy=\"https:\/\/luftzug.org\/wp-content\/uploads\/2025\/03\/IMG_20250319_151729-2.jpg\"\/><\/div><\/div><div class=\"eb-slider-item content-1\" data-src=\"https:\/\/luftzug.org\/wp-content\/uploads\/2025\/03\/IMG_20250319_152031-2.jpg\"><div><img class=\"eb-slider-image\" data-lazy=\"https:\/\/luftzug.org\/wp-content\/uploads\/2025\/03\/IMG_20250319_152031-2.jpg\"\/><\/div><\/div><div class=\"eb-slider-item content-1\" data-src=\"https:\/\/luftzug.org\/wp-content\/uploads\/2025\/03\/IMG_20250319_152129-1.jpg\"><div><img class=\"eb-slider-image\" data-lazy=\"https:\/\/luftzug.org\/wp-content\/uploads\/2025\/03\/IMG_20250319_152129-1.jpg\"\/><\/div><\/div><\/div><\/div><\/div><\/div>\n\n\n\n<p>Le site <strong>Dreo Nomad One<\/strong> est un ventilateur \u00e0 tour compact de 92 cm de haut qui, lors du test, s'est distingu\u00e9 par <strong>bonne finition, utilisation simple et performance de refroidissement solide<\/strong> a su nous convaincre. Malgr\u00e9 sa taille, il fournit jusqu'\u00e0 <strong>7,3 m\/s Vitesse de l'air<\/strong> un flux d'air puissant qui a\u00e8re sensiblement la pi\u00e8ce.<\/p>\n\n\n\n<p>Le montage n'a pas \u00e9t\u00e9 compliqu\u00e9 : <strong>D\u00e9visser et verrouiller le pied<\/strong>L'appareil est d\u00e9j\u00e0 pr\u00eat \u00e0 l'emploi. Les <strong>La fonction d'orientation fonctionne de mani\u00e8re fiable<\/strong>, couvre env. <strong>90\u00b0<\/strong> et r\u00e9partit l'air uniform\u00e9ment dans la pi\u00e8ce.<\/p>\n\n\n\n<p>Lors du test, nous avons obtenu au niveau 1 environ <strong>31 dB mesur\u00e9s<\/strong> - donc <strong>l\u00e9g\u00e8rement sup\u00e9rieur aux donn\u00e9es du fabricant de 28 dB<\/strong>mais toujours agr\u00e9ablement silencieux. Particuli\u00e8rement positif : <strong>En mode nuit, l'\u00e9cran s'\u00e9teint compl\u00e8tement<\/strong> et l'appareil fonctionne <strong>automatiquement muet<\/strong>La chambre \u00e0 coucher est tr\u00e8s agr\u00e9able.<\/p>\n\n\n\n<p>Avec <strong>4 modes (normal, naturel, sommeil, auto)<\/strong> et <strong>4 niveaux de vitesse<\/strong> le ventilateur est bien \u00e9quip\u00e9. La commande s'effectue directement sur l'appareil ou confortablement via le <strong>t\u00e9l\u00e9commande fournie<\/strong>. Le nettoyage a \u00e9galement \u00e9t\u00e9 effectu\u00e9 avec <strong>grille et h\u00e9lice amovibles<\/strong> r\u00e9solu de mani\u00e8re r\u00e9fl\u00e9chie.<\/p>\n\n\n\n<figure class=\"wp-block-video\"><video height=\"1080\" style=\"aspect-ratio: 1920 \/ 1080;\" width=\"1920\" controls src=\"https:\/\/luftzug.org\/wp-content\/uploads\/2025\/03\/VID_20250320_102039.mp4\"><\/video><\/figure>\n\n\n\n<div style=\"position: relative; height: 0; margin-bottom: -10px;\">\n  <div style=\"    position: absolute;    top: 8px;    left: 16px;    background-color: #007BFF;    color: white;    padding: 8px 8px;    font-size: 16px;    font-weight: bold;    border-radius: 6px;    z-index: 10;    box-shadow: 0 2px 6px rgba(0,0,0,0.2);  \">\n    Allrounder  <\/div>\n<\/div>\n\n\n\n<div class=\"aawp\">\n\n            \n            \n<div class=\"aawp-product aawp-product--horizontal aawp-product--inline-info aawp-product--css-adjust-image-large\"  data-aawp-product-asin=\"B09MKPDJRT\" data-aawp-product-id=\"1362\" data-aawp-tracking-id=\"zaubereltern-21\" data-aawp-product-title=\"DREO 20dB Leiser Turmventilator 10\u202fm Wurfweite 4 Geschwindigstufen 4 Modi 8 Std Timer 90\u00b0 oszillierende Ventilator mit K\u00fchlung Fernbedienung f\u00fcr Schlafzimmer Nomad One Schwarz\" data-aawp-local-click-tracking=\"1\">\n\n    \n    <div class=\"aawp-product__thumb\">\n        <a class=\"aawp-product__image-link\" href=\"https:\/\/amzn.to\/3HKbvtW\" title=\"Ventilateur de tour Dreo env. 31 dB\" rel=\"nofollow noopener sponsored\" target=\"_blank\">\n            <img decoding=\"async\" class=\"aawp-product__image\" src=\"https:\/\/luftzug.org\/wp-content\/plugins\/aawp\/public\/image.php?url=YUhSMGNITTZMeTl0TG0xbFpHbGhMV0Z0WVhwdmJpNWpiMjB2YVcxaFoyVnpMMGt2TXpGSk1WZEtVWEJIVmt3dWFuQm58MTc3ODAwMDkyNw=\" alt=\"Ventilateur de tour Dreo env. 31 dB\"  \/>\n        <\/a>\n\n            <\/div>\n\n    <div class=\"aawp-product__content\">\n        <a class=\"aawp-product__title\" href=\"https:\/\/amzn.to\/3HKbvtW\" title=\"Ventilateur de tour Dreo env. 31 dB\" rel=\"nofollow noopener sponsored\" target=\"_blank\">\n            Ventilateur de tour Dreo env. 31 dB        <\/a>\n        <div class=\"aawp-product__description\">\n            <div style=\"background-color: #f5f5f5; padding: 15px; border-radius: 8px; font-size: 16px;\">\n  Compact, bien pens\u00e9 et agr\u00e9ablement silencieux - le Dreo Nomad One convainc par sa fonction nuit intelligente, sa forte oscillation et sa finition de pointe. Pour moins de 90 \u20ac, c'est un excellent choix pour les journ\u00e9es chaudes !\n<\/div>\n        <\/div>\n    <\/div>\n\n    <div class=\"aawp-product__footer\">\n\n        <div class=\"aawp-product__pricing\">\n            \n                            <span class=\"aawp-product__price aawp-product__price--current\"><\/span>\n            \n                    <\/div>\n\n                <a class=\"aawp-button aawp-button--buy aawp-button aawp-button--blue shadow aawp-button--icon aawp-button--icon-white\" href=\"https:\/\/amzn.to\/3HKbvtW\" title=\"Acheter sur Amazon\" target=\"_blank\" rel=\"nofollow noopener sponsored\">Acheter sur Amazon<\/a>\n                    <span class=\"aawp-product__info\">Prix TTC, frais de port en sus<\/span>\n            <\/div>\n\n<\/div>\n\n    \n<\/div>\n\n\n\n<!DOCTYPE html>\n<html lang=\"de\">\n<head>\n  \n  \n  <title>FAQ sur le Dreo Nomad One<\/title>\n  <style>\n    .faq-container {\n      width: 100%;\n      max-width: 800px;\n      margin: 20px auto;\n      font-family: Arial, sans-serif;\n    }\n\n    .faq-item {\n      border-bottom: 1px solid #ccc;\n      margin-bottom: 10px;\n    }\n\n    .faq-question {\n      background-color: #f1f1f1;\n      color: #333;\n      cursor: pointer;\n      padding: 15px;\n      width: 100%;\n      border: none;\n      text-align: left;\n      outline: none;\n      font-size: 18px;\n      display: flex;\n      justify-content: space-between;\n      align-items: center;\n    }\n\n    .faq-question::after {\n      content: '\\25BC';\n      font-size: 18px;\n      transition: transform 0.3s;\n    }\n\n    .faq-question.active::after {\n      transform: rotate(180deg);\n    }\n\n    .faq-answer {\n      max-height: 0;\n      overflow: hidden;\n      transition: max-height 0.3s ease;\n      background-color: #f9f9f9;\n      font-size: 16px;\n      padding: 0 15px;\n    }\n\n    .faq-answer.open {\n      padding: 15px;\n      max-height: 500px;\n    }\n  <\/style>\n<\/head>\n<body>\n\n<div class=\"faq-container\">\n\n  <div class=\"faq-item\">\n    <button class=\"faq-question\">Le Dreo est-il vraiment silencieux ?<\/button>\n    <div class=\"faq-answer\">\n      Nous avons mesur\u00e9 environ 31 dB - l\u00e9g\u00e8rement au-dessus de la valeur du fabricant de 28 dB. Malgr\u00e9 cela, le ventilateur est agr\u00e9ablement silencieux, sans ronflement ni bruits parasites. Id\u00e9al pour les pi\u00e8ces calmes.\n    <\/div>\n  <\/div>\n\n  <div class=\"faq-item\">\n    <button class=\"faq-question\">Le mode nuit est-il vraiment pratique ?<\/button>\n    <div class=\"faq-answer\">\n      Oui, le mode nuit \u00e9teint compl\u00e8tement l'\u00e9cran et d\u00e9sactive tous les sons. C'est un v\u00e9ritable avantage par rapport \u00e0 de nombreux autres appareils, en particulier la nuit dans la chambre \u00e0 coucher.\n    <\/div>\n  <\/div>\n\n  <div class=\"faq-item\">\n    <button class=\"faq-question\">Quelle est la puissance du flux d'air ?<\/button>\n    <div class=\"faq-answer\">\n      D\u00e9j\u00e0 bien perceptible au niveau 1 - presque trop puissant si l'on est assis pr\u00e8s de lui. Le niveau 4 apporte une bonne puissance, m\u00eame pour les grandes pi\u00e8ces.\n    <\/div>\n  <\/div>\n\n  <div class=\"faq-item\">\n    <button class=\"faq-question\">Comment fonctionne le service ?<\/button>\n    <div class=\"faq-answer\">\n      Intuitif via la t\u00e9l\u00e9commande ou le panneau sur l'appareil. Tous les modes et fonctions comme la minuterie, l'oscillation ou la vitesse peuvent \u00eatre facilement contr\u00f4l\u00e9s.\n    <\/div>\n  <\/div>\n\n  <div class=\"faq-item\">\n    <button class=\"faq-question\">Quel est l'impact visuel du Dreo ?<\/button>\n    <div class=\"faq-answer\">\n      Moderne, simple et peu encombrant. Un peu plus bas que les autres ventilateurs de tour, mais tr\u00e8s discret dans la pi\u00e8ce.\n    <\/div>\n  <\/div>\n\n  <div class=\"faq-item\">\n    <button class=\"faq-question\">Y a-t-il des faiblesses ?<\/button>\n    <div class=\"faq-answer\">\n      Le niveau 1 est d\u00e9j\u00e0 assez puissant - un niveau encore plus doux serait souhaitable. Au d\u00e9but, une l\u00e9g\u00e8re odeur de plastique \u00e9tait en outre perceptible, mais elle dispara\u00eet rapidement.\n    <\/div>\n  <\/div>\n\n  <div class=\"faq-item\">\n    <button class=\"faq-question\">Le ventilateur est-il facile \u00e0 nettoyer ?<\/button>\n    <div class=\"faq-answer\">\n      Tr\u00e8s bon ! La grille arri\u00e8re et l'h\u00e9lice sont faciles \u00e0 retirer - id\u00e9al pour enlever rapidement la poussi\u00e8re.\n    <\/div>\n  <\/div>\n\n<\/div>\n\n<script>\n  document.addEventListener(\"DOMContentLoaded\", function() {\n    const questions = document.querySelectorAll(\".faq-question\");\n\n    questions.forEach(question => {\n      question.addEventListener(\"click\", function() {\n        const answer = this.nextElementSibling;\n        const isOpen = answer.classList.contains(\"open\");\n\n        document.querySelectorAll(\".faq-answer\").forEach(ans => ans.classList.remove(\"open\"));\n        document.querySelectorAll(\".faq-question\").forEach(btn => btn.classList.remove(\"active\"));\n\n        if (!isOpen) {\n          answer.classList.add(\"open\");\n          this.classList.add(\"active\");\n        }\n      });\n    });\n  });\n<\/script>\n\n<\/body>\n<\/html>\n\n\n\n<div style=\"height:50px\" aria-hidden=\"true\" class=\"wp-block-spacer\"><\/div>\n\n\n\n<h3 class=\"wp-block-heading\" id=\"Groveelife\"><span class=\"ez-toc-section\" id=\"GoveeLife_27_dB_leiser_Turmventilator_%E2%80%93_Smarter_Komfort_mit_ruhiger_Power\"><\/span><a href=\"https:\/\/amzn.to\/4iSISIL\" target=\"_blank\" rel=\"noopener\">GoveeLife ventilateur colonne silencieux 27 dB<\/a> - Un confort intelligent avec une puissance tranquille<span class=\"ez-toc-section-end\"><\/span><\/h3>\n\n\n\n<p>Le ventilateur de tour GoveeLife convainc sur toute la ligne gr\u00e2ce \u00e0 une technique bien pens\u00e9e et \u00e0 une commande intelligente. L'installation se fait en quelques minutes, la connexion \u00e0 l'application et la commande vocale (Alexa, Google, Siri) fonctionnent sans probl\u00e8me. Particuli\u00e8rement agr\u00e9able : <strong>Le ventilateur reste tr\u00e8s silencieux m\u00eame lorsque l'air circule bien<\/strong> - le fabricant annonce 27 dB, ce qui donne une sensation de calme absolu au quotidien.<\/p>\n\n\n\n<p>Avec <strong>12 vitesses, 5 modes, minuterie 24h<\/strong> et la possibilit\u00e9 de <strong>Oscillation \u00e0 adapter individuellement<\/strong>Le GoveeLife se distingue clairement des ventilateurs \u00e0 tour classiques. De m\u00eame, le <strong>lumi\u00e8re LED \u00e0 couleur r\u00e9glable<\/strong> assure des accents modernes - id\u00e9al pour la chambre \u00e0 coucher ou les pi\u00e8ces \u00e0 vivre. L'application permet de commander des sc\u00e8nes, des programmes et des routines individuelles. Quelques critiques ont \u00e9t\u00e9 \u00e9mises concernant la stabilit\u00e9 sur les surfaces molles ainsi que des restrictions dans la programmation des sc\u00e8nes.<\/p>\n\n\n\n<p>Celui qui a un <strong>appareil silencieux, puissant et intelligent<\/strong> obtient ici un ventilateur durable avec un bon rapport qualit\u00e9-prix. De nombreux utilisateurs ont m\u00eame pu r\u00e9duire l'utilisation de la climatisation gr\u00e2ce \u00e0 lui. Id\u00e9al pour les m\u00e9nages modernes qui privil\u00e9gient le confort et le design.<\/p>\n\n\n\n<p><\/p>\n\n\n<div class=\"affx-pros-cons-wrapper wp-block-affiliatex-pros-and-cons\" id=\"affiliatex-pros-cons-style-block-3f96d3ea-20ef-41b5-9b4f-89429a3b33ff\">\n\t<div class=\"affx-pros-cons-inner-wrapper layout-type-4 content-align-left\">\n\t\t<div class=\"affx-pros-inner\">\n\t\t\t<div class=\"pros-icon-title-wrap\">\n\t\t\t\t<div class=\"affiliatex-block-pros\">\n\t\t\t\t\t\t\t\t\t\t\t<i class=\"fas fa-thumbs-up\"><\/i>\n\t\t\t\t\t\t\t\t\t\t<p class=\"affiliatex-title\"><\/p>\n\t\t\t\t<\/div>\n\t\t\t<\/div>\n\t\t\t<div class=\"affiliatex-pros\">\n\t\t\t\t\t\t\t\t\t\t<ul class=\"affiliatex-list affiliatex-list-type-unordered afx-icon-list\">\n\t\t\t\t\t\t\t\t\t\t\t\t\t\t<li>\n\t\t\t\t\t\t\t\t\t\t\t<i class=\"fas fa-thumbs-up\"><\/i>\n\t\t\t\t\t\t\t\t\t\t<span>tr\u00e8s silencieux (27 dB en mode veille)<\/span>\n\t\t\t\t<\/li>\n\t\t\t\t\t\t\t\t\t\t\t\t\t\t\t\t<li>\n\t\t\t\t\t\t\t\t\t\t\t<i class=\"fas fa-thumbs-up\"><\/i>\n\t\t\t\t\t\t\t\t\t\t<span>forte circulation d'air, 12 niveaux de vitesse<\/span>\n\t\t\t\t<\/li>\n\t\t\t\t\t\t\t\t\t\t\t\t\t\t\t\t<li>\n\t\t\t\t\t\t\t\t\t\t\t<i class=\"fas fa-thumbs-up\"><\/i>\n\t\t\t\t\t\t\t\t\t\t<span>Commande d'application et commande vocale (Alexa, Google, Siri)<\/span>\n\t\t\t\t<\/li>\n\t\t\t\t\t\t\t\t\t\t\t\t\t\t\t\t<li>\n\t\t\t\t\t\t\t\t\t\t\t<i class=\"fas fa-thumbs-up\"><\/i>\n\t\t\t\t\t\t\t\t\t\t<span>avec \u00e9clairage d'ambiance LED<\/span>\n\t\t\t\t<\/li>\n\t\t\t\t\t\t\t\t\t\t\t\t\t\t\t\t<li>\n\t\t\t\t\t\t\t\t\t\t\t<i class=\"fas fa-thumbs-up\"><\/i>\n\t\t\t\t\t\t\t\t\t\t<span>5 modes de fonctionnement, y compris les modes Nature et Sleep<\/span>\n\t\t\t\t<\/li>\n\t\t\t\t\t\t\t<\/ul>\n\t\t\t\t\t\t\t<\/div>\n\t\t<\/div>\n\t\t<div class=\"affx-cons-inner\">\n\t\t\t<div class=\"cons-icon-title-wrap\">\n\t\t\t\t<div class=\"affiliatex-block-cons\">\n\t\t\t\t\t\t\t\t\t\t\t<i class=\"fas fa-thumbs-down\"><\/i>\n\t\t\t\t\t\t\t\t\t\t<p class=\"affiliatex-title\"><\/p>\n\t\t\t\t<\/div>\n\t\t\t<\/div>\n\t\t\t<div class=\"affiliatex-cons\">\n\t\t\t\t\t\t\t\t\t\t<ul class=\"affiliatex-list affiliatex-list-type-unordered afx-icon-list\">\n\t\t\t\t\t\t\t\t\t\t\t\t\t\t<li>\n\t\t\t\t\t\t\t\t\t\t\t<i class=\"fas fa-thumbs-down\"><\/i>\n\t\t\t\t\t\t\t\t\t\t<span>pas de t\u00e9l\u00e9commande classique (uniquement App\/Voice)<\/span>\n\t\t\t\t<\/li>\n\t\t\t\t\t\t\t\t\t\t\t\t\t\t\t\t<li>\n\t\t\t\t\t\t\t\t\t\t\t<i class=\"fas fa-thumbs-down\"><\/i>\n\t\t\t\t\t\t\t\t\t\t<span>L'angle d'oscillation ne peut pas \u00eatre contr\u00f4l\u00e9 avec pr\u00e9cision via l'application<\/span>\n\t\t\t\t<\/li>\n\t\t\t\t\t\t\t<\/ul>\n\t\t\t\t\t\t\t<\/div>\n\t\t<\/div>\n\t<\/div>\n<\/div>\n\n\n\n<div style=\"position: relative; height: 0; margin-bottom: -10px;\">\n  <div style=\"    position: absolute;    top: 8px;    left: 16px;    background-color: #007BFF;    color: white;    padding: 8px 8px;    font-size: 16px;    font-weight: bold;    border-radius: 6px;    z-index: 10;    box-shadow: 0 2px 6px rgba(0,0,0,0.2);  \">\n    Multifonctionnel  <\/div>\n<\/div>\n\n\n\n<div class=\"aawp\">\n\n            \n            \n<div class=\"aawp-product aawp-product--horizontal aawp-product--inline-info aawp-product--css-adjust-image-large\"  data-aawp-product-asin=\"B0DSKJCTV4\" data-aawp-product-id=\"1366\" data-aawp-tracking-id=\"zaubereltern-21\" data-aawp-product-title=\"GoveeLife leiser Ventilator 12 Geschwindigkeiten bis zu 8 m\/s 5 Modi 24-Stunden-Timer intelligenter Turmventilator mit 150\u00b0-Oszillation APP- und Sprachsteuerung f\u00fcr Zuhause schwarz\" data-aawp-local-click-tracking=\"1\">\n\n    \n    <div class=\"aawp-product__thumb\">\n        <a class=\"aawp-product__image-link\" href=\"https:\/\/www.amazon.de\/dp\/B0DSKJCTV4?tag=zaubereltern-21&#038;linkCode=ogi&#038;th=1&#038;psc=1\" title=\"GoveeLife Ventilateur de tour avec commande App\" rel=\"nofollow noopener sponsored\" target=\"_blank\">\n            <img decoding=\"async\" class=\"aawp-product__image\" src=\"https:\/\/luftzug.org\/wp-content\/plugins\/aawp\/public\/image.php?url=YUhSMGNITTZMeTl0TG0xbFpHbGhMV0Z0WVhwdmJpNWpiMjB2YVcxaFoyVnpMMGt2TXpGdGVHWkhaalJEYzB3dWFuQm58MTc3ODAwMDkyNw=\" alt=\"GoveeLife Ventilateur de tour avec commande App\"  \/>\n        <\/a>\n\n            <\/div>\n\n    <div class=\"aawp-product__content\">\n        <a class=\"aawp-product__title\" href=\"https:\/\/www.amazon.de\/dp\/B0DSKJCTV4?tag=zaubereltern-21&#038;linkCode=ogi&#038;th=1&#038;psc=1\" title=\"GoveeLife Ventilateur de tour avec commande App\" rel=\"nofollow noopener sponsored\" target=\"_blank\">\n            GoveeLife Ventilateur de tour avec commande App        <\/a>\n        <div class=\"aawp-product__description\">\n            <p><strong>Le ventilateur de tour GoveeLife 42\u2033 Smart<\/strong> convainc avec <em>fonctionnement ultra-silencieux \u00e0 partir de 27 dB<\/em>jusqu'\u00e0 <em>12 niveaux de vitesse<\/em> et <em>5 modes<\/em> - parfait pour un refroidissement individuel. Gr\u00e2ce \u00e0 <em>Commande d'app et commande vocale<\/em> permet d'automatiser facilement le ventilateur. Le site <em>oscillation adaptable<\/em> ainsi que le <em>lumi\u00e8re d'ambiance LED int\u00e9gr\u00e9e<\/em> compl\u00e8tent cet appareil smart home styl\u00e9.<\/p>\n        <\/div>\n    <\/div>\n\n    <div class=\"aawp-product__footer\">\n\n        <div class=\"aawp-product__pricing\">\n            \n                            <span class=\"aawp-product__price aawp-product__price--current\"><\/span>\n            \n                    <\/div>\n\n                <a class=\"aawp-button aawp-button--buy aawp-button aawp-button--blue shadow aawp-button--icon aawp-button--icon-white\" href=\"https:\/\/www.amazon.de\/dp\/B0DSKJCTV4?tag=zaubereltern-21&#038;linkCode=ogi&#038;th=1&#038;psc=1\" title=\"Acheter sur Amazon\" target=\"_blank\" rel=\"nofollow noopener sponsored\">Acheter sur Amazon<\/a>\n                    <span class=\"aawp-product__info\">Prix TTC, frais de port en sus<\/span>\n            <\/div>\n\n<\/div>\n\n    \n<\/div>\n\n\n\n<!DOCTYPE html>\n<html lang=\"de\">\n<head>\n  <meta charset=\"UTF-8\" \/>\n  <meta name=\"viewport\" content=\"width=device-width, initial-scale=1.0\"\/>\n  <title>FAQ sur le Dreo Nomad One<\/title>\n  <style>\n    .faq-container {\n      width: 100%;\n      max-width: 800px;\n      margin: 20px auto;\n      font-family: Arial, sans-serif;\n    }\n\n    .faq-item {\n      border-bottom: 1px solid #ccc;\n      margin-bottom: 10px;\n    }\n\n    .faq-question {\n      background-color: #f1f1f1;\n      color: #333;\n      cursor: pointer;\n      padding: 15px;\n      width: 100%;\n      border: none;\n      text-align: left;\n      outline: none;\n      font-size: 18px;\n      display: flex;\n      justify-content: space-between;\n      align-items: center;\n    }\n\n    .faq-question::after {\n      content: '\\25BC';\n      font-size: 18px;\n      transition: transform 0.3s;\n    }\n\n    .faq-question.active::after {\n      transform: rotate(180deg);\n    }\n\n    .faq-answer {\n      max-height: 0;\n      overflow: hidden;\n      transition: max-height 0.3s ease;\n      background-color: #f9f9f9;\n      font-size: 16px;\n      padding: 0 15px;\n    }\n\n    .faq-answer.open {\n      padding: 15px;\n      max-height: 500px;\n    }\n  <\/style>\n<\/head>\n<body>\n\n<div class=\"faq-container\">\n\n  <div class=\"faq-item\">\n    <button class=\"faq-question\">Le ventilateur GoveeLife Tower est-il vraiment silencieux ?<\/button>\n    <div class=\"faq-answer\">\n      En mode sommeil, le ventilateur atteint un niveau sonore d'environ 27 dB seulement - id\u00e9al pour les environnements calmes ou les chambres \u00e0 coucher.\n    <\/div>\n  <\/div>\n\n  <div class=\"faq-item\">\n    <button class=\"faq-question\">Quelles sont les possibilit\u00e9s de contr\u00f4le ?<\/button>\n    <div class=\"faq-answer\">\n      Le GoveeLife Tower Fan peut \u00eatre command\u00e9 par application, par commande vocale (Alexa, Google) ou manuellement sur l'appareil. Une t\u00e9l\u00e9commande n'est pas incluse.\n    <\/div>\n  <\/div>\n\n  <div class=\"faq-item\">\n    <button class=\"faq-question\">Combien de niveaux et de modes le ventilateur offre-t-il ?<\/button>\n    <div class=\"faq-answer\">\n      12 niveaux de vitesse et 5 modes sont disponibles - dont le mode nature, le mode sommeil et un mode automatique.\n    <\/div>\n  <\/div>\n\n  <div class=\"faq-item\">\n    <button class=\"faq-question\">Puis-je r\u00e9gler l'oscillation individuellement ?<\/button>\n    <div class=\"faq-answer\">\n      Oui, les angles d'oscillation peuvent \u00eatre adapt\u00e9s de mani\u00e8re flexible afin d'a\u00e9rer ou d'exclure certaines zones de mani\u00e8re cibl\u00e9e.\n    <\/div>\n  <\/div>\n\n  <div class=\"faq-item\">\n    <button class=\"faq-question\">Y a-t-il une lumi\u00e8re LED ?<\/button>\n    <div class=\"faq-answer\">\n      Oui, le ventilateur dispose d'une lumi\u00e8re d'ambiance LED int\u00e9gr\u00e9e, dont la couleur et l'intensit\u00e9 sont r\u00e9glables - mais qui ne peut pas \u00eatre d\u00e9sactiv\u00e9e pour tous les modes.\n    <\/div>\n  <\/div>\n\n  <div class=\"faq-item\">\n    <button class=\"faq-question\">Quelles sont les faiblesses typiques de l'appareil ?<\/button>\n    <div class=\"faq-answer\">\n      Certains utilisateurs trouvent que l'application est limit\u00e9e dans la cr\u00e9ation de sc\u00e8nes. En outre, une position plus stable serait souhaitable en pr\u00e9sence d'animaux domestiques\/de jeunes enfants.\n    <\/div>\n  <\/div>\n\n<\/div>\n\n<script>\n  document.addEventListener(\"DOMContentLoaded\", function() {\n    const questions = document.querySelectorAll(\".faq-question\");\n\n    questions.forEach(question => {\n      question.addEventListener(\"click\", function() {\n        const answer = this.nextElementSibling;\n        const isOpen = answer.classList.contains(\"open\");\n\n        document.querySelectorAll(\".faq-answer\").forEach(ans => ans.classList.remove(\"open\"));\n        document.querySelectorAll(\".faq-question\").forEach(btn => btn.classList.remove(\"active\"));\n\n        if (!isOpen) {\n          answer.classList.add(\"open\");\n          this.classList.add(\"active\");\n        }\n      });\n    });\n  });\n<\/script>\n\n<\/body>\n<\/html>\n\n\n\n<div style=\"height:50px\" aria-hidden=\"true\" class=\"wp-block-spacer\"><\/div>\n\n\n\n<h3 class=\"wp-block-heading\" id=\"Brandson2\"><span class=\"ez-toc-section\" id=\"Brandson_Turmventilator_mit_Wasserkuhlung_%E2%80%93_Abkuhlung_im_Sommer\"><\/span><a href=\"https:\/\/amzn.to\/3ZxRpcz\" target=\"_blank\" rel=\"noopener\">Brandson Ventilateur de tour avec refroidissement par eau<\/a> - Se rafra\u00eechir en \u00e9t\u00e9<span class=\"ez-toc-section-end\"><\/span><\/h3>\n\n\n\n<p><strong>Le ventilateur de tour avec refroidissement de Brandson fait partie des mod\u00e8les les plus populaires du march\u00e9, et ce pour une bonne raison.<\/strong> C'est surtout pendant les chaudes nuits d'\u00e9t\u00e9 qu'il montre ce qu'il a dans le ventre : <strong>une circulation de l'air agr\u00e9ablement silencieuse, m\u00eame \u00e0 faible vitesse.<\/strong> De nombreux utilisateurs, dont nous-m\u00eames, confirment que <strong>peut \u00eatre utilis\u00e9 sans probl\u00e8me dans la chambre \u00e0 coucher sans g\u00eaner l'endormissement.<\/strong><\/p>\n\n\n\n<p><strong>Les trois niveaux de vitesse<\/strong> suffisent amplement au quotidien. Au niveau 1, le flux d'air est d\u00e9j\u00e0 bien perceptible, au niveau 3, il apporte un soulagement sensible en cas d'air ambiant \u00e9touffant - tout en conservant l'air frais. <strong>Niveau de bruit mod\u00e9r\u00e9<\/strong>. Le site <strong>Oscillation de 60\u00b0 r\u00e9partissant l'air de mani\u00e8re uniforme<\/strong> et assure un rafra\u00eechissement agr\u00e9able dans toute la pi\u00e8ce.<\/p>\n\n\n\n<p>Le montage est rapide, m\u00eame <strong>le pied est stable, bien que fabriqu\u00e9 en plastique l\u00e9ger.<\/strong> Le site <strong>Le design est moderne et discret<\/strong>Le ventilateur s'int\u00e8gre bien dans le salon ou la chambre \u00e0 coucher. Particuli\u00e8rement pratique : <strong>La t\u00e9l\u00e9commande fournie<\/strong> permet de commander confortablement toutes les fonctions depuis le canap\u00e9 ou le lit. Un autre avantage : <strong>La minuterie peut \u00eatre r\u00e9gl\u00e9e de mani\u00e8re flexible par \u00e9tapes d'une demi-heure - jusqu'\u00e0 7,5 heures.<\/strong><\/p>\n\n\n\n<p>Un petit inconv\u00e9nient : <strong>Certains utilisateurs signalent une l\u00e9g\u00e8re odeur de plastique les premiers jours<\/strong>Mais cela dispara\u00eet g\u00e9n\u00e9ralement rapidement. La finition est dans l'ensemble solide, m\u00eame si l'appareil semble un peu plus filigran\u00e9 que les alternatives plus ch\u00e8res.<\/p>\n\n\n\n<p><strong>Conclusion : pour ceux qui recherchent un ventilateur \u00e0 tour bon march\u00e9, silencieux et bien \u00e9quip\u00e9, le Brandson constitue un ensemble convaincant.<\/strong> Il est clairement recommand\u00e9 pour les chambres \u00e0 coucher et les pi\u00e8ces de petite et moyenne taille. <strong>silencieux, efficace et \u00e0 un prix raisonnable.<\/strong><\/p>\n\n\n\n<p><\/p>\n\n\n<div class=\"affx-pros-cons-wrapper wp-block-affiliatex-pros-and-cons\" id=\"affiliatex-pros-cons-style-block-79a952a3-4958-47e5-8af1-0f8d22e7d1cc\">\n\t<div class=\"affx-pros-cons-inner-wrapper layout-type-4 content-align-left\">\n\t\t<div class=\"affx-pros-inner\">\n\t\t\t<div class=\"pros-icon-title-wrap\">\n\t\t\t\t<div class=\"affiliatex-block-pros\">\n\t\t\t\t\t\t\t\t\t\t\t<i class=\"fas fa-thumbs-up\"><\/i>\n\t\t\t\t\t\t\t\t\t\t<p class=\"affiliatex-title\"><\/p>\n\t\t\t\t<\/div>\n\t\t\t<\/div>\n\t\t\t<div class=\"affiliatex-pros\">\n\t\t\t\t\t\t\t\t\t\t<ul class=\"affiliatex-list affiliatex-list-type-unordered afx-icon-list\">\n\t\t\t\t\t\t\t\t\t\t\t\t\t\t<li>\n\t\t\t\t\t\t\t\t\t\t\t<i class=\"fas fa-thumbs-up\"><\/i>\n\t\t\t\t\t\t\t\t\t\t<span>silencieux \u00e0 bas niveau<\/span>\n\t\t\t\t<\/li>\n\t\t\t\t\t\t\t\t\t\t\t\t\t\t\t\t<li>\n\t\t\t\t\t\t\t\t\t\t\t<i class=\"fas fa-thumbs-up\"><\/i>\n\t\t\t\t\t\t\t\t\t\t<span>bonne r\u00e9partition de l'air avec oscillation<\/span>\n\t\t\t\t<\/li>\n\t\t\t\t\t\t\t\t\t\t\t\t\t\t\t\t<li>\n\t\t\t\t\t\t\t\t\t\t\t<i class=\"fas fa-thumbs-up\"><\/i>\n\t\t\t\t\t\t\t\t\t\t<span>utilisation facile par t\u00e9l\u00e9commande<\/span>\n\t\t\t\t<\/li>\n\t\t\t\t\t\t\t\t\t\t\t\t\t\t\t\t<li>\n\t\t\t\t\t\t\t\t\t\t\t<i class=\"fas fa-thumbs-up\"><\/i>\n\t\t\t\t\t\t\t\t\t\t<span>minuterie par pas de 0,5 heure<\/span>\n\t\t\t\t<\/li>\n\t\t\t\t\t\t\t\t\t\t\t\t\t\t\t\t<li>\n\t\t\t\t\t\t\t\t\t\t\t<i class=\"fas fa-thumbs-up\"><\/i>\n\t\t\t\t\t\t\t\t\t\t<span>montage rapide<\/span>\n\t\t\t\t<\/li>\n\t\t\t\t\t\t\t<\/ul>\n\t\t\t\t\t\t\t<\/div>\n\t\t<\/div>\n\t\t<div class=\"affx-cons-inner\">\n\t\t\t<div class=\"cons-icon-title-wrap\">\n\t\t\t\t<div class=\"affiliatex-block-cons\">\n\t\t\t\t\t\t\t\t\t\t\t<i class=\"fas fa-thumbs-down\"><\/i>\n\t\t\t\t\t\t\t\t\t\t<p class=\"affiliatex-title\"><\/p>\n\t\t\t\t<\/div>\n\t\t\t<\/div>\n\t\t\t<div class=\"affiliatex-cons\">\n\t\t\t\t\t\t\t\t\t\t<ul class=\"affiliatex-list affiliatex-list-type-unordered afx-icon-list\">\n\t\t\t\t\t\t\t\t\t\t\t\t\t\t<li>\n\t\t\t\t\t\t\t\t\t\t\t<i class=\"fas fa-thumbs-down\"><\/i>\n\t\t\t\t\t\t\t\t\t\t<span>pas d'affichage de la temp\u00e9rature<\/span>\n\t\t\t\t<\/li>\n\t\t\t\t\t\t\t\t\t\t\t\t\t\t\t\t<li>\n\t\t\t\t\t\t\t\t\t\t\t<i class=\"fas fa-thumbs-down\"><\/i>\n\t\t\t\t\t\t\t\t\t\t<span>l\u00e9g\u00e8re odeur de plastique sur les appareils neufs<\/span>\n\t\t\t\t<\/li>\n\t\t\t\t\t\t\t<\/ul>\n\t\t\t\t\t\t\t<\/div>\n\t\t<\/div>\n\t<\/div>\n<\/div>\n\n\n\n<div style=\"position: relative; height: 0; margin-bottom: -10px;\">\n  <div style=\"    position: absolute;    top: 8px;    left: 16px;    background-color: #007BFF;    color: white;    padding: 8px 8px;    font-size: 16px;    font-weight: bold;    border-radius: 6px;    z-index: 10;    box-shadow: 0 2px 6px rgba(0,0,0,0.2);  \">\n    Un refroidissement agr\u00e9able  <\/div>\n<\/div>\n\n\n\n<div class=\"aawp\">\n\n            \n            \n<div class=\"aawp-product aawp-product--horizontal aawp-product--inline-info aawp-product--css-adjust-image-large\"  data-aawp-product-asin=\"B0DPMY7XYX\" data-aawp-product-id=\"1367\" data-aawp-tracking-id=\"zaubereltern-21\" data-aawp-product-title=\"Brandson - Turmventilator mit Wasserk\u00fchlung 5 in 1 - Preistr\u00e4ger 2025 - Verdunstungsk\u00fchler - Luftk\u00fchler - Ventilator - mobile Klimaanlage ohne Abluftschlauch - leise - 4L Wassertank\" data-aawp-local-click-tracking=\"1\">\n\n    \n    <div class=\"aawp-product__thumb\">\n        <a class=\"aawp-product__image-link\" href=\"https:\/\/amzn.to\/3ZxRpcz\" title=\"Brandson Ventilateur de tour avec refroidissement\" rel=\"nofollow noopener sponsored\" target=\"_blank\">\n            <img decoding=\"async\" class=\"aawp-product__image\" src=\"https:\/\/luftzug.org\/wp-content\/plugins\/aawp\/public\/image.php?url=YUhSMGNITTZMeTl0TG0xbFpHbGhMV0Z0WVhwdmJpNWpiMjB2YVcxaFoyVnpMMGt2TXpGc2RVMUtVWFp4YlV3dWFuQm58MTc3ODAwMDkyNw=\" alt=\"Brandson Ventilateur de tour avec refroidissement\"  \/>\n        <\/a>\n\n            <\/div>\n\n    <div class=\"aawp-product__content\">\n        <a class=\"aawp-product__title\" href=\"https:\/\/amzn.to\/3ZxRpcz\" title=\"Brandson Ventilateur de tour avec refroidissement\" rel=\"nofollow noopener sponsored\" target=\"_blank\">\n            Brandson Ventilateur de tour avec refroidissement        <\/a>\n        <div class=\"aawp-product__description\">\n            <div style=\"background-color: #f5f5f5; padding: 15px; border-radius: 8px; font-size: 16px;\">\n  Performance solide, look moderne et agr\u00e9ablement silencieux - le ventilateur de tour de Brandson est un compagnon fiable les jours de grande chaleur et convainc particuli\u00e8rement dans la chambre \u00e0 coucher par son fonctionnement silencieux.\n<\/div>\n        <\/div>\n    <\/div>\n\n    <div class=\"aawp-product__footer\">\n\n        <div class=\"aawp-product__pricing\">\n            \n                            <span class=\"aawp-product__price aawp-product__price--current\"><\/span>\n            \n                    <\/div>\n\n                <a class=\"aawp-button aawp-button--buy aawp-button aawp-button--blue shadow aawp-button--icon aawp-button--icon-white\" href=\"https:\/\/amzn.to\/3ZxRpcz\" title=\"Acheter sur Amazon\" target=\"_blank\" rel=\"nofollow noopener sponsored\">Acheter sur Amazon<\/a>\n                    <span class=\"aawp-product__info\">Prix TTC, frais de port en sus<\/span>\n            <\/div>\n\n<\/div>\n\n    \n<\/div>\n\n\n\n<!DOCTYPE html>\n<html lang=\"de\">\n<head>\n  <meta charset=\"UTF-8\" \/>\n  <meta name=\"viewport\" content=\"width=device-width, initial-scale=1.0\"\/>\n  <title>FAQ sur le Dreo Nomad One<\/title>\n  <style>\n    .faq-container {\n      width: 100%;\n      max-width: 800px;\n      margin: 20px auto;\n      font-family: Arial, sans-serif;\n    }\n\n    .faq-item {\n      border-bottom: 1px solid #ccc;\n      margin-bottom: 10px;\n    }\n\n    .faq-question {\n      background-color: #f1f1f1;\n      color: #333;\n      cursor: pointer;\n      padding: 15px;\n      width: 100%;\n      border: none;\n      text-align: left;\n      outline: none;\n      font-size: 18px;\n      display: flex;\n      justify-content: space-between;\n      align-items: center;\n    }\n\n    .faq-question::after {\n      content: '\\25BC';\n      font-size: 18px;\n      transition: transform 0.3s;\n    }\n\n    .faq-question.active::after {\n      transform: rotate(180deg);\n    }\n\n    .faq-answer {\n      max-height: 0;\n      overflow: hidden;\n      transition: max-height 0.3s ease;\n      background-color: #f9f9f9;\n      font-size: 16px;\n      padding: 0 15px;\n    }\n\n    .faq-answer.open {\n      padding: 15px;\n      max-height: 500px;\n    }\n  <\/style>\n<\/head>\n<body>\n\n<div class=\"faq-container\">\n\n  <div class=\"faq-item\">\n    <button class=\"faq-question\">Quel est le niveau sonore du ventilateur de tour Brandson ?<\/button>\n    <div class=\"faq-answer\">\n      Tr\u00e8s silencieux au niveau 1, id\u00e9al pour la chambre \u00e0 coucher. Au niveau sup\u00e9rieur, audible mais pas g\u00eanant.\n    <\/div>\n  <\/div>\n\n  <div class=\"faq-item\">\n    <button class=\"faq-question\">La structure est-elle compliqu\u00e9e ?<\/button>\n    <div class=\"faq-answer\">\n      Non, le montage est rapide. Le pied doit \u00eatre viss\u00e9 - un tournevis aide.\n    <\/div>\n  <\/div>\n\n  <div class=\"faq-item\">\n    <button class=\"faq-question\">Quelle est la qualit\u00e9 de la finition ?<\/button>\n    <div class=\"faq-answer\">\n      Le bo\u00eetier est en plastique, mais il est visuellement moderne. Le socle pourrait \u00eatre plus solide.\n    <\/div>\n  <\/div>\n\n  <div class=\"faq-item\">\n    <button class=\"faq-question\">Est-il possible d'\u00e9teindre l'\u00e9cran ?<\/button>\n    <div class=\"faq-answer\">\n      Malheureusement, non. Certains utilisateurs le d\u00e9collent la nuit, car il brille assez fort.\n    <\/div>\n  <\/div>\n\n  <div class=\"faq-item\">\n    <button class=\"faq-question\">Le mode nuit fonctionne-t-il bien ?<\/button>\n    <div class=\"faq-answer\">\n      Le mode nuit change automatiquement de niveau, ce que certains trouvent g\u00eanant. Tout le monde ne l'utilise pas.\n    <\/div>\n  <\/div>\n\n  <div class=\"faq-item\">\n    <button class=\"faq-question\">Quelle est la puissance du flux d'air ?<\/button>\n    <div class=\"faq-answer\">\n      Absolument suffisant pour les pi\u00e8ces petites \u00e0 moyennes. Au niveau le plus \u00e9lev\u00e9, on sent nettement le mouvement de l'air.\n    <\/div>\n  <\/div>\n\n  <div class=\"faq-item\">\n    <button class=\"faq-question\">Comment est la t\u00e9l\u00e9commande ?<\/button>\n    <div class=\"faq-answer\">\n      Fonctionne de mani\u00e8re fiable, les piles sont g\u00e9n\u00e9ralement fournies. Il permet de commander toutes les fonctions importantes.\n    <\/div>\n  <\/div>\n\n<\/div>\n\n<script>\n  document.addEventListener(\"DOMContentLoaded\", function() {\n    const questions = document.querySelectorAll(\".faq-question\");\n\n    questions.forEach(question => {\n      question.addEventListener(\"click\", function() {\n        const answer = this.nextElementSibling;\n        const isOpen = answer.classList.contains(\"open\");\n\n        document.querySelectorAll(\".faq-answer\").forEach(ans => ans.classList.remove(\"open\"));\n        document.querySelectorAll(\".faq-question\").forEach(btn => btn.classList.remove(\"active\"));\n\n        if (!isOpen) {\n          answer.classList.add(\"open\");\n          this.classList.add(\"active\");\n        }\n      });\n    });\n  });\n<\/script>\n\n<\/body>\n<\/html>\n\n\n\n<div style=\"height:50px\" aria-hidden=\"true\" class=\"wp-block-spacer\"><\/div>\n\n\n\n<h3 class=\"wp-block-heading\" id=\"Dreo2\"><span class=\"ez-toc-section\" id=\"Dreo_Turmventilator_mit_Wasserkuhlung_%E2%80%93_Muss_sich_nicht_verstecken\"><\/span><a href=\"https:\/\/amzn.to\/4esePGF\" target=\"_blank\" rel=\"noopener\">Ventilateur colonne Dreo avec refroidissement par eau \u2013 il n\u2019a rien \u00e0 envier aux autres mod\u00e8les <\/a>- Ne doit pas se cacher<span class=\"ez-toc-section-end\"><\/span><\/h3>\n\n\n\n<p>Le site <strong>Dreo Swamp Cooler<\/strong> est plus qu'un ventilateur classique - il r\u00e9unit en un seul appareil le refroidissement par \u00e9vaporation, la ventilation et l'humidification de l'air. Justement en cas de <strong>les jours d'\u00e9t\u00e9 secs et chauds<\/strong> il veille \u00e0 <strong>une brise sensiblement rafra\u00eechissante sur la peau<\/strong>La temp\u00e9rature de la pi\u00e8ce peut \u00eatre maintenue \u00e0 un niveau \u00e9lev\u00e9 sans modifier artificiellement la temp\u00e9rature ambiante.<\/p>\n\n\n\n<p>Avec une <strong>Vitesse du vent jusqu'\u00e0 25 ft\/s<\/strong>, un <strong>R\u00e9servoir d'eau de 6 litres<\/strong> et une autre de <strong>22 % Taux d'\u00e9vaporation plus \u00e9lev\u00e9<\/strong> que de nombreux mod\u00e8les concurrents, il fournit un refroidissement fiable - m\u00eame pendant la nuit. Le site <strong>Syst\u00e8me de refroidissement IceWind<\/strong> avec un <strong>Roue de turbine \u00e0 35 pales<\/strong> et un tapis de refroidissement optimis\u00e9 g\u00e9n\u00e8re une circulation d'air dynamique et puissante qui rafra\u00eechit agr\u00e9ablement.<\/p>\n\n\n\n<p>Malgr\u00e9 la puissance, le fonctionnement reste <strong>\u00e9tonnamment silencieux<\/strong> - id\u00e9al pour une utilisation dans la chambre \u00e0 coucher ou le bureau \u00e0 domicile. Pratique : l'appareil ne se laisse pas seulement commander par le biais de la t\u00e9l\u00e9commande. <strong>T\u00e9l\u00e9commande<\/strong>mais aussi sur les <strong>Application Dreo<\/strong> ou <strong>Commande vocale (Alexa\/Google Assistant)<\/strong> de l'utiliser. L'application offre en outre <strong>Donn\u00e9es en temps r\u00e9el sur la temp\u00e9rature et l'humidit\u00e9<\/strong> - pour un contr\u00f4le total du climat.<\/p>\n\n\n\n<p>Gr\u00e2ce \u00e0 <strong>rouleaux int\u00e9gr\u00e9s<\/strong> le Cooler se d\u00e9place facilement dans la pi\u00e8ce. Le montage est simple et l'utilisation intuitive. Au quotidien, le Dreo convainc par sa <strong>refroidissement puissant<\/strong>, le <strong>un design bien pens\u00e9<\/strong> et les <strong>contr\u00f4le intelligent<\/strong>.<\/p>\n\n\n\n<p><strong>Conclusion :<\/strong> Ceux qui ont une <strong>alternative puissante, silencieuse et flexible \u00e0 la climatisation<\/strong> Le Dreo Swamp Cooler est un appareil de grande qualit\u00e9 dot\u00e9 de nombreuses fonctions pratiques, id\u00e9al pour les journ\u00e9es chaudes et les nuits fra\u00eeches.<\/p>\n\n\n<div class=\"affx-pros-cons-wrapper wp-block-affiliatex-pros-and-cons\" id=\"affiliatex-pros-cons-style-block-cb6e6d75-5b3b-4947-a544-ab016f851ef2\">\n\t<div class=\"affx-pros-cons-inner-wrapper layout-type-4 content-align-left\">\n\t\t<div class=\"affx-pros-inner\">\n\t\t\t<div class=\"pros-icon-title-wrap\">\n\t\t\t\t<div class=\"affiliatex-block-pros\">\n\t\t\t\t\t\t\t\t\t\t\t<i class=\"fas fa-thumbs-up\"><\/i>\n\t\t\t\t\t\t\t\t\t\t<p class=\"affiliatex-title\"><\/p>\n\t\t\t\t<\/div>\n\t\t\t<\/div>\n\t\t\t<div class=\"affiliatex-pros\">\n\t\t\t\t\t\t\t\t\t\t<ul class=\"affiliatex-list affiliatex-list-type-unordered afx-icon-list\">\n\t\t\t\t\t\t\t\t\t\t\t\t\t\t<li>\n\t\t\t\t\t\t\t\t\t\t\t<i class=\"fas fa-thumbs-up\"><\/i>\n\t\t\t\t\t\t\t\t\t\t<span>combine un ventilateur, un humidificateur et un refroidisseur \u00e9vaporatif<\/span>\n\t\t\t\t<\/li>\n\t\t\t\t\t\t\t\t\t\t\t\t\t\t\t\t<li>\n\t\t\t\t\t\t\t\t\t\t\t<i class=\"fas fa-thumbs-up\"><\/i>\n\t\t\t\t\t\t\t\t\t\t<span>grand r\u00e9servoir d'eau de 6 l pour une longue dur\u00e9e de fonctionnement<\/span>\n\t\t\t\t<\/li>\n\t\t\t\t\t\t\t\t\t\t\t\t\t\t\t\t<li>\n\t\t\t\t\t\t\t\t\t\t\t<i class=\"fas fa-thumbs-up\"><\/i>\n\t\t\t\t\t\t\t\t\t\t<span>Commande par app et commande vocale possibles<\/span>\n\t\t\t\t<\/li>\n\t\t\t\t\t\t\t\t\t\t\t\t\t\t\t\t<li>\n\t\t\t\t\t\t\t\t\t\t\t<i class=\"fas fa-thumbs-up\"><\/i>\n\t\t\t\t\t\t\t\t\t\t<span>design moderne, facile \u00e0 utiliser<\/span>\n\t\t\t\t<\/li>\n\t\t\t\t\t\t\t<\/ul>\n\t\t\t\t\t\t\t<\/div>\n\t\t<\/div>\n\t\t<div class=\"affx-cons-inner\">\n\t\t\t<div class=\"cons-icon-title-wrap\">\n\t\t\t\t<div class=\"affiliatex-block-cons\">\n\t\t\t\t\t\t\t\t\t\t\t<i class=\"fas fa-thumbs-down\"><\/i>\n\t\t\t\t\t\t\t\t\t\t<p class=\"affiliatex-title\"><\/p>\n\t\t\t\t<\/div>\n\t\t\t<\/div>\n\t\t\t<div class=\"affiliatex-cons\">\n\t\t\t\t\t\t\t\t\t\t<ul class=\"affiliatex-list affiliatex-list-type-unordered afx-icon-list\">\n\t\t\t\t\t\t\t\t\t\t\t\t\t\t<li>\n\t\t\t\t\t\t\t\t\t\t\t<i class=\"fas fa-thumbs-down\"><\/i>\n\t\t\t\t\t\t\t\t\t\t<span>l\u00e9ger bruit de fonctionnement \u00e0 un niveau plus \u00e9lev\u00e9<\/span>\n\t\t\t\t<\/li>\n\t\t\t\t\t\t\t\t\t\t\t\t\t\t\t\t<li>\n\t\t\t\t\t\t\t\t\t\t\t<i class=\"fas fa-thumbs-down\"><\/i>\n\t\t\t\t\t\t\t\t\t\t<span>n\u00e9cessite un remplissage r\u00e9gulier d'eau\/de glace<\/span>\n\t\t\t\t<\/li>\n\t\t\t\t\t\t\t<\/ul>\n\t\t\t\t\t\t\t<\/div>\n\t\t<\/div>\n\t<\/div>\n<\/div>\n\n\n\n<div style=\"position: relative; height: 0; margin-bottom: -10px;\">\n  <div style=\"    position: absolute;    top: 8px;    left: 16px;    background-color: #007BFF;    color: white;    padding: 8px 8px;    font-size: 16px;    font-weight: bold;    border-radius: 6px;    z-index: 10;    box-shadow: 0 2px 6px rgba(0,0,0,0.2);  \">\n    Contr\u00f4le intelligent  <\/div>\n<\/div>\n\n\n\n<div class=\"aawp\">\n\n            \n            \n<div class=\"aawp-product aawp-product--horizontal aawp-product--inline-info aawp-product--css-adjust-image-large\"  data-aawp-product-asin=\"B0DPL49FW6\" data-aawp-product-id=\"1368\" data-aawp-tracking-id=\"zaubereltern-21\" data-aawp-product-title=\"Dreo Turmventilator mit Wasserk\u00fchlung 43\u201d Luftk\u00fchler mit Wasserk\u00fchlung Leise 4-Geschwindigkeiten-4-Modi Verdunstungsk\u00fchler APP-Steuerung Eisbeutel 85\u00b0 Oszillation 12-Std Timer wei\u00df\" data-aawp-local-click-tracking=\"1\">\n\n    \n    <div class=\"aawp-product__thumb\">\n        <a class=\"aawp-product__image-link\" href=\"https:\/\/amzn.to\/4esePGF\" title=\"Ventilateur de tour Dreo avec refroidissement\" rel=\"nofollow noopener sponsored\" target=\"_blank\">\n            <img decoding=\"async\" class=\"aawp-product__image\" src=\"https:\/\/luftzug.org\/wp-content\/plugins\/aawp\/public\/image.php?url=YUhSMGNITTZMeTl0TG0xbFpHbGhMV0Z0WVhwdmJpNWpiMjB2YVcxaFoyVnpMMGt2TXpGblNqVmFRV3RHWWt3dWFuQm58MTc3ODAwMDkyNw=\" alt=\"Ventilateur de tour Dreo avec refroidissement\"  \/>\n        <\/a>\n\n            <\/div>\n\n    <div class=\"aawp-product__content\">\n        <a class=\"aawp-product__title\" href=\"https:\/\/amzn.to\/4esePGF\" title=\"Ventilateur de tour Dreo avec refroidissement\" rel=\"nofollow noopener sponsored\" target=\"_blank\">\n            Ventilateur de tour Dreo avec refroidissement        <\/a>\n        <div class=\"aawp-product__description\">\n            <div style=\"background-color: #f5f5f5; padding: 15px; border-radius: 8px; font-size: 16px;\">\n  Le Dreo Swamp Cooler combine un ventilateur, un refroidisseur d'air et un humidificateur d'air en un seul appareil - id\u00e9al pour les journ\u00e9es chaudes et s\u00e8ches de l'\u00e9t\u00e9. Avec sa commande App intelligente, son r\u00e9servoir d'eau de 6 litres et sa forte puissance de refroidissement, il assure un rafra\u00eechissement sensible.\n<\/div>\n        <\/div>\n    <\/div>\n\n    <div class=\"aawp-product__footer\">\n\n        <div class=\"aawp-product__pricing\">\n            \n                            <span class=\"aawp-product__price aawp-product__price--current\"><\/span>\n            \n                    <\/div>\n\n                <a class=\"aawp-button aawp-button--buy aawp-button aawp-button--blue shadow aawp-button--icon aawp-button--icon-white\" href=\"https:\/\/amzn.to\/4esePGF\" title=\"Acheter sur Amazon\" target=\"_blank\" rel=\"nofollow noopener sponsored\">Acheter sur Amazon<\/a>\n                    <span class=\"aawp-product__info\">Prix TTC, frais de port en sus<\/span>\n            <\/div>\n\n<\/div>\n\n    \n<\/div>\n\n\n\n<!DOCTYPE html>\n<html lang=\"de\">\n<head>\n  <meta charset=\"UTF-8\" \/>\n  <meta name=\"viewport\" content=\"width=device-width, initial-scale=1.0\"\/>\n  <title>FAQ sur le Dreo Nomad One<\/title>\n  <style>\n    .faq-container {\n      width: 100%;\n      max-width: 800px;\n      margin: 20px auto;\n      font-family: Arial, sans-serif;\n    }\n\n    .faq-item {\n      border-bottom: 1px solid #ccc;\n      margin-bottom: 10px;\n    }\n\n    .faq-question {\n      background-color: #f1f1f1;\n      color: #333;\n      cursor: pointer;\n      padding: 15px;\n      width: 100%;\n      border: none;\n      text-align: left;\n      outline: none;\n      font-size: 18px;\n      display: flex;\n      justify-content: space-between;\n      align-items: center;\n    }\n\n    .faq-question::after {\n      content: '\\25BC';\n      font-size: 18px;\n      transition: transform 0.3s;\n    }\n\n    .faq-question.active::after {\n      transform: rotate(180deg);\n    }\n\n    .faq-answer {\n      max-height: 0;\n      overflow: hidden;\n      transition: max-height 0.3s ease;\n      background-color: #f9f9f9;\n      font-size: 16px;\n      padding: 0 15px;\n    }\n\n    .faq-answer.open {\n      padding: 15px;\n      max-height: 500px;\n    }\n  <\/style>\n<\/head>\n<body>\n\n<div class=\"faq-container\">\n\n  <div class=\"faq-item\">\n    <button class=\"faq-question\">Comment fonctionne l'effet de refroidissement ?<\/button>\n    <div class=\"faq-answer\">\n      Le Dreo utilise le principe du refroidissement par \u00e9vaporation - l'eau s'\u00e9vapore au contact de l'air et g\u00e9n\u00e8re ainsi un flux d'air sensiblement plus frais, sans abaisser directement la temp\u00e9rature ambiante.\n    <\/div>\n  <\/div>\n\n  <div class=\"faq-item\">\n    <button class=\"faq-question\">Quelle est la puissance du flux d'air ?<\/button>\n    <div class=\"faq-answer\">\n      Le flux d'air atteint jusqu'\u00e0 7,6 m\/s (25 ft\/s) et assure ainsi une brise puissante et agr\u00e9able - id\u00e9ale en cas de temp\u00e9ratures \u00e9lev\u00e9es.\n    <\/div>\n  <\/div>\n\n  <div class=\"faq-item\">\n    <button class=\"faq-question\">Quelle est la taille du r\u00e9servoir d'eau ?<\/button>\n    <div class=\"faq-answer\">\n      Le r\u00e9servoir a une capacit\u00e9 de 6 litres, ce qui permet de travailler plusieurs heures sans avoir \u00e0 le remplir.\n    <\/div>\n  <\/div>\n\n  <div class=\"faq-item\">\n    <button class=\"faq-question\">Puis-je contr\u00f4ler le Dreo avec mon smartphone ?<\/button>\n    <div class=\"faq-answer\">\n      Oui, le ventilateur peut \u00eatre facilement contr\u00f4l\u00e9 via l'application DREO ou par commande vocale via Alexa\/Google.\n    <\/div>\n  <\/div>\n\n  <div class=\"faq-item\">\n    <button class=\"faq-question\">\u00c0 qui le Dreo Swamp Cooler est-il particuli\u00e8rement destin\u00e9 ?<\/button>\n    <div class=\"faq-answer\">\n      Il est particuli\u00e8rement utile dans les r\u00e9gions chaudes et s\u00e8ches - c'est l\u00e0 que le refroidissement par \u00e9vaporation d\u00e9ploie tous ses effets.\n    <\/div>\n  <\/div>\n\n<\/div>\n\n<script>\n  document.addEventListener(\"DOMContentLoaded\", function() {\n    const questions = document.querySelectorAll(\".faq-question\");\n\n    questions.forEach(question => {\n      question.addEventListener(\"click\", function() {\n        const answer = this.nextElementSibling;\n        const isOpen = answer.classList.contains(\"open\");\n\n        document.querySelectorAll(\".faq-answer\").forEach(ans => ans.classList.remove(\"open\"));\n        document.querySelectorAll(\".faq-question\").forEach(btn => btn.classList.remove(\"active\"));\n\n        if (!isOpen) {\n          answer.classList.add(\"open\");\n          this.classList.add(\"active\");\n        }\n      });\n    });\n  });\n<\/script>\n\n<\/body>\n<\/html>\n\n\n\n<div style=\"height:49px\" aria-hidden=\"true\" class=\"wp-block-spacer\"><\/div>\n\n\n\n<h4 class=\"wp-block-heading\">Plus de contributions<\/h4>\n\n\n\n<div class=\"gb-grid-wrapper gb-grid-wrapper-2ede049b gb-query-loop-wrapper\">\n<div class=\"gb-grid-column gb-grid-column-cafd557b gb-query-loop-item post-146 page type-page status-publish has-post-thumbnail tag-venti\"><div class=\"gb-container gb-container-cafd557b\">\n<figure class=\"gb-block-image gb-block-image-e88d54bd\"><img decoding=\"async\" width=\"1200\" height=\"800\" src=\"https:\/\/luftzug.org\/wp-content\/uploads\/2025\/05\/rotorlose-ventilaoren-im-vergleich.jpg\" class=\"gb-image-e88d54bd\" alt=\"ventilateurs sans rotor c\u00f4te \u00e0 c\u00f4te en test\" srcset=\"https:\/\/luftzug.org\/wp-content\/uploads\/2025\/05\/rotorlose-ventilaoren-im-vergleich.jpg 1200w, https:\/\/luftzug.org\/wp-content\/uploads\/2025\/05\/rotorlose-ventilaoren-im-vergleich-300x200.jpg 300w, https:\/\/luftzug.org\/wp-content\/uploads\/2025\/05\/rotorlose-ventilaoren-im-vergleich-1024x683.jpg 1024w, https:\/\/luftzug.org\/wp-content\/uploads\/2025\/05\/rotorlose-ventilaoren-im-vergleich-768x512.jpg 768w, https:\/\/luftzug.org\/wp-content\/uploads\/2025\/05\/rotorlose-ventilaoren-im-vergleich-18x12.jpg 18w\" sizes=\"(max-width: 1200px) 100vw, 1200px\" \/><\/figure>\n\n<p class=\"gb-headline gb-headline-f2a1b86e gb-headline-text\"><a href=\"https:\/\/luftzug.org\/fr\/ventilatoren\/rotorlose-ventilatoren\/\">Comparaison des ventilateurs sans rotor et explication de leur fonctionnement !<\/a><\/p>\n<\/div><\/div>\n\n<div class=\"gb-grid-column gb-grid-column-cafd557b gb-query-loop-item post-152 page type-page status-publish has-post-thumbnail tag-venti\"><div class=\"gb-container gb-container-cafd557b\">\n<figure class=\"gb-block-image gb-block-image-e88d54bd\"><img decoding=\"async\" width=\"900\" height=\"600\" src=\"https:\/\/luftzug.org\/wp-content\/uploads\/2024\/10\/deckenventilator_hue6089b85d9fb3ededf0f7bf75d856b30_93890_900x0_resize_q80_box.jpg\" class=\"gb-image-e88d54bd\" alt=\"\" srcset=\"https:\/\/luftzug.org\/wp-content\/uploads\/2024\/10\/deckenventilator_hue6089b85d9fb3ededf0f7bf75d856b30_93890_900x0_resize_q80_box.jpg 900w, https:\/\/luftzug.org\/wp-content\/uploads\/2024\/10\/deckenventilator_hue6089b85d9fb3ededf0f7bf75d856b30_93890_900x0_resize_q80_box-300x200.jpg 300w, https:\/\/luftzug.org\/wp-content\/uploads\/2024\/10\/deckenventilator_hue6089b85d9fb3ededf0f7bf75d856b30_93890_900x0_resize_q80_box-768x512.jpg 768w\" sizes=\"(max-width: 900px) 100vw, 900px\" \/><\/figure>\n\n<p class=\"gb-headline gb-headline-f2a1b86e gb-headline-text\"><a href=\"https:\/\/luftzug.org\/fr\/ventilatoren\/deckenventilatoren\/\">Comparaison des ventilateurs de plafond : voici les mod\u00e8les \u00e0 recommander !<\/a><\/p>\n<\/div><\/div>\n\n<div class=\"gb-grid-column gb-grid-column-cafd557b gb-query-loop-item post-149 page type-page status-publish has-post-thumbnail tag-venti\"><div class=\"gb-container gb-container-cafd557b\">\n<figure class=\"gb-block-image gb-block-image-e88d54bd\"><img loading=\"lazy\" decoding=\"async\" width=\"1200\" height=\"900\" src=\"https:\/\/luftzug.org\/wp-content\/uploads\/2025\/03\/IMG_20250319_160637.jpg\" class=\"gb-image-e88d54bd\" alt=\"Comparaison des ventilateurs de tour\" srcset=\"https:\/\/luftzug.org\/wp-content\/uploads\/2025\/03\/IMG_20250319_160637.jpg 1200w, https:\/\/luftzug.org\/wp-content\/uploads\/2025\/03\/IMG_20250319_160637-300x225.jpg 300w, https:\/\/luftzug.org\/wp-content\/uploads\/2025\/03\/IMG_20250319_160637-1024x768.jpg 1024w, https:\/\/luftzug.org\/wp-content\/uploads\/2025\/03\/IMG_20250319_160637-768x576.jpg 768w\" sizes=\"(max-width: 1200px) 100vw, 1200px\" \/><\/figure>\n\n<p class=\"gb-headline gb-headline-f2a1b86e gb-headline-text\"><a href=\"https:\/\/luftzug.org\/fr\/ventilatoren\/turmventilatoren\/\">Ventilateurs colonne \u00e0 l\u2019essai : lequel vaut vraiment le coup ?<\/a><\/p>\n<\/div><\/div>\n\n<div class=\"gb-grid-column gb-grid-column-cafd557b gb-query-loop-item post-137 page type-page status-publish has-post-thumbnail tag-venti\"><div class=\"gb-container gb-container-cafd557b\">\n<figure class=\"gb-block-image gb-block-image-e88d54bd\"><img loading=\"lazy\" decoding=\"async\" width=\"1200\" height=\"900\" src=\"https:\/\/luftzug.org\/wp-content\/uploads\/2025\/03\/IMG_20250320_100213.jpg\" class=\"gb-image-e88d54bd\" alt=\"Comparaison des ventilateurs de tour et des ventilateurs sur pied\" srcset=\"https:\/\/luftzug.org\/wp-content\/uploads\/2025\/03\/IMG_20250320_100213.jpg 1200w, https:\/\/luftzug.org\/wp-content\/uploads\/2025\/03\/IMG_20250320_100213-300x225.jpg 300w, https:\/\/luftzug.org\/wp-content\/uploads\/2025\/03\/IMG_20250320_100213-1024x768.jpg 1024w, https:\/\/luftzug.org\/wp-content\/uploads\/2025\/03\/IMG_20250320_100213-768x576.jpg 768w\" sizes=\"(max-width: 1200px) 100vw, 1200px\" \/><\/figure>\n\n<p class=\"gb-headline gb-headline-f2a1b86e gb-headline-text\"><a href=\"https:\/\/luftzug.org\/fr\/ventilatoren\/turmventilator-oder-standventilator\/\">Ventilateur colonne ou ventilateur sur pied : lequel est le meilleur ?<\/a><\/p>\n<\/div><\/div>\n\n<div class=\"gb-grid-column gb-grid-column-cafd557b gb-query-loop-item post-129 page type-page status-publish has-post-thumbnail tag-venti\"><div class=\"gb-container gb-container-cafd557b\">\n<figure class=\"gb-block-image gb-block-image-e88d54bd\"><img loading=\"lazy\" decoding=\"async\" width=\"1200\" height=\"900\" src=\"https:\/\/luftzug.org\/wp-content\/uploads\/2025\/03\/IMG_20250320_095957.jpg\" class=\"gb-image-e88d54bd\" alt=\"Comparaison des ventilateurs silencieux\" srcset=\"https:\/\/luftzug.org\/wp-content\/uploads\/2025\/03\/IMG_20250320_095957.jpg 1200w, https:\/\/luftzug.org\/wp-content\/uploads\/2025\/03\/IMG_20250320_095957-300x225.jpg 300w, https:\/\/luftzug.org\/wp-content\/uploads\/2025\/03\/IMG_20250320_095957-1024x768.jpg 1024w, https:\/\/luftzug.org\/wp-content\/uploads\/2025\/03\/IMG_20250320_095957-768x576.jpg 768w\" sizes=\"(max-width: 1200px) 100vw, 1200px\" \/><\/figure>\n\n<p class=\"gb-headline gb-headline-f2a1b86e gb-headline-text\"><a href=\"https:\/\/luftzug.org\/fr\/ventilatoren\/leise-ventilatoren\/\">Comparaison des ventilateurs \u00e0 moins de 30 dB : lesquels sont vraiment silencieux ?<\/a><\/p>\n<\/div><\/div>\n\n<div class=\"gb-grid-column gb-grid-column-cafd557b gb-query-loop-item post-143 page type-page status-publish has-post-thumbnail tag-venti\"><div class=\"gb-container gb-container-cafd557b\">\n<figure class=\"gb-block-image gb-block-image-e88d54bd\"><img loading=\"lazy\" decoding=\"async\" width=\"900\" height=\"600\" src=\"https:\/\/luftzug.org\/wp-content\/uploads\/2024\/10\/weisser-ventilator_hu3d03a01dcc18bc5be0e67db3d8d209a6_27484_900x0_resize_q80_box.jpg\" class=\"gb-image-e88d54bd\" alt=\"\" srcset=\"https:\/\/luftzug.org\/wp-content\/uploads\/2024\/10\/weisser-ventilator_hu3d03a01dcc18bc5be0e67db3d8d209a6_27484_900x0_resize_q80_box.jpg 900w, https:\/\/luftzug.org\/wp-content\/uploads\/2024\/10\/weisser-ventilator_hu3d03a01dcc18bc5be0e67db3d8d209a6_27484_900x0_resize_q80_box-300x200.jpg 300w, https:\/\/luftzug.org\/wp-content\/uploads\/2024\/10\/weisser-ventilator_hu3d03a01dcc18bc5be0e67db3d8d209a6_27484_900x0_resize_q80_box-768x512.jpg 768w\" sizes=\"(max-width: 900px) 100vw, 900px\" \/><\/figure>\n\n<p class=\"gb-headline gb-headline-f2a1b86e gb-headline-text\"><a href=\"https:\/\/luftzug.org\/fr\/ventilatoren\/smarthome-ventilatoren\/\">Comparaison des ventilateurs Smart Home + liste des appareils compatibles<\/a><\/p>\n<\/div><\/div>\n\n<div class=\"gb-grid-column gb-grid-column-cafd557b gb-query-loop-item post-140 page type-page status-publish has-post-thumbnail tag-venti\"><div class=\"gb-container gb-container-cafd557b\">\n<figure class=\"gb-block-image gb-block-image-e88d54bd\"><img loading=\"lazy\" decoding=\"async\" width=\"900\" height=\"600\" src=\"https:\/\/luftzug.org\/wp-content\/uploads\/2024\/10\/schlafzimmer_hudf80480713aa4e9ea49784003fc20a92_81885_900x0_resize_q80_box.jpg\" class=\"gb-image-e88d54bd\" alt=\"\" srcset=\"https:\/\/luftzug.org\/wp-content\/uploads\/2024\/10\/schlafzimmer_hudf80480713aa4e9ea49784003fc20a92_81885_900x0_resize_q80_box.jpg 900w, https:\/\/luftzug.org\/wp-content\/uploads\/2024\/10\/schlafzimmer_hudf80480713aa4e9ea49784003fc20a92_81885_900x0_resize_q80_box-300x200.jpg 300w, https:\/\/luftzug.org\/wp-content\/uploads\/2024\/10\/schlafzimmer_hudf80480713aa4e9ea49784003fc20a92_81885_900x0_resize_q80_box-768x512.jpg 768w\" sizes=\"(max-width: 900px) 100vw, 900px\" \/><\/figure>\n\n<p class=\"gb-headline gb-headline-f2a1b86e gb-headline-text\"><a href=\"https:\/\/luftzug.org\/fr\/ventilatoren\/schlafzimmer\/\">Ventilateur adapt\u00e9 \u00e0 la chambre \u00e0 coucher : le grand comparatif<\/a><\/p>\n<\/div><\/div>\n\n<div class=\"gb-grid-column gb-grid-column-cafd557b gb-query-loop-item post-132 page type-page status-publish has-post-thumbnail tag-venti\"><div class=\"gb-container gb-container-cafd557b\">\n<figure class=\"gb-block-image gb-block-image-e88d54bd\"><img loading=\"lazy\" decoding=\"async\" width=\"900\" height=\"598\" src=\"https:\/\/luftzug.org\/wp-content\/uploads\/2024\/10\/12-volt-ventilator_hucaca6d0164d42209ad27e874a53c22aa_26811_900x0_resize_q80_box.jpg\" class=\"gb-image-e88d54bd\" alt=\"\" srcset=\"https:\/\/luftzug.org\/wp-content\/uploads\/2024\/10\/12-volt-ventilator_hucaca6d0164d42209ad27e874a53c22aa_26811_900x0_resize_q80_box.jpg 900w, https:\/\/luftzug.org\/wp-content\/uploads\/2024\/10\/12-volt-ventilator_hucaca6d0164d42209ad27e874a53c22aa_26811_900x0_resize_q80_box-300x199.jpg 300w, https:\/\/luftzug.org\/wp-content\/uploads\/2024\/10\/12-volt-ventilator_hucaca6d0164d42209ad27e874a53c22aa_26811_900x0_resize_q80_box-768x510.jpg 768w\" sizes=\"(max-width: 900px) 100vw, 900px\" \/><\/figure>\n\n<p class=\"gb-headline gb-headline-f2a1b86e gb-headline-text\"><a href=\"https:\/\/luftzug.org\/fr\/ventilatoren\/12-volt-ventilator\/\">Comparaison des ventilateurs 12 volts : pour la voiture, le camping-car, etc.<\/a><\/p>\n<\/div><\/div>\n\n<div class=\"gb-grid-column gb-grid-column-cafd557b gb-query-loop-item post-127 page type-page status-publish has-post-thumbnail tag-venti\"><div class=\"gb-container gb-container-cafd557b\">\n<figure class=\"gb-block-image gb-block-image-e88d54bd\"><img loading=\"lazy\" decoding=\"async\" width=\"900\" height=\"600\" src=\"https:\/\/luftzug.org\/wp-content\/uploads\/2024\/10\/weisser-ventilator_hu3d03a01dcc18bc5be0e67db3d8d209a6_27484_900x0_resize_q80_box.jpg\" class=\"gb-image-e88d54bd\" alt=\"\" srcset=\"https:\/\/luftzug.org\/wp-content\/uploads\/2024\/10\/weisser-ventilator_hu3d03a01dcc18bc5be0e67db3d8d209a6_27484_900x0_resize_q80_box.jpg 900w, https:\/\/luftzug.org\/wp-content\/uploads\/2024\/10\/weisser-ventilator_hu3d03a01dcc18bc5be0e67db3d8d209a6_27484_900x0_resize_q80_box-300x200.jpg 300w, https:\/\/luftzug.org\/wp-content\/uploads\/2024\/10\/weisser-ventilator_hu3d03a01dcc18bc5be0e67db3d8d209a6_27484_900x0_resize_q80_box-768x512.jpg 768w\" sizes=\"(max-width: 900px) 100vw, 900px\" \/><\/figure>\n\n<p class=\"gb-headline gb-headline-f2a1b86e gb-headline-text\"><a href=\"https:\/\/luftzug.org\/fr\/ventilatoren\/buero\/\">Se rafra\u00eechir au travail !<\/a><\/p>\n<\/div><\/div>\n\n<div class=\"gb-grid-column gb-grid-column-cafd557b gb-query-loop-item post-116 page type-page status-publish has-post-thumbnail tag-venti\"><div class=\"gb-container gb-container-cafd557b\">\n<figure class=\"gb-block-image gb-block-image-e88d54bd\"><img loading=\"lazy\" decoding=\"async\" width=\"1200\" height=\"900\" src=\"https:\/\/luftzug.org\/wp-content\/uploads\/2025\/03\/IMG_20250320_100213.jpg\" class=\"gb-image-e88d54bd\" alt=\"Comparaison des ventilateurs de tour et des ventilateurs sur pied\" srcset=\"https:\/\/luftzug.org\/wp-content\/uploads\/2025\/03\/IMG_20250320_100213.jpg 1200w, https:\/\/luftzug.org\/wp-content\/uploads\/2025\/03\/IMG_20250320_100213-300x225.jpg 300w, https:\/\/luftzug.org\/wp-content\/uploads\/2025\/03\/IMG_20250320_100213-1024x768.jpg 1024w, https:\/\/luftzug.org\/wp-content\/uploads\/2025\/03\/IMG_20250320_100213-768x576.jpg 768w\" sizes=\"(max-width: 1200px) 100vw, 1200px\" \/><\/figure>\n\n<p class=\"gb-headline gb-headline-f2a1b86e gb-headline-text\"><a href=\"https:\/\/luftzug.org\/fr\/ventilatoren\/\">Les meilleurs ventilateurs au test<\/a><\/p>\n<\/div><\/div>\n<\/div>\n\n\n\n<p><\/p>","protected":false},"excerpt":{"rendered":"<p>Test des ventilateurs de tour : lequel vaut vraiment la peine ? Les ventilateurs \u00e0 tour sont de plus en plus populaires. Ils remplacent peu \u00e0 peu les ventilateurs sur pied dans les bureaux et les pi\u00e8ces priv\u00e9es. Leur principal avantage r\u00e9side dans la combinaison d'un grand nombre de fonctions et de dimensions pratiques. Dans cet article, nous allons voir quelles sont les caract\u00e9ristiques des ventilateurs \u00e0 tour et quel mod\u00e8le te convient le mieux. Les ventilateurs recommand\u00e9s ... <\/p>\n<p class=\"read-more-container\"><a title=\"Ventilateurs colonne \u00e0 l\u2019essai : lequel vaut vraiment le coup ?\" class=\"read-more button\" href=\"https:\/\/luftzug.org\/fr\/ventilatoren\/turmventilatoren\/#more-149\" aria-label=\"En savoir plus sur Test des ventilateurs de tour : lequel vaut vraiment la peine ?\">Lire plus<\/a><\/p>","protected":false},"author":1,"featured_media":1139,"parent":116,"menu_order":0,"comment_status":"closed","ping_status":"closed","template":"","meta":{"_eb_attr":"","footnotes":""},"categories":[],"tags":[9],"class_list":{"0":"post-149","1":"page","2":"type-page","3":"status-publish","4":"has-post-thumbnail","6":"tag-venti","7":"no-featured-image-padding"},"_links":{"self":[{"href":"https:\/\/luftzug.org\/fr\/wp-json\/wp\/v2\/pages\/149","targetHints":{"allow":["GET"]}}],"collection":[{"href":"https:\/\/luftzug.org\/fr\/wp-json\/wp\/v2\/pages"}],"about":[{"href":"https:\/\/luftzug.org\/fr\/wp-json\/wp\/v2\/types\/page"}],"author":[{"embeddable":true,"href":"https:\/\/luftzug.org\/fr\/wp-json\/wp\/v2\/users\/1"}],"replies":[{"embeddable":true,"href":"https:\/\/luftzug.org\/fr\/wp-json\/wp\/v2\/comments?post=149"}],"version-history":[{"count":2,"href":"https:\/\/luftzug.org\/fr\/wp-json\/wp\/v2\/pages\/149\/revisions"}],"predecessor-version":[{"id":1419,"href":"https:\/\/luftzug.org\/fr\/wp-json\/wp\/v2\/pages\/149\/revisions\/1419"}],"up":[{"embeddable":true,"href":"https:\/\/luftzug.org\/fr\/wp-json\/wp\/v2\/pages\/116"}],"wp:featuredmedia":[{"embeddable":true,"href":"https:\/\/luftzug.org\/fr\/wp-json\/wp\/v2\/media\/1139"}],"wp:attachment":[{"href":"https:\/\/luftzug.org\/fr\/wp-json\/wp\/v2\/media?parent=149"}],"wp:term":[{"taxonomy":"category","embeddable":true,"href":"https:\/\/luftzug.org\/fr\/wp-json\/wp\/v2\/categories?post=149"},{"taxonomy":"post_tag","embeddable":true,"href":"https:\/\/luftzug.org\/fr\/wp-json\/wp\/v2\/tags?post=149"}],"curies":[{"name":"wp","href":"https:\/\/api.w.org\/{rel}","templated":true}]}}