{"id":149,"date":"2025-03-27T12:47:56","date_gmt":"2025-03-27T12:47:56","guid":{"rendered":"https:\/\/luftzug.org\/?page_id=149"},"modified":"2025-06-04T15:10:05","modified_gmt":"2025-06-04T15:10:05","slug":"ventilatori-torre","status":"publish","type":"page","link":"https:\/\/luftzug.org\/it\/ventilatoren\/turmventilatoren\/","title":{"rendered":"Test ventilatori a torre: qual \u00e8 il migliore?"},"content":{"rendered":"<h1 class=\"wp-block-heading\"><span class=\"ez-toc-section\" id=\"Turmventilatoren_im_Test_Welcher_lohnt_sich_wirklich\"><\/span>Test ventilatori a torre: qual \u00e8 il migliore?<span class=\"ez-toc-section-end\"><\/span><\/h1>\n\n\n\n<p>I ventilatori a torre stanno diventando sempre pi\u00f9 popolari. Stanno gradualmente sostituendo i ventilatori a piedistallo negli uffici e nelle stanze private. Il loro vantaggio principale risiede nella combinazione di&nbsp;<strong>Ampia gamma di funzioni<\/strong>&nbsp;e il&nbsp;<strong>Dimensioni pratiche<\/strong>.<\/p>\n\n\n\n<p>In questo articolo diamo un'occhiata alle caratteristiche che contraddistinguono i ventilatori a torre e a quale modello \u00e8 pi\u00f9 adatto a voi.<\/p>\n\n\n\n<div class=\"wp-block-group has-base-2-background-color has-background\"><div class=\"wp-block-group__inner-container is-layout-constrained wp-block-group-is-layout-constrained\">\n<p><strong>Ventilatori a torre consigliati<\/strong><\/p>\n\n\n\n<ol class=\"wp-block-list\">\n<li><a href=\"#Levoit\" data-type=\"internal\" data-id=\"#Levoit\">Levoit (molto silenzioso)<\/a><\/li>\n\n\n\n<li><a href=\"#Philips\" data-type=\"internal\" data-id=\"#Philips\">Philips Serie 5000 (silenzioso)<\/a><\/li>\n\n\n\n<li><a href=\"#Brandson\" data-type=\"internal\" data-id=\"#Brandson\">Brandson <\/a><\/li>\n\n\n\n<li><a href=\"#Dreo\" data-type=\"internal\" data-id=\"#Dreo\">Dreo<\/a><\/li>\n\n\n\n<li><a href=\"#Groveelife\" data-type=\"internal\" data-id=\"#Groveelife\">Groveelife (controllo app)<\/a><\/li>\n\n\n\n<li><a href=\"#Brandson2\" data-type=\"internal\" data-id=\"#Brandson2\">Brandson (con raffreddamento)<\/a><\/li>\n\n\n\n<li><a href=\"#Dreo2\" data-type=\"internal\" data-id=\"#Dreo2\">Dreo (con raffreddamento)<\/a><\/li>\n<\/ol>\n<\/div><\/div>\n\n\n\n<p>Prima di esaminare le funzioni in dettaglio, chiariamo innanzitutto che cos'\u00e8 effettivamente un ventilatore a torre e come si differenzia dai tradizionali ventilatori a piedistallo. <\/p>\n\n\n\n<p>Importante: <strong>I ventilatori a torre non devono essere utilizzati con <a class=\"\" href=\"https:\/\/luftzug.org\/it\/ventilatori\/ventilatori-senza-pale\/\">ventilatori senza rotore<\/a><\/strong> Questi funzionano secondo un principio completamente diverso. Se non siete sicuri di essere pi\u00f9 adatti a un <strong><a class=\"\" href=\"https:\/\/luftzug.org\/it\/ventilatori\/ventilatore-torre-o-a-piantana\/\">Ventilatore a torre o a piedistallo<\/a><\/strong> Potete trovare tutte le differenze in un colpo d'occhio nel nostro articolo di confronto.<\/p>\n\n\n\n<div style=\"height:24px\" aria-hidden=\"true\" class=\"wp-block-spacer\"><\/div>\n\n\n\n<h2 class=\"wp-block-heading\" id=\"unterschied-zwischen-turm--und-standventilator\"><span class=\"ez-toc-section\" id=\"Unterschied_zwischen_Turm-_und_Standventilator\"><\/span>Differenza tra ventilatore a torre e ventilatore a piedistallo<span class=\"ez-toc-section-end\"><\/span><\/h2>\n\n\n\n<p>Il classico ventilatore da piedistallo ha pale ben visibili. Di solito sono collocate in un tipo di cestello o griglia. La griglia protegge dalle pale del rotore in rapida rotazione.<\/p>\n\n\n\n<p>Il ventilatore a torre, invece, \u00e8 molto pi\u00f9 compatto. Ha&nbsp;<strong>senza pale alari<\/strong>. Invece, nella maggior parte dei ventilatori a torre, una costruzione composta da singoli&nbsp;<strong>Doghe<\/strong>.<\/p>\n\n\n\n<figure class=\"wp-block-image size-full\"><img fetchpriority=\"high\" decoding=\"async\" width=\"980\" height=\"653\" src=\"https:\/\/luftzug.org\/wp-content\/uploads\/2025\/06\/Ventilatore-a-torre-it.webp\" alt=\"\" class=\"wp-image-794\" srcset=\"https:\/\/luftzug.org\/wp-content\/uploads\/2025\/06\/Ventilatore-a-torre-it.webp 1536w, https:\/\/luftzug.org\/wp-content\/uploads\/2025\/06\/Ventilatore-a-torre-it-300x200.webp 300w, https:\/\/luftzug.org\/wp-content\/uploads\/2025\/06\/Ventilatore-a-torre-it-1024x683.webp 1024w, https:\/\/luftzug.org\/wp-content\/uploads\/2025\/06\/Ventilatore-a-torre-it-768x512.webp 768w, https:\/\/luftzug.org\/wp-content\/uploads\/2025\/06\/Ventilatore-a-torre-it-18x12.webp 18w\" sizes=\"(max-width: 980px) 100vw, 980px\" \/><\/figure>\n\n\n\n<div style=\"height:50px\" aria-hidden=\"true\" class=\"wp-block-spacer\"><\/div>\n\n\n\n<p>Un ventilatore a torre \u00e8 inoltre dotato di una griglia che protegge le parti rotanti all'interno.<\/p>\n\n\n\n<p>Il ventilatore a torre ha due aperture. L'aria viene aspirata da una e soffiata fuori dall'altra. In alcuni modelli, quest'ultima \u00e8 dotata di un'aletta mobile che determina la direzione di espulsione dell'aria.<\/p>\n\n\n\n<div style=\"height:50px\" aria-hidden=\"true\" class=\"wp-block-spacer\"><\/div>\n\n\n\n<h2 class=\"wp-block-heading\" id=\"funktionsumfang-von-turmventilatoren\"><span class=\"ez-toc-section\" id=\"Funktionsumfang_von_Turmventilatoren\"><\/span>Gamma di funzioni dei ventilatori a torre<span class=\"ez-toc-section-end\"><\/span><\/h2>\n\n\n\n<p>A seconda del modello, l'apparecchio \u00e8 dotato di diverse funzioni. A mio parere, la pi\u00f9 importante \u00e8 l'oscillazione, ossia la&nbsp;<strong>Orientamento automatico in avanti e indietro<\/strong>&nbsp;del flusso d'aria.<\/p>\n\n\n\n<p>L'orientabilit\u00e0 \u00e8 un vantaggio, ad esempio, se un ventilatore deve raggiungere diverse postazioni di lavoro in ufficio. L'oscillazione pu\u00f2 essere attivata in modo da non doverlo spostare continuamente. In questo modo il flusso d'aria raggiunge alternativamente le singole postazioni di lavoro.<\/p>\n\n\n\n<p>Oltre all'oscillazione, oggi sono disponibili molte altre funzioni, talvolta pi\u00f9 o meno utili a seconda dell'applicazione.<\/p>\n\n\n\n<div style=\"height:50px\" aria-hidden=\"true\" class=\"wp-block-spacer\"><\/div>\n\n\n\n<h3 class=\"wp-block-heading\" id=\"windst\u00e4rke-einstellen\"><span class=\"ez-toc-section\" id=\"Windstarke_einstellen\"><\/span>Impostazione della forza del vento<span class=\"ez-toc-section-end\"><\/span><\/h3>\n\n\n\n<p>Un'altra delle funzioni pi\u00f9 comuni \u00e8 la possibilit\u00e0 di determinare l'intensit\u00e0 del flusso d'aria. Alcune situazioni richiedono un flusso d'aria intenso, altre un flusso d'aria debole o molto silenzioso.<\/p>\n\n\n\n<p>Quando il ventilatore a torre \u00e8 a circa&nbsp;<strong>in camera da letto<\/strong>&nbsp;di notte deve essere impostato su una temperatura bassa e, soprattutto, bassa.&nbsp;<strong>Livello silenzioso<\/strong>&nbsp;pu\u00f2 essere regolata. Questo non \u00e8 importante solo in termini di volume: una forte corrente d'aria che persiste per un lungo periodo di tempo pu\u00f2 essere dannosa per la salute.<\/p>\n\n\n\n<div style=\"height:50px\" aria-hidden=\"true\" class=\"wp-block-spacer\"><\/div>\n\n\n\n<h3 class=\"wp-block-heading\" id=\"luftbefeuchtung-aus-wassertank\"><span class=\"ez-toc-section\" id=\"Luftbefeuchtung_aus_Wassertank\"><\/span>Umidificazione dell'aria dal serbatoio dell'acqua<span class=\"ez-toc-section-end\"><\/span><\/h3>\n\n\n\n<p>Gli apparecchi con serbatoio dell'acqua incorporato sono ormai relativamente rari. L'acqua viene utilizzata dal ventilatore a torre per umidificare l'aria.<\/p>\n\n\n\n<p>Di solito il problema in casa \u00e8 che l'umidit\u00e0 \u00e8 troppo alta. Se \u00e8 troppo bassa, un umidificatore pu\u00f2 essere d'aiuto. La combinazione di umidificatori e ventilatori a torre \u00e8&nbsp;<strong>non cos\u00ec salvaspazio<\/strong>. Il serbatoio dell'acqua e i tubi aggiuntivi occupano pi\u00f9 spazio.<\/p>\n\n\n\n<p>Prima di acquistare un ventilatore a torre con serbatoio dell'acqua e umidificazione dell'aria, penserei bene se questa funzione \u00e8 davvero necessaria. Infine, ma non meno importante, il&nbsp;<strong>Riempimento del serbatoio<\/strong>&nbsp;pi\u00f9 lavoro. Anche il raffreddamento aggiuntivo \u00e8 limitato. Un getto d'aria con goccioline sottili ha un effetto fresco sulla pelle, la&nbsp;<strong>La temperatura ambiente non cambia quasi mai<\/strong>.<\/p>\n\n\n\n<div style=\"height:50px\" aria-hidden=\"true\" class=\"wp-block-spacer\"><\/div>\n\n\n\n<h3 class=\"wp-block-heading\" id=\"timer--intervalle\"><span class=\"ez-toc-section\" id=\"Timer_Intervalle\"><\/span>Timer e intervalli<span class=\"ez-toc-section-end\"><\/span><\/h3>\n\n\n\n<p>Un ventilatore dovrebbe migliorare il clima interno e allo stesso tempo fare poco lavoro. Per questo motivo sono utili i timer integrati o le funzioni di intervallo.<\/p>\n\n\n\n<p>Con un timer, si pu\u00f2 impostare il&nbsp;<strong>Automatizzare il funzionamento<\/strong>. Invece di attivare il pannello di controllo pi\u00f9 volte al giorno, sarebbe sufficiente impostare una volta un periodo di tempo adeguato. Ad esempio, il ventilatore potrebbe accendersi ogni giorno dalle 12 alle 15 e poi spegnersi di nuovo. In questo modo si contrasterebbe il maggior calore nelle ore di mezzogiorno.<\/p>\n\n\n\n<p>Oltre alla semplice accensione e spegnimento, alcuni modelli offrono ulteriori opzioni di impostazione. Ad esempio, una funzione di intervallo che&nbsp;<strong>Forza del flusso d'aria<\/strong>&nbsp;varia a intervalli regolari o irregolari.<\/p>\n\n\n\n<p>Alcune persone trovano sgradevole una corrente d'aria costante e continua. I ventilatori che cambiano intensit\u00e0 in modo regolare o irregolare si avvicinano molto alla sensazione pi\u00f9 naturale del vento all'aperto.<\/p>\n\n\n\n<div style=\"height:50px\" aria-hidden=\"true\" class=\"wp-block-spacer\"><\/div>\n\n\n\n<h3 class=\"wp-block-heading\" id=\"fernbedienung\"><span class=\"ez-toc-section\" id=\"Fernbedienung\"><\/span>Telecomando<span class=\"ez-toc-section-end\"><\/span><\/h3>\n\n\n\n<p>Oltre al timer, pu\u00f2 essere pratico anche un telecomando. Se l'intensit\u00e0 della luce solare varia pi\u00f9 volte al giorno a causa della forma dell'edificio, il solo timer non \u00e8 pi\u00f9 sufficiente.<\/p>\n\n\n\n<p>Con un telecomando, si mantiene il controllo senza doversi alzare continuamente per andare al pannello di controllo. In questo modo, potrete regolare il flusso d'aria comodamente seduti sul divano e adattarlo alle vostre esigenze.<\/p>\n\n\n\n<p>Il mio consiglio a questo punto sarebbe,&nbsp;<strong>per utilizzare un dispositivo in cui sia possibile memorizzare il telecomando.<\/strong> Questo \u00e8 il caso di molti modelli. A tale scopo, sull'involucro \u00e8 presente un piccolo scomparto o uno sportello. I telecomandi possono andare facilmente persi. La presenza di uno spazio adeguato nel dispositivo riduce questo rischio.<\/p>\n\n\n\n<div style=\"height:50px\" aria-hidden=\"true\" class=\"wp-block-spacer\"><\/div>\n\n\n\n<h3 class=\"wp-block-heading\" id=\"tragegriff\"><span class=\"ez-toc-section\" id=\"Tragegriff\"><\/span>Maniglia di trasporto<span class=\"ez-toc-section-end\"><\/span><\/h3>\n\n\n\n<p>Di tanto in tanto \u00e8 necessario spostare i ventilatori. Sia perch\u00e9 la stagione calda \u00e8 finita, sia perch\u00e9 l'apparecchio \u00e8 ora necessario in un'altra stanza o perch\u00e9 viene messo da parte per l'aspirapolvere.<\/p>\n\n\n\n<p>A questo punto, una maniglia di trasporto appropriata o un'apposita&nbsp;<strong>Incasso nell'alloggiamento<\/strong>&nbsp;pratico. Spostare un ventilatore a torre senza maniglia pu\u00f2 essere noioso: senza maniglia non si potrebbe lavorare con una sola mano.<\/p>\n\n\n\n<p>Trovo inoltre rassicurante sapere che c'\u00e8 un punto progettato per essere impugnato per il trasporto. Sarebbe un peccato danneggiare il dispositivo solo perch\u00e9 viene impugnato in modo errato o perch\u00e9 le dita scivolano durante il trasporto.<\/p>\n\n\n\n<div style=\"height:50px\" aria-hidden=\"true\" class=\"wp-block-spacer\"><\/div>\n\n\n\n<h2 class=\"wp-block-heading\" id=\"kriterien-beim-kauf\"><span class=\"ez-toc-section\" id=\"Kriterien_beim_Kauf\"><\/span>Criteri di acquisto<span class=\"ez-toc-section-end\"><\/span><\/h2>\n\n\n\n<p>Ci sono alcuni punti importanti da considerare quando si acquista un ventilatore a torre. Sono fondamentali per determinare se un dispositivo \u00e8 adatto alle vostre esigenze e soddisfa i vostri requisiti. Ecco un elenco di tutti i criteri di acquisto pi\u00f9 importanti:<\/p>\n\n\n\n<ul class=\"wp-block-list has-base-2-background-color has-background\">\n<li>Circolazione dell'aria<\/li>\n\n\n\n<li>Stabilit\u00e0<\/li>\n\n\n\n<li>Volume<\/li>\n\n\n\n<li>Consumo<\/li>\n\n\n\n<li>Funzioni aggiuntive<\/li>\n\n\n\n<li>Prezzo<\/li>\n\n\n\n<li>Design<\/li>\n<\/ul>\n\n\n\n<p>Vediamo pi\u00f9 da vicino questi punti e chiariamo perch\u00e9 proprio questo criterio \u00e8, o almeno pu\u00f2 essere, importante quando si fa un acquisto:<\/p>\n\n\n\n<div style=\"height:50px\" aria-hidden=\"true\" class=\"wp-block-spacer\"><\/div>\n\n\n\n<h3 class=\"wp-block-heading\" id=\"luftumw\u00e4lzung\"><span class=\"ez-toc-section\" id=\"Luftumwalzung\"><\/span>Circolazione dell'aria<span class=\"ez-toc-section-end\"><\/span><\/h3>\n\n\n\n<p>La circolazione dell'aria si riferisce alla quantit\u00e0 di aria ambiente che il ventilatore \u00e8 in grado di spostare in un certo tempo. Tra le specifiche del produttore, la circolazione \u00e8 spesso descritta come&nbsp;<strong>metri cubi all'ora<\/strong>&nbsp;specificato. Valori usuali da 100 a 500m\u00b3\/h.<\/p>\n\n\n\n<p>Sono soprattutto la potenza e le dimensioni del ventilatore a determinare la quantit\u00e0 di aria movimentata.<\/p>\n\n\n\n<div style=\"height:50px\" aria-hidden=\"true\" class=\"wp-block-spacer\"><\/div>\n\n\n\n<h3 class=\"wp-block-heading\" id=\"standfestigkeit\"><span class=\"ez-toc-section\" id=\"Standfestigkeit\"><\/span>Stabilit\u00e0<span class=\"ez-toc-section-end\"><\/span><\/h3>\n\n\n\n<p>A mio parere, la stabilit\u00e0 dei ventilatori a torre \u00e8 ancora un problema fondamentale. Ci\u00f2 \u00e8 dovuto semplicemente alla forma: pi\u00f9 alto \u00e8 l'apparecchio, pi\u00f9 larga deve essere la base. Una base troppo grande non \u00e8 altrettanto elegante.<\/p>\n\n\n\n<p>Un altro modo per aumentare la stabilit\u00e0 \u00e8 spostare il peso nella parte pi\u00f9 bassa della struttura. \u00c8 qui che di solito si trova il motore, che \u00e8 molto pesante. Questo tipo di costruzione \u00e8 gi\u00e0 abbastanza stabile, ma la mia critica ai ventilatori a torre rimane: La maggior parte di essi pu\u00f2 ribaltarsi troppo facilmente.<\/p>\n\n\n\n<p>Indubbiamente: L'apparecchio non corre il rischio di ribaltarsi troppo spesso. Tuttavia, in una casa privata con bambini o animali domestici, questo rischio non deve essere sottovalutato. Per questo motivo \u00e8 importante cercare prodotti che abbiano un&nbsp;<strong>base larga<\/strong>&nbsp;e non sono troppo alti.<\/p>\n\n\n\n<div style=\"height:50px\" aria-hidden=\"true\" class=\"wp-block-spacer\"><\/div>\n\n\n\n<h3 class=\"wp-block-heading\" id=\"lautst\u00e4rke\"><span class=\"ez-toc-section\" id=\"Lautstarke\"><\/span>Volume<span class=\"ez-toc-section-end\"><\/span><\/h3>\n\n\n\n<p>Per me il livello di rumore \u00e8 un fattore chiave per un ventilatore. Naturalmente deve essere piacevole e silenzioso. Un rumore troppo forte non \u00e8 solo fastidioso quando si lavora, ci si rilassa sul divano o si conversa: se il ventilatore \u00e8 troppo rumoroso, difficilmente pu\u00f2 essere utilizzato in camera da letto. Eppure la camera da letto \u00e8 una stanza in cui la maggior parte delle persone presta molta attenzione a un buon clima interno.<\/p>\n\n\n\n<p>Una buona&nbsp;<strong>Il punto di orientamento \u00e8 25-28 dB<\/strong>. All'interno di questo intervallo, il volume \u00e8 abbastanza piacevole. Potrebbe comunque essere troppo rumoroso per la camera da letto. Ma il ventilatore a torre probabilmente non funzioner\u00e0 al massimo livello e sar\u00e0 quindi molto pi\u00f9 silenzioso.<\/p>\n\n\n\n<div style=\"height:50px\" aria-hidden=\"true\" class=\"wp-block-spacer\"><\/div>\n\n\n\n<h3 class=\"wp-block-heading\" id=\"energieverbrauch\"><span class=\"ez-toc-section\" id=\"Energieverbrauch\"><\/span>Consumo di energia<span class=\"ez-toc-section-end\"><\/span><\/h3>\n\n\n\n<p>I ventilatori non devono essere dei divoratori di energia. Proprio come il frigorifero, la lavatrice o l'illuminazione, i ventilatori possono facilmente funzionare per diverse ore al giorno. Per questo motivo, vale la pena di cercare un ventilatore a risparmio energetico.<\/p>\n\n\n\n<p>Per i ventilatori a torre, i valori intorno al&nbsp;<strong>40 watt<\/strong>&nbsp;giustificabile. Il dispositivo non dovrebbe essere molto pi\u00f9 alto di cos\u00ec. Come ho detto, ogni watt \u00e8 importante a causa del tempo di funzionamento potenzialmente lungo.<\/p>\n\n\n\n<div style=\"height:50px\" aria-hidden=\"true\" class=\"wp-block-spacer\"><\/div>\n\n\n\n<h3 class=\"wp-block-heading\" id=\"zusatzfunktionen\"><span class=\"ez-toc-section\" id=\"Zusatzfunktionen\"><\/span>Funzioni aggiuntive<span class=\"ez-toc-section-end\"><\/span><\/h3>\n\n\n\n<p>A seconda del campo di applicazione e delle preferenze personali, le possibili funzioni aggiuntive sono interessanti. La maggior parte dei modelli dispone di un timer, di diversi livelli di intensit\u00e0 e pu\u00f2 orientare la direzione del flusso d'aria in avanti e indietro.<\/p>\n\n\n\n<p>Le funzionalit\u00e0 citate sono praticamente gi\u00e0 standard. Un sovrapprezzo \u00e8 quindi giustificato solo se l'apparecchio \u00e8 in grado di offrire funzioni aggiuntive, come ad esempio il controllo tramite app, la connessione a sistemi di smart home come Alexa o Siri o un umidificatore integrato.<br>Se anche voi siete alla ricerca di maggiori prestazioni di raffreddamento, senza dover ricorrere a un'installazione complicata, dovreste dare un'occhiata ad un <strong><a class=\"\" href=\"https:\/\/luftzug.org\/it\/raffreddamento\/raffrescatore-aria\/\">Climatizzatore mobile senza tubo di scarico dell'aria<\/a><\/strong> lancio - offre molto di pi\u00f9 di un semplice movimento d'aria.<\/p>\n\n\n\n<div style=\"height:50px\" aria-hidden=\"true\" class=\"wp-block-spacer\"><\/div>\n\n\n\n<h3 class=\"wp-block-heading\" id=\"preis-wie-viel-kostet-ein-guter-turmventilator\"><span class=\"ez-toc-section\" id=\"Preis_Wie_viel_kostet_ein_guter_Turmventilator\"><\/span>Prezzo: quanto costa un buon ventilatore a torre?<span class=\"ez-toc-section-end\"><\/span><\/h3>\n\n\n\n<p>Un ventilatore a torre solido non deve necessariamente costare molto. I modelli consigliati partono da circa 60 euro. A mio parere, un limite massimo ragionevole \u00e8 di 150 euro. Oltre questo limite, il rapporto qualit\u00e0-prezzo ne risente.<\/p>\n\n\n\n<p>Certo, ci sono prodotti con prezzi significativamente pi\u00f9 alti, ma difficilmente offrono funzioni pi\u00f9 tangibili.<\/p>\n\n\n\n<div style=\"height:50px\" aria-hidden=\"true\" class=\"wp-block-spacer\"><\/div>\n\n\n\n<h3 class=\"wp-block-heading\" id=\"das-design\"><span class=\"ez-toc-section\" id=\"Das_Design\"><\/span>Il design<span class=\"ez-toc-section-end\"><\/span><\/h3>\n\n\n\n<p>Come gi\u00e0 detto, i ventilatori a torre sono spesso pi\u00f9 belli da vedere rispetto a quelli a piedistallo. Anche se i ventilatori a torre hanno generalmente una figura snella e attraente, le differenze visive tra i modelli possono essere discusse.<\/p>\n\n\n\n<p>La maggiore differenziazione visiva si basa sul colore. Il nero, il bianco e il grigio sono i pi\u00f9 comuni. Raramente si trovano colori fortemente saturi e brillanti. Ci\u00f2 \u00e8 probabilmente dovuto al fatto che i produttori preferiscono offrire colori che si adattino a molti stili di arredamento. Il bianco e il nero sono la scelta pi\u00f9 ovvia.<\/p>\n\n\n\n<p>Se si osserva un modello con una superficie scura, nera o nera lucida, la polvere diventa visibile molto rapidamente su queste superfici. Anche le impronte digitali sono pi\u00f9 facili da individuare su queste superfici.<\/p>\n\n\n\n<p>D'altra parte, le superfici bianche o chiare possono ingiallire nel tempo. In questo caso c'\u00e8 un chiaro vincitore. Nella migliore delle ipotesi, un modello bianco non \u00e8 consigliato per una casa di fumatori.<\/p>\n\n\n\n<div style=\"height:50px\" aria-hidden=\"true\" class=\"wp-block-spacer\"><\/div>\n\n\n\n<h3 class=\"wp-block-heading\" id=\"wo-hin-mit-dem-ventilator\"><span class=\"ez-toc-section\" id=\"Wo_hin_mit_dem_Ventilator\"><\/span>Dove mettere il ventilatore?<span class=\"ez-toc-section-end\"><\/span><\/h3>\n\n\n\n<p>A seconda della disposizione della stanza, alcuni punti sono pi\u00f9 o meno adatti. In primo luogo, sarebbe opportuno non puntare il ventilatore a torre direttamente verso se stessi o un'altra persona. Trascorrere lunghi periodi di tempo in un flusso d'aria diretto e costante pu\u00f2 essere dannoso. Non per niente si sta facendo molto per eliminare le correnti d'aria indesiderate nei vecchi edifici.<\/p>\n\n\n\n<p>Per i ventilatori a torre con flusso d'aria orientabile automaticamente, sono disponibili le seguenti opzioni&nbsp;<strong>gli angoli della stanza<\/strong>&nbsp;on. Ma solo se l'angolo di oscillazione arriva a circa 90\u00b0. Al di sopra di questo valore, il ventilatore colpisce la parete e non \u00e8 molto efficace. Se il ventilatore pu\u00f2 raggiungere un&nbsp;<strong>angolo pi\u00f9 ampio<\/strong>&nbsp;allora \u00e8 il benvenuto a&nbsp;<strong>Proseguire verso la sala centrale<\/strong>&nbsp;essere collocati.<\/p>\n\n\n\n<div style=\"height:50px\" aria-hidden=\"true\" class=\"wp-block-spacer\"><\/div>\n\n\n\n<h3 class=\"wp-block-heading\" id=\"reinigung\"><span class=\"ez-toc-section\" id=\"Reinigung\"><\/span>Pulizia<span class=\"ez-toc-section-end\"><\/span><\/h3>\n\n\n\n<p>La pulizia dei ventilatori a torre non \u00e8 cos\u00ec difficile. La maggior parte dei dispositivi dovrebbe essere&nbsp;<strong>Pulito con un panno per la polvere<\/strong>&nbsp;essere. Se la superficie \u00e8 nera lucida, un piccolo strato di polvere si noter\u00e0 pi\u00f9 rapidamente. Al contrario, la polvere \u00e8 meno visibile sulle superfici bianche e opache.<\/p>\n\n\n\n<p>In una stanza con molti tessuti e di conseguenza pi\u00f9 polvere, consiglierei un apparecchio di colore opaco.<\/p>\n\n\n\n<p>Se il ventilatore a torre ha un&nbsp;<strong>Filtri<\/strong>allora \u00e8 necessario pulirlo o sostituirlo a intervalli regolari.&nbsp;<strong>essere scambiati<\/strong>. Se avete puntato su un modello dotato di filtro, prima dell'acquisto verificate subito se ed eventualmente con quale frequenza deve essere sostituito e quanto costa.<\/p>\n\n\n\n<div style=\"height:50px\" aria-hidden=\"true\" class=\"wp-block-spacer\"><\/div>\n\n\n\n<h2 class=\"wp-block-heading\" id=\"empfehlenswerte-turmventilatoren\"><span class=\"ez-toc-section\" id=\"Empfehlenswerte_Turmventilatoren\"><\/span>Ventilatori a torre consigliati<span class=\"ez-toc-section-end\"><\/span><\/h2>\n\n\n\n<p>Ora viene stilata una classifica dei ventilatori a torre consigliati. Il seguente elenco non \u00e8 del tutto esente da giudizi soggettivi da parte mia. Ho cercato di fare una selezione equilibrata e di includere qualcosa per i diversi gusti.<\/p>\n\n\n\n<p id=\"Honeywell\"><\/p>\n\n\n\n<h3 class=\"wp-block-heading\" id=\"Levoit\"><span class=\"ez-toc-section\" id=\"Levoit_21_dB_Turmventilator_%E2%80%93_Ideal_fur_ruhige_Umgebungen\"><\/span><br><a href=\"https:\/\/amzn.to\/444Y6nO\" target=\"_blank\" rel=\"noopener\">Ventilatore a torre Levoit 21 dB<\/a> - Ideale per ambienti silenziosi<span class=\"ez-toc-section-end\"><\/span><\/h3>\n\n\n\n<div class=\"wp-block-essential-blocks-slider  root-eb-slider-762sc\"><div class=\"eb-parent-wrapper eb-parent-eb-slider-762sc\"><div class=\"eb-slider-wrapper eb-slider-762sc\" data-blockid=\"eb-slider-762sc\" data-version=\"v4\" data-settings=\"eyJhcnJvd3MiOnRydWUsImFkYXB0aXZlSGVpZ2h0IjpmYWxzZSwiYXV0b3BsYXkiOmZhbHNlLCJhdXRvcGxheVNwZWVkIjozMDAwLCJkb3RzIjp0cnVlLCJmYWRlIjpmYWxzZSwiaW5maW5pdGUiOnRydWUsInBhdXNlT25Ib3ZlciI6dHJ1ZSwic2xpZGVzVG9TaG93IjoxLCJzcGVlZCI6NTAwLCJ2ZXJ0aWNhbCI6ZmFsc2UsImN1cnJlbnRTbGlkZSI6MCwicnRsIjpmYWxzZSwicmVzcG9uc2l2ZSI6W3siYnJlYWtwb2ludCI6MTAyNSwic2V0dGluZ3MiOnsic2xpZGVzVG9TaG93IjoxfX0seyJicmVha3BvaW50Ijo3NjcsInNldHRpbmdzIjp7InNsaWRlc1RvU2hvdyI6MX19XX0=\" data-arrownexticon=\"fas fa-arrow-alt-circle-right\" data-arrowprevicon=\"fas fa-arrow-alt-circle-left\" data-lightbox=\"false\"><div class=\"eb-slider-init eb-slider-type-image\"><div class=\"eb-slider-item content-1\" data-src=\"https:\/\/luftzug.org\/wp-content\/uploads\/2025\/03\/IMG_20250320_103825.jpg\"><div><img class=\"eb-slider-image\" data-lazy=\"https:\/\/luftzug.org\/wp-content\/uploads\/2025\/03\/IMG_20250320_103825.jpg\"\/><\/div><\/div><div class=\"eb-slider-item content-1\" data-src=\"https:\/\/luftzug.org\/wp-content\/uploads\/2025\/03\/IMG_20250319_144159.jpg\"><div><img class=\"eb-slider-image\" data-lazy=\"https:\/\/luftzug.org\/wp-content\/uploads\/2025\/03\/IMG_20250319_144159.jpg\"\/><\/div><\/div><div class=\"eb-slider-item content-1\" data-src=\"https:\/\/luftzug.org\/wp-content\/uploads\/2025\/03\/IMG_20250319_144213.jpg\"><div><img class=\"eb-slider-image\" data-lazy=\"https:\/\/luftzug.org\/wp-content\/uploads\/2025\/03\/IMG_20250319_144213.jpg\"\/><\/div><\/div><div class=\"eb-slider-item content-1\" data-src=\"https:\/\/luftzug.org\/wp-content\/uploads\/2025\/03\/IMG_20250319_144055.jpg\"><div><img class=\"eb-slider-image\" data-lazy=\"https:\/\/luftzug.org\/wp-content\/uploads\/2025\/03\/IMG_20250319_144055.jpg\"\/><\/div><\/div><div class=\"eb-slider-item content-1\" data-src=\"https:\/\/luftzug.org\/wp-content\/uploads\/2025\/03\/IMG_20250319_143938.jpg\"><div><img class=\"eb-slider-image\" data-lazy=\"https:\/\/luftzug.org\/wp-content\/uploads\/2025\/03\/IMG_20250319_143938.jpg\"\/><\/div><\/div><\/div><\/div><\/div><\/div>\n\n\n\n<div style=\"height:35px\" aria-hidden=\"true\" class=\"wp-block-spacer\"><\/div>\n\n\n<div class=\"affx-pros-cons-wrapper wp-block-affiliatex-pros-and-cons\" id=\"affiliatex-pros-cons-style-block-10c9a5df-471a-429f-90c9-61ee0b02135f\">\n\t<div class=\"affx-pros-cons-inner-wrapper layout-type-4 content-align-left\">\n\t\t<div class=\"affx-pros-inner\">\n\t\t\t<div class=\"pros-icon-title-wrap\">\n\t\t\t\t<div class=\"affiliatex-block-pros\">\n\t\t\t\t\t\t\t\t\t\t\t<i class=\"fas fa-thumbs-up\"><\/i>\n\t\t\t\t\t\t\t\t\t\t<p class=\"affiliatex-title\"><\/p>\n\t\t\t\t<\/div>\n\t\t\t<\/div>\n\t\t\t<div class=\"affiliatex-pros\">\n\t\t\t\t\t\t\t\t\t\t<ul class=\"affiliatex-list affiliatex-list-type-unordered afx-icon-list\">\n\t\t\t\t\t\t\t\t\t\t\t\t\t\t<li>\n\t\t\t\t\t\t\t\t\t\t\t<i class=\"fas fa-thumbs-up\"><\/i>\n\t\t\t\t\t\t\t\t\t\t<span>Molto silenzioso ai livelli pi\u00f9 bassi, particolarmente adatto per la camera da letto o per ambienti di lavoro silenziosi<\/span>\n\t\t\t\t<\/li>\n\t\t\t\t\t\t\t\t\t\t\t\t\t\t\t\t<li>\n\t\t\t\t\t\t\t\t\t\t\t<i class=\"fas fa-thumbs-up\"><\/i>\n\t\t\t\t\t\t\t\t\t\t<span>Prestazioni potenti anche in un formato compatto<\/span>\n\t\t\t\t<\/li>\n\t\t\t\t\t\t\t\t\t\t\t\t\t\t\t\t<li>\n\t\t\t\t\t\t\t\t\t\t\t<i class=\"fas fa-thumbs-up\"><\/i>\n\t\t\t\t\t\t\t\t\t\t<span>Lunga durata di conservazione<\/span>\n\t\t\t\t<\/li>\n\t\t\t\t\t\t\t\t\t\t\t\t\t\t\t\t<li>\n\t\t\t\t\t\t\t\t\t\t\t<i class=\"fas fa-thumbs-up\"><\/i>\n\t\t\t\t\t\t\t\t\t\t<span>12 passi<\/span>\n\t\t\t\t<\/li>\n\t\t\t\t\t\t\t<\/ul>\n\t\t\t\t\t\t\t<\/div>\n\t\t<\/div>\n\t\t<div class=\"affx-cons-inner\">\n\t\t\t<div class=\"cons-icon-title-wrap\">\n\t\t\t\t<div class=\"affiliatex-block-cons\">\n\t\t\t\t\t\t\t\t\t\t\t<i class=\"fas fa-thumbs-down\"><\/i>\n\t\t\t\t\t\t\t\t\t\t<p class=\"affiliatex-title\"><\/p>\n\t\t\t\t<\/div>\n\t\t\t<\/div>\n\t\t\t<div class=\"affiliatex-cons\">\n\t\t\t\t\t\t\t\t\t\t<ul class=\"affiliatex-list affiliatex-list-type-unordered afx-icon-list\">\n\t\t\t\t\t\t\t\t\t\t\t\t\t\t<li>\n\t\t\t\t\t\t\t\t\t\t\t<i class=\"fas fa-thumbs-down\"><\/i>\n\t\t\t\t\t\t\t\t\t\t<span>Nessuna rotazione verso l'alto o verso il basso<\/span>\n\t\t\t\t<\/li>\n\t\t\t\t\t\t\t\t\t\t\t\t\t\t\t\t<li>\n\t\t\t\t\t\t\t\t\t\t\t<i class=\"fas fa-thumbs-down\"><\/i>\n\t\t\t\t\t\t\t\t\t\t<span>Notevolmente pi\u00f9 rumoroso a livelli pi\u00f9 alti<\/span>\n\t\t\t\t<\/li>\n\t\t\t\t\t\t\t<\/ul>\n\t\t\t\t\t\t\t<\/div>\n\t\t<\/div>\n\t<\/div>\n<\/div>\n\n\n\n<p>Il Levoit \u00e8 un po' pi\u00f9 rumoroso rispetto al ventilatore a piedistallo Brandson:&nbsp;<strong>21dB<\/strong>&nbsp;(anche se si sente a malapena) al livello pi\u00f9 basso - \u00e8 quasi esattamente la specifica del produttore di 20 dB ed \u00e8 uno dei modelli pi\u00f9 silenziosi sul mercato.<\/p>\n\n\n\n<p>Il <strong>Il montaggio \u00e8 stato completato in meno di tre minuti<\/strong>e il <strong>Il supporto \u00e8 stato il pi\u00f9 facile e veloce da installare rispetto ad altri dispositivi.<\/strong>. Particolarmente impressionante: nonostante il funzionamento cos\u00ec silenzioso, la <strong>Il flusso d'aria al livello 1 \u00e8 abbastanza forte da spegnere una candela da una distanza di tre metri.<\/strong> - un valore raro in questa categoria di elettrodomestici.<\/p>\n\n\n\n<p>Su <strong>Fase 12, il Levoit offre una velocit\u00e0 dell'aria fino a 7,9 m\/s<\/strong> - pi\u00f9 che sufficiente per un rapido raffreddamento nelle giornate pi\u00f9 calde. Grazie alla <strong>Oscillazione a 90\u00b0<\/strong> il flusso d'aria \u00e8 distribuito uniformemente in tutta la stanza. Il <strong>Display a LED con indicazione della temperatura<\/strong>, <strong>Telecomando<\/strong>, <strong>12 livelli di velocit\u00e0<\/strong>, <strong>4 modalit\u00e0<\/strong> e un <strong>Timer da 12 ore<\/strong> completano l'insieme. Anche il ventilatore in bianco semplice fa la sua bella figura.<\/p>\n\n\n\n<p>Importante da sapere: Con la maggior parte dei ventilatori a torre, il flusso d'aria pu\u00f2 essere <strong>Non regolare in verticale<\/strong>ma scorre <strong>sempre dritto davanti a s\u00e9<\/strong>. Con un prezzo di circa <strong>90 Euro<\/strong> Levoit offre un <strong>Un pacchetto complessivo impressionante per fluidit\u00e0, prestazioni e facilit\u00e0 d'uso.<\/strong> - Perfetto per tutti coloro che desiderano <strong>non vogliono fare a meno di una brezza fresca, ma apprezzano la pace e la tranquillit\u00e0 assolute.<\/strong><\/p>\n\n\n\n<div style=\"position: relative; height: 0; margin-bottom: -10px;\">\n  <div style=\"    position: absolute;    top: 8px;    left: 16px;    background-color: #007BFF;    color: white;    padding: 8px 8px;    font-size: 16px;    font-weight: bold;    border-radius: 6px;    z-index: 10;    box-shadow: 0 2px 6px rgba(0,0,0,0.2);  \">\n    Vincitore del test  <\/div>\n<\/div>\n\n\n\n<div class=\"aawp\">\n\n            \n            \n<div class=\"aawp-product aawp-product--horizontal aawp-product--inline-info aawp-product--css-adjust-image-large\"  data-aawp-product-asin=\"B0CTMLBB1Q\" data-aawp-product-id=\"1356\" data-aawp-tracking-id=\"zaubereltern-21\" data-aawp-product-title=\"Levoit - DC Motor Turmventilator - 20dB sehr leiser Ventilator - 4 Modi\/12 Stufen\/12 Std Timer - Fernbedienung &amp; K\u00fchlung - Tower Fan mit 7,9m\/s Geschwindigkeit - 24W Standventilator - Wei\u00df 92 cm\" data-aawp-local-click-tracking=\"1\">\n\n    \n    <div class=\"aawp-product__thumb\">\n        <a class=\"aawp-product__image-link\" href=\"https:\/\/amzn.to\/444Y6nO\" title=\"Ventilatore a torre Levoit 21 dB\" rel=\"nofollow noopener sponsored\" target=\"_blank\">\n            <img decoding=\"async\" class=\"aawp-product__image\" src=\"https:\/\/luftzug.org\/wp-content\/plugins\/aawp\/public\/image.php?url=YUhSMGNITTZMeTl0TG0xbFpHbGhMV0Z0WVhwdmJpNWpiMjB2YVcxaFoyVnpMMGt2TXpGeGFYQjFRVU5CUVV3dWFuQm58MTc3ODAwMDk0OQ=\" alt=\"Ventilatore a torre Levoit 21 dB\"  \/>\n        <\/a>\n\n                    <div class=\"aawp-product__rating\">\n                <a class=\"aawp-star-rating aawp-star-rating--small aawp-star-rating--v1\" href=\"https:\/\/amzn.to\/444Y6nO\" title=\"Recensioni su Amazon\" rel=\"nofollow noopener sponsored\" target=\"_blank\"><span style=\"width: 100%;\"><\/span><\/a>\n                            <\/div>\n            <\/div>\n\n    <div class=\"aawp-product__content\">\n        <a class=\"aawp-product__title\" href=\"https:\/\/amzn.to\/444Y6nO\" title=\"Ventilatore a torre Levoit 21 dB\" rel=\"nofollow noopener sponsored\" target=\"_blank\">\n            Ventilatore a torre Levoit 21 dB        <\/a>\n        <div class=\"aawp-product__description\">\n            <div style=\"background-color: #f5f5f5; padding: 15px; border-radius: 8px; font-size: 16px;\">\n  Estremamente silenzioso, dotato di un equipaggiamento intelligente - con 21 dB e il massimo comfort di funzionamento, il Levoit si merita il secondo posto tra i ventilatori a torre pi\u00f9 silenziosi!\n<\/div>\n        <\/div>\n    <\/div>\n\n    <div class=\"aawp-product__footer\">\n\n        <div class=\"aawp-product__pricing\">\n            \n                            <span class=\"aawp-product__price aawp-product__price--current\"><\/span>\n            \n                    <\/div>\n\n                <a class=\"aawp-button aawp-button--buy aawp-button aawp-button--blue shadow aawp-button--icon aawp-button--icon-white\" href=\"https:\/\/amzn.to\/444Y6nO\" title=\"Acquista su Amazon\" target=\"_blank\" rel=\"nofollow noopener sponsored\">Acquista su Amazon<\/a>\n                    <span class=\"aawp-product__info\">Prezzo IVA inclusa, pi\u00f9 spese di spedizione<\/span>\n            <\/div>\n\n<\/div>\n\n    \n<\/div>\n\n\n\n<!DOCTYPE html>\n<html lang=\"de\">\n<head>\n  \n  \n  <title>Domande frequenti sul ventilatore a torre Levoit<\/title>\n  <style>\n    .faq-container {\n      width: 100%;\n      max-width: 800px;\n      margin: 20px auto;\n      font-family: Arial, sans-serif;\n    }\n\n    .faq-item {\n      border-bottom: 1px solid #ccc;\n      margin-bottom: 10px;\n    }\n\n    .faq-question {\n      background-color: #f1f1f1;\n      color: #333;\n      cursor: pointer;\n      padding: 15px;\n      width: 100%;\n      border: none;\n      text-align: left;\n      outline: none;\n      font-size: 18px;\n      display: flex;\n      justify-content: space-between;\n      align-items: center;\n    }\n\n    .faq-question::after {\n      content: '\\25BC';\n      font-size: 18px;\n      transition: transform 0.3s;\n    }\n\n    .faq-question.active::after {\n      transform: rotate(180deg);\n    }\n\n    .faq-answer {\n      max-height: 0;\n      overflow: hidden;\n      transition: max-height 0.3s ease;\n      background-color: #f9f9f9;\n      font-size: 16px;\n      padding: 0 15px;\n    }\n\n    .faq-answer.open {\n      padding: 15px;\n      max-height: 500px;\n    }\n  <\/style>\n<\/head>\n<body>\n\n<div class=\"faq-container\">\n\n  <div class=\"faq-item\">\n    <button class=\"faq-question\">Quanto \u00e8 forte il flusso d'aria a bassi livelli?<\/button>\n    <div class=\"faq-answer\">\n      Gi\u00e0 al livello 1 \u00e8 evidente: sufficiente a spegnere una candela da una distanza di 3 metri.\n    <\/div>\n  <\/div>\n\n  <div class=\"faq-item\">\n    <button class=\"faq-question\">Quanto \u00e8 silenzioso ai livelli pi\u00f9 alti?<\/button>\n    <div class=\"faq-answer\">\n      Pi\u00f9 silenzioso di alcuni modelli della concorrenza, anche con l'impostazione pi\u00f9 alta: \u00e8 ancora possibile conversare.\n    <\/div>\n  <\/div>\n\n  <div class=\"faq-item\">\n    <button class=\"faq-question\">\u00c8 possibile spegnere il display?<\/button>\n    <div class=\"faq-answer\">\n      S\u00ec, il display si spegne automaticamente in modalit\u00e0 notturna.\n    <\/div>\n  <\/div>\n\n  <div class=\"faq-item\">\n    <button class=\"faq-question\">Di quali modalit\u00e0 dispone il ventilatore?<\/button>\n    <div class=\"faq-answer\">\n      Modalit\u00e0 normale, turbo, automatica e notturna, compreso il controllo della temperatura in modalit\u00e0 automatica.\n    <\/div>\n  <\/div>\n\n  <div class=\"faq-item\">\n    <button class=\"faq-question\">Il telecomando funziona bene?<\/button>\n    <div class=\"faq-answer\">\n      S\u00ec, \u00e8 possibile controllare comodamente tutte le funzioni, compresi il display e la disattivazione del suono.\n    <\/div>\n  <\/div>\n\n  <div class=\"faq-item\">\n    <button class=\"faq-question\">L'apparecchio \u00e8 adatto alla camera da letto?<\/button>\n    <div class=\"faq-answer\">\n      Assolutamente s\u00ec, soprattutto per il funzionamento silenzioso e la modalit\u00e0 notturna.\n    <\/div>\n  <\/div>\n\n  <div class=\"faq-item\">\n    <button class=\"faq-question\">Ci sono punti deboli?<\/button>\n    <div class=\"faq-answer\">\n      Minimo: nessun pannello di controllo illuminato sull'apparecchio e un leggero rumore quando \u00e8 spento (se i segnali acustici non sono disattivati).\n    <\/div>\n  <\/div>\n\n  <div class=\"faq-item\">\n    <button class=\"faq-question\">E la pulizia?<\/button>\n    <div class=\"faq-answer\">\n      Molto semplice: l'inserto della ventola pu\u00f2 essere rimosso per la pulizia.\n    <\/div>\n  <\/div>\n\n<\/div>\n\n<script>\n  document.addEventListener(\"DOMContentLoaded\", function() {\n    const questions = document.querySelectorAll(\".faq-question\");\n\n    questions.forEach(question => {\n      question.addEventListener(\"click\", function() {\n        const answer = this.nextElementSibling;\n        const isOpen = answer.classList.contains(\"open\");\n\n        document.querySelectorAll(\".faq-answer\").forEach(ans => ans.classList.remove(\"open\"));\n        document.querySelectorAll(\".faq-question\").forEach(btn => btn.classList.remove(\"active\"));\n\n        if (!isOpen) {\n          answer.classList.add(\"open\");\n          this.classList.add(\"active\");\n        }\n      });\n    });\n  });\n<\/script>\n\n<\/body>\n<\/html>\n\n\n\n<div style=\"height:50px\" aria-hidden=\"true\" class=\"wp-block-spacer\"><\/div>\n\n\n\n<h3 class=\"wp-block-heading\" id=\"Philips\"><span class=\"ez-toc-section\" id=\"Philips_Oszillierender_Turmventilator_%E2%80%93_Kraftpaket_mit_Duftdiffusor_Funktion\"><\/span><a href=\"https:\/\/amzn.to\/4jZjeSn\" target=\"_blank\" rel=\"noopener\">Ventilatore a torre oscillante Philips <\/a>- Alimentatore con funzione di diffusore di fragranze<span class=\"ez-toc-section-end\"><\/span><\/h3>\n\n\n\n<div class=\"wp-block-essential-blocks-slider  root-eb-slider-1txp7\"><div class=\"eb-parent-wrapper eb-parent-eb-slider-1txp7\"><div class=\"eb-slider-wrapper eb-slider-1txp7\" data-blockid=\"eb-slider-1txp7\" data-version=\"v4\" data-settings=\"eyJhcnJvd3MiOnRydWUsImFkYXB0aXZlSGVpZ2h0IjpmYWxzZSwiYXV0b3BsYXkiOmZhbHNlLCJhdXRvcGxheVNwZWVkIjozMDAwLCJkb3RzIjp0cnVlLCJmYWRlIjpmYWxzZSwiaW5maW5pdGUiOnRydWUsInBhdXNlT25Ib3ZlciI6dHJ1ZSwic2xpZGVzVG9TaG93IjoxLCJzcGVlZCI6NTAwLCJ2ZXJ0aWNhbCI6ZmFsc2UsImN1cnJlbnRTbGlkZSI6MCwicnRsIjpmYWxzZSwicmVzcG9uc2l2ZSI6W3siYnJlYWtwb2ludCI6MTAyNSwic2V0dGluZ3MiOnsic2xpZGVzVG9TaG93IjoxfX0seyJicmVha3BvaW50Ijo3NjcsInNldHRpbmdzIjp7InNsaWRlc1RvU2hvdyI6MX19XX0=\" data-arrownexticon=\"fas fa-arrow-alt-circle-right\" data-arrowprevicon=\"fas fa-arrow-alt-circle-left\" data-lightbox=\"false\"><div class=\"eb-slider-init eb-slider-type-image\"><div class=\"eb-slider-item content-1\" data-src=\"https:\/\/luftzug.org\/wp-content\/uploads\/2025\/03\/IMG_20250320_103427.jpg\"><div><img class=\"eb-slider-image\" data-lazy=\"https:\/\/luftzug.org\/wp-content\/uploads\/2025\/03\/IMG_20250320_103427.jpg\"\/><\/div><\/div><div class=\"eb-slider-item content-1\" data-src=\"https:\/\/luftzug.org\/wp-content\/uploads\/2025\/03\/IMG_20250319_155244.jpg\"><div><img class=\"eb-slider-image\" data-lazy=\"https:\/\/luftzug.org\/wp-content\/uploads\/2025\/03\/IMG_20250319_155244.jpg\"\/><\/div><\/div><div class=\"eb-slider-item content-1\" data-src=\"https:\/\/luftzug.org\/wp-content\/uploads\/2025\/03\/IMG_20250319_155248.jpg\"><div><img class=\"eb-slider-image\" data-lazy=\"https:\/\/luftzug.org\/wp-content\/uploads\/2025\/03\/IMG_20250319_155248.jpg\"\/><\/div><\/div><div class=\"eb-slider-item content-1\" data-src=\"https:\/\/luftzug.org\/wp-content\/uploads\/2025\/03\/IMG_20250319_155321.jpg\"><div><img class=\"eb-slider-image\" data-lazy=\"https:\/\/luftzug.org\/wp-content\/uploads\/2025\/03\/IMG_20250319_155321.jpg\"\/><\/div><\/div><div class=\"eb-slider-item content-1\" data-src=\"https:\/\/luftzug.org\/wp-content\/uploads\/2025\/03\/IMG_20250319_155343.jpg\"><div><img class=\"eb-slider-image\" data-lazy=\"https:\/\/luftzug.org\/wp-content\/uploads\/2025\/03\/IMG_20250319_155343.jpg\"\/><\/div><\/div><div class=\"eb-slider-item content-1\" data-src=\"https:\/\/luftzug.org\/wp-content\/uploads\/2025\/03\/IMG_20250319_155330.jpg\"><div><img class=\"eb-slider-image\" data-lazy=\"https:\/\/luftzug.org\/wp-content\/uploads\/2025\/03\/IMG_20250319_155330.jpg\"\/><\/div><\/div><div class=\"eb-slider-item content-1\" data-src=\"https:\/\/luftzug.org\/wp-content\/uploads\/2025\/03\/IMG_20250319_155352.jpg\"><div><img class=\"eb-slider-image\" data-lazy=\"https:\/\/luftzug.org\/wp-content\/uploads\/2025\/03\/IMG_20250319_155352.jpg\"\/><\/div><\/div><div class=\"eb-slider-item content-1\" data-src=\"https:\/\/luftzug.org\/wp-content\/uploads\/2025\/03\/IMG_20250319_155252.jpg\"><div><img class=\"eb-slider-image\" data-lazy=\"https:\/\/luftzug.org\/wp-content\/uploads\/2025\/03\/IMG_20250319_155252.jpg\"\/><\/div><\/div><\/div><\/div><\/div><\/div>\n\n\n<div class=\"affx-pros-cons-wrapper wp-block-affiliatex-pros-and-cons\" id=\"affiliatex-pros-cons-style-block-ba0d6b82-6d0a-43d1-bf33-da07e14d74d6\">\n\t<div class=\"affx-pros-cons-inner-wrapper layout-type-4 content-align-left\">\n\t\t<div class=\"affx-pros-inner\">\n\t\t\t<div class=\"pros-icon-title-wrap\">\n\t\t\t\t<div class=\"affiliatex-block-pros\">\n\t\t\t\t\t\t\t\t\t\t\t<i class=\"fas fa-thumbs-up\"><\/i>\n\t\t\t\t\t\t\t\t\t\t<p class=\"affiliatex-title\"><\/p>\n\t\t\t\t<\/div>\n\t\t\t<\/div>\n\t\t\t<div class=\"affiliatex-pros\">\n\t\t\t\t\t\t\t\t\t\t<ul class=\"affiliatex-list affiliatex-list-type-unordered afx-icon-list\">\n\t\t\t\t\t\t\t\t\t\t\t\t\t\t<li>\n\t\t\t\t\t\t\t\t\t\t\t<i class=\"fas fa-thumbs-up\"><\/i>\n\t\t\t\t\t\t\t\t\t\t<span>Funzionamento silenzioso a bassi livelli<\/span>\n\t\t\t\t<\/li>\n\t\t\t\t\t\t\t\t\t\t\t\t\t\t\t\t<li>\n\t\t\t\t\t\t\t\t\t\t\t<i class=\"fas fa-thumbs-up\"><\/i>\n\t\t\t\t\t\t\t\t\t\t<span>Flusso d'aria piacevole, ottimo per gli spazi abitativi<\/span>\n\t\t\t\t<\/li>\n\t\t\t\t\t\t\t\t\t\t\t\t\t\t\t\t<li>\n\t\t\t\t\t\t\t\t\t\t\t<i class=\"fas fa-thumbs-up\"><\/i>\n\t\t\t\t\t\t\t\t\t\t<span>Telecomando e funzione timer<\/span>\n\t\t\t\t<\/li>\n\t\t\t\t\t\t\t\t\t\t\t\t\t\t\t\t<li>\n\t\t\t\t\t\t\t\t\t\t\t<i class=\"fas fa-thumbs-up\"><\/i>\n\t\t\t\t\t\t\t\t\t\t<span>Design elegante e di alta qualit\u00e0<\/span>\n\t\t\t\t<\/li>\n\t\t\t\t\t\t\t\t\t\t\t\t\t\t\t\t<li>\n\t\t\t\t\t\t\t\t\t\t\t<i class=\"fas fa-thumbs-up\"><\/i>\n\t\t\t\t\t\t\t\t\t\t<span>La funzione Aroma pu\u00f2 essere utilizzata con il proprio olio profumato<\/span>\n\t\t\t\t<\/li>\n\t\t\t\t\t\t\t<\/ul>\n\t\t\t\t\t\t\t<\/div>\n\t\t<\/div>\n\t\t<div class=\"affx-cons-inner\">\n\t\t\t<div class=\"cons-icon-title-wrap\">\n\t\t\t\t<div class=\"affiliatex-block-cons\">\n\t\t\t\t\t\t\t\t\t\t\t<i class=\"fas fa-thumbs-down\"><\/i>\n\t\t\t\t\t\t\t\t\t\t<p class=\"affiliatex-title\"><\/p>\n\t\t\t\t<\/div>\n\t\t\t<\/div>\n\t\t\t<div class=\"affiliatex-cons\">\n\t\t\t\t\t\t\t\t\t\t<ul class=\"affiliatex-list affiliatex-list-type-unordered afx-icon-list\">\n\t\t\t\t\t\t\t\t\t\t\t\t\t\t<li>\n\t\t\t\t\t\t\t\t\t\t\t<i class=\"fas fa-thumbs-down\"><\/i>\n\t\t\t\t\t\t\t\t\t\t<span>La \"modalit\u00e0 natura\" appare un po' artificiale a causa delle brevi ripetizioni.<\/span>\n\t\t\t\t<\/li>\n\t\t\t\t\t\t\t\t\t\t\t\t\t\t\t\t<li>\n\t\t\t\t\t\t\t\t\t\t\t<i class=\"fas fa-thumbs-down\"><\/i>\n\t\t\t\t\t\t\t\t\t\t<span>Angolo di oscillazione solo 60\u00b0 circa<\/span>\n\t\t\t\t<\/li>\n\t\t\t\t\t\t\t<\/ul>\n\t\t\t\t\t\t\t<\/div>\n\t\t<\/div>\n\t<\/div>\n<\/div>\n\n\n\n<p>Il ventilatore a torre di Philips \u00e8 un <strong>Ventilatore solido e funzionale<\/strong>che si caratterizza in particolare per la sua <strong>Dimensioni, prestazioni dell'aria e silenziosit\u00e0<\/strong> convinto. Rispetto ad altri modelli come Levoit, Brandson o Dreo, non \u00e8 all'altezza. <strong>pi\u00f9 grande<\/strong> e offre anche <strong>pi\u00f9 potenza<\/strong>senza fare rumore.<\/p>\n\n\n\n<p>Il <strong>Ampia uscita dell'aria<\/strong> Secondo il produttore, fornisce un flusso d'aria fino a <strong>2230 m\u00b3\/h<\/strong> - Lo si nota: l'ambiente viene ventilato con notevole rapidit\u00e0. Philips indica un livello di rumore di <strong>Da 39 dB (min) a 46 dB (max)<\/strong> a. <strong>Nel mio test, il volume al livello 1 era di soli 26 dB circa.<\/strong>. Cio\u00e8 <strong>Molto silenzioso<\/strong>ma ancora percepibile, pi\u00f9 che altro un leggero sibilo. Subito dopo l'accensione, si \u00e8 sentito un <strong>Breve ronzio elettronico<\/strong> udibile, che scompare dopo circa 30 secondi. Forse \u00e8 specifico del dispositivo.<\/p>\n\n\n\n<ul class=\"wp-block-list has-base-2-background-color has-background\">\n<li>3 livelli di velocit\u00e0<\/li>\n\n\n\n<li>Modalit\u00e0 Natura con variazione dell'intensit\u00e0 dell'aria<\/li>\n\n\n\n<li>Oscillazione di circa 60\u00b0 in orizzontale<\/li>\n\n\n\n<li>Timer da 1 a 4 ore<\/li>\n\n\n\n<li>Telecomando incluso (con portata limitata)<\/li>\n<\/ul>\n\n\n\n<p>Con <strong>3 livelli di velocit\u00e0<\/strong> e <strong>3 modalit\u00e0<\/strong> (compresa una modalit\u00e0 naturale con intensit\u00e0 variabile), il dispositivo offre una variet\u00e0 sufficiente per l'uso quotidiano. La modalit\u00e0 naturale, in particolare, trasmette una piacevole sensazione di ventilazione variabile, da una leggera brezza a un potente flusso d'aria. Il sistema integrato <strong>Timer (da 1 a 4 ore)<\/strong> \u00e8 anche pratico, soprattutto per la camera da letto.<\/p>\n\n\n\n<p>Un simpatico extra \u00e8 il <strong>Diffusore di aromi<\/strong>che possono essere riempiti con i vostri oli essenziali. Se vi piacciono le fragranze delicate, potete anche creare un'atmosfera rilassante, anche se questo rimane pi\u00f9 che altro un bonus.<\/p>\n\n\n\n<p>Il <strong>Design sottile, semplice e poco ingombrante<\/strong>ideale per i soggiorni con spazio limitato. La lavorazione \u00e8 di alta qualit\u00e0 e il montaggio \u00e8 semplice e veloce.<\/p>\n\n\n\n<div style=\"position: relative; height: 0; margin-bottom: -10px;\">\n  <div style=\"    position: absolute;    top: 8px;    left: 16px;    background-color: #007BFF;    color: white;    padding: 8px 8px;    font-size: 16px;    font-weight: bold;    border-radius: 6px;    z-index: 10;    box-shadow: 0 2px 6px rgba(0,0,0,0.2);  \">\n    Molta potenza  <\/div>\n<\/div>\n\n\n\n<div class=\"aawp\">\n\n            \n            \n<div class=\"aawp-product aawp-product--horizontal aawp-product--inline-info aawp-product--css-adjust-image-large\"  data-aawp-product-asin=\"B0BWS9FY8K\" data-aawp-product-id=\"1359\" data-aawp-tracking-id=\"zaubereltern-21\" data-aawp-product-title=\"Philips Oszillierender Turmventilator 5000 Serie 105 cm Fernbedienung Timer 3 Geschwindigkeiten 3 Modi 40W leistungsstarker leiser Luftstrom geeignet als Aroma-Diffuser grau  CX5535\/11\" data-aawp-local-click-tracking=\"1\">\n\n    \n    <div class=\"aawp-product__thumb\">\n        <a class=\"aawp-product__image-link\" href=\"https:\/\/amzn.to\/4jZjeSn\" title=\"Ventilatore a torre oscillante Philips con 26 dB\" rel=\"nofollow noopener sponsored\" target=\"_blank\">\n            <img decoding=\"async\" class=\"aawp-product__image\" src=\"https:\/\/luftzug.org\/wp-content\/plugins\/aawp\/public\/image.php?url=YUhSMGNITTZMeTl0TG0xbFpHbGhMV0Z0WVhwdmJpNWpiMjB2YVcxaFoyVnpMMGt2TXpGRVRUQTFTSGRTUTB3dWFuQm58MTc3ODAwMDk0OQ=\" alt=\"Ventilatore a torre oscillante Philips con 26 dB\"  \/>\n        <\/a>\n\n            <\/div>\n\n    <div class=\"aawp-product__content\">\n        <a class=\"aawp-product__title\" href=\"https:\/\/amzn.to\/4jZjeSn\" title=\"Ventilatore a torre oscillante Philips con 26 dB\" rel=\"nofollow noopener sponsored\" target=\"_blank\">\n            Ventilatore a torre oscillante Philips con 26 dB        <\/a>\n        <div class=\"aawp-product__description\">\n            <div style=\"background-color: #f5f5f5; padding: 15px; border-radius: 8px; font-size: 16px;\">\n  Silenzioso, affidabile ed elegante: il ventilatore a torre Philips offre prestazioni solide con timer, modalit\u00e0 notturna e funzione di profumazione. Una buona scelta per le notti calde a meno di 100 euro.\n<\/div>\n        <\/div>\n    <\/div>\n\n    <div class=\"aawp-product__footer\">\n\n        <div class=\"aawp-product__pricing\">\n            \n                            <span class=\"aawp-product__price aawp-product__price--current\"><\/span>\n            \n                    <\/div>\n\n                <a class=\"aawp-button aawp-button--buy aawp-button aawp-button--blue shadow aawp-button--icon aawp-button--icon-white\" href=\"https:\/\/amzn.to\/4jZjeSn\" title=\"Acquista su Amazon\" target=\"_blank\" rel=\"nofollow noopener sponsored\">Acquista su Amazon<\/a>\n                    <span class=\"aawp-product__info\">Prezzo IVA inclusa, pi\u00f9 spese di spedizione<\/span>\n            <\/div>\n\n<\/div>\n\n    \n<\/div>\n\n\n\n<!DOCTYPE html>\n<html lang=\"de\">\n<head>\n  \n  \n  <title>Domande frequenti sul ventilatore a torre Philips<\/title>\n  <style>\n    .faq-container {\n      width: 100%;\n      max-width: 800px;\n      margin: 20px auto;\n      font-family: Arial, sans-serif;\n    }\n\n    .faq-item {\n      border-bottom: 1px solid #ccc;\n      margin-bottom: 10px;\n    }\n\n    .faq-question {\n      background-color: #f1f1f1;\n      color: #333;\n      cursor: pointer;\n      padding: 15px;\n      width: 100%;\n      border: none;\n      text-align: left;\n      outline: none;\n      font-size: 18px;\n      display: flex;\n      justify-content: space-between;\n      align-items: center;\n    }\n\n    .faq-question::after {\n      content: '\\25BC';\n      font-size: 18px;\n      transition: transform 0.3s;\n    }\n\n    .faq-question.active::after {\n      transform: rotate(180deg);\n    }\n\n    .faq-answer {\n      max-height: 0;\n      overflow: hidden;\n      transition: max-height 0.3s ease;\n      background-color: #f9f9f9;\n      font-size: 16px;\n      padding: 0 15px;\n    }\n\n    .faq-answer.open {\n      padding: 15px;\n      max-height: 500px;\n    }\n  <\/style>\n<\/head>\n<body>\n\n<div class=\"faq-container\">\n\n  <div class=\"faq-item\">\n    <button class=\"faq-question\">Il ventilatore \u00e8 abbastanza silenzioso per la camera da letto?<\/button>\n    <div class=\"faq-answer\">\n      \u00c8 piacevolmente silenzioso con le impostazioni pi\u00f9 basse. Molte persone lo usano di notte, ma i dormiglioni pi\u00f9 sensibili potrebbero trovarlo troppo rumoroso, soprattutto con l'impostazione pi\u00f9 alta.\n    <\/div>\n  <\/div>\n\n  <div class=\"faq-item\">\n    <button class=\"faq-question\">Quanto funziona il telecomando?<\/button>\n    <div class=\"faq-answer\">\n      In linea di principio funziona, ma non sempre in modo affidabile, soprattutto a una distanza maggiore. Il funzionamento diretto del dispositivo \u00e8 spesso l'opzione migliore.\n    <\/div>\n  <\/div>\n\n  <div class=\"faq-item\">\n    <button class=\"faq-question\">Com'\u00e8 il flusso d'aria?<\/button>\n    <div class=\"faq-answer\">\n      Il flusso d'aria \u00e8 piacevolmente fresco. Chiaramente percepibile anche a livello medio, potente al livello pi\u00f9 alto, ma anche pi\u00f9 udibile.\n    <\/div>\n  <\/div>\n\n  <div class=\"faq-item\">\n    <button class=\"faq-question\">Quali funzioni sono particolarmente pratiche?<\/button>\n    <div class=\"faq-answer\">\n      Il ventilatore offre vari livelli di velocit\u00e0, un timer e una modalit\u00e0 notturna. Il funzionamento \u00e8 intuitivo e di rapida comprensione.\n    <\/div>\n  <\/div>\n\n  <div class=\"faq-item\">\n    <button class=\"faq-question\">Quanto \u00e8 buona l'oscillazione?<\/button>\n    <div class=\"faq-answer\">\n      L'angolo di oscillazione \u00e8 di circa 60\u00b0. \u00c8 sufficiente per le stanze pi\u00f9 piccole, ma non copre l'intera stanza.\n    <\/div>\n  <\/div>\n\n  <div class=\"faq-item\">\n    <button class=\"faq-question\">Posso usare le mie fragranze?<\/button>\n    <div class=\"faq-answer\">\n      S\u00ec, l'inserto aromatico funziona con qualsiasi olio essenziale. Basta aggiungere qualche goccia al cuscinetto di schiuma e il gioco \u00e8 fatto.\n    <\/div>\n  <\/div>\n\n  <div class=\"faq-item\">\n    <button class=\"faq-question\">Come avviene la lavorazione?<\/button>\n    <div class=\"faq-answer\">\n      Visivamente accattivante, robusto e di alta qualit\u00e0. Il montaggio \u00e8 facile e veloce.\n    <\/div>\n  <\/div>\n\n<\/div>\n\n<script>\n  document.addEventListener(\"DOMContentLoaded\", function() {\n    const questions = document.querySelectorAll(\".faq-question\");\n\n    questions.forEach(question => {\n      question.addEventListener(\"click\", function() {\n        const answer = this.nextElementSibling;\n        const isOpen = answer.classList.contains(\"open\");\n\n        document.querySelectorAll(\".faq-answer\").forEach(ans => ans.classList.remove(\"open\"));\n        document.querySelectorAll(\".faq-question\").forEach(btn => btn.classList.remove(\"active\"));\n\n        if (!isOpen) {\n          answer.classList.add(\"open\");\n          this.classList.add(\"active\");\n        }\n      });\n    });\n  });\n<\/script>\n\n<\/body>\n<\/html>\n\n\n\n<div style=\"height:50px\" aria-hidden=\"true\" class=\"wp-block-spacer\"><\/div>\n\n\n\n<h3 class=\"wp-block-heading\" id=\"Brandson\"><span class=\"ez-toc-section\" id=\"Brandson_Turmventilator_%E2%80%93_gunstige_Alternative\"><\/span><a href=\"https:\/\/amzn.to\/4eekbFl\" target=\"_blank\" rel=\"noopener\">Ventilatore a torre Brandson&nbsp;<\/a> - alternativa favorevole<span class=\"ez-toc-section-end\"><\/span><\/h3>\n\n\n\n<div class=\"wp-block-essential-blocks-slider  root-eb-slider-6ax68\"><div class=\"eb-parent-wrapper eb-parent-eb-slider-6ax68\"><div class=\"eb-slider-wrapper eb-slider-6ax68\" data-blockid=\"eb-slider-6ax68\" data-version=\"v4\" data-settings=\"eyJhcnJvd3MiOnRydWUsImFkYXB0aXZlSGVpZ2h0IjpmYWxzZSwiYXV0b3BsYXkiOmZhbHNlLCJhdXRvcGxheVNwZWVkIjozMDAwLCJkb3RzIjp0cnVlLCJmYWRlIjpmYWxzZSwiaW5maW5pdGUiOnRydWUsInBhdXNlT25Ib3ZlciI6dHJ1ZSwic2xpZGVzVG9TaG93IjoxLCJzcGVlZCI6NTAwLCJ2ZXJ0aWNhbCI6ZmFsc2UsImN1cnJlbnRTbGlkZSI6MCwicnRsIjpmYWxzZSwicmVzcG9uc2l2ZSI6W3siYnJlYWtwb2ludCI6MTAyNSwic2V0dGluZ3MiOnsic2xpZGVzVG9TaG93IjoxfX0seyJicmVha3BvaW50Ijo3NjcsInNldHRpbmdzIjp7InNsaWRlc1RvU2hvdyI6MX19XX0=\" data-arrownexticon=\"fas fa-arrow-alt-circle-right\" data-arrowprevicon=\"fas fa-arrow-alt-circle-left\" data-lightbox=\"false\"><div class=\"eb-slider-init eb-slider-type-image\"><div class=\"eb-slider-item content-1\" data-src=\"https:\/\/luftzug.org\/wp-content\/uploads\/2025\/03\/IMG_20250320_103631-1.jpg\"><div><img class=\"eb-slider-image\" data-lazy=\"https:\/\/luftzug.org\/wp-content\/uploads\/2025\/03\/IMG_20250320_103631-1.jpg\"\/><\/div><\/div><div class=\"eb-slider-item content-1\" data-src=\"https:\/\/luftzug.org\/wp-content\/uploads\/2025\/03\/IMG_20250319_154126-1.jpg\"><div><img class=\"eb-slider-image\" data-lazy=\"https:\/\/luftzug.org\/wp-content\/uploads\/2025\/03\/IMG_20250319_154126-1.jpg\"\/><\/div><\/div><div class=\"eb-slider-item content-1\" data-src=\"https:\/\/luftzug.org\/wp-content\/uploads\/2025\/03\/IMG_20250319_154155-1.jpg\"><div><img class=\"eb-slider-image\" data-lazy=\"https:\/\/luftzug.org\/wp-content\/uploads\/2025\/03\/IMG_20250319_154155-1.jpg\"\/><\/div><\/div><div class=\"eb-slider-item content-1\" data-src=\"https:\/\/luftzug.org\/wp-content\/uploads\/2025\/03\/IMG_20250319_154119-1.jpg\"><div><img class=\"eb-slider-image\" data-lazy=\"https:\/\/luftzug.org\/wp-content\/uploads\/2025\/03\/IMG_20250319_154119-1.jpg\"\/><\/div><\/div><div class=\"eb-slider-item content-1\" data-src=\"https:\/\/luftzug.org\/wp-content\/uploads\/2025\/03\/IMG_20250319_154134-1.jpg\"><div><img class=\"eb-slider-image\" data-lazy=\"https:\/\/luftzug.org\/wp-content\/uploads\/2025\/03\/IMG_20250319_154134-1.jpg\"\/><\/div><\/div><div class=\"eb-slider-item content-1\" data-src=\"https:\/\/luftzug.org\/wp-content\/uploads\/2025\/03\/IMG_20250319_154144-1.jpg\"><div><img class=\"eb-slider-image\" data-lazy=\"https:\/\/luftzug.org\/wp-content\/uploads\/2025\/03\/IMG_20250319_154144-1.jpg\"\/><\/div><\/div><\/div><\/div><\/div><\/div>\n\n\n\n<p>Il ventilatore a torre Brandson \u00e8 uno dei <strong>modelli pi\u00f9 economici<\/strong> nel nostro test e offre una quantit\u00e0 sorprendente di funzioni: <strong>3 livelli di velocit\u00e0<\/strong>, <strong>3 modalit\u00e0 operative<\/strong> (compresa una modalit\u00e0 naturale con flusso d'aria alternato), <strong>Timer (1-12 ore)<\/strong> e un <strong>Telecomando con supporto<\/strong> direttamente sul dispositivo.<\/p>\n\n\n\n<p>Il produttore specifica un volume di <strong>38 dB al livello pi\u00f9 basso<\/strong> su - <strong>abbiamo misurato circa 29 dB<\/strong>. Questo \u00e8 tranquillo, ma gi\u00e0 <strong>udibile<\/strong>soprattutto in ambienti molto silenziosi. Per le orecchie sensibili in camera da letto <strong>Non ideale<\/strong>ma comunque all'interno di un range accettabile.<\/p>\n\n\n\n<p>Il <strong>La distribuzione dell'aria \u00e8 ben risolta dall'altezza di 96 cm.<\/strong>e anche il <strong>Oscillazione a 60\u00b0<\/strong> garantisce una copertura adeguata dell'area. Il <strong>Il supporto \u00e8 pesante<\/strong> e offre <strong>buona tenuta<\/strong>. Un piccolo punto debole: il <strong>Il display \u00e8 difficile da leggere alla luce del giorno<\/strong>.<\/p>\n\n\n\n<p>Complessivamente un <strong>Ventilatore a torre funzionale e conveniente<\/strong>che \u00e8 tecnicamente solido, ma non riesce a tenere il passo con i modelli di punta pi\u00f9 silenziosi quando si tratta di volume. Chi vuole un <strong>Piccolo budget<\/strong> Se avete molti apparecchi per pochi soldi, vale la pena di pagare un po' di pi\u00f9 per i modelli pi\u00f9 silenziosi.<\/p>\n\n\n\n<div style=\"position: relative; height: 0; margin-bottom: -10px;\">\n  <div style=\"    position: absolute;    top: 8px;    left: 16px;    background-color: #007BFF;    color: white;    padding: 8px 8px;    font-size: 16px;    font-weight: bold;    border-radius: 6px;    z-index: 10;    box-shadow: 0 2px 6px rgba(0,0,0,0.2);  \">\n    Funzioni top  <\/div>\n<\/div>\n\n\n\n<div class=\"aawp\">\n\n            \n            \n<div class=\"aawp-product aawp-product--horizontal aawp-product--inline-info aawp-product--css-adjust-image-large\"  data-aawp-product-asin=\"B083M8HCB7\" data-aawp-product-id=\"1360\" data-aawp-tracking-id=\"zaubereltern-21\" data-aawp-product-title=\"Brandson - Turmventilator mit Fernbedienung 96 cm - Preistr\u00e4ger 2025 - mobiler L\u00fcfter leise - Standventilator mit Oszilation - 3 Geschwindigkeiten 3 Modi - Timer - Ventilator - GS - Perlwei\u00df\" data-aawp-local-click-tracking=\"1\">\n\n    \n    <div class=\"aawp-product__thumb\">\n        <a class=\"aawp-product__image-link\" href=\"https:\/\/amzn.to\/4eekbFl\" title=\"Ventilatore a torre Brandsom circa 29dB\" rel=\"nofollow noopener sponsored\" target=\"_blank\">\n            <img decoding=\"async\" class=\"aawp-product__image\" src=\"https:\/\/luftzug.org\/wp-content\/plugins\/aawp\/public\/image.php?url=YUhSMGNITTZMeTl0TG0xbFpHbGhMV0Z0WVhwdmJpNWpiMjB2YVcxaFoyVnpMMGt2TXpGQlRXVjJSV05ZYmt3dWFuQm58MTc3ODAwMDk0OQ=\" alt=\"Ventilatore a torre Brandsom circa 29dB\"  \/>\n        <\/a>\n\n            <\/div>\n\n    <div class=\"aawp-product__content\">\n        <a class=\"aawp-product__title\" href=\"https:\/\/amzn.to\/4eekbFl\" title=\"Ventilatore a torre Brandsom circa 29dB\" rel=\"nofollow noopener sponsored\" target=\"_blank\">\n            Ventilatore a torre Brandsom circa 29dB        <\/a>\n        <div class=\"aawp-product__description\">\n            <div style=\"background-color: #f5f5f5; padding: 15px; border-radius: 8px; font-size: 16px;\">\n  Economico, stabile e con funzioni pratiche: il ventilatore a torre Brandson offre buone prestazioni a un prezzo contenuto. Tuttavia, \u00e8 adatto solo in misura limitata alle camere da letto silenziose.\n<\/div>\n        <\/div>\n    <\/div>\n\n    <div class=\"aawp-product__footer\">\n\n        <div class=\"aawp-product__pricing\">\n            \n                            <span class=\"aawp-product__price aawp-product__price--current\"><\/span>\n            \n                    <\/div>\n\n                <a class=\"aawp-button aawp-button--buy aawp-button aawp-button--blue shadow aawp-button--icon aawp-button--icon-white\" href=\"https:\/\/amzn.to\/4eekbFl\" title=\"Acquista su Amazon\" target=\"_blank\" rel=\"nofollow noopener sponsored\">Acquista su Amazon<\/a>\n                    <span class=\"aawp-product__info\">Prezzo IVA inclusa, pi\u00f9 spese di spedizione<\/span>\n            <\/div>\n\n<\/div>\n\n    \n<\/div>\n\n\n\n<!DOCTYPE html>\n<html lang=\"de\">\n<head>\n  \n  \n  <title>Domande frequenti sul ventilatore a torre Brandson<\/title>\n  <style>\n    .faq-container {\n      width: 100%;\n      max-width: 800px;\n      margin: 20px auto;\n      font-family: Arial, sans-serif;\n    }\n\n    .faq-item {\n      border-bottom: 1px solid #ccc;\n      margin-bottom: 10px;\n    }\n\n    .faq-question {\n      background-color: #f1f1f1;\n      color: #333;\n      cursor: pointer;\n      padding: 15px;\n      width: 100%;\n      border: none;\n      text-align: left;\n      outline: none;\n      font-size: 18px;\n      display: flex;\n      justify-content: space-between;\n      align-items: center;\n    }\n\n    .faq-question::after {\n      content: '\\25BC';\n      font-size: 18px;\n      transition: transform 0.3s;\n    }\n\n    .faq-question.active::after {\n      transform: rotate(180deg);\n    }\n\n    .faq-answer {\n      max-height: 0;\n      overflow: hidden;\n      transition: max-height 0.3s ease;\n      background-color: #f9f9f9;\n      font-size: 16px;\n      padding: 0 15px;\n    }\n\n    .faq-answer.open {\n      padding: 15px;\n      max-height: 500px;\n    }\n  <\/style>\n<\/head>\n<body>\n\n<div class=\"faq-container\">\n\n  <div class=\"faq-item\">\n    <button class=\"faq-question\">Quanto \u00e8 silenzioso il ventilatore a torre Brandson?<\/button>\n    <div class=\"faq-answer\">\n      Abbiamo misurato circa 29 dB all'impostazione pi\u00f9 bassa: piacevolmente silenzioso, ma udibile. Adatto solo in misura limitata a orecchie molto sensibili in camera da letto.\n    <\/div>\n  <\/div>\n\n  <div class=\"faq-item\">\n    <button class=\"faq-question\">Il Brandson \u00e8 adatto alla camera da letto?<\/button>\n    <div class=\"faq-answer\">\n      Pu\u00f2 essere utilizzato bene al livello 1, anche durante la notte. Se si desidera il silenzio assoluto, \u00e8 meglio utilizzare modelli pi\u00f9 silenziosi.\n    <\/div>\n  <\/div>\n\n  <div class=\"faq-item\">\n    <button class=\"faq-question\">Come avviene la lavorazione?<\/button>\n    <div class=\"faq-answer\">\n      Costruzione solida con una base pesante. Il dispositivo ha un aspetto di alta qualit\u00e0, anche se \u00e8 realizzato interamente in plastica.\n    <\/div>\n  <\/div>\n\n  <div class=\"faq-item\">\n    <button class=\"faq-question\">Come funziona la modalit\u00e0 natura e sonno?<\/button>\n    <div class=\"faq-answer\">\n      La modalit\u00e0 Natura simula il cambiamento del vento. La modalit\u00e0 Sleep riduce automaticamente il livello e si spegne dopo un po'.\n    <\/div>\n  <\/div>\n\n  <div class=\"faq-item\">\n    <button class=\"faq-question\">Quanto \u00e8 buono il telecomando?<\/button>\n    <div class=\"faq-answer\">\n      Funziona in modo affidabile, tutte le funzioni possono essere controllate. Pratico: il telecomando pu\u00f2 essere conservato direttamente nell'apparecchio.\n    <\/div>\n  <\/div>\n\n  <div class=\"faq-item\">\n    <button class=\"faq-question\">Ci sono punti deboli?<\/button>\n    <div class=\"faq-answer\">\n      Il display \u00e8 difficilmente riconoscibile alla luce diretta. Il ventilatore non si riavvia automaticamente dopo un'interruzione di corrente.\n    <\/div>\n  <\/div>\n\n<\/div>\n\n<script>\n  document.addEventListener(\"DOMContentLoaded\", function() {\n    const questions = document.querySelectorAll(\".faq-question\");\n\n    questions.forEach(question => {\n      question.addEventListener(\"click\", function() {\n        const answer = this.nextElementSibling;\n        const isOpen = answer.classList.contains(\"open\");\n\n        document.querySelectorAll(\".faq-answer\").forEach(ans => ans.classList.remove(\"open\"));\n        document.querySelectorAll(\".faq-question\").forEach(btn => btn.classList.remove(\"active\"));\n\n        if (!isOpen) {\n          answer.classList.add(\"open\");\n          this.classList.add(\"active\");\n        }\n      });\n    });\n  });\n<\/script>\n\n<\/body>\n<\/html>\n\n\n\n<div style=\"height:50px\" aria-hidden=\"true\" class=\"wp-block-spacer\"><\/div>\n\n\n\n<h3 class=\"wp-block-heading\" id=\"Dreo1\"><span class=\"ez-toc-section\" id=\"Dreo_Turmventilator_%E2%80%93_der_Allrounder_Videotest\"><\/span><a href=\"https:\/\/amzn.to\/4kOtzSi\" target=\"_blank\" rel=\"noopener\">Ventilatore a torre Dreo<\/a> - il tuttofare (video test)<span class=\"ez-toc-section-end\"><\/span><\/h3>\n\n\n\n<div class=\"wp-block-essential-blocks-slider  root-eb-slider-dg6em\"><div class=\"eb-parent-wrapper eb-parent-eb-slider-dg6em\"><div class=\"eb-slider-wrapper eb-slider-dg6em\" data-blockid=\"eb-slider-dg6em\" data-version=\"v4\" data-settings=\"eyJhcnJvd3MiOnRydWUsImFkYXB0aXZlSGVpZ2h0IjpmYWxzZSwiYXV0b3BsYXkiOmZhbHNlLCJhdXRvcGxheVNwZWVkIjozMDAwLCJkb3RzIjp0cnVlLCJmYWRlIjpmYWxzZSwiaW5maW5pdGUiOnRydWUsInBhdXNlT25Ib3ZlciI6dHJ1ZSwic2xpZGVzVG9TaG93IjoxLCJzcGVlZCI6NTAwLCJ2ZXJ0aWNhbCI6ZmFsc2UsImN1cnJlbnRTbGlkZSI6MCwicnRsIjpmYWxzZSwicmVzcG9uc2l2ZSI6W3siYnJlYWtwb2ludCI6MTAyNSwic2V0dGluZ3MiOnsic2xpZGVzVG9TaG93IjoxfX0seyJicmVha3BvaW50Ijo3NjcsInNldHRpbmdzIjp7InNsaWRlc1RvU2hvdyI6MX19XX0=\" data-arrownexticon=\"fas fa-arrow-alt-circle-right\" data-arrowprevicon=\"fas fa-arrow-alt-circle-left\" data-lightbox=\"false\"><div class=\"eb-slider-init eb-slider-type-image\"><div class=\"eb-slider-item content-1\" data-src=\"https:\/\/luftzug.org\/wp-content\/uploads\/2025\/03\/IMG_20250320_103544-3.jpg\"><div><img class=\"eb-slider-image\" data-lazy=\"https:\/\/luftzug.org\/wp-content\/uploads\/2025\/03\/IMG_20250320_103544-3.jpg\"\/><\/div><\/div><div class=\"eb-slider-item content-1\" data-src=\"https:\/\/luftzug.org\/wp-content\/uploads\/2025\/03\/IMG_20250319_151729-2.jpg\"><div><img class=\"eb-slider-image\" data-lazy=\"https:\/\/luftzug.org\/wp-content\/uploads\/2025\/03\/IMG_20250319_151729-2.jpg\"\/><\/div><\/div><div class=\"eb-slider-item content-1\" data-src=\"https:\/\/luftzug.org\/wp-content\/uploads\/2025\/03\/IMG_20250319_152031-2.jpg\"><div><img class=\"eb-slider-image\" data-lazy=\"https:\/\/luftzug.org\/wp-content\/uploads\/2025\/03\/IMG_20250319_152031-2.jpg\"\/><\/div><\/div><div class=\"eb-slider-item content-1\" data-src=\"https:\/\/luftzug.org\/wp-content\/uploads\/2025\/03\/IMG_20250319_152129-1.jpg\"><div><img class=\"eb-slider-image\" data-lazy=\"https:\/\/luftzug.org\/wp-content\/uploads\/2025\/03\/IMG_20250319_152129-1.jpg\"\/><\/div><\/div><\/div><\/div><\/div><\/div>\n\n\n\n<p>Il <strong>Dreo Nomad One<\/strong> \u00e8 un ventilatore a torre compatto, alto 92 cm, che nel test \u00e8 stato caratterizzato da <strong>Buona fattura, funzionamento semplice e solide prestazioni di raffreddamento<\/strong> ci ha convinto. Nonostante le sue dimensioni, offre fino a <strong>7,3 m\/s Velocit\u00e0 dell'aria<\/strong> un potente flusso d'aria che arieggia sensibilmente la stanza.<\/p>\n\n\n\n<p>Il montaggio \u00e8 stato semplice: <strong>Svitare e bloccare il supporto<\/strong>e il dispositivo \u00e8 pronto per l'uso. Il <strong>La funzione girevole funziona in modo affidabile<\/strong>, copre ca. <strong>90\u00b0<\/strong> e distribuisce l'aria in modo uniforme nella stanza.<\/p>\n\n\n\n<p>Nel test, al livello 1 abbiamo circa <strong>31 dB misurati<\/strong> - cos\u00ec <strong>leggermente superiore alle specifiche del produttore di 28 dB<\/strong>ma comunque piacevolmente silenzioso. Particolarmente positivo: <strong>Il display si spegne completamente in modalit\u00e0 notturna<\/strong> e il dispositivo esegue <strong>Silenziamento automatico<\/strong>che crea un'atmosfera molto piacevole in camera da letto.<\/p>\n\n\n\n<p>Con <strong>4 modalit\u00e0 (Normale, Natura, Sonno, Auto)<\/strong> e <strong>4 livelli di velocit\u00e0<\/strong> il ventilatore \u00e8 ben equipaggiato. Pu\u00f2 essere azionato direttamente sull'apparecchio o comodamente tramite l'interfaccia <strong>Telecomando in dotazione<\/strong>. La pulizia \u00e8 stata effettuata anche con <strong>Griglia e girante rimovibili<\/strong> risolta in modo intelligente.<\/p>\n\n\n\n<figure class=\"wp-block-video\"><video height=\"1080\" style=\"aspect-ratio: 1920 \/ 1080;\" width=\"1920\" controls src=\"https:\/\/luftzug.org\/wp-content\/uploads\/2025\/03\/VID_20250320_102039.mp4\"><\/video><\/figure>\n\n\n\n<div style=\"position: relative; height: 0; margin-bottom: -10px;\">\n  <div style=\"    position: absolute;    top: 8px;    left: 16px;    background-color: #007BFF;    color: white;    padding: 8px 8px;    font-size: 16px;    font-weight: bold;    border-radius: 6px;    z-index: 10;    box-shadow: 0 2px 6px rgba(0,0,0,0.2);  \">\n    Tuttofare  <\/div>\n<\/div>\n\n\n\n<div class=\"aawp\">\n\n            \n            \n<div class=\"aawp-product aawp-product--horizontal aawp-product--inline-info aawp-product--css-adjust-image-large\"  data-aawp-product-asin=\"B09MKPDJRT\" data-aawp-product-id=\"1362\" data-aawp-tracking-id=\"zaubereltern-21\" data-aawp-product-title=\"DREO 20dB Leiser Turmventilator 10\u202fm Wurfweite 4 Geschwindigstufen 4 Modi 8 Std Timer 90\u00b0 oszillierende Ventilator mit K\u00fchlung Fernbedienung f\u00fcr Schlafzimmer Nomad One Schwarz\" data-aawp-local-click-tracking=\"1\">\n\n    \n    <div class=\"aawp-product__thumb\">\n        <a class=\"aawp-product__image-link\" href=\"https:\/\/amzn.to\/4kOtzSi\" title=\"Ventilatore a torre Dreo circa 31 dB\" rel=\"nofollow noopener sponsored\" target=\"_blank\">\n            <img decoding=\"async\" class=\"aawp-product__image\" src=\"https:\/\/luftzug.org\/wp-content\/plugins\/aawp\/public\/image.php?url=YUhSMGNITTZMeTl0TG0xbFpHbGhMV0Z0WVhwdmJpNWpiMjB2YVcxaFoyVnpMMGt2TXpGSk1WZEtVWEJIVmt3dWFuQm58MTc3ODAwMDk0OQ=\" alt=\"Ventilatore a torre Dreo circa 31 dB\"  \/>\n        <\/a>\n\n            <\/div>\n\n    <div class=\"aawp-product__content\">\n        <a class=\"aawp-product__title\" href=\"https:\/\/amzn.to\/4kOtzSi\" title=\"Ventilatore a torre Dreo circa 31 dB\" rel=\"nofollow noopener sponsored\" target=\"_blank\">\n            Ventilatore a torre Dreo circa 31 dB        <\/a>\n        <div class=\"aawp-product__description\">\n            <div style=\"background-color: #f5f5f5; padding: 15px; border-radius: 8px; font-size: 16px;\">\n  Compatto, ben studiato e piacevolmente silenzioso, il Dreo Nomad One convince per la sua intelligente funzione notturna, la potente oscillazione e l'ottima fattura. Un ottimo consiglio per le giornate calde a meno di 80 euro!\n<\/div>\n        <\/div>\n    <\/div>\n\n    <div class=\"aawp-product__footer\">\n\n        <div class=\"aawp-product__pricing\">\n            \n                            <span class=\"aawp-product__price aawp-product__price--current\"><\/span>\n            \n                    <\/div>\n\n                <a class=\"aawp-button aawp-button--buy aawp-button aawp-button--blue shadow aawp-button--icon aawp-button--icon-white\" href=\"https:\/\/amzn.to\/4kOtzSi\" title=\"Acquista su Amazon\" target=\"_blank\" rel=\"nofollow noopener sponsored\">Acquista su Amazon<\/a>\n                    <span class=\"aawp-product__info\">Prezzo IVA inclusa, pi\u00f9 spese di spedizione<\/span>\n            <\/div>\n\n<\/div>\n\n    \n<\/div>\n\n\n\n<!DOCTYPE html>\n<html lang=\"de\">\n<head>\n  \n  \n  <title>Domande e risposte su Dreo Nomad One<\/title>\n  <style>\n    .faq-container {\n      width: 100%;\n      max-width: 800px;\n      margin: 20px auto;\n      font-family: Arial, sans-serif;\n    }\n\n    .faq-item {\n      border-bottom: 1px solid #ccc;\n      margin-bottom: 10px;\n    }\n\n    .faq-question {\n      background-color: #f1f1f1;\n      color: #333;\n      cursor: pointer;\n      padding: 15px;\n      width: 100%;\n      border: none;\n      text-align: left;\n      outline: none;\n      font-size: 18px;\n      display: flex;\n      justify-content: space-between;\n      align-items: center;\n    }\n\n    .faq-question::after {\n      content: '\\25BC';\n      font-size: 18px;\n      transition: transform 0.3s;\n    }\n\n    .faq-question.active::after {\n      transform: rotate(180deg);\n    }\n\n    .faq-answer {\n      max-height: 0;\n      overflow: hidden;\n      transition: max-height 0.3s ease;\n      background-color: #f9f9f9;\n      font-size: 16px;\n      padding: 0 15px;\n    }\n\n    .faq-answer.open {\n      padding: 15px;\n      max-height: 500px;\n    }\n  <\/style>\n<\/head>\n<body>\n\n<div class=\"faq-container\">\n\n  <div class=\"faq-item\">\n    <button class=\"faq-question\">Quanto \u00e8 silenzioso il Dreo?<\/button>\n    <div class=\"faq-answer\">\n      Abbiamo misurato circa 31 dB, leggermente superiori al valore di 28 dB indicato dal produttore. Tuttavia, il ventilatore \u00e8 piacevolmente silenzioso, senza ronzii o rumori di fondo. Ideale per stanze silenziose.\n    <\/div>\n  <\/div>\n\n  <div class=\"faq-item\">\n    <button class=\"faq-question\">La modalit\u00e0 notturna \u00e8 davvero pratica?<\/button>\n    <div class=\"faq-answer\">\n      S\u00ec, la modalit\u00e0 notturna spegne completamente il display e disattiva tutti i suoni. Questo \u00e8 un vero vantaggio rispetto a molti altri dispositivi, soprattutto di notte in camera da letto.\n    <\/div>\n  <\/div>\n\n  <div class=\"faq-item\">\n    <button class=\"faq-question\">Quanto \u00e8 forte il flusso d'aria?<\/button>\n    <div class=\"faq-answer\">\n      Gi\u00e0 al livello 1 \u00e8 evidente: quasi troppo potente se ci si siede vicino. Il livello 4 offre molta potenza, anche per le stanze pi\u00f9 grandi.\n    <\/div>\n  <\/div>\n\n  <div class=\"faq-item\">\n    <button class=\"faq-question\">Come funziona l'operazione?<\/button>\n    <div class=\"faq-answer\">\n      Intuitivo tramite il telecomando o il pannello dell'apparecchio. Tutte le modalit\u00e0 e le funzioni, come il timer, l'oscillazione o la velocit\u00e0, possono essere facilmente controllate.\n    <\/div>\n  <\/div>\n\n  <div class=\"faq-item\">\n    <button class=\"faq-question\">Che aspetto ha il Dreo?<\/button>\n    <div class=\"faq-answer\">\n      Moderno, semplice e poco ingombrante. Leggermente pi\u00f9 basso di altri ventilatori a torre, ma molto discreto nell'ambiente.\n    <\/div>\n  <\/div>\n\n  <div class=\"faq-item\">\n    <button class=\"faq-question\">Ci sono punti deboli?<\/button>\n    <div class=\"faq-answer\">\n      Il livello 1 \u00e8 gi\u00e0 abbastanza potente: sarebbe auspicabile un livello ancora pi\u00f9 delicato. All'inizio si avverte anche un leggero odore di plastica, che per\u00f2 scompare rapidamente.\n    <\/div>\n  <\/div>\n\n  <div class=\"faq-item\">\n    <button class=\"faq-question\">\u00c8 facile pulire il ventilatore?<\/button>\n    <div class=\"faq-answer\">\n      Molto bene! La griglia posteriore e la ventola sono facili da rimuovere: l'ideale per eliminare rapidamente la polvere.\n    <\/div>\n  <\/div>\n\n<\/div>\n\n<script>\n  document.addEventListener(\"DOMContentLoaded\", function() {\n    const questions = document.querySelectorAll(\".faq-question\");\n\n    questions.forEach(question => {\n      question.addEventListener(\"click\", function() {\n        const answer = this.nextElementSibling;\n        const isOpen = answer.classList.contains(\"open\");\n\n        document.querySelectorAll(\".faq-answer\").forEach(ans => ans.classList.remove(\"open\"));\n        document.querySelectorAll(\".faq-question\").forEach(btn => btn.classList.remove(\"active\"));\n\n        if (!isOpen) {\n          answer.classList.add(\"open\");\n          this.classList.add(\"active\");\n        }\n      });\n    });\n  });\n<\/script>\n\n<\/body>\n<\/html>\n\n\n\n<div style=\"height:50px\" aria-hidden=\"true\" class=\"wp-block-spacer\"><\/div>\n\n\n\n<h3 class=\"wp-block-heading\" id=\"Groveelife\"><span class=\"ez-toc-section\" id=\"GoveeLife_27_dB_leiser_Turmventilator_%E2%80%93_Smarter_Komfort_mit_ruhiger_Power\"><\/span><a href=\"https:\/\/amzn.to\/4k4iJGP\" target=\"_blank\" rel=\"noopener\">Ventilatore a torre silenzioso da 27 dB GoveeLife<\/a> - Comfort intelligente e potenza silenziosa<span class=\"ez-toc-section-end\"><\/span><\/h3>\n\n\n\n<p>Il ventilatore a torre GoveeLife convince per la sua tecnologia sofisticata e il controllo intelligente. Pu\u00f2 essere configurato in pochi minuti e la connessione all'app e il controllo vocale (Alexa, Google, Siri) funzionano perfettamente. Particolarmente comodo: <strong>Il ventilatore rimane silenzioso anche in presenza di una buona circolazione dell'aria.<\/strong> - Il produttore dichiara 27 dB, assolutamente silenziosi nell'uso quotidiano.<\/p>\n\n\n\n<p>Con <strong>12 velocit\u00e0, 5 modalit\u00e0, timer 24 ore<\/strong> e la possibilit\u00e0 di <strong>Personalizzazione dell'oscillazione<\/strong>GoveeLife si distingue chiaramente dai classici ventilatori a torre. Il <strong>Luce LED regolabile in base al colore<\/strong> offre accenti moderni, ideali per camere da letto o soggiorni. L'app consente il controllo delle scene, delle programmazioni e delle routine personalizzate. Sono state mosse alcune critiche alla stabilit\u00e0 sulle superfici morbide e alle limitazioni nella programmazione delle scene.<\/p>\n\n\n\n<p>Chi \u00e8 un <strong>Dispositivo silenzioso, potente e intelligente<\/strong> Se cercate un ventilatore sostenibile con un buon rapporto qualit\u00e0-prezzo, lo troverete qui. Molti utenti sono riusciti a ridurre l'uso dell'aria condizionata. Ideale per le case moderne che puntano sul comfort e sul design.<\/p>\n\n\n\n<p><\/p>\n\n\n<div class=\"affx-pros-cons-wrapper wp-block-affiliatex-pros-and-cons\" id=\"affiliatex-pros-cons-style-block-3f96d3ea-20ef-41b5-9b4f-89429a3b33ff\">\n\t<div class=\"affx-pros-cons-inner-wrapper layout-type-4 content-align-left\">\n\t\t<div class=\"affx-pros-inner\">\n\t\t\t<div class=\"pros-icon-title-wrap\">\n\t\t\t\t<div class=\"affiliatex-block-pros\">\n\t\t\t\t\t\t\t\t\t\t\t<i class=\"fas fa-thumbs-up\"><\/i>\n\t\t\t\t\t\t\t\t\t\t<p class=\"affiliatex-title\"><\/p>\n\t\t\t\t<\/div>\n\t\t\t<\/div>\n\t\t\t<div class=\"affiliatex-pros\">\n\t\t\t\t\t\t\t\t\t\t<ul class=\"affiliatex-list affiliatex-list-type-unordered afx-icon-list\">\n\t\t\t\t\t\t\t\t\t\t\t\t\t\t<li>\n\t\t\t\t\t\t\t\t\t\t\t<i class=\"fas fa-thumbs-up\"><\/i>\n\t\t\t\t\t\t\t\t\t\t<span>Molto silenzioso (27 dB in modalit\u00e0 sleep)<\/span>\n\t\t\t\t<\/li>\n\t\t\t\t\t\t\t\t\t\t\t\t\t\t\t\t<li>\n\t\t\t\t\t\t\t\t\t\t\t<i class=\"fas fa-thumbs-up\"><\/i>\n\t\t\t\t\t\t\t\t\t\t<span>Forte circolazione dell'aria, 12 livelli di velocit\u00e0<\/span>\n\t\t\t\t<\/li>\n\t\t\t\t\t\t\t\t\t\t\t\t\t\t\t\t<li>\n\t\t\t\t\t\t\t\t\t\t\t<i class=\"fas fa-thumbs-up\"><\/i>\n\t\t\t\t\t\t\t\t\t\t<span>App e controllo vocale (Alexa, Google, Siri)<\/span>\n\t\t\t\t<\/li>\n\t\t\t\t\t\t\t\t\t\t\t\t\t\t\t\t<li>\n\t\t\t\t\t\t\t\t\t\t\t<i class=\"fas fa-thumbs-up\"><\/i>\n\t\t\t\t\t\t\t\t\t\t<span>con illuminazione ambientale a LED<\/span>\n\t\t\t\t<\/li>\n\t\t\t\t\t\t\t\t\t\t\t\t\t\t\t\t<li>\n\t\t\t\t\t\t\t\t\t\t\t<i class=\"fas fa-thumbs-up\"><\/i>\n\t\t\t\t\t\t\t\t\t\t<span>5 modalit\u00e0 di funzionamento, tra cui la modalit\u00e0 natura e la modalit\u00e0 sleep<\/span>\n\t\t\t\t<\/li>\n\t\t\t\t\t\t\t<\/ul>\n\t\t\t\t\t\t\t<\/div>\n\t\t<\/div>\n\t\t<div class=\"affx-cons-inner\">\n\t\t\t<div class=\"cons-icon-title-wrap\">\n\t\t\t\t<div class=\"affiliatex-block-cons\">\n\t\t\t\t\t\t\t\t\t\t\t<i class=\"fas fa-thumbs-down\"><\/i>\n\t\t\t\t\t\t\t\t\t\t<p class=\"affiliatex-title\"><\/p>\n\t\t\t\t<\/div>\n\t\t\t<\/div>\n\t\t\t<div class=\"affiliatex-cons\">\n\t\t\t\t\t\t\t\t\t\t<ul class=\"affiliatex-list affiliatex-list-type-unordered afx-icon-list\">\n\t\t\t\t\t\t\t\t\t\t\t\t\t\t<li>\n\t\t\t\t\t\t\t\t\t\t\t<i class=\"fas fa-thumbs-down\"><\/i>\n\t\t\t\t\t\t\t\t\t\t<span>Nessun telecomando classico (solo app\/voce)<\/span>\n\t\t\t\t<\/li>\n\t\t\t\t\t\t\t\t\t\t\t\t\t\t\t\t<li>\n\t\t\t\t\t\t\t\t\t\t\t<i class=\"fas fa-thumbs-down\"><\/i>\n\t\t\t\t\t\t\t\t\t\t<span>L'angolo di oscillazione non pu\u00f2 essere controllato con precisione tramite l'app<\/span>\n\t\t\t\t<\/li>\n\t\t\t\t\t\t\t<\/ul>\n\t\t\t\t\t\t\t<\/div>\n\t\t<\/div>\n\t<\/div>\n<\/div>\n\n\n\n<div style=\"position: relative; height: 0; margin-bottom: -10px;\">\n  <div style=\"    position: absolute;    top: 8px;    left: 16px;    background-color: #007BFF;    color: white;    padding: 8px 8px;    font-size: 16px;    font-weight: bold;    border-radius: 6px;    z-index: 10;    box-shadow: 0 2px 6px rgba(0,0,0,0.2);  \">\n    Multifunzionale  <\/div>\n<\/div>\n\n\n\n<div class=\"aawp\">\n\n            \n            \n<div class=\"aawp-product aawp-product--horizontal aawp-product--inline-info aawp-product--css-adjust-image-large\"  data-aawp-product-asin=\"B0DSKJCTV4\" data-aawp-product-id=\"1366\" data-aawp-tracking-id=\"zaubereltern-21\" data-aawp-product-title=\"GoveeLife leiser Ventilator 12 Geschwindigkeiten bis zu 8 m\/s 5 Modi 24-Stunden-Timer intelligenter Turmventilator mit 150\u00b0-Oszillation APP- und Sprachsteuerung f\u00fcr Zuhause schwarz\" data-aawp-local-click-tracking=\"1\">\n\n    \n    <div class=\"aawp-product__thumb\">\n        <a class=\"aawp-product__image-link\" href=\"https:\/\/amzn.to\/4k4iJGP\" title=\"Ventilatore a torre GoveeLife con controllo tramite app\" rel=\"nofollow noopener sponsored\" target=\"_blank\">\n            <img decoding=\"async\" class=\"aawp-product__image\" src=\"https:\/\/luftzug.org\/wp-content\/plugins\/aawp\/public\/image.php?url=YUhSMGNITTZMeTl0TG0xbFpHbGhMV0Z0WVhwdmJpNWpiMjB2YVcxaFoyVnpMMGt2TXpGdGVHWkhaalJEYzB3dWFuQm58MTc3ODAwMDk0OQ=\" alt=\"Ventilatore a torre GoveeLife con controllo tramite app\"  \/>\n        <\/a>\n\n            <\/div>\n\n    <div class=\"aawp-product__content\">\n        <a class=\"aawp-product__title\" href=\"https:\/\/amzn.to\/4k4iJGP\" title=\"Ventilatore a torre GoveeLife con controllo tramite app\" rel=\"nofollow noopener sponsored\" target=\"_blank\">\n            Ventilatore a torre GoveeLife con controllo tramite app        <\/a>\n        <div class=\"aawp-product__description\">\n            <p><strong>Il ventilatore a torre GoveeLife 42\u2033 Smart<\/strong> convince con <em>Funzionamento silenzioso a partire da 27 dB<\/em>, fino a <em>12 livelli di velocit\u00e0<\/em> e <em>5 modalit\u00e0<\/em> - perfetto per un raffreddamento personalizzato. Grazie a <em>App e controllo vocale<\/em> il ventilatore pu\u00f2 essere comodamente automatizzato. Il <em>Oscillazione personalizzabile<\/em> e il <em>Luce ambiente a LED integrata<\/em> completano l'elegante dispositivo per la casa intelligente.<\/p>\n        <\/div>\n    <\/div>\n\n    <div class=\"aawp-product__footer\">\n\n        <div class=\"aawp-product__pricing\">\n            \n                            <span class=\"aawp-product__price aawp-product__price--current\"><\/span>\n            \n                    <\/div>\n\n                <a class=\"aawp-button aawp-button--buy aawp-button aawp-button--blue shadow aawp-button--icon aawp-button--icon-white\" href=\"https:\/\/amzn.to\/4k4iJGP\" title=\"Acquista su Amazon\" target=\"_blank\" rel=\"nofollow noopener sponsored\">Acquista su Amazon<\/a>\n                    <span class=\"aawp-product__info\">Prezzo IVA inclusa, pi\u00f9 spese di spedizione<\/span>\n            <\/div>\n\n<\/div>\n\n    \n<\/div>\n\n\n\n<!DOCTYPE html>\n<html lang=\"de\">\n<head>\n  <meta charset=\"UTF-8\" \/>\n  <meta name=\"viewport\" content=\"width=device-width, initial-scale=1.0\"\/>\n  <title>Domande e risposte su Dreo Nomad One<\/title>\n  <style>\n    .faq-container {\n      width: 100%;\n      max-width: 800px;\n      margin: 20px auto;\n      font-family: Arial, sans-serif;\n    }\n\n    .faq-item {\n      border-bottom: 1px solid #ccc;\n      margin-bottom: 10px;\n    }\n\n    .faq-question {\n      background-color: #f1f1f1;\n      color: #333;\n      cursor: pointer;\n      padding: 15px;\n      width: 100%;\n      border: none;\n      text-align: left;\n      outline: none;\n      font-size: 18px;\n      display: flex;\n      justify-content: space-between;\n      align-items: center;\n    }\n\n    .faq-question::after {\n      content: '\\25BC';\n      font-size: 18px;\n      transition: transform 0.3s;\n    }\n\n    .faq-question.active::after {\n      transform: rotate(180deg);\n    }\n\n    .faq-answer {\n      max-height: 0;\n      overflow: hidden;\n      transition: max-height 0.3s ease;\n      background-color: #f9f9f9;\n      font-size: 16px;\n      padding: 0 15px;\n    }\n\n    .faq-answer.open {\n      padding: 15px;\n      max-height: 500px;\n    }\n  <\/style>\n<\/head>\n<body>\n\n<div class=\"faq-container\">\n\n  <div class=\"faq-item\">\n    <button class=\"faq-question\">Quanto \u00e8 silenzioso il ventilatore a torre GoveeLife?<\/button>\n    <div class=\"faq-answer\">\n      In modalit\u00e0 sleep, il ventilatore raggiunge un volume di soli 27 dB circa, ideale per ambienti silenziosi o camere da letto.\n    <\/div>\n  <\/div>\n\n  <div class=\"faq-item\">\n    <button class=\"faq-question\">Quali sono le opzioni di controllo?<\/button>\n    <div class=\"faq-answer\">\n      Il ventilatore a torre GoveeLife pu\u00f2 essere azionato tramite app, controllo vocale (Alexa, Google) o manualmente sul dispositivo. Il telecomando non \u00e8 incluso.\n    <\/div>\n  <\/div>\n\n  <div class=\"faq-item\">\n    <button class=\"faq-question\">Quanti livelli e modalit\u00e0 offre il fan?<\/button>\n    <div class=\"faq-answer\">\n      Sono disponibili 12 livelli di velocit\u00e0 e 5 modalit\u00e0, tra cui la modalit\u00e0 natura, la modalit\u00e0 sonno e la modalit\u00e0 automatica.\n    <\/div>\n  <\/div>\n\n  <div class=\"faq-item\">\n    <button class=\"faq-question\">Posso impostare l'oscillazione individualmente?<\/button>\n    <div class=\"faq-answer\">\n      S\u00ec, gli angoli di oscillazione possono essere regolati in modo flessibile per ventilare o escludere in modo mirato determinate aree.\n    <\/div>\n  <\/div>\n\n  <div class=\"faq-item\">\n    <button class=\"faq-question\">C'\u00e8 una luce LED?<\/button>\n    <div class=\"faq-answer\">\n      S\u00ec, il ventilatore \u00e8 dotato di una luce ambientale a LED integrata che pu\u00f2 essere regolata in termini di colore e luminosit\u00e0, anche se non pu\u00f2 essere disattivata in tutte le modalit\u00e0.\n    <\/div>\n  <\/div>\n\n  <div class=\"faq-item\">\n    <button class=\"faq-question\">Quali sono i punti deboli tipici del dispositivo?<\/button>\n    <div class=\"faq-answer\">\n      Alcuni utenti trovano l'app limitata in termini di creazione di scene. Sarebbe auspicabile anche un supporto pi\u00f9 stabile per animali domestici\/bambini piccoli.\n    <\/div>\n  <\/div>\n\n<\/div>\n\n<script>\n  document.addEventListener(\"DOMContentLoaded\", function() {\n    const questions = document.querySelectorAll(\".faq-question\");\n\n    questions.forEach(question => {\n      question.addEventListener(\"click\", function() {\n        const answer = this.nextElementSibling;\n        const isOpen = answer.classList.contains(\"open\");\n\n        document.querySelectorAll(\".faq-answer\").forEach(ans => ans.classList.remove(\"open\"));\n        document.querySelectorAll(\".faq-question\").forEach(btn => btn.classList.remove(\"active\"));\n\n        if (!isOpen) {\n          answer.classList.add(\"open\");\n          this.classList.add(\"active\");\n        }\n      });\n    });\n  });\n<\/script>\n\n<\/body>\n<\/html>\n\n\n\n<div style=\"height:50px\" aria-hidden=\"true\" class=\"wp-block-spacer\"><\/div>\n\n\n\n<h3 class=\"wp-block-heading\" id=\"Brandson2\"><span class=\"ez-toc-section\" id=\"Brandson_Turmventilator_mit_Wasserkuhlung_%E2%80%93_Abkuhlung_im_Sommer\"><\/span><a href=\"https:\/\/amzn.to\/4nasTbr\" target=\"_blank\" rel=\"noopener\">Ventilatore a torre Brandson con raffreddamento ad acqua<\/a> - Raffreddarsi in estate<span class=\"ez-toc-section-end\"><\/span><\/h3>\n\n\n\n<p><strong>Il ventilatore a torre Brandson con raffreddamento \u00e8 uno dei modelli pi\u00f9 popolari sul mercato, e per una buona ragione.<\/strong> Soprattutto nelle calde notti estive, mostra di che pasta \u00e8 fatto: <strong>circolazione dell'aria piacevolmente silenziosa, anche con un'impostazione bassa.<\/strong> Molti utenti, tra cui noi, confermano che \u00e8 <strong>in camera da letto senza disturbare il sonno.<\/strong><\/p>\n\n\n\n<p><strong>I tre livelli di velocit\u00e0<\/strong> sono del tutto sufficienti per l'uso quotidiano. Al livello 1, il flusso d'aria \u00e8 gi\u00e0 molto evidente; al livello 3, fornisce un notevole sollievo dall'aria soffocante dell'ambiente, mentre il livello 2 \u00e8 pi\u00f9 basso. <strong>Livello di rumore moderato<\/strong>. Il <strong>L'oscillazione a 60\u00b0 distribuisce l'aria in modo uniforme<\/strong> e garantisce un piacevole raffreddamento in tutta la stanza.<\/p>\n\n\n\n<p>Il montaggio \u00e8 rapido, anche <strong>il supporto \u00e8 stabile, anche se realizzato in plastica leggera.<\/strong> Il <strong>Il design \u00e8 moderno e discreto<\/strong>Il ventilatore si integra bene nel soggiorno o nella camera da letto. Particolarmente pratico: <strong>Il telecomando in dotazione<\/strong> consente di controllare comodamente tutte le funzioni dal divano o dal letto. Un altro vantaggio: <strong>Il timer pu\u00f2 essere impostato in modo flessibile con incrementi di mezz'ora, fino a 7,5 ore.<\/strong><\/p>\n\n\n\n<p>Un piccolo svantaggio: <strong>Alcuni utenti segnalano un leggero odore di plastica nei primi giorni.<\/strong>ma di solito scompare rapidamente. La lavorazione \u00e8 complessivamente solida, anche se il dispositivo appare un po' pi\u00f9 delicato rispetto alle alternative pi\u00f9 costose.<\/p>\n\n\n\n<p><strong>Conclusione: se siete alla ricerca di un ventilatore a torre economico, silenzioso e ben equipaggiato, il Brandson \u00e8 un pacchetto complessivo convincente.<\/strong> \u00c8 un chiaro consiglio, soprattutto per le camere da letto e le stanze di piccole e medie dimensioni. <strong>Silenzioso, efficace e ad un prezzo equo.<\/strong><\/p>\n\n\n\n<p><\/p>\n\n\n<div class=\"affx-pros-cons-wrapper wp-block-affiliatex-pros-and-cons\" id=\"affiliatex-pros-cons-style-block-79a952a3-4958-47e5-8af1-0f8d22e7d1cc\">\n\t<div class=\"affx-pros-cons-inner-wrapper layout-type-4 content-align-left\">\n\t\t<div class=\"affx-pros-inner\">\n\t\t\t<div class=\"pros-icon-title-wrap\">\n\t\t\t\t<div class=\"affiliatex-block-pros\">\n\t\t\t\t\t\t\t\t\t\t\t<i class=\"fas fa-thumbs-up\"><\/i>\n\t\t\t\t\t\t\t\t\t\t<p class=\"affiliatex-title\"><\/p>\n\t\t\t\t<\/div>\n\t\t\t<\/div>\n\t\t\t<div class=\"affiliatex-pros\">\n\t\t\t\t\t\t\t\t\t\t<ul class=\"affiliatex-list affiliatex-list-type-unordered afx-icon-list\">\n\t\t\t\t\t\t\t\t\t\t\t\t\t\t<li>\n\t\t\t\t\t\t\t\t\t\t\t<i class=\"fas fa-thumbs-up\"><\/i>\n\t\t\t\t\t\t\t\t\t\t<span>Silenzioso a basso livello<\/span>\n\t\t\t\t<\/li>\n\t\t\t\t\t\t\t\t\t\t\t\t\t\t\t\t<li>\n\t\t\t\t\t\t\t\t\t\t\t<i class=\"fas fa-thumbs-up\"><\/i>\n\t\t\t\t\t\t\t\t\t\t<span>Buona distribuzione dell'aria con oscillazione<\/span>\n\t\t\t\t<\/li>\n\t\t\t\t\t\t\t\t\t\t\t\t\t\t\t\t<li>\n\t\t\t\t\t\t\t\t\t\t\t<i class=\"fas fa-thumbs-up\"><\/i>\n\t\t\t\t\t\t\t\t\t\t<span>Funzionamento semplice tramite telecomando<\/span>\n\t\t\t\t<\/li>\n\t\t\t\t\t\t\t\t\t\t\t\t\t\t\t\t<li>\n\t\t\t\t\t\t\t\t\t\t\t<i class=\"fas fa-thumbs-up\"><\/i>\n\t\t\t\t\t\t\t\t\t\t<span>Timer con incrementi di 0,5 ore<\/span>\n\t\t\t\t<\/li>\n\t\t\t\t\t\t\t\t\t\t\t\t\t\t\t\t<li>\n\t\t\t\t\t\t\t\t\t\t\t<i class=\"fas fa-thumbs-up\"><\/i>\n\t\t\t\t\t\t\t\t\t\t<span>Montaggio rapido<\/span>\n\t\t\t\t<\/li>\n\t\t\t\t\t\t\t<\/ul>\n\t\t\t\t\t\t\t<\/div>\n\t\t<\/div>\n\t\t<div class=\"affx-cons-inner\">\n\t\t\t<div class=\"cons-icon-title-wrap\">\n\t\t\t\t<div class=\"affiliatex-block-cons\">\n\t\t\t\t\t\t\t\t\t\t\t<i class=\"fas fa-thumbs-down\"><\/i>\n\t\t\t\t\t\t\t\t\t\t<p class=\"affiliatex-title\"><\/p>\n\t\t\t\t<\/div>\n\t\t\t<\/div>\n\t\t\t<div class=\"affiliatex-cons\">\n\t\t\t\t\t\t\t\t\t\t<ul class=\"affiliatex-list affiliatex-list-type-unordered afx-icon-list\">\n\t\t\t\t\t\t\t\t\t\t\t\t\t\t<li>\n\t\t\t\t\t\t\t\t\t\t\t<i class=\"fas fa-thumbs-down\"><\/i>\n\t\t\t\t\t\t\t\t\t\t<span>Nessun display della temperatura<\/span>\n\t\t\t\t<\/li>\n\t\t\t\t\t\t\t\t\t\t\t\t\t\t\t\t<li>\n\t\t\t\t\t\t\t\t\t\t\t<i class=\"fas fa-thumbs-down\"><\/i>\n\t\t\t\t\t\t\t\t\t\t<span>Leggero odore di plastica con i nuovi apparecchi<\/span>\n\t\t\t\t<\/li>\n\t\t\t\t\t\t\t<\/ul>\n\t\t\t\t\t\t\t<\/div>\n\t\t<\/div>\n\t<\/div>\n<\/div>\n\n\n\n<div style=\"position: relative; height: 0; margin-bottom: -10px;\">\n  <div style=\"    position: absolute;    top: 8px;    left: 16px;    background-color: #007BFF;    color: white;    padding: 8px 8px;    font-size: 16px;    font-weight: bold;    border-radius: 6px;    z-index: 10;    box-shadow: 0 2px 6px rgba(0,0,0,0.2);  \">\n    Raffreddamento piacevole  <\/div>\n<\/div>\n\n\n\n<div class=\"aawp\">\n\n            \n            \n<div class=\"aawp-product aawp-product--horizontal aawp-product--inline-info aawp-product--css-adjust-image-large\"  data-aawp-product-asin=\"B0DPMY7XYX\" data-aawp-product-id=\"1367\" data-aawp-tracking-id=\"zaubereltern-21\" data-aawp-product-title=\"Brandson - Turmventilator mit Wasserk\u00fchlung 5 in 1 - Preistr\u00e4ger 2025 - Verdunstungsk\u00fchler - Luftk\u00fchler - Ventilator - mobile Klimaanlage ohne Abluftschlauch - leise - 4L Wassertank\" data-aawp-local-click-tracking=\"1\">\n\n    \n    <div class=\"aawp-product__thumb\">\n        <a class=\"aawp-product__image-link\" href=\"https:\/\/amzn.to\/4nasTbr\" title=\"Ventilatore a torre Brandson con raffreddamento\" rel=\"nofollow noopener sponsored\" target=\"_blank\">\n            <img decoding=\"async\" class=\"aawp-product__image\" src=\"https:\/\/luftzug.org\/wp-content\/plugins\/aawp\/public\/image.php?url=YUhSMGNITTZMeTl0TG0xbFpHbGhMV0Z0WVhwdmJpNWpiMjB2YVcxaFoyVnpMMGt2TXpGc2RVMUtVWFp4YlV3dWFuQm58MTc3ODAwMDk0OQ=\" alt=\"Ventilatore a torre Brandson con raffreddamento\"  \/>\n        <\/a>\n\n            <\/div>\n\n    <div class=\"aawp-product__content\">\n        <a class=\"aawp-product__title\" href=\"https:\/\/amzn.to\/4nasTbr\" title=\"Ventilatore a torre Brandson con raffreddamento\" rel=\"nofollow noopener sponsored\" target=\"_blank\">\n            Ventilatore a torre Brandson con raffreddamento        <\/a>\n        <div class=\"aawp-product__description\">\n            <div style=\"background-color: #f5f5f5; padding: 15px; border-radius: 8px; font-size: 16px;\">\n  Prestazioni solide, look moderno e piacevole silenziosit\u00e0: il ventilatore a torre Brandson \u00e8 un compagno affidabile nelle giornate calde e convince soprattutto in camera da letto grazie alla sua silenziosit\u00e0.\n<\/div>\n        <\/div>\n    <\/div>\n\n    <div class=\"aawp-product__footer\">\n\n        <div class=\"aawp-product__pricing\">\n            \n                            <span class=\"aawp-product__price aawp-product__price--current\"><\/span>\n            \n                    <\/div>\n\n                <a class=\"aawp-button aawp-button--buy aawp-button aawp-button--blue shadow aawp-button--icon aawp-button--icon-white\" href=\"https:\/\/amzn.to\/4nasTbr\" title=\"Acquista su Amazon\" target=\"_blank\" rel=\"nofollow noopener sponsored\">Acquista su Amazon<\/a>\n                    <span class=\"aawp-product__info\">Prezzo IVA inclusa, pi\u00f9 spese di spedizione<\/span>\n            <\/div>\n\n<\/div>\n\n    \n<\/div>\n\n\n\n<!DOCTYPE html>\n<html lang=\"de\">\n<head>\n  <meta charset=\"UTF-8\" \/>\n  <meta name=\"viewport\" content=\"width=device-width, initial-scale=1.0\"\/>\n  <title>Domande e risposte su Dreo Nomad One<\/title>\n  <style>\n    .faq-container {\n      width: 100%;\n      max-width: 800px;\n      margin: 20px auto;\n      font-family: Arial, sans-serif;\n    }\n\n    .faq-item {\n      border-bottom: 1px solid #ccc;\n      margin-bottom: 10px;\n    }\n\n    .faq-question {\n      background-color: #f1f1f1;\n      color: #333;\n      cursor: pointer;\n      padding: 15px;\n      width: 100%;\n      border: none;\n      text-align: left;\n      outline: none;\n      font-size: 18px;\n      display: flex;\n      justify-content: space-between;\n      align-items: center;\n    }\n\n    .faq-question::after {\n      content: '\\25BC';\n      font-size: 18px;\n      transition: transform 0.3s;\n    }\n\n    .faq-question.active::after {\n      transform: rotate(180deg);\n    }\n\n    .faq-answer {\n      max-height: 0;\n      overflow: hidden;\n      transition: max-height 0.3s ease;\n      background-color: #f9f9f9;\n      font-size: 16px;\n      padding: 0 15px;\n    }\n\n    .faq-answer.open {\n      padding: 15px;\n      max-height: 500px;\n    }\n  <\/style>\n<\/head>\n<body>\n\n<div class=\"faq-container\">\n\n  <div class=\"faq-item\">\n    <button class=\"faq-question\">Quanto \u00e8 rumoroso il ventilatore a torre Brandson?<\/button>\n    <div class=\"faq-answer\">\n      Molto silenzioso al livello 1, ideale per la camera da letto. Si sente a livelli pi\u00f9 alti, ma non disturba.\n    <\/div>\n  <\/div>\n\n  <div class=\"faq-item\">\n    <button class=\"faq-question\">La struttura \u00e8 complicata?<\/button>\n    <div class=\"faq-answer\">\n      No, il montaggio \u00e8 rapido. Il supporto deve essere avvitato - un cacciavite \u00e8 utile.\n    <\/div>\n  <\/div>\n\n  <div class=\"faq-item\">\n    <button class=\"faq-question\">Qual \u00e8 la qualit\u00e0 della lavorazione?<\/button>\n    <div class=\"faq-answer\">\n      L'alloggiamento \u00e8 in plastica, ma ha un aspetto moderno. La base potrebbe essere pi\u00f9 stabile.\n    <\/div>\n  <\/div>\n\n  <div class=\"faq-item\">\n    <button class=\"faq-question\">\u00c8 possibile spegnere il display?<\/button>\n    <div class=\"faq-answer\">\n      Purtroppo no. Alcuni utenti lo rimuovono di notte perch\u00e9 brilla in modo piuttosto intenso.\n    <\/div>\n  <\/div>\n\n  <div class=\"faq-item\">\n    <button class=\"faq-question\">Come funziona la modalit\u00e0 notturna?<\/button>\n    <div class=\"faq-answer\">\n      La modalit\u00e0 notturna cambia automaticamente i livelli, cosa che alcuni trovano fastidiosa. Non tutti la utilizzano.\n    <\/div>\n  <\/div>\n\n  <div class=\"faq-item\">\n    <button class=\"faq-question\">Quanto \u00e8 forte il flusso d'aria?<\/button>\n    <div class=\"faq-answer\">\n      Assolutamente sufficiente per ambienti di piccole e medie dimensioni. \u00c8 possibile percepire chiaramente il movimento dell'aria al massimo livello.\n    <\/div>\n  <\/div>\n\n  <div class=\"faq-item\">\n    <button class=\"faq-question\">Com'\u00e8 il telecomando?<\/button>\n    <div class=\"faq-answer\">\n      Funziona in modo affidabile, le batterie sono solitamente incluse. \u00c8 possibile controllare tutte le funzioni pi\u00f9 importanti.\n    <\/div>\n  <\/div>\n\n<\/div>\n\n<script>\n  document.addEventListener(\"DOMContentLoaded\", function() {\n    const questions = document.querySelectorAll(\".faq-question\");\n\n    questions.forEach(question => {\n      question.addEventListener(\"click\", function() {\n        const answer = this.nextElementSibling;\n        const isOpen = answer.classList.contains(\"open\");\n\n        document.querySelectorAll(\".faq-answer\").forEach(ans => ans.classList.remove(\"open\"));\n        document.querySelectorAll(\".faq-question\").forEach(btn => btn.classList.remove(\"active\"));\n\n        if (!isOpen) {\n          answer.classList.add(\"open\");\n          this.classList.add(\"active\");\n        }\n      });\n    });\n  });\n<\/script>\n\n<\/body>\n<\/html>\n\n\n\n<div style=\"height:50px\" aria-hidden=\"true\" class=\"wp-block-spacer\"><\/div>\n\n\n\n<h3 class=\"wp-block-heading\" id=\"Dreo2\"><span class=\"ez-toc-section\" id=\"Dreo_Turmventilator_mit_Wasserkuhlung_%E2%80%93_Muss_sich_nicht_verstecken\"><\/span><a href=\"https:\/\/amzn.to\/3G5hBok\" target=\"_blank\" rel=\"noopener\">Ventilatore a torre Dreo con raffreddamento ad acqua - Non c'\u00e8 bisogno di nascondersi <\/a>- Non c'\u00e8 bisogno di nascondersi<span class=\"ez-toc-section-end\"><\/span><\/h3>\n\n\n\n<p>Il <strong>Raffreddatore per paludi Dreo<\/strong> \u00e8 pi\u00f9 di un classico ventilatore: combina raffreddamento evaporativo, ventilazione e umidificazione in un unico dispositivo. Soprattutto con <strong>giornate estive secche e calde<\/strong> fornisce <strong>una brezza sensibilmente rinfrescante sulla pelle<\/strong>senza modificare artificialmente la temperatura ambiente.<\/p>\n\n\n\n<p>Con un <strong>Velocit\u00e0 del vento fino a 25 ft\/s<\/strong>a <strong>Serbatoio dell'acqua da 6 litri<\/strong> e uno di <strong>22 % tasso di evaporazione pi\u00f9 elevato<\/strong> rispetto a molti modelli della concorrenza, garantisce un raffreddamento affidabile, anche durante la notte. Il <strong>Sistema di raffreddamento IceWind<\/strong> con un <strong>Ruota a turbina a 35 pale<\/strong> e un tappetino di raffreddamento ottimizzato creano una circolazione d'aria dinamica e potente, piacevolmente rinfrescante.<\/p>\n\n\n\n<p>Nonostante la potenza, il funzionamento rimane <strong>sorprendentemente silenzioso<\/strong> - ideale per l'uso in camera da letto o in ufficio. Pratico: il dispositivo pu\u00f2 essere controllato non solo da <strong>Telecomando<\/strong>ma anche sulla <strong>App Dreo<\/strong> o <strong>Controllo vocale (Alexa\/Assistente Google)<\/strong> operare. L'applicazione offre anche <strong>Dati in tempo reale su temperatura e umidit\u00e0<\/strong> - per un controllo completo del clima.<\/p>\n\n\n\n<p>Grazie a <strong>rulli integrati<\/strong> il refrigeratore pu\u00f2 essere facilmente spostato all'interno della stanza. Il montaggio \u00e8 semplice e il funzionamento \u00e8 intuitivo. Nell'uso quotidiano, il Dreo convince per il suo <strong>Raffreddamento potente<\/strong>che <strong>Design sofisticato<\/strong> e il <strong>Controllo intelligente<\/strong>.<\/p>\n\n\n\n<p><strong>Conclusione:<\/strong> Chi vuole un <strong>Alternativa potente, silenziosa e flessibile al climatizzatore<\/strong> il Dreo Swamp Cooler \u00e8 un apparecchio di alta qualit\u00e0 con molte funzioni pratiche, ideale per le giornate calde e le notti fresche.<\/p>\n\n\n<div class=\"affx-pros-cons-wrapper wp-block-affiliatex-pros-and-cons\" id=\"affiliatex-pros-cons-style-block-cb6e6d75-5b3b-4947-a544-ab016f851ef2\">\n\t<div class=\"affx-pros-cons-inner-wrapper layout-type-4 content-align-left\">\n\t\t<div class=\"affx-pros-inner\">\n\t\t\t<div class=\"pros-icon-title-wrap\">\n\t\t\t\t<div class=\"affiliatex-block-pros\">\n\t\t\t\t\t\t\t\t\t\t\t<i class=\"fas fa-thumbs-up\"><\/i>\n\t\t\t\t\t\t\t\t\t\t<p class=\"affiliatex-title\"><\/p>\n\t\t\t\t<\/div>\n\t\t\t<\/div>\n\t\t\t<div class=\"affiliatex-pros\">\n\t\t\t\t\t\t\t\t\t\t<ul class=\"affiliatex-list affiliatex-list-type-unordered afx-icon-list\">\n\t\t\t\t\t\t\t\t\t\t\t\t\t\t<li>\n\t\t\t\t\t\t\t\t\t\t\t<i class=\"fas fa-thumbs-up\"><\/i>\n\t\t\t\t\t\t\t\t\t\t<span>Combina ventilatore, umidificatore e raffreddatore evaporativo<\/span>\n\t\t\t\t<\/li>\n\t\t\t\t\t\t\t\t\t\t\t\t\t\t\t\t<li>\n\t\t\t\t\t\t\t\t\t\t\t<i class=\"fas fa-thumbs-up\"><\/i>\n\t\t\t\t\t\t\t\t\t\t<span>Ampio serbatoio dell'acqua da 6 litri per una lunga durata di funzionamento<\/span>\n\t\t\t\t<\/li>\n\t\t\t\t\t\t\t\t\t\t\t\t\t\t\t\t<li>\n\t\t\t\t\t\t\t\t\t\t\t<i class=\"fas fa-thumbs-up\"><\/i>\n\t\t\t\t\t\t\t\t\t\t<span>Possibilit\u00e0 di controllo tramite app e controllo vocale<\/span>\n\t\t\t\t<\/li>\n\t\t\t\t\t\t\t\t\t\t\t\t\t\t\t\t<li>\n\t\t\t\t\t\t\t\t\t\t\t<i class=\"fas fa-thumbs-up\"><\/i>\n\t\t\t\t\t\t\t\t\t\t<span>Design moderno, facile da usare<\/span>\n\t\t\t\t<\/li>\n\t\t\t\t\t\t\t<\/ul>\n\t\t\t\t\t\t\t<\/div>\n\t\t<\/div>\n\t\t<div class=\"affx-cons-inner\">\n\t\t\t<div class=\"cons-icon-title-wrap\">\n\t\t\t\t<div class=\"affiliatex-block-cons\">\n\t\t\t\t\t\t\t\t\t\t\t<i class=\"fas fa-thumbs-down\"><\/i>\n\t\t\t\t\t\t\t\t\t\t<p class=\"affiliatex-title\"><\/p>\n\t\t\t\t<\/div>\n\t\t\t<\/div>\n\t\t\t<div class=\"affiliatex-cons\">\n\t\t\t\t\t\t\t\t\t\t<ul class=\"affiliatex-list affiliatex-list-type-unordered afx-icon-list\">\n\t\t\t\t\t\t\t\t\t\t\t\t\t\t<li>\n\t\t\t\t\t\t\t\t\t\t\t<i class=\"fas fa-thumbs-down\"><\/i>\n\t\t\t\t\t\t\t\t\t\t<span>Leggera rumorosit\u00e0 di funzionamento a un livello superiore<\/span>\n\t\t\t\t<\/li>\n\t\t\t\t\t\t\t\t\t\t\t\t\t\t\t\t<li>\n\t\t\t\t\t\t\t\t\t\t\t<i class=\"fas fa-thumbs-down\"><\/i>\n\t\t\t\t\t\t\t\t\t\t<span>Richiede un rabbocco regolare di acqua\/ghiaccio<\/span>\n\t\t\t\t<\/li>\n\t\t\t\t\t\t\t<\/ul>\n\t\t\t\t\t\t\t<\/div>\n\t\t<\/div>\n\t<\/div>\n<\/div>\n\n\n\n<div style=\"position: relative; height: 0; margin-bottom: -10px;\">\n  <div style=\"    position: absolute;    top: 8px;    left: 16px;    background-color: #007BFF;    color: white;    padding: 8px 8px;    font-size: 16px;    font-weight: bold;    border-radius: 6px;    z-index: 10;    box-shadow: 0 2px 6px rgba(0,0,0,0.2);  \">\n    Controllo intelligente  <\/div>\n<\/div>\n\n\n\n<div class=\"aawp\">\n\n            \n            \n<div class=\"aawp-product aawp-product--horizontal aawp-product--inline-info aawp-product--css-adjust-image-large\"  data-aawp-product-asin=\"B0DPL49FW6\" data-aawp-product-id=\"1368\" data-aawp-tracking-id=\"zaubereltern-21\" data-aawp-product-title=\"Dreo Turmventilator mit Wasserk\u00fchlung 43\u201d Luftk\u00fchler mit Wasserk\u00fchlung Leise 4-Geschwindigkeiten-4-Modi Verdunstungsk\u00fchler APP-Steuerung Eisbeutel 85\u00b0 Oszillation 12-Std Timer wei\u00df\" data-aawp-local-click-tracking=\"1\">\n\n    \n    <div class=\"aawp-product__thumb\">\n        <a class=\"aawp-product__image-link\" href=\"https:\/\/amzn.to\/3G5hBok\" title=\"Ventilatore a torre Dreo con raffreddamento\" rel=\"nofollow noopener sponsored\" target=\"_blank\">\n            <img decoding=\"async\" class=\"aawp-product__image\" src=\"https:\/\/luftzug.org\/wp-content\/plugins\/aawp\/public\/image.php?url=YUhSMGNITTZMeTl0TG0xbFpHbGhMV0Z0WVhwdmJpNWpiMjB2YVcxaFoyVnpMMGt2TXpGblNqVmFRV3RHWWt3dWFuQm58MTc3ODAwMDk0OQ=\" alt=\"Ventilatore a torre Dreo con raffreddamento\"  \/>\n        <\/a>\n\n            <\/div>\n\n    <div class=\"aawp-product__content\">\n        <a class=\"aawp-product__title\" href=\"https:\/\/amzn.to\/3G5hBok\" title=\"Ventilatore a torre Dreo con raffreddamento\" rel=\"nofollow noopener sponsored\" target=\"_blank\">\n            Ventilatore a torre Dreo con raffreddamento        <\/a>\n        <div class=\"aawp-product__description\">\n            <div style=\"background-color: #f5f5f5; padding: 15px; border-radius: 8px; font-size: 16px;\">\n  Il Dreo Swamp Cooler combina un ventilatore, un raffreddatore d'aria e un umidificatore in un unico dispositivo, ideale per le calde e secche giornate estive. Grazie al controllo intelligente tramite app, al serbatoio dell'acqua da 6 litri e alla potente capacit\u00e0 di raffreddamento, offre un notevole refrigerio.\n<\/div>\n        <\/div>\n    <\/div>\n\n    <div class=\"aawp-product__footer\">\n\n        <div class=\"aawp-product__pricing\">\n            \n                            <span class=\"aawp-product__price aawp-product__price--current\"><\/span>\n            \n                    <\/div>\n\n                <a class=\"aawp-button aawp-button--buy aawp-button aawp-button--blue shadow aawp-button--icon aawp-button--icon-white\" href=\"https:\/\/amzn.to\/3G5hBok\" title=\"Acquista su Amazon\" target=\"_blank\" rel=\"nofollow noopener sponsored\">Acquista su Amazon<\/a>\n                    <span class=\"aawp-product__info\">Prezzo IVA inclusa, pi\u00f9 spese di spedizione<\/span>\n            <\/div>\n\n<\/div>\n\n    \n<\/div>\n\n\n\n<!DOCTYPE html>\n<html lang=\"de\">\n<head>\n  <meta charset=\"UTF-8\" \/>\n  <meta name=\"viewport\" content=\"width=device-width, initial-scale=1.0\"\/>\n  <title>Domande e risposte su Dreo Nomad One<\/title>\n  <style>\n    .faq-container {\n      width: 100%;\n      max-width: 800px;\n      margin: 20px auto;\n      font-family: Arial, sans-serif;\n    }\n\n    .faq-item {\n      border-bottom: 1px solid #ccc;\n      margin-bottom: 10px;\n    }\n\n    .faq-question {\n      background-color: #f1f1f1;\n      color: #333;\n      cursor: pointer;\n      padding: 15px;\n      width: 100%;\n      border: none;\n      text-align: left;\n      outline: none;\n      font-size: 18px;\n      display: flex;\n      justify-content: space-between;\n      align-items: center;\n    }\n\n    .faq-question::after {\n      content: '\\25BC';\n      font-size: 18px;\n      transition: transform 0.3s;\n    }\n\n    .faq-question.active::after {\n      transform: rotate(180deg);\n    }\n\n    .faq-answer {\n      max-height: 0;\n      overflow: hidden;\n      transition: max-height 0.3s ease;\n      background-color: #f9f9f9;\n      font-size: 16px;\n      padding: 0 15px;\n    }\n\n    .faq-answer.open {\n      padding: 15px;\n      max-height: 500px;\n    }\n  <\/style>\n<\/head>\n<body>\n\n<div class=\"faq-container\">\n\n  <div class=\"faq-item\">\n    <button class=\"faq-question\">Come funziona l'effetto di raffreddamento?<\/button>\n    <div class=\"faq-answer\">\n      Il Dreo sfrutta il principio del raffreddamento evaporativo: l'acqua evapora a contatto con l'aria, creando un flusso d'aria sensibilmente pi\u00f9 fresco senza abbassare direttamente la temperatura della stanza.\n    <\/div>\n  <\/div>\n\n  <div class=\"faq-item\">\n    <button class=\"faq-question\">Quanto \u00e8 forte il flusso d'aria?<\/button>\n    <div class=\"faq-answer\">\n      Il flusso d'aria raggiunge i 7,6 m\/s (25 ft\/s), offrendo una brezza potente e piacevole, ideale in caso di temperature elevate.\n    <\/div>\n  <\/div>\n\n  <div class=\"faq-item\">\n    <button class=\"faq-question\">Quanto \u00e8 grande il serbatoio dell'acqua?<\/button>\n    <div class=\"faq-answer\">\n      Il serbatoio ha una capacit\u00e0 di 6 litri, che consente di lavorare per diverse ore senza doverlo riempire.\n    <\/div>\n  <\/div>\n\n  <div class=\"faq-item\">\n    <button class=\"faq-question\">Posso controllare il Dreo con il mio smartphone?<\/button>\n    <div class=\"faq-answer\">\n      S\u00ec, il ventilatore pu\u00f2 essere comodamente controllato tramite l'app DREO o con un comando vocale tramite Alexa\/Google.\n    <\/div>\n  <\/div>\n\n  <div class=\"faq-item\">\n    <button class=\"faq-question\">Per chi \u00e8 particolarmente indicato il raffreddatore per paludi Dreo?<\/button>\n    <div class=\"faq-answer\">\n      \u00c8 particolarmente utile nelle regioni calde e secche: \u00e8 qui che il raffreddamento per evaporazione dispiega tutto il suo effetto.\n    <\/div>\n  <\/div>\n\n<\/div>\n\n<script>\n  document.addEventListener(\"DOMContentLoaded\", function() {\n    const questions = document.querySelectorAll(\".faq-question\");\n\n    questions.forEach(question => {\n      question.addEventListener(\"click\", function() {\n        const answer = this.nextElementSibling;\n        const isOpen = answer.classList.contains(\"open\");\n\n        document.querySelectorAll(\".faq-answer\").forEach(ans => ans.classList.remove(\"open\"));\n        document.querySelectorAll(\".faq-question\").forEach(btn => btn.classList.remove(\"active\"));\n\n        if (!isOpen) {\n          answer.classList.add(\"open\");\n          this.classList.add(\"active\");\n        }\n      });\n    });\n  });\n<\/script>\n\n<\/body>\n<\/html>\n\n\n\n<div style=\"height:49px\" aria-hidden=\"true\" class=\"wp-block-spacer\"><\/div>\n\n\n\n<h4 class=\"wp-block-heading\">Ulteriori contributi<\/h4>\n\n\n\n<div class=\"gb-grid-wrapper gb-grid-wrapper-2ede049b gb-query-loop-wrapper\">\n<div class=\"gb-grid-column gb-grid-column-cafd557b gb-query-loop-item post-146 page type-page status-publish has-post-thumbnail tag-venti\"><div class=\"gb-container gb-container-cafd557b\">\n<figure class=\"gb-block-image gb-block-image-e88d54bd\"><img decoding=\"async\" width=\"1200\" height=\"800\" src=\"https:\/\/luftzug.org\/wp-content\/uploads\/2025\/05\/rotorlose-ventilaoren-im-vergleich.jpg\" class=\"gb-image-e88d54bd\" alt=\"ventilatori senza rotore testati fianco a fianco\" srcset=\"https:\/\/luftzug.org\/wp-content\/uploads\/2025\/05\/rotorlose-ventilaoren-im-vergleich.jpg 1200w, https:\/\/luftzug.org\/wp-content\/uploads\/2025\/05\/rotorlose-ventilaoren-im-vergleich-300x200.jpg 300w, https:\/\/luftzug.org\/wp-content\/uploads\/2025\/05\/rotorlose-ventilaoren-im-vergleich-1024x683.jpg 1024w, https:\/\/luftzug.org\/wp-content\/uploads\/2025\/05\/rotorlose-ventilaoren-im-vergleich-768x512.jpg 768w, https:\/\/luftzug.org\/wp-content\/uploads\/2025\/05\/rotorlose-ventilaoren-im-vergleich-18x12.jpg 18w\" sizes=\"(max-width: 1200px) 100vw, 1200px\" \/><\/figure>\n\n<p class=\"gb-headline gb-headline-f2a1b86e gb-headline-text\"><a href=\"https:\/\/luftzug.org\/it\/ventilatoren\/rotorlose-ventilatoren\/\">Ventilatori senza rotore a confronto e modalit\u00e0 di funzionamento spiegate!<\/a><\/p>\n<\/div><\/div>\n\n<div class=\"gb-grid-column gb-grid-column-cafd557b gb-query-loop-item post-152 page type-page status-publish has-post-thumbnail tag-venti\"><div class=\"gb-container gb-container-cafd557b\">\n<figure class=\"gb-block-image gb-block-image-e88d54bd\"><img decoding=\"async\" width=\"900\" height=\"600\" src=\"https:\/\/luftzug.org\/wp-content\/uploads\/2024\/10\/deckenventilator_hue6089b85d9fb3ededf0f7bf75d856b30_93890_900x0_resize_q80_box.jpg\" class=\"gb-image-e88d54bd\" alt=\"\" srcset=\"https:\/\/luftzug.org\/wp-content\/uploads\/2024\/10\/deckenventilator_hue6089b85d9fb3ededf0f7bf75d856b30_93890_900x0_resize_q80_box.jpg 900w, https:\/\/luftzug.org\/wp-content\/uploads\/2024\/10\/deckenventilator_hue6089b85d9fb3ededf0f7bf75d856b30_93890_900x0_resize_q80_box-300x200.jpg 300w, https:\/\/luftzug.org\/wp-content\/uploads\/2024\/10\/deckenventilator_hue6089b85d9fb3ededf0f7bf75d856b30_93890_900x0_resize_q80_box-768x512.jpg 768w\" sizes=\"(max-width: 900px) 100vw, 900px\" \/><\/figure>\n\n<p class=\"gb-headline gb-headline-f2a1b86e gb-headline-text\"><a href=\"https:\/\/luftzug.org\/it\/ventilatoren\/deckenventilatoren\/\">Ventilatori da soffitto a confronto: questi sono i modelli consigliati!<\/a><\/p>\n<\/div><\/div>\n\n<div class=\"gb-grid-column gb-grid-column-cafd557b gb-query-loop-item post-149 page type-page status-publish has-post-thumbnail tag-venti\"><div class=\"gb-container gb-container-cafd557b\">\n<figure class=\"gb-block-image gb-block-image-e88d54bd\"><img loading=\"lazy\" decoding=\"async\" width=\"1200\" height=\"900\" src=\"https:\/\/luftzug.org\/wp-content\/uploads\/2025\/03\/IMG_20250319_160637.jpg\" class=\"gb-image-e88d54bd\" alt=\"Ventilatori a torre a confronto\" srcset=\"https:\/\/luftzug.org\/wp-content\/uploads\/2025\/03\/IMG_20250319_160637.jpg 1200w, https:\/\/luftzug.org\/wp-content\/uploads\/2025\/03\/IMG_20250319_160637-300x225.jpg 300w, https:\/\/luftzug.org\/wp-content\/uploads\/2025\/03\/IMG_20250319_160637-1024x768.jpg 1024w, https:\/\/luftzug.org\/wp-content\/uploads\/2025\/03\/IMG_20250319_160637-768x576.jpg 768w\" sizes=\"(max-width: 1200px) 100vw, 1200px\" \/><\/figure>\n\n<p class=\"gb-headline gb-headline-f2a1b86e gb-headline-text\"><a href=\"https:\/\/luftzug.org\/it\/ventilatoren\/turmventilatoren\/\">Test ventilatori a torre: qual \u00e8 il migliore?<\/a><\/p>\n<\/div><\/div>\n\n<div class=\"gb-grid-column gb-grid-column-cafd557b gb-query-loop-item post-137 page type-page status-publish has-post-thumbnail tag-venti\"><div class=\"gb-container gb-container-cafd557b\">\n<figure class=\"gb-block-image gb-block-image-e88d54bd\"><img loading=\"lazy\" decoding=\"async\" width=\"1200\" height=\"900\" src=\"https:\/\/luftzug.org\/wp-content\/uploads\/2025\/03\/IMG_20250320_100213.jpg\" class=\"gb-image-e88d54bd\" alt=\"Ventilatori a torre e a piedistallo a confronto\" srcset=\"https:\/\/luftzug.org\/wp-content\/uploads\/2025\/03\/IMG_20250320_100213.jpg 1200w, https:\/\/luftzug.org\/wp-content\/uploads\/2025\/03\/IMG_20250320_100213-300x225.jpg 300w, https:\/\/luftzug.org\/wp-content\/uploads\/2025\/03\/IMG_20250320_100213-1024x768.jpg 1024w, https:\/\/luftzug.org\/wp-content\/uploads\/2025\/03\/IMG_20250320_100213-768x576.jpg 768w\" sizes=\"(max-width: 1200px) 100vw, 1200px\" \/><\/figure>\n\n<p class=\"gb-headline gb-headline-f2a1b86e gb-headline-text\"><a href=\"https:\/\/luftzug.org\/it\/ventilatoren\/turmventilator-oder-standventilator\/\">Ventilatore a torre o a piedistallo: qual \u00e8 il migliore?<\/a><\/p>\n<\/div><\/div>\n\n<div class=\"gb-grid-column gb-grid-column-cafd557b gb-query-loop-item post-129 page type-page status-publish has-post-thumbnail tag-venti\"><div class=\"gb-container gb-container-cafd557b\">\n<figure class=\"gb-block-image gb-block-image-e88d54bd\"><img loading=\"lazy\" decoding=\"async\" width=\"1200\" height=\"900\" src=\"https:\/\/luftzug.org\/wp-content\/uploads\/2025\/03\/IMG_20250320_095957.jpg\" class=\"gb-image-e88d54bd\" alt=\"Ventilatori silenziosi a confronto\" srcset=\"https:\/\/luftzug.org\/wp-content\/uploads\/2025\/03\/IMG_20250320_095957.jpg 1200w, https:\/\/luftzug.org\/wp-content\/uploads\/2025\/03\/IMG_20250320_095957-300x225.jpg 300w, https:\/\/luftzug.org\/wp-content\/uploads\/2025\/03\/IMG_20250320_095957-1024x768.jpg 1024w, https:\/\/luftzug.org\/wp-content\/uploads\/2025\/03\/IMG_20250320_095957-768x576.jpg 768w\" sizes=\"(max-width: 1200px) 100vw, 1200px\" \/><\/figure>\n\n<p class=\"gb-headline gb-headline-f2a1b86e gb-headline-text\"><a href=\"https:\/\/luftzug.org\/it\/ventilatoren\/leise-ventilatoren\/\">Confronto tra i ventilatori sotto i 30dB: quali sono davvero silenziosi?<\/a><\/p>\n<\/div><\/div>\n\n<div class=\"gb-grid-column gb-grid-column-cafd557b gb-query-loop-item post-143 page type-page status-publish has-post-thumbnail tag-venti\"><div class=\"gb-container gb-container-cafd557b\">\n<figure class=\"gb-block-image gb-block-image-e88d54bd\"><img loading=\"lazy\" decoding=\"async\" width=\"900\" height=\"600\" src=\"https:\/\/luftzug.org\/wp-content\/uploads\/2024\/10\/weisser-ventilator_hu3d03a01dcc18bc5be0e67db3d8d209a6_27484_900x0_resize_q80_box.jpg\" class=\"gb-image-e88d54bd\" alt=\"\" srcset=\"https:\/\/luftzug.org\/wp-content\/uploads\/2024\/10\/weisser-ventilator_hu3d03a01dcc18bc5be0e67db3d8d209a6_27484_900x0_resize_q80_box.jpg 900w, https:\/\/luftzug.org\/wp-content\/uploads\/2024\/10\/weisser-ventilator_hu3d03a01dcc18bc5be0e67db3d8d209a6_27484_900x0_resize_q80_box-300x200.jpg 300w, https:\/\/luftzug.org\/wp-content\/uploads\/2024\/10\/weisser-ventilator_hu3d03a01dcc18bc5be0e67db3d8d209a6_27484_900x0_resize_q80_box-768x512.jpg 768w\" sizes=\"(max-width: 900px) 100vw, 900px\" \/><\/figure>\n\n<p class=\"gb-headline gb-headline-f2a1b86e gb-headline-text\"><a href=\"https:\/\/luftzug.org\/it\/ventilatoren\/smarthome-ventilatoren\/\">Ventilatori per case intelligenti a confronto + elenco dei dispositivi compatibili<\/a><\/p>\n<\/div><\/div>\n\n<div class=\"gb-grid-column gb-grid-column-cafd557b gb-query-loop-item post-140 page type-page status-publish has-post-thumbnail tag-venti\"><div class=\"gb-container gb-container-cafd557b\">\n<figure class=\"gb-block-image gb-block-image-e88d54bd\"><img loading=\"lazy\" decoding=\"async\" width=\"900\" height=\"600\" src=\"https:\/\/luftzug.org\/wp-content\/uploads\/2024\/10\/schlafzimmer_hudf80480713aa4e9ea49784003fc20a92_81885_900x0_resize_q80_box.jpg\" class=\"gb-image-e88d54bd\" alt=\"\" srcset=\"https:\/\/luftzug.org\/wp-content\/uploads\/2024\/10\/schlafzimmer_hudf80480713aa4e9ea49784003fc20a92_81885_900x0_resize_q80_box.jpg 900w, https:\/\/luftzug.org\/wp-content\/uploads\/2024\/10\/schlafzimmer_hudf80480713aa4e9ea49784003fc20a92_81885_900x0_resize_q80_box-300x200.jpg 300w, https:\/\/luftzug.org\/wp-content\/uploads\/2024\/10\/schlafzimmer_hudf80480713aa4e9ea49784003fc20a92_81885_900x0_resize_q80_box-768x512.jpg 768w\" sizes=\"(max-width: 900px) 100vw, 900px\" \/><\/figure>\n\n<p class=\"gb-headline gb-headline-f2a1b86e gb-headline-text\"><a href=\"https:\/\/luftzug.org\/it\/ventilatoren\/schlafzimmer\/\">Migliori ventilatori camera da letto: il confronto<\/a><\/p>\n<\/div><\/div>\n\n<div class=\"gb-grid-column gb-grid-column-cafd557b gb-query-loop-item post-132 page type-page status-publish has-post-thumbnail tag-venti\"><div class=\"gb-container gb-container-cafd557b\">\n<figure class=\"gb-block-image gb-block-image-e88d54bd\"><img loading=\"lazy\" decoding=\"async\" width=\"900\" height=\"598\" src=\"https:\/\/luftzug.org\/wp-content\/uploads\/2024\/10\/12-volt-ventilator_hucaca6d0164d42209ad27e874a53c22aa_26811_900x0_resize_q80_box.jpg\" class=\"gb-image-e88d54bd\" alt=\"\" srcset=\"https:\/\/luftzug.org\/wp-content\/uploads\/2024\/10\/12-volt-ventilator_hucaca6d0164d42209ad27e874a53c22aa_26811_900x0_resize_q80_box.jpg 900w, https:\/\/luftzug.org\/wp-content\/uploads\/2024\/10\/12-volt-ventilator_hucaca6d0164d42209ad27e874a53c22aa_26811_900x0_resize_q80_box-300x199.jpg 300w, https:\/\/luftzug.org\/wp-content\/uploads\/2024\/10\/12-volt-ventilator_hucaca6d0164d42209ad27e874a53c22aa_26811_900x0_resize_q80_box-768x510.jpg 768w\" sizes=\"(max-width: 900px) 100vw, 900px\" \/><\/figure>\n\n<p class=\"gb-headline gb-headline-f2a1b86e gb-headline-text\"><a href=\"https:\/\/luftzug.org\/it\/ventilatoren\/12-volt-ventilator\/\">Ventilatori a 12 volt a confronto: per l'auto, il camper, ecc.<\/a><\/p>\n<\/div><\/div>\n\n<div class=\"gb-grid-column gb-grid-column-cafd557b gb-query-loop-item post-127 page type-page status-publish has-post-thumbnail tag-venti\"><div class=\"gb-container gb-container-cafd557b\">\n<figure class=\"gb-block-image gb-block-image-e88d54bd\"><img loading=\"lazy\" decoding=\"async\" width=\"900\" height=\"600\" src=\"https:\/\/luftzug.org\/wp-content\/uploads\/2024\/10\/weisser-ventilator_hu3d03a01dcc18bc5be0e67db3d8d209a6_27484_900x0_resize_q80_box.jpg\" class=\"gb-image-e88d54bd\" alt=\"\" srcset=\"https:\/\/luftzug.org\/wp-content\/uploads\/2024\/10\/weisser-ventilator_hu3d03a01dcc18bc5be0e67db3d8d209a6_27484_900x0_resize_q80_box.jpg 900w, https:\/\/luftzug.org\/wp-content\/uploads\/2024\/10\/weisser-ventilator_hu3d03a01dcc18bc5be0e67db3d8d209a6_27484_900x0_resize_q80_box-300x200.jpg 300w, https:\/\/luftzug.org\/wp-content\/uploads\/2024\/10\/weisser-ventilator_hu3d03a01dcc18bc5be0e67db3d8d209a6_27484_900x0_resize_q80_box-768x512.jpg 768w\" sizes=\"(max-width: 900px) 100vw, 900px\" \/><\/figure>\n\n<p class=\"gb-headline gb-headline-f2a1b86e gb-headline-text\"><a href=\"https:\/\/luftzug.org\/it\/ventilatoren\/buero\/\">Rinfrescatevi sul posto di lavoro!<\/a><\/p>\n<\/div><\/div>\n\n<div class=\"gb-grid-column gb-grid-column-cafd557b gb-query-loop-item post-116 page type-page status-publish has-post-thumbnail tag-venti\"><div class=\"gb-container gb-container-cafd557b\">\n<figure class=\"gb-block-image gb-block-image-e88d54bd\"><img loading=\"lazy\" decoding=\"async\" width=\"1200\" height=\"900\" src=\"https:\/\/luftzug.org\/wp-content\/uploads\/2025\/03\/IMG_20250320_100213.jpg\" class=\"gb-image-e88d54bd\" alt=\"Ventilatori a torre e a piedistallo a confronto\" srcset=\"https:\/\/luftzug.org\/wp-content\/uploads\/2025\/03\/IMG_20250320_100213.jpg 1200w, https:\/\/luftzug.org\/wp-content\/uploads\/2025\/03\/IMG_20250320_100213-300x225.jpg 300w, https:\/\/luftzug.org\/wp-content\/uploads\/2025\/03\/IMG_20250320_100213-1024x768.jpg 1024w, https:\/\/luftzug.org\/wp-content\/uploads\/2025\/03\/IMG_20250320_100213-768x576.jpg 768w\" sizes=\"(max-width: 1200px) 100vw, 1200px\" \/><\/figure>\n\n<p class=\"gb-headline gb-headline-f2a1b86e gb-headline-text\"><a href=\"https:\/\/luftzug.org\/it\/ventilatoren\/\">I migliori ventilatori del test<\/a><\/p>\n<\/div><\/div>\n<\/div>\n\n\n\n<p><\/p>","protected":false},"excerpt":{"rendered":"<p>Ventilatori a torre nel test: quale vale davvero la pena? I ventilatori a torre stanno diventando sempre pi\u00f9 popolari. Stanno gradualmente sostituendo i ventilatori a piedistallo negli uffici e nelle stanze private. Il loro vantaggio principale risiede nella combinazione di un'ampia gamma di funzioni e di dimensioni maneggevoli. In questo articolo diamo un'occhiata alle caratteristiche che contraddistinguono i ventilatori a torre e a quale modello \u00e8 pi\u00f9 adatto a voi. Consigliato ... <\/p>\n<p class=\"read-more-container\"><a title=\"Test ventilatori a torre: qual \u00e8 il migliore?\" class=\"read-more button\" href=\"https:\/\/luftzug.org\/it\/ventilatoren\/turmventilatoren\/#more-149\" aria-label=\"Per saperne di pi\u00f9 su Ventilatori a torre nel test: quale vale davvero la pena?\">Leggi tutto<\/a><\/p>","protected":false},"author":1,"featured_media":1139,"parent":116,"menu_order":0,"comment_status":"closed","ping_status":"closed","template":"","meta":{"_eb_attr":"","footnotes":""},"categories":[],"tags":[9],"class_list":{"0":"post-149","1":"page","2":"type-page","3":"status-publish","4":"has-post-thumbnail","6":"tag-venti","7":"no-featured-image-padding"},"_links":{"self":[{"href":"https:\/\/luftzug.org\/it\/wp-json\/wp\/v2\/pages\/149","targetHints":{"allow":["GET"]}}],"collection":[{"href":"https:\/\/luftzug.org\/it\/wp-json\/wp\/v2\/pages"}],"about":[{"href":"https:\/\/luftzug.org\/it\/wp-json\/wp\/v2\/types\/page"}],"author":[{"embeddable":true,"href":"https:\/\/luftzug.org\/it\/wp-json\/wp\/v2\/users\/1"}],"replies":[{"embeddable":true,"href":"https:\/\/luftzug.org\/it\/wp-json\/wp\/v2\/comments?post=149"}],"version-history":[{"count":2,"href":"https:\/\/luftzug.org\/it\/wp-json\/wp\/v2\/pages\/149\/revisions"}],"predecessor-version":[{"id":1419,"href":"https:\/\/luftzug.org\/it\/wp-json\/wp\/v2\/pages\/149\/revisions\/1419"}],"up":[{"embeddable":true,"href":"https:\/\/luftzug.org\/it\/wp-json\/wp\/v2\/pages\/116"}],"wp:featuredmedia":[{"embeddable":true,"href":"https:\/\/luftzug.org\/it\/wp-json\/wp\/v2\/media\/1139"}],"wp:attachment":[{"href":"https:\/\/luftzug.org\/it\/wp-json\/wp\/v2\/media?parent=149"}],"wp:term":[{"taxonomy":"category","embeddable":true,"href":"https:\/\/luftzug.org\/it\/wp-json\/wp\/v2\/categories?post=149"},{"taxonomy":"post_tag","embeddable":true,"href":"https:\/\/luftzug.org\/it\/wp-json\/wp\/v2\/tags?post=149"}],"curies":[{"name":"wp","href":"https:\/\/api.w.org\/{rel}","templated":true}]}}